{"id":81158,"date":"2025-06-13T03:24:03","date_gmt":"2025-06-13T03:24:03","guid":{"rendered":"https:\/\/litci.org\/pt\/?page_id=81158"},"modified":"2026-02-12T02:33:36","modified_gmt":"2026-02-12T02:33:36","slug":"inicio-2-2","status":"publish","type":"page","link":"https:\/\/litci.org\/pt\/","title":{"rendered":"In\u00edcio 2"},"content":{"rendered":"<section>\n    <div class=\"container\">\n        <div class=\"column\">\n            <a class=\"ads\" href=\"https:\/\/litci.org\/pt\/correio\/28\">\n                <img decoding=\"async\" src=\"http:\/\/litci.org\/pt\/wp-content\/uploads\/2026\/02\/PT-1232x262-1.png\" \/>\n            <\/a>\n        <\/div>\n    <\/div>\n<\/section>\n\n<section style=\"background-color:\n    inherit\" class=\"\">\n    <div class=\"container\">\n        <div class=\"column\">\n            <div class=\"block-header\">\n                                    <h3><\/h3>\n                            <\/div>\n            <div class=\"block-08\">\n                <div class=\"column main\">\n                    <article class=\"unit-07\">\n    <div class='column'>\n        <div class=\"meta\">\n                        <a class=\"sup-category\" href=\"https:\/\/litci.org\/pt\/category\/palestina\/especial-palestina\/\">\n                Especial Palestina            <\/a>\n        <\/div>\n        <a href=\"https:\/\/litci.org\/pt\/2026\/05\/01\/quatro-brasileiros-sao-sequestrados-por-israel-apos-interceptacao-de-flotilha-humanitaria\/\" title=\"Quatro brasileiros s\u00e3o sequestrados por Israel ap\u00f3s intercepta\u00e7\u00e3o de flotilha humanit\u00e1ria\" arial-label=\"In\u00edcio 2\">\n            <h2>Quatro brasileiros s\u00e3o sequestrados por Israel ap\u00f3s intercepta\u00e7\u00e3o de flotilha humanit\u00e1ria<\/h2>\n        <\/a>\n        <div class=\"grid\">\n            <a class=\"featured-image-container\" href=\"https:\/\/litci.org\/pt\/2026\/05\/01\/quatro-brasileiros-sao-sequestrados-por-israel-apos-interceptacao-de-flotilha-humanitaria\/\" title=\"Quatro brasileiros s\u00e3o sequestrados por Israel ap\u00f3s intercepta\u00e7\u00e3o de flotilha humanit\u00e1ria\" aria-label=\"Quatro brasileiros s\u00e3o sequestrados por Israel ap\u00f3s intercepta\u00e7\u00e3o de flotilha humanit\u00e1ria\"><img decoding=\"async\" class=\"featured-image\" src=\"https:\/\/litci.org\/pt\/wp-content\/uploads\/2026\/05\/thiago-avila-mandi.png\" load=\"lazy\" alt=\"Quatro brasileiros s\u00e3o sequestrados por Israel ap\u00f3s intercepta\u00e7\u00e3o de flotilha humanit\u00e1ria\"\/><\/a>            <div class=\"excerpt\">Quatro brasileiros est\u00e3o entre os sequestrados pelas for\u00e7as de ocupa\u00e7\u00e3o israelense ap\u00f3s a intercepta\u00e7\u00e3o de uma flotilha humanit\u00e1ria internacional no mar Mediterr\u00e2neo. Thiago \u00c1vila, Mandi Coelho Marzall, Leandro Lanfredi e Thainara Rog\u00e9rio foram levados enquanto se encontravam a mais de 1.200 quil\u00f4metros da Palestina, em \u00e1guas internacionais pr\u00f3ximas \u00e0 ilha de Creta, na Gr\u00e9cia. Ao [&hellip;]<\/div>\n        <\/div>\n    <\/div>\n<\/article>                    <div class=\"post-grid\">\n                        <article class=\"unit-05\">\n    <div class='column'>\n        <a class=\"featured-image-container\" href=\"https:\/\/litci.org\/pt\/2026\/04\/27\/manifesto-de-1o-de-maio\/\" title=\"Manifesto de 1\u00ba de Maio\" aria-label=\"Manifesto de 1\u00ba de Maio\"><img decoding=\"async\" class=\"featured-image\" src=\"https:\/\/litci.org\/pt\/wp-content\/uploads\/2026\/04\/Trump-3.jpg\" load=\"lazy\" alt=\"Manifesto de 1\u00ba de Maio\"\/><\/a>    <\/div>\n    <div class=\"column\">\n        <div class=\"meta\">\n                        <a class=\"sup-category\" href=\"https:\/\/litci.org\/pt\/category\/1o-de-maio-2026\/\">\n                1\u00ba de Maio 2026            <\/a>\n        <\/div>\n        <a href=\"https:\/\/litci.org\/pt\/2026\/04\/27\/manifesto-de-1o-de-maio\/\" title=\"Manifesto de 1\u00ba de Maio\" arial-label=\"Manifesto de 1\u00ba de Maio\">\n            <h4>Manifesto de 1\u00ba de Maio<\/h4>\n        <\/a>\n    <\/div>\n<\/article><article class=\"unit-05\">\n    <div class='column'>\n        <a class=\"featured-image-container\" href=\"https:\/\/litci.org\/pt\/2026\/04\/29\/cuba-debate-com-jones-manoel\/\" title=\"Cuba: debate com Jones Manoel\" aria-label=\"Cuba: debate com Jones Manoel\"><img decoding=\"async\" class=\"featured-image\" src=\"https:\/\/litci.org\/pt\/wp-content\/uploads\/2026\/04\/Captura-de-tela_29-4-2026_01357_litci.org_-1024x535.jpeg\" load=\"lazy\" alt=\"Cuba: debate com Jones Manoel\"\/><\/a>    <\/div>\n    <div class=\"column\">\n        <div class=\"meta\">\n                        <a class=\"sup-category\" href=\"https:\/\/litci.org\/pt\/category\/cuba\/\">\n                Cuba            <\/a>\n        <\/div>\n        <a href=\"https:\/\/litci.org\/pt\/2026\/04\/29\/cuba-debate-com-jones-manoel\/\" title=\"Cuba: debate com Jones Manoel\" arial-label=\"Cuba: debate com Jones Manoel\">\n            <h4>Cuba: debate com Jones Manoel<\/h4>\n        <\/a>\n    <\/div>\n<\/article><article class=\"unit-05\">\n    <div class='column'>\n        <a class=\"featured-image-container\" href=\"https:\/\/litci.org\/pt\/2026\/04\/17\/aplastante-derrota-do-populismo-autoritario\/\" title=\"Aplastante derrota do populismo autorit\u00e1rio\" aria-label=\"Aplastante derrota do populismo autorit\u00e1rio\"><img decoding=\"async\" class=\"featured-image\" src=\"https:\/\/litci.org\/pt\/wp-content\/uploads\/2026\/04\/unnamed-1024x682.jpg\" load=\"lazy\" alt=\"Aplastante derrota do populismo autorit\u00e1rio\"\/><\/a>    <\/div>\n    <div class=\"column\">\n        <div class=\"meta\">\n                        <a class=\"sup-category\" href=\"https:\/\/litci.org\/pt\/category\/hungria\/\">\n                Hungr\u00eda            <\/a>\n        <\/div>\n        <a href=\"https:\/\/litci.org\/pt\/2026\/04\/17\/aplastante-derrota-do-populismo-autoritario\/\" title=\"Aplastante derrota do populismo autorit\u00e1rio\" arial-label=\"Aplastante derrota do populismo autorit\u00e1rio\">\n            <h4>Aplastante derrota do populismo autorit\u00e1rio<\/h4>\n        <\/a>\n    <\/div>\n<\/article><article class=\"unit-05\">\n    <div class='column'>\n        <a class=\"featured-image-container\" href=\"https:\/\/litci.org\/pt\/2026\/04\/02\/fora-imperialismo-ianque-uma-viagem-em-apoio-ao-povo-cubano\/\" title=\"Fora imperialismo ianque! Uma viagem em apoio ao povo cubano\" aria-label=\"Fora imperialismo ianque! Uma viagem em apoio ao povo cubano\"><img decoding=\"async\" class=\"featured-image\" src=\"https:\/\/litci.org\/pt\/wp-content\/uploads\/2026\/04\/hertz_cuba.png\" load=\"lazy\" alt=\"Fora imperialismo ianque! Uma viagem em apoio ao povo cubano\"\/><\/a>    <\/div>\n    <div class=\"column\">\n        <div class=\"meta\">\n                        <a class=\"sup-category\" href=\"https:\/\/litci.org\/pt\/category\/cuba\/\">\n                Cuba            <\/a>\n        <\/div>\n        <a href=\"https:\/\/litci.org\/pt\/2026\/04\/02\/fora-imperialismo-ianque-uma-viagem-em-apoio-ao-povo-cubano\/\" title=\"Fora imperialismo ianque! Uma viagem em apoio ao povo cubano\" arial-label=\"Fora imperialismo ianque! Uma viagem em apoio ao povo cubano\">\n            <h4>Fora imperialismo ianque! Uma viagem em apoio ao povo cubano<\/h4>\n        <\/a>\n    <\/div>\n<\/article>                    <\/div>\n                <\/div>\n                <div class=\"column minor\">\n                    <article class=\"unit-06\">\n    <div class=\"column\">\n        <div class=\"meta\">\n                        <a class=\"sup-category\" href=\"https:\/\/litci.org\/pt\/category\/ira\/\">\n                Ir\u00e3            <\/a>\n        <\/div>\n        <a href=\"https:\/\/litci.org\/pt\/2026\/03\/07\/fora-trump-e-israel-do-ira-e-do-libano-pelo-direito-do-ira-a-autodefesapor-um-ira-livre-e-dos-trabalhadores-nem-ditadura-religiosa-nem-monarquista\/\" title=\"Fora Trump e Israel do Ir\u00e3 e do L\u00edbano! Pelo direito do Ir\u00e3 \u00e0 autodefesa!Por um Ir\u00e3 livre e dos trabalhadores! Nem ditadura religiosa nem monarquista!\" arial-label=\"Fora Trump e Israel do Ir\u00e3 e do L\u00edbano! Pelo direito do Ir\u00e3 \u00e0 autodefesa!Por um Ir\u00e3 livre e dos trabalhadores! Nem ditadura religiosa nem monarquista!\">\n            <h4>Fora Trump e Israel do Ir\u00e3 e do L\u00edbano! Pelo direito do Ir\u00e3 \u00e0 autodefesa!Por um Ir\u00e3 livre e dos trabalhadores! Nem ditadura religiosa nem monarquista!<\/h4>\n        <\/a>\n    <\/div>\n<\/article><article class=\"unit-06\">\n    <div class=\"column\">\n        <div class=\"meta\">\n                        <a class=\"sup-category\" href=\"https:\/\/litci.org\/pt\/category\/palestina\/especial-palestina\/\">\n                Especial Palestina            <\/a>\n        <\/div>\n        <a href=\"https:\/\/litci.org\/pt\/2026\/04\/25\/flotilha-global-sumud-realiza-acao-direta-no-mediterraneo-contra-envio-de-armas-a-israel\/\" title=\"Flotilha Global Sumud realiza a\u00e7\u00e3o direta no Mediterr\u00e2neo contra envio de armas a Israel\" arial-label=\"Flotilha Global Sumud realiza a\u00e7\u00e3o direta no Mediterr\u00e2neo contra envio de armas a Israel\">\n            <h4>Flotilha Global Sumud realiza a\u00e7\u00e3o direta no Mediterr\u00e2neo contra envio de armas a Israel<\/h4>\n        <\/a>\n    <\/div>\n<\/article><article class=\"unit-06\">\n    <div class=\"column\">\n        <div class=\"meta\">\n                        <a class=\"sup-category\" href=\"https:\/\/litci.org\/pt\/category\/africa\/angola\/\">\n                Angola            <\/a>\n        <\/div>\n        <a href=\"https:\/\/litci.org\/pt\/2026\/04\/25\/inundacao-em-benguela-obra-da-natureza-ou-consequencia-da-exploracao-capitalista\/\" title=\"Inunda\u00e7\u00e3o em Benguela: obra da natureza ou consequ\u00eancia da explora\u00e7\u00e3o capitalista?\" arial-label=\"Inunda\u00e7\u00e3o em Benguela: obra da natureza ou consequ\u00eancia da explora\u00e7\u00e3o capitalista?\">\n            <h4>Inunda\u00e7\u00e3o em Benguela: obra da natureza ou consequ\u00eancia da explora\u00e7\u00e3o capitalista?<\/h4>\n        <\/a>\n    <\/div>\n<\/article><article class=\"unit-06\">\n    <div class=\"column\">\n        <div class=\"meta\">\n                        <a class=\"sup-category\" href=\"https:\/\/litci.org\/pt\/category\/lit-qi-e-partidos\/\">\n                Lit-QI e Partidos            <\/a>\n        <\/div>\n        <a href=\"https:\/\/litci.org\/pt\/2026\/04\/24\/camarada-jan-talpe-ate-o-socialismo-sempre\/\" title=\"Camarada Jan Talpe! At\u00e9 o Socialismo Sempre!\" arial-label=\"Camarada Jan Talpe! At\u00e9 o Socialismo Sempre!\">\n            <h4>Camarada Jan Talpe! At\u00e9 o Socialismo Sempre!<\/h4>\n        <\/a>\n    <\/div>\n<\/article><article class=\"unit-06\">\n    <div class=\"column\">\n        <div class=\"meta\">\n                        <a class=\"sup-category\" href=\"https:\/\/litci.org\/pt\/category\/brasil\/\">\n                Brasil            <\/a>\n        <\/div>\n        <a href=\"https:\/\/litci.org\/pt\/2026\/04\/17\/congresso-da-csp-conlutas-e-seminario-internacional-reforcam-articulacao-da-classe-trabalhadora-contra-ofensiva-imperialista\/\" title=\"Congresso da CSP-Conlutas e semin\u00e1rio internacional refor\u00e7am articula\u00e7\u00e3o da classe trabalhadora contra ofensiva imperialista\" arial-label=\"Congresso da CSP-Conlutas e semin\u00e1rio internacional refor\u00e7am articula\u00e7\u00e3o da classe trabalhadora contra ofensiva imperialista\">\n            <h4>Congresso da CSP-Conlutas e semin\u00e1rio internacional refor\u00e7am articula\u00e7\u00e3o da classe trabalhadora contra ofensiva imperialista<\/h4>\n        <\/a>\n    <\/div>\n<\/article><article class=\"unit-06\">\n    <div class=\"column\">\n        <div class=\"meta\">\n                        <a class=\"sup-category\" href=\"https:\/\/litci.org\/pt\/category\/eua\/\">\n                Estados Unidos            <\/a>\n        <\/div>\n        <a href=\"https:\/\/litci.org\/pt\/2026\/04\/17\/a-guerra-contra-ira-uma-catastrofe-ambiental-em-escala-mundial\/\" title=\"A guerra contra Ir\u00e3: uma cat\u00e1strofe ambiental em escala mundial\" arial-label=\"A guerra contra Ir\u00e3: uma cat\u00e1strofe ambiental em escala mundial\">\n            <h4>A guerra contra Ir\u00e3: uma cat\u00e1strofe ambiental em escala mundial<\/h4>\n        <\/a>\n    <\/div>\n<\/article>                <\/div>\n            <\/div>\n        <\/div>\n    <\/div>\n<\/section>\n\n<section>\n    <div class=\"container\">\n        <div class=\"column\">\n            <a class=\"ads\" href=\"https:\/\/litci.org\/pt\/programa\/2025\">\n                <img decoding=\"async\" src=\"http:\/\/litci.org\/pt\/wp-content\/uploads\/2025\/10\/banner_home_xvi-congress-pt.jpg\" \/>\n            <\/a>\n        <\/div>\n    <\/div>\n<\/section>\n\n<section style=\"background-color:\n    inherit\" class=\"\">\n    <div class=\"container\">\n        <div class=\"column\">\n            <div class=\"block-header\">\n                                    <h3>Especial Palestina<\/h3>\n                                    <a class=\"see-more\" href=\"\">Veja mais<\/a>\n                            <\/div>\n            <div class=\"block-02\">\n                <article class=\"unit-02\">\n    <div class='column'>\n        <a class=\"featured-image-container\" href=\"https:\/\/litci.org\/pt\/2026\/04\/13\/flotilha-internacional-com-brasileiros-parte-de-barcelona-rumo-a-gaza-em-missao-humanitaria\/\" title=\"Flotilha internacional com brasileiros parte de Barcelona rumo a Gaza em miss\u00e3o humanit\u00e1ria\" aria-label=\"Flotilha internacional com brasileiros parte de Barcelona rumo a Gaza em miss\u00e3o humanit\u00e1ria\"><img decoding=\"async\" class=\"featured-image\" src=\"https:\/\/litci.org\/pt\/wp-content\/uploads\/2026\/04\/partida_flotilha-768x560-1.png\" load=\"lazy\" alt=\"Flotilha internacional com brasileiros parte de Barcelona rumo a Gaza em miss\u00e3o humanit\u00e1ria\"\/><\/a>    <\/div>\n    <div class=\"column\">\n        <a href=\"https:\/\/litci.org\/pt\/2026\/04\/13\/flotilha-internacional-com-brasileiros-parte-de-barcelona-rumo-a-gaza-em-missao-humanitaria\/\" title=\"Flotilha internacional com brasileiros parte de Barcelona rumo a Gaza em miss\u00e3o humanit\u00e1ria\" arial-label=\"In\u00edcio 2\">\n            <h3>Flotilha internacional com brasileiros parte de Barcelona rumo a Gaza em miss\u00e3o humanit\u00e1ria<\/h3>\n        <\/a>\n        <div class=\"excerpt\">A flotilha internacional Global Sumud partiu oficialmente neste domingo (12) do porto de Barcelona, na Espanha, com destino \u00e0 Faixa de Gaza, na Palestina, em mais uma tentativa de romper o bloqueio humanit\u00e1rio imposto pelo Estado genocida de Israel. A miss\u00e3o re\u00fane ativistas de diversos pa\u00edses, incluindo brasileiros, em uma das maiores mobiliza\u00e7\u00f5es civis mar\u00edtimas [&hellip;]<\/div>\n        <div class=\"meta\">\n                        <a class=\"sup-category\" href=\"https:\/\/litci.org\/pt\/category\/palestina\/especial-palestina\/\">\n                Especial Palestina            <\/a>\n            <p class=\"post-date\">13 de abr de 2026<\/p>\n        <\/div>\n    <\/div>\n<\/article><article class=\"unit-02\">\n    <div class='column'>\n        <a class=\"featured-image-container\" href=\"https:\/\/litci.org\/pt\/2026\/04\/11\/toda-a-solidariedade-a-nova-flotilha-tomemos-as-ruas-para-derrotar-israel-e-trump\/\" title=\"\u00a1Toda a solidariedade \u00e0 nova Flotilha! \u00a1Tomemos as ruas para derrotar Israel e Trump!\" aria-label=\"\u00a1Toda a solidariedade \u00e0 nova Flotilha! \u00a1Tomemos as ruas para derrotar Israel e Trump!\"><img decoding=\"async\" class=\"featured-image\" src=\"https:\/\/litci.org\/pt\/wp-content\/uploads\/2026\/04\/Global_Sumud_Flotilla_Sidi_Bou_Said_Tunis_Tunisia_07-09-2025-05808_25-1068x712-1-1024x683.jpg\" load=\"lazy\" alt=\"\u00a1Toda a solidariedade \u00e0 nova Flotilha! \u00a1Tomemos as ruas para derrotar Israel e Trump!\"\/><\/a>    <\/div>\n    <div class=\"column\">\n        <a href=\"https:\/\/litci.org\/pt\/2026\/04\/11\/toda-a-solidariedade-a-nova-flotilha-tomemos-as-ruas-para-derrotar-israel-e-trump\/\" title=\"\u00a1Toda a solidariedade \u00e0 nova Flotilha! \u00a1Tomemos as ruas para derrotar Israel e Trump!\" arial-label=\"In\u00edcio 2\">\n            <h3>\u00a1Toda a solidariedade \u00e0 nova Flotilha! \u00a1Tomemos as ruas para derrotar Israel e Trump!<\/h3>\n        <\/a>\n        <div class=\"excerpt\">Uma nova Flotilha zarpar\u00e1 no dia 12 de abril de Barcelona, com centenas de ativistas dispostos\/as a romper o bloqueio que Israel imp\u00f4s sobre Gaza, que impede a entrada de qualquer tipo de ajuda humanit\u00e1ria, com a ina\u00e7\u00e3o e a cumplicidade dos governos europeus. Esta nova Flotilha pretende ampliar a miss\u00e3o da anterior: n\u00e3o s\u00f3 [&hellip;]<\/div>\n        <div class=\"meta\">\n                        <a class=\"sup-category\" href=\"https:\/\/litci.org\/pt\/category\/palestina\/especial-palestina\/\">\n                Especial Palestina            <\/a>\n            <p class=\"post-date\">11 de abr de 2026<\/p>\n        <\/div>\n    <\/div>\n<\/article><article class=\"unit-02\">\n    <div class='column'>\n        <a class=\"featured-image-container\" href=\"https:\/\/litci.org\/pt\/2026\/02\/11\/milao-cortina-2026-sob-os-arranha-ceus-esta-tudo-podre\/\" title=\"Mil\u00e3o - Cortina 2026: sob os arranha-c\u00e9us est\u00e1 tudo podre\" aria-label=\"Mil\u00e3o - Cortina 2026: sob os arranha-c\u00e9us est\u00e1 tudo podre\"><img decoding=\"async\" class=\"featured-image\" src=\"https:\/\/litci.org\/pt\/wp-content\/uploads\/2026\/02\/Italia.jpg\" load=\"lazy\" alt=\"Mil\u00e3o - Cortina 2026: sob os arranha-c\u00e9us est\u00e1 tudo podre\"\/><\/a>    <\/div>\n    <div class=\"column\">\n        <a href=\"https:\/\/litci.org\/pt\/2026\/02\/11\/milao-cortina-2026-sob-os-arranha-ceus-esta-tudo-podre\/\" title=\"Mil\u00e3o &#8211; Cortina 2026: sob os arranha-c\u00e9us est\u00e1 tudo podre\" arial-label=\"In\u00edcio 2\">\n            <h3>Mil\u00e3o &#8211; Cortina 2026: sob os arranha-c\u00e9us est\u00e1 tudo podre<\/h3>\n        <\/a>\n        <div class=\"excerpt\">Os Jogos Ol\u00edmpicos de Inverno est\u00e3o acontecendo; poderiam ter sido atribu\u00eddos aos in\u00fameros resorts de montanha que a regi\u00e3o alpina oferece, mas n\u00e3o: Mil\u00e3o-Cortina 2026. Mil\u00e3o n\u00e3o tem montanhas, fica na plan\u00edcie, e a neve agora est\u00e1 associada \u00e0 capital da Lombardia apenas pela vaga lembran\u00e7a da nevasca de 1985: uma mem\u00f3ria desvanecida na mente [&hellip;]<\/div>\n        <div class=\"meta\">\n                        <a class=\"sup-category\" href=\"https:\/\/litci.org\/pt\/category\/palestina\/especial-palestina\/\">\n                Especial Palestina            <\/a>\n            <p class=\"post-date\">11 de fev de 2026<\/p>\n        <\/div>\n    <\/div>\n<\/article><article class=\"unit-02\">\n    <div class='column'>\n        <a class=\"featured-image-container\" href=\"https:\/\/litci.org\/pt\/2026\/02\/09\/palestina-solidariedade-e-resistencia-contra-o-conselho-de-paz-dos-cemiterios-de-trump\/\" title=\"Palestina: Solidariedade e resist\u00eancia contra o conselho de paz dos cemit\u00e9rios de Trump\" aria-label=\"Palestina: Solidariedade e resist\u00eancia contra o conselho de paz dos cemit\u00e9rios de Trump\"><img decoding=\"async\" class=\"featured-image\" src=\"https:\/\/litci.org\/pt\/wp-content\/uploads\/2026\/02\/Captura-de-tela_9-2-2026_185559_www.opiniaosocialista.com_.br_.jpeg\" load=\"lazy\" alt=\"Palestina: Solidariedade e resist\u00eancia contra o conselho de paz dos cemit\u00e9rios de Trump\"\/><\/a>    <\/div>\n    <div class=\"column\">\n        <a href=\"https:\/\/litci.org\/pt\/2026\/02\/09\/palestina-solidariedade-e-resistencia-contra-o-conselho-de-paz-dos-cemiterios-de-trump\/\" title=\"Palestina: Solidariedade e resist\u00eancia contra o conselho de paz dos cemit\u00e9rios de Trump\" arial-label=\"In\u00edcio 2\">\n            <h3>Palestina: Solidariedade e resist\u00eancia contra o conselho de paz dos cemit\u00e9rios de Trump<\/h3>\n        <\/a>\n        <div class=\"excerpt\">Com o lan\u00e7amento de seu Conselho de Paz no F\u00f3rum Econ\u00f4mico Mundial de Davos, em 22 de janeiro, o presidente dos Estados Uunidos, Donald Trump, tenta tirar do papel seu projeto acalentado h\u00e1 tempos e divulgado sem constrangimento, em fevereiro de 2025, de constituir a Riviera do Oriente M\u00e9dio em Gaza. Na dor do povo [&hellip;]<\/div>\n        <div class=\"meta\">\n                        <a class=\"sup-category\" href=\"https:\/\/litci.org\/pt\/category\/palestina\/especial-palestina\/\">\n                Especial Palestina            <\/a>\n            <p class=\"post-date\">09 de fev de 2026<\/p>\n        <\/div>\n    <\/div>\n<\/article>            <\/div>\n        <\/div>\n    <\/div>\n<\/section>\n\n<section style=\"background-color:\n    inherit\" class=\"\">\n    <div class=\"container\">\n        <div class=\"column\">\n            <div class=\"block-header\">\n                                    <h3>Estados Unidos<\/h3>\n                                    <a class=\"see-more\" href=\"\">Veja mais<\/a>\n                            <\/div>\n            <div class=\"block-03\">\n                <div class=\"column quarter\">\n                    <article class=\"unit-04\">\n    <div class='column'>\n        <a class=\"featured-image-container\" href=\"https:\/\/litci.org\/pt\/2026\/03\/24\/solidariedade-com-a-greve-dos-trabalhadores-da-planta-de-carne-da-jbs\/\" title=\"Solidariedade com a greve dos trabalhadores da planta de carne da JBS!\" aria-label=\"Solidariedade com a greve dos trabalhadores da planta de carne da JBS!\"><img decoding=\"async\" class=\"featured-image\" src=\"https:\/\/litci.org\/pt\/wp-content\/uploads\/2026\/03\/Capturar-3.png\" load=\"lazy\" alt=\"Solidariedade com a greve dos trabalhadores da planta de carne da JBS!\"\/><\/a>    <\/div>\n    <div class=\"column\">\n        <a href=\"https:\/\/litci.org\/pt\/2026\/03\/24\/solidariedade-com-a-greve-dos-trabalhadores-da-planta-de-carne-da-jbs\/\" title=\"Solidariedade com a greve dos trabalhadores da planta de carne da JBS!\" arial-label=\"Solidariedade com a greve dos trabalhadores da planta de carne da JBS!\">\n            <h4>Solidariedade com a greve dos trabalhadores da planta de carne da JBS!<\/h4>\n        <\/a>\n        <div class=\"meta\">\n                        <a class=\"sup-category\" href=\"https:\/\/litci.org\/pt\/category\/eua\/\">\n                Estados Unidos            <\/a>\n            <p class=\"post-date\">24 de mar de 2026<\/p>\n        <\/div>\n    <\/div>\n<\/article><article class=\"unit-04\">\n    <div class='column'>\n        <a class=\"featured-image-container\" href=\"https:\/\/litci.org\/pt\/2026\/03\/17\/epstein-e-a-unidade-da-classe-dominante\/\" title=\"Epstein e a unidade da classe dominante\" aria-label=\"Epstein e a unidade da classe dominante\"><img decoding=\"async\" class=\"featured-image\" src=\"https:\/\/litci.org\/pt\/wp-content\/uploads\/2026\/03\/trump-epstein.webp\" load=\"lazy\" alt=\"Epstein e a unidade da classe dominante\"\/><\/a>    <\/div>\n    <div class=\"column\">\n        <a href=\"https:\/\/litci.org\/pt\/2026\/03\/17\/epstein-e-a-unidade-da-classe-dominante\/\" title=\"Epstein e a unidade da classe dominante\" arial-label=\"Epstein e a unidade da classe dominante\">\n            <h4>Epstein e a unidade da classe dominante<\/h4>\n        <\/a>\n        <div class=\"meta\">\n                        <a class=\"sup-category\" href=\"https:\/\/litci.org\/pt\/category\/eua\/\">\n                Estados Unidos            <\/a>\n            <p class=\"post-date\">17 de mar de 2026<\/p>\n        <\/div>\n    <\/div>\n<\/article>                <\/div>\n                <div class=\"column half\">\n                    <a href=\"https:\/\/litci.org\/pt\/2026\/04\/02\/as-manifestacoes-de-sem-reis-levaram-milhoes-de-manifestantes-as-ruas\/\" title=\"As manifesta\u00e7\u00f5es de \u00abSem Reis\u00bb levaram milh\u00f5es de manifestantes \u00e0s ruas\" arial-label=\"As manifesta\u00e7\u00f5es de \u00abSem Reis\u00bb levaram milh\u00f5es de manifestantes \u00e0s ruas\" style=\"width:100%\">\n    <article class=\"unit-03\">\n        <img decoding=\"async\" class=\"featured-image-container\" src=\"https:\/\/litci.org\/pt\/wp-content\/uploads\/2026\/04\/Capturar-00.png\"\/>\n        <div class=\"info\">\n            <h3>As manifesta\u00e7\u00f5es de \u00abSem Reis\u00bb levaram milh\u00f5es de manifestantes \u00e0s ruas<\/h3>\n            <div class=\"excerpt\">28 de mar\u00e7o no Centro C\u00edvico de San Francisco. (Jeanne Marie Hallacy \/ Mission Local) A mobiliza\u00e7\u00e3o de \u00abSem Reis\u00bb do dia 28 de mar\u00e7o foi um poderoso grito de protesto contra as for\u00e7as da guerra e a rea\u00e7\u00e3o. Foi a maior concentra\u00e7\u00e3o de protestos de rua em um \u00fanico dia da hist\u00f3ria dos Estados [&hellip;]<\/div>\n            <div class=\"meta\">\n                            <span class=\"sup-category\" >Estados Unidos<\/span>\n                <p class=\"post-date\">02 de abr de 2026<\/p>\n            <\/div>\n        <\/div>\n\n    <\/article>\n<\/a>\n                <\/div>\n                <div class=\"column quarter\">\n                    <article class=\"unit-04\">\n    <div class='column'>\n        <a class=\"featured-image-container\" href=\"https:\/\/litci.org\/pt\/2026\/02\/15\/uma-historia-oculta-da-organizacao-anti-imperialista-e-antifascista-em-minneapolis\/\" title=\"A hist\u00f3ria oculta da organiza\u00e7\u00e3o anti-imperialista e antifascista em Minneapolis\" aria-label=\"A hist\u00f3ria oculta da organiza\u00e7\u00e3o anti-imperialista e antifascista em Minneapolis\"><img decoding=\"async\" class=\"featured-image\" src=\"https:\/\/litci.org\/pt\/wp-content\/uploads\/2026\/02\/EUA-1.jpg\" load=\"lazy\" alt=\"A hist\u00f3ria oculta da organiza\u00e7\u00e3o anti-imperialista e antifascista em Minneapolis\"\/><\/a>    <\/div>\n    <div class=\"column\">\n        <a href=\"https:\/\/litci.org\/pt\/2026\/02\/15\/uma-historia-oculta-da-organizacao-anti-imperialista-e-antifascista-em-minneapolis\/\" title=\"A hist\u00f3ria oculta da organiza\u00e7\u00e3o anti-imperialista e antifascista em Minneapolis\" arial-label=\"A hist\u00f3ria oculta da organiza\u00e7\u00e3o anti-imperialista e antifascista em Minneapolis\">\n            <h4>A hist\u00f3ria oculta da organiza\u00e7\u00e3o anti-imperialista e antifascista em Minneapolis<\/h4>\n        <\/a>\n        <div class=\"meta\">\n                        <a class=\"sup-category\" href=\"https:\/\/litci.org\/pt\/category\/eua\/\">\n                Estados Unidos            <\/a>\n            <p class=\"post-date\">15 de fev de 2026<\/p>\n        <\/div>\n    <\/div>\n<\/article><article class=\"unit-04\">\n    <div class='column'>\n        <a class=\"featured-image-container\" href=\"https:\/\/litci.org\/pt\/2026\/02\/13\/deus-abencoe-a-america-bad-bunny-no-super-bowl\/\" title=\"\u00abDeus Aben\u00e7oe a Am\u00e9rica\u00bb: Bad Bunny no Super Bowl\" aria-label=\"\u00abDeus Aben\u00e7oe a Am\u00e9rica\u00bb: Bad Bunny no Super Bowl\"><img decoding=\"async\" class=\"featured-image\" src=\"https:\/\/litci.org\/pt\/wp-content\/uploads\/2026\/02\/bad-bunny-Carlos-Barria-Reuters-768x494-1.avif\" load=\"lazy\" alt=\"\u00abDeus Aben\u00e7oe a Am\u00e9rica\u00bb: Bad Bunny no Super Bowl\"\/><\/a>    <\/div>\n    <div class=\"column\">\n        <a href=\"https:\/\/litci.org\/pt\/2026\/02\/13\/deus-abencoe-a-america-bad-bunny-no-super-bowl\/\" title=\"\u00abDeus Aben\u00e7oe a Am\u00e9rica\u00bb: Bad Bunny no Super Bowl\" arial-label=\"\u00abDeus Aben\u00e7oe a Am\u00e9rica\u00bb: Bad Bunny no Super Bowl\">\n            <h4>\u00abDeus Aben\u00e7oe a Am\u00e9rica\u00bb: Bad Bunny no Super Bowl<\/h4>\n        <\/a>\n        <div class=\"meta\">\n                        <a class=\"sup-category\" href=\"https:\/\/litci.org\/pt\/category\/america-latina\/\">\n                Am\u00e9rica Latina            <\/a>\n            <p class=\"post-date\">13 de fev de 2026<\/p>\n        <\/div>\n    <\/div>\n<\/article>                <\/div>\n            <\/div>\n        <\/div>\n    <\/div>\n<\/section>\n\n<section style=\"background-color:\n    inherit\" class=\"\">\n    <div class=\"container\">\n        <div class=\"column\">\n            <div class=\"block-header\">\n                                    <h3>Ucr\u00e2nia<\/h3>\n                                    <a class=\"see-more\" href=\"\">Veja mais<\/a>\n                            <\/div>\n            <div class=\"block-05\">\n                <div class=\"featured\">\n                    <a href=\"https:\/\/litci.org\/pt\/2026\/02\/24\/a-ucrania-se-mantem-firme\/\" title=\"A Ucr\u00e2nia se mant\u00e9m firme\" arial-label=\"A Ucr\u00e2nia se mant\u00e9m firme\" style=\"width:100%\">\n    <article class=\"unit-03\">\n        <img decoding=\"async\" class=\"featured-image-container\" src=\"https:\/\/litci.org\/pt\/wp-content\/uploads\/2026\/02\/Captura-de-tela_24-2-2026_201523_workersvoiceus.org_.jpeg\"\/>\n        <div class=\"info\">\n            <h3>A Ucr\u00e2nia se mant\u00e9m firme<\/h3>\n            <div class=\"excerpt\">Declara\u00e7\u00e3o de Solidariedade no quarto anivers\u00e1rio da invas\u00e3o russa \u00c0 medida que a guerra em grande escala da R\u00fassia contra a Ucr\u00e2nia entra em seu quinto ano em 24 de fevereiro, a Rede de Solidariedade \u00e0 Ucr\u00e2nia (EUA) convoca pessoas progressistas e amantes da paz a renovarem seu apoio moral, pol\u00edtico e material ao povo [&hellip;]<\/div>\n            <div class=\"meta\">\n                            <span class=\"sup-category\" >Ucr\u00e2nia<\/span>\n                <p class=\"post-date\">24 de fev de 2026<\/p>\n            <\/div>\n        <\/div>\n\n    <\/article>\n<\/a>\n                <\/div>\n                <div class=\"grid\">\n                    <article class=\"unit-04\">\n    <div class='column'>\n        <a class=\"featured-image-container\" href=\"https:\/\/litci.org\/pt\/2026\/02\/24\/quatro-anos-de-guerra-na-ucrania\/\" title=\"Quatro anos de guerra na Ucr\u00e2nia\" aria-label=\"Quatro anos de guerra na Ucr\u00e2nia\"><img decoding=\"async\" class=\"featured-image\" src=\"https:\/\/litci.org\/pt\/wp-content\/uploads\/2026\/02\/WhatsApp-Image-2026-02-24-at-10.55.28.jpeg\" load=\"lazy\" alt=\"Quatro anos de guerra na Ucr\u00e2nia\"\/><\/a>    <\/div>\n    <div class=\"column\">\n        <a href=\"https:\/\/litci.org\/pt\/2026\/02\/24\/quatro-anos-de-guerra-na-ucrania\/\" title=\"Quatro anos de guerra na Ucr\u00e2nia\" arial-label=\"Quatro anos de guerra na Ucr\u00e2nia\">\n            <h4>Quatro anos de guerra na Ucr\u00e2nia<\/h4>\n        <\/a>\n        <div class=\"meta\">\n                        <a class=\"sup-category\" href=\"https:\/\/litci.org\/pt\/category\/ucrania\/\">\n                Ucr\u00e2nia            <\/a>\n            <p class=\"post-date\">24 de fev de 2026<\/p>\n        <\/div>\n    <\/div>\n<\/article><article class=\"unit-04\">\n    <div class='column'>\n        <a class=\"featured-image-container\" href=\"https:\/\/litci.org\/pt\/2025\/12\/19\/salvemos-os-prisioneiros-de-guerra-nas-garras-de-putin\/\" title=\"Salvemos os prisioneiros de guerra nas garras de Putin\" aria-label=\"Salvemos os prisioneiros de guerra nas garras de Putin\"><img decoding=\"async\" class=\"featured-image\" src=\"https:\/\/litci.org\/pt\/wp-content\/uploads\/2025\/12\/WhatsApp-Image-2025-12-18-at-19.24.56.jpeg\" load=\"lazy\" alt=\"Salvemos os prisioneiros de guerra nas garras de Putin\"\/><\/a>    <\/div>\n    <div class=\"column\">\n        <a href=\"https:\/\/litci.org\/pt\/2025\/12\/19\/salvemos-os-prisioneiros-de-guerra-nas-garras-de-putin\/\" title=\"Salvemos os prisioneiros de guerra nas garras de Putin\" arial-label=\"Salvemos os prisioneiros de guerra nas garras de Putin\">\n            <h4>Salvemos os prisioneiros de guerra nas garras de Putin<\/h4>\n        <\/a>\n        <div class=\"meta\">\n                        <a class=\"sup-category\" href=\"https:\/\/litci.org\/pt\/category\/ucrania\/\">\n                Ucr\u00e2nia            <\/a>\n            <p class=\"post-date\">19 de dez de 2025<\/p>\n        <\/div>\n    <\/div>\n<\/article><article class=\"unit-04\">\n    <div class='column'>\n        <a class=\"featured-image-container\" href=\"https:\/\/litci.org\/pt\/2025\/09\/01\/impedir-a-divisao-e-pilhagem-da-ucrania\/\" title=\"Impedir a divis\u00e3o e pilhagem da Ucr\u00e2nia\" aria-label=\"Impedir a divis\u00e3o e pilhagem da Ucr\u00e2nia\"><img decoding=\"async\" class=\"featured-image\" src=\"https:\/\/litci.org\/pt\/wp-content\/uploads\/2025\/09\/Trump-e-Putin.jpg\" load=\"lazy\" alt=\"Impedir a divis\u00e3o e pilhagem da Ucr\u00e2nia\"\/><\/a>    <\/div>\n    <div class=\"column\">\n        <a href=\"https:\/\/litci.org\/pt\/2025\/09\/01\/impedir-a-divisao-e-pilhagem-da-ucrania\/\" title=\"Impedir a divis\u00e3o e pilhagem da Ucr\u00e2nia\" arial-label=\"Impedir a divis\u00e3o e pilhagem da Ucr\u00e2nia\">\n            <h4>Impedir a divis\u00e3o e pilhagem da Ucr\u00e2nia<\/h4>\n        <\/a>\n        <div class=\"meta\">\n                        <a class=\"sup-category\" href=\"https:\/\/litci.org\/pt\/category\/ucrania\/\">\n                Ucr\u00e2nia            <\/a>\n            <p class=\"post-date\">01 de set de 2025<\/p>\n        <\/div>\n    <\/div>\n<\/article>                <\/div>\n            <\/div>\n        <\/div>\n    <\/div>\n<\/section>\n\n<section class=\"video-block-03 video-section dark\">\n    <div class=\"container\">\n        <div class=\"block-header\">\n            <h3>V\u00eddeos<\/h3>\n            <a class=\"see-more\" href=\"https:\/\/litci.org\/pt\/videos\">Veja mais<\/a>\n        <\/div>\n    <\/div>\n    <div class=\"container\" style=\"margin-top:var(--gap)\">\n        <div class=\"video-grid\">\n                                <div class=\"video-item\" data-video=\"Sz7CAQXsjr4\">\n                        <a href=\"https:\/\/www.youtube.com\/watch?v=Sz7CAQXsjr4\" class=\"video-thumb\" style=\"background-image:url(&#039;https:\/\/i.ytimg.com\/vi\/Sz7CAQXsjr4\/hqdefault.jpg&#039;)\" target=\"_blank\" rel=\"noopener\">\n                            <div class=\"icon\"><i class=\"material-icons\">play_circle_filled<\/i><\/div>\n                        <\/a>\n                        <div class=\"video-info\">\n                            <!--<span class=\"badge primary\"><\/span>-->\n                            <a href=\"https:\/\/www.youtube.com\/watch?v=Sz7CAQXsjr4\" target=\"_blank\" rel=\"noopener\">\n                                <h3>Ind\u00edgenas do Tapaj\u00f3s derrotam o governo! Li\u00e7\u00f5es para seguir a luta pelos territ\u00f3rios<\/h3>\n                            <\/a>\n                            <span class=\"date\">03 Mar 2026<\/span>\n                            <!--<p class=\"description\">Ind\u00edgenas do Tapaj\u00f3s derrotam o governo! Quais as li\u00e7\u00f5es para continuar a luta em defesa dos territ\u00f3rios?\n\nConvidados:\n\nMandi Coelho (@mandi.rebeldia) - comunicadora e pr\u00e9-candidata a deputada federal por SP\n\nJefferson Choma (@eco.politicamarxista) - doutorando em geografia pela USP e do canal Ecologia Marxista\n\nCristian Arapiun (@cristian_arapiun) - jovem lideran\u00e7a do povo Arapiun e do podcast Aldeia Urbana, esteve na linha de frente da Ocupa\u00e7\u00e3o da Cargill\n\nHertz Dias (@hertzdiaspstu) - pr\u00e9-candidato a presid\u00eancia pelo PSTU, do Maranh\u00e3o e lutador perif\u00e9rico com os quilombolas e povos do campo \n\nVanessa Mendon\u00e7a (@vanessa.mendonca.3572) - moradora da Ocupa\u00e7\u00e3o dos Queixadas e militante do Luta Popular\n\nCintia Bonfim (@bonfimsilva.cintia) - moradora da Favela do Moinho e lideran\u00e7a das lutas do Moinho\n\nErasmo The\u00f3filo (@erasmotheofilo) - ambientalista da Amaz\u00f4nia e do movimento Xingu Resiste\n\nCacique Jacar\u00e9 (@dacivaldo.tupynamba) - cacique da etnia Tupinamb\u00e1 do Baixo Tapaj\u00f3s, participou da Ocupa\u00e7\u00e3o da SEDUC e da Cargill \n\n\ud83c\udf99\ufe0f Novo na transmiss\u00e3o ou querendo melhorar? Confira o StreamYard e ganhe $10 de desconto! \ud83d\ude0d https:\/\/streamyard.com\/pal\/d\/5333653484994560<\/p>-->\n                            <!--<p class=\"duration\">0<\/p>-->\n                        <\/div>\n                    <\/div>\n                                <div class=\"video-item\" data-video=\"Pui0lXlkho0\">\n                        <a href=\"https:\/\/www.youtube.com\/watch?v=Pui0lXlkho0\" class=\"video-thumb\" style=\"background-image:url(&#039;https:\/\/i.ytimg.com\/vi\/Pui0lXlkho0\/hqdefault.jpg&#039;)\" target=\"_blank\" rel=\"noopener\">\n                            <div class=\"icon\"><i class=\"material-icons\">play_circle_filled<\/i><\/div>\n                        <\/a>\n                        <div class=\"video-info\">\n                            <!--<span class=\"badge primary\"><\/span>-->\n                            <a href=\"https:\/\/www.youtube.com\/watch?v=Pui0lXlkho0\" target=\"_blank\" rel=\"noopener\">\n                                <h3>A\u00e7\u00e3o da \u00c1frica do Sul e fim de recursos \u00e0 UNRWA #3<\/h3>\n                            <\/a>\n                            <span class=\"date\">30 Jan 2024<\/span>\n                            <!--<p class=\"description\">Neste v\u00eddeo, discutimos a recente decis\u00e3o da Corte Internacional de Justi\u00e7a, que considerou v\u00e1lida a a\u00e7\u00e3o apresentada pela \u00c1frica do Sul contra Israel, acusando o Estado de genoc\u00eddio. A corte estabeleceu medidas provis\u00f3rias, exigindo que Israel prevenisse atos de genoc\u00eddio e garantisse acesso \u00e0 ajuda humanit\u00e1ria em Gaza. Apesar da aus\u00eancia do cessar-fogo imediato, a decis\u00e3o marca uma derrota pol\u00edtica para Israel, associando-o pela primeira vez ao termo genoc\u00eddio. O BDS considera isso uma vit\u00f3ria e apela \u00e0 press\u00e3o global para responsabilizar estados por sua cumplicidade hist\u00f3rica. Al\u00e9m disso, abordamos a suspens\u00e3o de financiamento \u00e0 ag\u00eancia de refugiados palestinos pela UNRWA, liderada pelos EUA. Junte-se a n\u00f3s na exig\u00eancia de mudan\u00e7as nas pol\u00edticas governamentais e na solidariedade internacional pela justi\u00e7a na Palestina.<\/p>-->\n                            <!--<p class=\"duration\">0<\/p>-->\n                        <\/div>\n                    <\/div>\n                                <div class=\"video-item\" data-video=\"vLWtbStkIV4\">\n                        <a href=\"https:\/\/www.youtube.com\/watch?v=vLWtbStkIV4\" class=\"video-thumb\" style=\"background-image:url(&#039;https:\/\/i.ytimg.com\/vi\/vLWtbStkIV4\/hqdefault.jpg&#039;)\" target=\"_blank\" rel=\"noopener\">\n                            <div class=\"icon\"><i class=\"material-icons\">play_circle_filled<\/i><\/div>\n                        <\/a>\n                        <div class=\"video-info\">\n                            <!--<span class=\"badge primary\"><\/span>-->\n                            <a href=\"https:\/\/www.youtube.com\/watch?v=vLWtbStkIV4\" target=\"_blank\" rel=\"noopener\">\n                                <h3>LIVE &#8211; TRUMP, A SITUA\u00c7\u00c3O NOS ESTADOS UNIDOS, A GUERRA NO IR\u00c3 E VENEZUELA HOJE<\/h3>\n                            <\/a>\n                            <span class=\"date\">06 Mar 2026<\/span>\n                            <!--<p class=\"description\">LIVE - TRUMP, A SITUA\u00c7\u00c3O NOS ESTADOS UNIDOS, A GUERRA NO IR\u00c3 E VENEZUELA HOJE<\/p>-->\n                            <!--<p class=\"duration\">0<\/p>-->\n                        <\/div>\n                    <\/div>\n                                <div class=\"video-item\" data-video=\"KiNwsmlNBKI\">\n                        <a href=\"https:\/\/www.youtube.com\/watch?v=KiNwsmlNBKI\" class=\"video-thumb\" style=\"background-image:url(&#039;https:\/\/i.ytimg.com\/vi\/KiNwsmlNBKI\/hqdefault.jpg&#039;)\" target=\"_blank\" rel=\"noopener\">\n                            <div class=\"icon\"><i class=\"material-icons\">play_circle_filled<\/i><\/div>\n                        <\/a>\n                        <div class=\"video-info\">\n                            <!--<span class=\"badge primary\"><\/span>-->\n                            <a href=\"https:\/\/www.youtube.com\/watch?v=KiNwsmlNBKI\" target=\"_blank\" rel=\"noopener\">\n                                <h3>Marea Roja por Palestina<\/h3>\n                            <\/a>\n                            <span class=\"date\">15 Jul 2025<\/span>\n                            <!--<p class=\"description\">El domingo 13 de julio pasado, en el centro de Buenos Aires, se realiz\u00f3 la Marea Roja por Palestina, una movilizaci\u00f3n de apoyo y solidaridad con el pueblo palestino y su lucha por recuperar su territorio hist\u00f3rico (\u201cdel r\u00edo al mar\u201d) usurpado por el estado sionista israel\u00ed con m\u00e9todos genocidas. La movilizaci\u00f3n fue numerosa y termin\u00f3 con un \u201cpa\u00f1uelazo\u201d en Plaza de Mayo, que se llen\u00f3 de pa\u00f1uelos rojos, de los tradicionales kefiy\u00e9 palestinos y de banderas palestinas. El PSTU impuls\u00f3 y particip\u00f3 activamente de esta movilizaci\u00f3n.\n(Agradecemos a ANRed por el video del pa\u00f1uelazo)<\/p>-->\n                            <!--<p class=\"duration\">0<\/p>-->\n                        <\/div>\n                    <\/div>\n                                <div class=\"video-item\" data-video=\"PnSItWb3xSU\">\n                        <a href=\"https:\/\/www.youtube.com\/watch?v=PnSItWb3xSU\" class=\"video-thumb\" style=\"background-image:url(&#039;https:\/\/i.ytimg.com\/vi\/PnSItWb3xSU\/hqdefault.jpg&#039;)\" target=\"_blank\" rel=\"noopener\">\n                            <div class=\"icon\"><i class=\"material-icons\">play_circle_filled<\/i><\/div>\n                        <\/a>\n                        <div class=\"video-info\">\n                            <!--<span class=\"badge primary\"><\/span>-->\n                            <a href=\"https:\/\/www.youtube.com\/watch?v=PnSItWb3xSU\" target=\"_blank\" rel=\"noopener\">\n                                <h3>Qual FAM\u00cdLIA os conservadores defendem? | CHARLATANICE CONSERVADORA EP #255<\/h3>\n                            <\/a>\n                            <span class=\"date\">27 Apr 2026<\/span>\n                            <!--<p class=\"description\">A EVOLU\u00c7\u00c3O DA FAM\u00cdLIA\n\nA FAM\u00cdLIA HEBRAICA estruturava-se como unidade patriarcal extensiva: bens vinculados \u00e0 linhagem (\u201cvertical\u201d)\n    \u2022 Heran\u00e7a: Norma expl\u00edcita de primogenitura protegida por lei (Deut. 21:15\u201317)\n        \u25e6 Oriente Pr\u00f3ximo (por vezes, mais amplo): escolha do herdeiro mais apto (\u201chonrar pai e m\u00e3e\u201d)\n    \u2022 Fam\u00edlia extensiva plena (cl\u00e3, v\u00e1rias esposas, linhagem ampla)\n        \u25e6 Ex.: leis que mant\u00eam a propriedade dentro do grupo (caso das filhas de Zelofeade em N\u00fameros 27).\n        \u25e6 sacerd\u00f3cio depende da descend\u00eancia: (Levitas)\n        \u25e6 Reis precisam de linhagem (ex.: casa de Davi).\n    \u2022 Poligamia e concubinato aceitos: Abra\u00e3o (Sara e Agar), Jac\u00f3 (Raquel, Lia, Bila, Zilpa)\n        \u25e6 Reis como Davi e Salom\u00e3o com m\u00faltiplas esposas e concubinas\n\nA FAM\u00cdLIA GREGA (OIKOS) dualidade oikos\u2013p\u00f3lis. \n    \u2022 Fam\u00edlia patriarcal + extensiva limitada (casa ampliada e subordinada \u00e0 p\u00f3lis)\n        \u25e6 (1) Escravos podem viver juntos e ter filhos, mas isso n\u00e3o constitui uma institui\u00e7\u00e3o familiar reconhecida.\n        \u25e6 (2) Para os estrangeiros, a fam\u00edlia existe socialmente, mas n\u00e3o como unidade da cidadania.\n        \u25e6 (3) Atividade mercantil vista como secund\u00e1ria: fam\u00edlia pressup\u00f5e propriedade familiar da terra\n        \u25e6 (4) o\u00eekos cl\u00e1ssico est\u00e1 ligado \u00e0 terra, produ\u00e7\u00e3o agr\u00edcola e autossufici\u00eancia.\n    \u2022 Gineceu era o espa\u00e7o destinado \u00e0s mulheres da fam\u00edlia para realizar suas atividades cotidianas, como tecer, bordar e cuidar dos filhos. Tamb\u00e9m servia de ref\u00fagio quando havia homens n\u00e3o pertencentes \u00e0 fam\u00edlia na casa.\n    \u2022 SIL\u00caNCIO DAS MULHERES NO ESPA\u00c7O P\u00daBLICO: \u201cComo em todas as igrejas dos santos, conservem-se as mulheres caladas nas igrejas, porque n\u00e3o lhes \u00e9 permitido falar; mas estejam submissas como tamb\u00e9m a lei o determina. Se, por\u00e9m, querem aprender alguma coisa, interroguem, em casa, a seu pr\u00f3prio marido; porque para a mulher \u00e9 vergonhoso falar na igreja.\u201d 1 Cor\u00edntios 14.34-35\n\nA FAM\u00cdLIA ROMANA expandiu esse conceito para uma unidade jur\u00eddica e pol\u00edtica que englobava pessoas e propriedades sob a autoridade do pater familias. \n    \u2022 O pater era, ao mesmo tempo, chefe pol\u00edtico, sacerdote e juiz. Exercia sobre os filhos direito de vida e de morte, podia impor-lhes pena corporal, vend\u00ea-los e tirar-lhe a vida.\n\nA FAM\u00cdLIA MEDIEVAL. A ordem social baseava-se na hierarquia. A autoridade do pai e de Deus como grande Pai legitimava todas as demais.\n    \u2022 O sobrenome e os t\u00edtulos nobili\u00e1rquicos desempenhavam um papel crucial na transmiss\u00e3o de prest\u00edgio, heran\u00e7a e identidade, consolidando alian\u00e7as e status social.\n    \u2022 A fam\u00edlia era a principal unidade de produ\u00e7\u00e3o, sobretudo entre os camponeses e a nobreza rural.\n    \u2022 O casamento era fundamentalmente uma ferramenta pol\u00edtica e econ\u00f4mica, usado para consolidar alian\u00e7as entre fam\u00edlias, garantir terras e recursos, ou ampliar redes de influ\u00eancia.\n    \u2022 Casamento passa a ser indissol\u00favel (sacramento), div\u00f3rcio n\u00e3o \u00e9 aceito. (Baixa Idade M\u00e9dia)\n    \u2022 At\u00e9 o s\u00e9culo VIII o concubinato \u00e9 uma pr\u00e1tica comum. (FAVIER, Jean. Carlos Magno. 2004. pag 134-135)\n\nA FAM\u00cdLIA BURGUESA. \n    \u2022 N\u00facleo restrito (pai, m\u00e3e e filhos), separado da parentela ampla. Deixa de ser extensa ou ampliada.\n    \u2022 Separa\u00e7\u00e3o entre casa (privado) e trabalho (externo). Os bens im\u00f3veis deixam de ser parte da fam\u00edlia.\n    \u2022 Monogamia jur\u00eddica r\u00edgida: na modernidade se torna regra social generalizada e comportamento esperado.\n    \u2022 A heran\u00e7a transfere a propriedade privada entre indiv\u00edduos; a fam\u00edlia deixa de ser o n\u00facleo (sujeito) da propriedade e passa a ser o principal meio de sua transmiss\u00e3o.\n    \u2022 Valoriza\u00e7\u00e3o do casamento por escolha e do v\u00ednculo afetivo (normalizado pela Igreja s\u00f3 no s\u00e9culo XII)\n    \u2022 Posi\u00e7\u00e3o social se faz pela propriedade abstrata do capital.  Deixa de ser uma unidade direita de produ\u00e7\u00e3o.\n\n______________________________________________________________\nADQUIRA:\n\u27a1 ANU\u00c1RIO ESTAT\u00cdSTICO DO ILAESE :\nhttps:\/\/editorasundermann.com.br\/produto\/ilaese-anuario-estatistico-2025-trabalho-e-exploracao\/\n\u27a1  LIVRO MARX E A FILOSOFIA: \nhttps:\/\/editorasundermann.com.br\/produto\/marx-e-a-filosofia-tomos-i-e-ii-pre-venda-envios-a-partir-de-02-12-2025\/\n\u27a1 LIVRO MARX E A HIST\u00d3RIA: \nhttps:\/\/editorasundermann.com.br\/produto\/marx-e-a-historia\/\n______________________________________________________________\nSEJA MEMBRO e apoie o canal. Bot\u00e3o ADERIR acima ou: \n\u27a1 https:\/\/www.youtube.com\/channel\/UCRLEkZpNRoZQBG8kUTBD8vQ\/join\n\nV\u00eddeo sobre ser membro do canal:\n\u27a1 https:\/\/www.youtube.com\/watch?v=drvou-obBVU\n______________________________________________________________\nSiga as p\u00e1ginas do canal Orienta\u00e7\u00e3o Marxista nas Redes Sociais\n\n\u24d5 FACEBOOK:    https:\/\/www.facebook.com\/Orienta\u00e7\u00e3o-Marxista-111673690190915\n\ud835\udd4f TWITTER (X):       https:\/\/x.com\/orient_marxista\n\ud83d\udcf7 INSTAGRAM: https:\/\/www.instagram.com\/orient.marxista\n______________________________________________________________\nLeia o portal Opini\u00e3o Socialista:\n\u27a1 https:\/\/www.opiniaosocialista.com.br\/\n\n\n#familia  #conservadores  #patria<\/p>-->\n                            <!--<p class=\"duration\">0<\/p>-->\n                        <\/div>\n                    <\/div>\n                                <div class=\"video-item\" data-video=\"MAZupNLP4yM\">\n                        <a href=\"https:\/\/www.youtube.com\/watch?v=MAZupNLP4yM\" class=\"video-thumb\" style=\"background-image:url(&#039;https:\/\/i.ytimg.com\/vi\/MAZupNLP4yM\/hqdefault.jpg&#039;)\" target=\"_blank\" rel=\"noopener\">\n                            <div class=\"icon\"><i class=\"material-icons\">play_circle_filled<\/i><\/div>\n                        <\/a>\n                        <div class=\"video-info\">\n                            <!--<span class=\"badge primary\"><\/span>-->\n                            <a href=\"https:\/\/www.youtube.com\/watch?v=MAZupNLP4yM\" target=\"_blank\" rel=\"noopener\">\n                                <h3>No title<\/h3>\n                            <\/a>\n                            <span class=\"date\">13 Nov 2025<\/span>\n                            <!--<p class=\"description\">No description<\/p>-->\n                            <!--<p class=\"duration\">0<\/p>-->\n                        <\/div>\n                    <\/div>\n                                <div class=\"video-item\" data-video=\"KCR-Aq3n2n0\">\n                        <a href=\"https:\/\/www.youtube.com\/watch?v=KCR-Aq3n2n0\" class=\"video-thumb\" style=\"background-image:url(&#039;https:\/\/i.ytimg.com\/vi\/KCR-Aq3n2n0\/hqdefault.jpg&#039;)\" target=\"_blank\" rel=\"noopener\">\n                            <div class=\"icon\"><i class=\"material-icons\">play_circle_filled<\/i><\/div>\n                        <\/a>\n                        <div class=\"video-info\">\n                            <!--<span class=\"badge primary\"><\/span>-->\n                            <a href=\"https:\/\/www.youtube.com\/watch?v=KCR-Aq3n2n0\" target=\"_blank\" rel=\"noopener\">\n                                <h3>A importa\u0302ncia universal da Revoluc\u0327a\u0303o de 1905<\/h3>\n                            <\/a>\n                            <span class=\"date\">07 Feb 2026<\/span>\n                            <!--<p class=\"description\">Neste epis\u00f3dio, exploramos como a Revolu\u00e7\u00e3o de 1905 antecipou uma nova era de guerras e revolu\u00e7\u00f5es, revelou a trai\u00e7\u00e3o da burguesia e viu o proletariado assumir pela primeira vez a lideran\u00e7a de uma revolu\u00e7\u00e3o democr\u00e1tica.\n \nEntenda o surgimento dos Sovietes, o poder da greve pol\u00edtica de massas e as li\u00e7\u00f5es que forjaram o caminho at\u00e9 1917. Uma an\u00e1lise essencial para quem quer compreender a luta de classes e a teoria revolucion\u00e1ria!\n\n\nBaixe o e-book do epis\u00f3dio em portugu\u00eas:\nhttps:\/\/drive.google.com\/drive\/folders\/1wg0PYMynnj_a2p72GTIkFD-6uZkAWo_x?usp=drive_link\n\nBaixe o e-book do epis\u00f3dio em espanhol:\nhttps:\/\/drive.google.com\/drive\/folders\/1HPVS-_OceQlXvDdFYOtk8GiubXS_udyY?usp=sharing\n\nEntre no nosso Grupo do Whatsapp:\nhttps:\/\/chat.whatsapp.com\/F11x83gwU0X66Jx7PzRcLq<\/p>-->\n                            <!--<p class=\"duration\">0<\/p>-->\n                        <\/div>\n                    <\/div>\n                                <div class=\"video-item\" data-video=\"mQmnXDStoNM\">\n                        <a href=\"https:\/\/www.youtube.com\/watch?v=mQmnXDStoNM\" class=\"video-thumb\" style=\"background-image:url(&#039;https:\/\/i.ytimg.com\/vi\/mQmnXDStoNM\/hqdefault.jpg&#039;)\" target=\"_blank\" rel=\"noopener\">\n                            <div class=\"icon\"><i class=\"material-icons\">play_circle_filled<\/i><\/div>\n                        <\/a>\n                        <div class=\"video-info\">\n                            <!--<span class=\"badge primary\"><\/span>-->\n                            <a href=\"https:\/\/www.youtube.com\/watch?v=mQmnXDStoNM\" target=\"_blank\" rel=\"noopener\">\n                                <h3>Cuba: debate com Jones Manoel<\/h3>\n                            <\/a>\n                            <span class=\"date\">28 Apr 2026<\/span>\n                            <!--<p class=\"description\">FUI PRA CUBA!\nEm mar\u00e7o deste ano estive no pa\u00eds da revolu\u00e7\u00e3o mais impactante do s\u00e9culo XX no continente. \nConfira um resumo aqui:\nhttps:\/\/www.instagram.com\/p\/DWoOWx6CItV\/\n\nViajei a Cuba para prestar minha solidariedade \u00e0 ilha que sofre um bloqueio h\u00e1 mais de 60 anos e agora est\u00e1 sob a mira de Trump, amea\u00e7ada por uma invas\u00e3o e impedida de receber petr\u00f3leo. \n\nNeste v\u00eddeo, discuto as recentes posi\u00e7\u00f5es apresentadas no v\u00eddeo de Jones Manoel: https:\/\/youtu.be\/Jprv-yXe-jE?si=YWxWUPgzVH4CwQwk\n\ne conto um pouco mais pra voc\u00eas sobre a hist\u00f3ria e o presente cubano. Acompanhe e deixe sua opini\u00e3o.\n\nPara se aprofundar mais:\n\nA crise em Cuba:  https:\/\/litci.org\/pt\/2026\/04\/07\/a-crise-em-cuba\/\n\nFora imperialismo \nIanque: https:\/\/litci.org\/pt\/2026\/04\/02\/fora-imperialismo-ianque-uma-viagem-em-apoio-ao-povo-cubano\n\n_______________________________\n\nSIGA-ME NAS REDES SOCIAIS\n\nInstagram: https:\/\/www.instagram.com\/hertzdias\/\nFacebook: https:\/\/www.facebook.com\/HertzCDias\n_______________________________\n\nNo CANAL DO HERTZ  \u2014 RA\u00c7A, CLASSE & REVOLU\u00c7\u00c3O, vamos debater temas ligados a quest\u00e3o racial, combinado ao de classe, numa perspectiva marxista.<\/p>-->\n                            <!--<p class=\"duration\">0<\/p>-->\n                        <\/div>\n                    <\/div>\n                    <\/div>\n    <\/div>\n<\/section>\n\n<section style=\"background-color:\n    #eaeaea\" class=\"\">\n    <div class=\"container\" style=\"gap: 24px\">\n        <div class=\"column\">\n            <div class=\"block-header\">\n                                    <h3>Teoria<\/h3>\n                                    <a class=\"see-more\" href=\"\">Veja mais<\/a>\n                            <\/div>\n            <div class=\"block-06 main\">\n                <a href=\"https:\/\/litci.org\/pt\/2026\/03\/24\/107-anos-sem-yakov-sverdlov-o-grande-organizador-do-partido-bolchevique\/\" title=\"107 anos sem Y\u00e1kov Sverdlov, o grande organizador do Partido bolchevique\" arial-label=\"107 anos sem Y\u00e1kov Sverdlov, o grande organizador do Partido bolchevique\" style=\"width:100%\">\n    <article class=\"unit-03\">\n        <img decoding=\"async\" class=\"featured-image-container\" src=\"https:\/\/litci.org\/pt\/wp-content\/uploads\/2026\/03\/yakov-sverdlov-1024x596.jpeg\"\/>\n        <div class=\"info\">\n            <h3>107 anos sem Y\u00e1kov Sverdlov, o grande organizador do Partido bolchevique<\/h3>\n            <div class=\"excerpt\">\u00abEle se foi. Ele se foi. Ele se foi\u00bb. Do outro lado do telefone, a voz tr\u00eamula de Lenin anunciava a morte de Y\u00e1kov Mij\u00e1ilovich Sverdlov em 16 de mar\u00e7o de 1919.&nbsp; Alguns\/as revolucion\u00e1rios\/as bolcheviques perderam a vida no campo de batalha, na trincheira ou em plena insurrei\u00e7\u00e3o. Outros\/as, nas pris\u00f5es, campos de trabalho ou [&hellip;]<\/div>\n            <div class=\"meta\">\n                            <span class=\"sup-category\" >TEORIA<\/span>\n                <p class=\"post-date\">24 de mar de 2026<\/p>\n            <\/div>\n        <\/div>\n\n    <\/article>\n<\/a>\n            <\/div>\n            <div class=\"block-06 minor\">\n                <article class=\"unit-04\">\n    <div class='column'>\n        <a class=\"featured-image-container\" href=\"https:\/\/litci.org\/pt\/2025\/12\/27\/o-regime-de-putin-e-a-consolidacao-de-um-novo-estado-imperialista-na-russia\/\" title=\"O Regime de Putin e a consolida\u00e7\u00e3o de um novo Estado imperialista na R\u00fassia\" aria-label=\"O Regime de Putin e a consolida\u00e7\u00e3o de um novo Estado imperialista na R\u00fassia\"><img decoding=\"async\" class=\"featured-image\" src=\"https:\/\/litci.org\/pt\/wp-content\/uploads\/2025\/12\/Putin.jpg\" load=\"lazy\" alt=\"O Regime de Putin e a consolida\u00e7\u00e3o de um novo Estado imperialista na R\u00fassia\"\/><\/a>    <\/div>\n    <div class=\"column\">\n        <a href=\"https:\/\/litci.org\/pt\/2025\/12\/27\/o-regime-de-putin-e-a-consolidacao-de-um-novo-estado-imperialista-na-russia\/\" title=\"O Regime de Putin e a consolida\u00e7\u00e3o de um novo Estado imperialista na R\u00fassia\" arial-label=\"O Regime de Putin e a consolida\u00e7\u00e3o de um novo Estado imperialista na R\u00fassia\">\n            <h4>O Regime de Putin e a consolida\u00e7\u00e3o de um novo Estado imperialista na R\u00fassia<\/h4>\n        <\/a>\n        <div class=\"meta\">\n                        <a class=\"sup-category\" href=\"https:\/\/litci.org\/pt\/category\/teoria\/\">\n                TEORIA            <\/a>\n            <p class=\"post-date\">27 de dez de 2025<\/p>\n        <\/div>\n    <\/div>\n<\/article><article class=\"unit-04\">\n    <div class='column'>\n        <a class=\"featured-image-container\" href=\"https:\/\/litci.org\/pt\/2025\/11\/28\/china-a-potencia-imperialista-emergente-em-pugna-com-os-eua\/\" title=\"China, a pot\u00eancia imperialista emergente em pugna com os EUA\" aria-label=\"China, a pot\u00eancia imperialista emergente em pugna com os EUA\"><img decoding=\"async\" class=\"featured-image\" src=\"https:\/\/litci.org\/pt\/wp-content\/uploads\/2025\/11\/fa193335265a85292f40a5c2dc598106-image_doc-33bk6hl-data-2-1024x768.webp\" load=\"lazy\" alt=\"China, a pot\u00eancia imperialista emergente em pugna com os EUA\"\/><\/a>    <\/div>\n    <div class=\"column\">\n        <a href=\"https:\/\/litci.org\/pt\/2025\/11\/28\/china-a-potencia-imperialista-emergente-em-pugna-com-os-eua\/\" title=\"China, a pot\u00eancia imperialista emergente em pugna com os EUA\" arial-label=\"China, a pot\u00eancia imperialista emergente em pugna com os EUA\">\n            <h4>China, a pot\u00eancia imperialista emergente em pugna com os EUA<\/h4>\n        <\/a>\n        <div class=\"meta\">\n                        <a class=\"sup-category\" href=\"https:\/\/litci.org\/pt\/category\/china\/\">\n                China            <\/a>\n            <p class=\"post-date\">28 de nov de 2025<\/p>\n        <\/div>\n    <\/div>\n<\/article>            <\/div>\n        <\/div>\n        <div class=\"column\">\n            <div class=\"block-header\">\n                                    <h3>Marxismo Vivo<\/h3>\n                                    <a class=\"see-more\" href=\"\">Veja mais<\/a>\n                            <\/div>\n            <div class=\"block-06 main\">\n                <a href=\"https:\/\/litci.org\/pt\/2025\/05\/25\/saiu-a-marxismo-vivo-21-crise-da-ordem-mundial-e-luta-interimperialista\/\" title=\"Saiu a Marxismo Vivo 21! Crise da ordem mundial e luta interimperialista\" arial-label=\"Saiu a Marxismo Vivo 21! Crise da ordem mundial e luta interimperialista\" style=\"width:100%\">\n    <article class=\"unit-03\">\n        <img decoding=\"async\" class=\"featured-image-container\" src=\"https:\/\/litci.org\/pt\/wp-content\/uploads\/2025\/05\/Captura-de-tela_25-5-2025_9514_.jpeg\"\/>\n        <div class=\"info\">\n            <h3>Saiu a Marxismo Vivo 21! Crise da ordem mundial e luta interimperialista<\/h3>\n            <div class=\"excerpt\">Por: Francesco Ricci A primeira edi\u00e7\u00e3o desta nova s\u00e9rie da Marxismo Vivo foi muito bem recebida pelos leitores. V\u00e1rios de voc\u00eas tamb\u00e9m responderam \u00e0 nossa solicita\u00e7\u00e3o de cr\u00edticas e sugest\u00f5es para melhorarmos a nossa revista, algumas j\u00e1 apresentadas nesta edi\u00e7\u00e3o, outras nas pr\u00f3ximas. Continuem nos escrevendo (em marxismovivo.2@gmail.com) para cr\u00edticas e\/ou sugest\u00f5es, \u00e9 uma ajuda [&hellip;]<\/div>\n            <div class=\"meta\">\n                            <span class=\"sup-category\" >Revista Marxismo Vivo<\/span>\n                <p class=\"post-date\">25 de mai de 2025<\/p>\n            <\/div>\n        <\/div>\n\n    <\/article>\n<\/a>\n            <\/div>\n            <div class=\"block-06 minor\">\n                <article class=\"unit-04\">\n    <div class='column'>\n        <a class=\"featured-image-container\" href=\"https:\/\/litci.org\/pt\/2024\/10\/29\/marxismo-vivo-se-renova-a-teoria-como-instrumento-para-a-luta-revolucionaria\/\" title=\"Marxismo Vivo se renova: A teoria como instrumento para a luta revolucion\u00e1ria\" aria-label=\"Marxismo Vivo se renova: A teoria como instrumento para a luta revolucion\u00e1ria\"><img decoding=\"async\" class=\"featured-image\" src=\"https:\/\/litci.org\/pt\/wp-content\/uploads\/2024\/10\/MV2-724x1024.jpg\" load=\"lazy\" alt=\"Marxismo Vivo se renova: A teoria como instrumento para a luta revolucion\u00e1ria\"\/><\/a>    <\/div>\n    <div class=\"column\">\n        <a href=\"https:\/\/litci.org\/pt\/2024\/10\/29\/marxismo-vivo-se-renova-a-teoria-como-instrumento-para-a-luta-revolucionaria\/\" title=\"Marxismo Vivo se renova: A teoria como instrumento para a luta revolucion\u00e1ria\" arial-label=\"Marxismo Vivo se renova: A teoria como instrumento para a luta revolucion\u00e1ria\">\n            <h4>Marxismo Vivo se renova: A teoria como instrumento para a luta revolucion\u00e1ria<\/h4>\n        <\/a>\n        <div class=\"meta\">\n                        <a class=\"sup-category\" href=\"https:\/\/litci.org\/pt\/category\/palestina\/especial-palestina\/\">\n                Especial Palestina            <\/a>\n            <p class=\"post-date\">29 de out de 2024<\/p>\n        <\/div>\n    <\/div>\n<\/article><article class=\"unit-04\">\n    <div class='column'>\n        <a class=\"featured-image-container\" href=\"https:\/\/litci.org\/pt\/2023\/02\/20\/trotski-perante-as-guerras\/\" title=\"Trotski perante as guerras\" aria-label=\"Trotski perante as guerras\"><img decoding=\"async\" class=\"featured-image\" src=\"https:\/\/litci.org\/pt\/wp-content\/uploads\/2021\/12\/trotsky-color-1024x640.jpg\" load=\"lazy\" alt=\"Trotski perante as guerras\"\/><\/a>    <\/div>\n    <div class=\"column\">\n        <a href=\"https:\/\/litci.org\/pt\/2023\/02\/20\/trotski-perante-as-guerras\/\" title=\"Trotski perante as guerras\" arial-label=\"Trotski perante as guerras\">\n            <h4>Trotski perante as guerras<\/h4>\n        <\/a>\n        <div class=\"meta\">\n                        <a class=\"sup-category\" href=\"https:\/\/litci.org\/pt\/category\/especiais\/\">\n                Especiais            <\/a>\n            <p class=\"post-date\">20 de fev de 2023<\/p>\n        <\/div>\n    <\/div>\n<\/article>            <\/div>\n        <\/div>\n    <\/div>\n<\/section>\n\n<section>\n    <div class=\"container\">\n        <div class=\"column\">\n            <a class=\"ads\" href=\"https:\/\/marxismovivo.litci.org\/revista-marxismo-vivo-nova-epoca-portugues-n-21\/\">\n                <img decoding=\"async\" src=\"http:\/\/litci.org\/pt\/wp-content\/uploads\/2025\/05\/mv_top_21_pt.jpg\" \/>\n            <\/a>\n        <\/div>\n    <\/div>\n<\/section>\n\n\n<a style=\"background-color:#d21f1f; width:100%; display:flex; justify-content:center; align-items:center\" href=\"https:\/\/litci.org\/es\/lenin-100-anos\/\">\n<figure class=\"wp-block-image aligncenter size-large\"><img decoding=\"async\" src=\"http:\/\/litci.org\/es\/wp-content\/uploads\/2024\/01\/LENIN-100-ANOS-1-1024x372.png\" alt=\"\" class=\"wp-image-75851\"\/><\/figure><\/a>\n\n\n<section style=\"background-color:\n    inherit\" class=\"\">\n    <div class=\"container\">\n        <div class=\"column\">\n            <div class=\"block-header\">\n                                    <h3>Especial &#8211; 100 anos sem L\u00eanin<\/h3>\n                                    <a class=\"see-more\" href=\"\">Veja mais<\/a>\n                            <\/div>\n            <div class=\"block-03\">\n                <div class=\"column quarter\">\n                    <article class=\"unit-04\">\n    <div class='column'>\n        <a class=\"featured-image-container\" href=\"https:\/\/litci.org\/pt\/2024\/05\/14\/em-debate-lenin-hoje\/\" title=\"Em Debate: L\u00eanin Hoje\" aria-label=\"Em Debate: L\u00eanin Hoje\"><img decoding=\"async\" class=\"featured-image\" src=\"https:\/\/litci.org\/pt\/wp-content\/uploads\/2024\/05\/Debate-724x1024.jpg\" load=\"lazy\" alt=\"Em Debate: L\u00eanin Hoje\"\/><\/a>    <\/div>\n    <div class=\"column\">\n        <a href=\"https:\/\/litci.org\/pt\/2024\/05\/14\/em-debate-lenin-hoje\/\" title=\"Em Debate: L\u00eanin Hoje\" arial-label=\"Em Debate: L\u00eanin Hoje\">\n            <h4>Em Debate: L\u00eanin Hoje<\/h4>\n        <\/a>\n        <div class=\"meta\">\n                        <a class=\"sup-category\" href=\"https:\/\/litci.org\/pt\/category\/especiais\/100-anos-sem-lenin\/\">\n                100 anos sem L\u00eanin            <\/a>\n            <p class=\"post-date\">14 de mai de 2024<\/p>\n        <\/div>\n    <\/div>\n<\/article><article class=\"unit-04\">\n    <div class='column'>\n        <a class=\"featured-image-container\" href=\"https:\/\/litci.org\/pt\/2024\/05\/11\/estado-e-revolucao-e-a-batalha-de-lenin-contra-o-oportunismo-pela-tomada-do-poder\/\" title=\"Estado e Revolu\u00e7\u00e3o e a batalha de L\u00eanin contra o oportunismo, pela tomada do poder\" aria-label=\"Estado e Revolu\u00e7\u00e3o e a batalha de L\u00eanin contra o oportunismo, pela tomada do poder\"><img decoding=\"async\" class=\"featured-image\" src=\"https:\/\/litci.org\/pt\/wp-content\/uploads\/2024\/05\/Lenin-3.jpeg\" load=\"lazy\" alt=\"Estado e Revolu\u00e7\u00e3o e a batalha de L\u00eanin contra o oportunismo, pela tomada do poder\"\/><\/a>    <\/div>\n    <div class=\"column\">\n        <a href=\"https:\/\/litci.org\/pt\/2024\/05\/11\/estado-e-revolucao-e-a-batalha-de-lenin-contra-o-oportunismo-pela-tomada-do-poder\/\" title=\"Estado e Revolu\u00e7\u00e3o e a batalha de L\u00eanin contra o oportunismo, pela tomada do poder\" arial-label=\"Estado e Revolu\u00e7\u00e3o e a batalha de L\u00eanin contra o oportunismo, pela tomada do poder\">\n            <h4>Estado e Revolu\u00e7\u00e3o e a batalha de L\u00eanin contra o oportunismo, pela tomada do poder<\/h4>\n        <\/a>\n        <div class=\"meta\">\n                        <a class=\"sup-category\" href=\"https:\/\/litci.org\/pt\/category\/especiais\/100-anos-sem-lenin\/\">\n                100 anos sem L\u00eanin            <\/a>\n            <p class=\"post-date\">11 de mai de 2024<\/p>\n        <\/div>\n    <\/div>\n<\/article>                <\/div>\n                <div class=\"column half\">\n                    <a href=\"https:\/\/litci.org\/pt\/2024\/07\/12\/o-congresso-de-1903-e-o-racha-entre-bolcheviques-e-mencheviques\/\" title=\"O congresso de 1903 e o racha entre bolcheviques e mencheviques\" arial-label=\"O congresso de 1903 e o racha entre bolcheviques e mencheviques\" style=\"width:100%\">\n    <article class=\"unit-03\">\n        <img decoding=\"async\" class=\"featured-image-container\" src=\"https:\/\/litci.org\/pt\/wp-content\/uploads\/2024\/07\/Lenin-1903-1024x625.jpg\"\/>\n        <div class=\"info\">\n            <h3>O congresso de 1903 e o racha entre bolcheviques e mencheviques<\/h3>\n            <div class=\"excerpt\">Chegando aqui, no epis\u00f3dio 8, entre 1902 e 1903, estudaremos o desenrolar do Congresso e os debates pr\u00e9-congressuais, para entender melhor o porqu\u00ea da ruptura entre bolcheviques e mencheviques. Por: Nazareno Godeiro O II Congresso teve um car\u00e1ter fundacional, porque votou um programa e um estatuto da organiza\u00e7\u00e3o, coisa que o I Congresso de 1898 [&hellip;]<\/div>\n            <div class=\"meta\">\n                            <span class=\"sup-category\" >100 anos sem L\u00eanin<\/span>\n                <p class=\"post-date\">12 de jul de 2024<\/p>\n            <\/div>\n        <\/div>\n\n    <\/article>\n<\/a>\n                <\/div>\n                <div class=\"column quarter\">\n                    <article class=\"unit-04\">\n    <div class='column'>\n        <a class=\"featured-image-container\" href=\"https:\/\/litci.org\/pt\/2024\/04\/23\/o-ultimo-combate-de-lenin-a-primeira-batalha-contra-o-stalinismo\/\" title=\"O \u00faltimo combate de L\u00eanin, a primeira batalha contra o stalinismo\" aria-label=\"O \u00faltimo combate de L\u00eanin, a primeira batalha contra o stalinismo\"><img decoding=\"async\" class=\"featured-image\" src=\"https:\/\/litci.org\/pt\/wp-content\/uploads\/2024\/04\/Lenin-1-1.jpg\" load=\"lazy\" alt=\"O \u00faltimo combate de L\u00eanin, a primeira batalha contra o stalinismo\"\/><\/a>    <\/div>\n    <div class=\"column\">\n        <a href=\"https:\/\/litci.org\/pt\/2024\/04\/23\/o-ultimo-combate-de-lenin-a-primeira-batalha-contra-o-stalinismo\/\" title=\"O \u00faltimo combate de L\u00eanin, a primeira batalha contra o stalinismo\" arial-label=\"O \u00faltimo combate de L\u00eanin, a primeira batalha contra o stalinismo\">\n            <h4>O \u00faltimo combate de L\u00eanin, a primeira batalha contra o stalinismo<\/h4>\n        <\/a>\n        <div class=\"meta\">\n                        <a class=\"sup-category\" href=\"https:\/\/litci.org\/pt\/category\/especiais\/100-anos-sem-lenin\/\">\n                100 anos sem L\u00eanin            <\/a>\n            <p class=\"post-date\">23 de abr de 2024<\/p>\n        <\/div>\n    <\/div>\n<\/article><article class=\"unit-04\">\n    <div class='column'>\n        <a class=\"featured-image-container\" href=\"https:\/\/litci.org\/pt\/2024\/04\/07\/livro-que-fazer-e-suas-controversias\/\" title=\"\u00a0Livro Que fazer? E suas controv\u00e9rsias\" aria-label=\"\u00a0Livro Que fazer? E suas controv\u00e9rsias\"><img decoding=\"async\" class=\"featured-image\" src=\"https:\/\/litci.org\/pt\/wp-content\/uploads\/2024\/04\/Lenin-1024x682.jpg\" load=\"lazy\" alt=\"\u00a0Livro Que fazer? E suas controv\u00e9rsias\"\/><\/a>    <\/div>\n    <div class=\"column\">\n        <a href=\"https:\/\/litci.org\/pt\/2024\/04\/07\/livro-que-fazer-e-suas-controversias\/\" title=\"\u00a0Livro Que fazer? E suas controv\u00e9rsias\" arial-label=\"\u00a0Livro Que fazer? E suas controv\u00e9rsias\">\n            <h4>\u00a0Livro Que fazer? E suas controv\u00e9rsias<\/h4>\n        <\/a>\n        <div class=\"meta\">\n                        <a class=\"sup-category\" href=\"https:\/\/litci.org\/pt\/category\/especiais\/100-anos-sem-lenin\/\">\n                100 anos sem L\u00eanin            <\/a>\n            <p class=\"post-date\">07 de abr de 2024<\/p>\n        <\/div>\n    <\/div>\n<\/article>                <\/div>\n            <\/div>\n        <\/div>\n    <\/div>\n<\/section>\n\n<section style=\"background-color:\n    inherit\" class=\"\">\n    <div class=\"container\">\n        <div class=\"column\">\n            <div class=\"block-header\">\n                                    <h3><\/h3>\n                            <\/div>\n            <div class=\"block-partners\">\n                <a href=\"https:\/\/cfriazanov.org\/\" target=\"_blank\" class=\"card\" rel=\"noopener\">\n                    <img decoding=\"async\" src=\"https:\/\/litci.org\/pt\/wp-content\/uploads\/2022\/05\/riazanov-e1653342282850-300x168.png\" alt=\"Escola Davi Riazanov\">\n                <\/a>\n                <a href=\"https:\/\/archivoleontrotsky.org\/\" target=\"_blank\" class=\"card\" rel=\"noopener\">\n                    <img decoding=\"async\" src=\"https:\/\/litci.org\/pt\/wp-content\/uploads\/2022\/06\/archivo-3-e1654633929865-300x168.png\" alt=\"Archivo Leon Trostky\">\n                <\/a>\n                <a href=\"https:\/\/marxismovivo.litci.org\/\" target=\"_blank\" class=\"card\">\n                    <img decoding=\"async\" src=\"https:\/\/litci.org\/pt\/wp-content\/uploads\/2022\/05\/marxismo-vivo-e1653342337533-300x168.png\" alt=\"Marxismo Vivo\">\n                <\/a>\n            <\/div>\n        <\/div>\n    <\/div>\n<\/section>\n\n<section style=\"background-color:\n    inherit\" class=\"\">\n    <div class=\"container\">\n        <div class=\"column\">\n            <div class=\"block-header\">\n                                    <h3>Crise Ambiental<\/h3>\n                                    <a class=\"see-more\" href=\"\">Veja mais<\/a>\n                            <\/div>\n            <div class=\"block-02\">\n                <article class=\"unit-02\">\n    <div class='column'>\n        <a class=\"featured-image-container\" href=\"https:\/\/litci.org\/pt\/2026\/02\/13\/o-planeta-esta-em-colapso-climatico-por-excesso-de-bilionarios\/\" title=\"O planeta est\u00e1 em colapso clim\u00e1tico por excesso de bilion\u00e1rios\" aria-label=\"O planeta est\u00e1 em colapso clim\u00e1tico por excesso de bilion\u00e1rios\"><img decoding=\"async\" class=\"featured-image\" src=\"https:\/\/litci.org\/pt\/wp-content\/uploads\/2026\/02\/crise-climatica-768x432-1.png\" load=\"lazy\" alt=\"O planeta est\u00e1 em colapso clim\u00e1tico por excesso de bilion\u00e1rios\"\/><\/a>    <\/div>\n    <div class=\"column\">\n        <a href=\"https:\/\/litci.org\/pt\/2026\/02\/13\/o-planeta-esta-em-colapso-climatico-por-excesso-de-bilionarios\/\" title=\"O planeta est\u00e1 em colapso clim\u00e1tico por excesso de bilion\u00e1rios\" arial-label=\"In\u00edcio 2\">\n            <h3>O planeta est\u00e1 em colapso clim\u00e1tico por excesso de bilion\u00e1rios<\/h3>\n        <\/a>\n        <div class=\"excerpt\">A desigualdade tem cheiro de fuma\u00e7a de carv\u00e3o, g\u00e1s e petr\u00f3leo. Os dados mais recentes da Oxfam, divulgados em 10 de janeiro, escancaram uma verdade inc\u00f4moda que governos e elites insistem em tratar como abstra\u00e7\u00e3o econ\u00f4mica: a crise clim\u00e1tica \u00e9, antes de tudo, um projeto de classe. O mesmo punhado de pessoas que concentra riqueza [&hellip;]<\/div>\n        <div class=\"meta\">\n                        <a class=\"sup-category\" href=\"https:\/\/litci.org\/pt\/category\/crise-climatica-e-ambiental\/\">\n                Crise clim\u00e1tica e ambiental            <\/a>\n            <p class=\"post-date\">13 de fev de 2026<\/p>\n        <\/div>\n    <\/div>\n<\/article><article class=\"unit-02\">\n    <div class='column'>\n        <a class=\"featured-image-container\" href=\"https:\/\/litci.org\/pt\/2026\/02\/13\/crise-ambiental-na-africa-oriental\/\" title=\"Crise ambiental na \u00c1frica Oriental\" aria-label=\"Crise ambiental na \u00c1frica Oriental\"><img decoding=\"async\" class=\"featured-image\" src=\"https:\/\/litci.org\/pt\/wp-content\/uploads\/2026\/02\/Seca-na-Africa.jpg\" load=\"lazy\" alt=\"Crise ambiental na \u00c1frica Oriental\"\/><\/a>    <\/div>\n    <div class=\"column\">\n        <a href=\"https:\/\/litci.org\/pt\/2026\/02\/13\/crise-ambiental-na-africa-oriental\/\" title=\"Crise ambiental na \u00c1frica Oriental\" arial-label=\"In\u00edcio 2\">\n            <h3>Crise ambiental na \u00c1frica Oriental<\/h3>\n        <\/a>\n        <div class=\"excerpt\">Introdu\u00e7\u00e3o: Em maio de 2025 foi publicado o estudo denominado \u201cEstado do Clima na \u00c1frica &#8211; 2024\u201d, o qual mostra que 2024 foi o ano mais quente j\u00e1 registrado no continente e que esse aumento da temperatura veio acompanhado de inunda\u00e7\u00f5es devastadoras, secas e ondas de calor marinhas. Neste in\u00edcio de ano o Qu\u00eania e [&hellip;]<\/div>\n        <div class=\"meta\">\n                        <a class=\"sup-category\" href=\"https:\/\/litci.org\/pt\/category\/africa\/\">\n                \u00c1frica            <\/a>\n            <p class=\"post-date\">13 de fev de 2026<\/p>\n        <\/div>\n    <\/div>\n<\/article><article class=\"unit-02\">\n    <div class='column'>\n        <a class=\"featured-image-container\" href=\"https:\/\/litci.org\/pt\/2025\/12\/03\/cop-30-foi-mais-uma-vitoria-da-industria-fossil-enquanto-humanidade-caminha-para-a-barbarie-climatica\/\" title=\"COP 30 foi mais uma vit\u00f3ria da ind\u00fastria f\u00f3ssil, enquanto humanidade caminha para a barb\u00e1rie clim\u00e1tica\" aria-label=\"COP 30 foi mais uma vit\u00f3ria da ind\u00fastria f\u00f3ssil, enquanto humanidade caminha para a barb\u00e1rie clim\u00e1tica\"><img decoding=\"async\" class=\"featured-image\" src=\"https:\/\/litci.org\/pt\/wp-content\/uploads\/2025\/12\/indigenas-zona-azul-1024x683.jpg\" load=\"lazy\" alt=\"COP 30 foi mais uma vit\u00f3ria da ind\u00fastria f\u00f3ssil, enquanto humanidade caminha para a barb\u00e1rie clim\u00e1tica\"\/><\/a>    <\/div>\n    <div class=\"column\">\n        <a href=\"https:\/\/litci.org\/pt\/2025\/12\/03\/cop-30-foi-mais-uma-vitoria-da-industria-fossil-enquanto-humanidade-caminha-para-a-barbarie-climatica\/\" title=\"COP 30 foi mais uma vit\u00f3ria da ind\u00fastria f\u00f3ssil, enquanto humanidade caminha para a barb\u00e1rie clim\u00e1tica\" arial-label=\"In\u00edcio 2\">\n            <h3>COP 30 foi mais uma vit\u00f3ria da ind\u00fastria f\u00f3ssil, enquanto humanidade caminha para a barb\u00e1rie clim\u00e1tica<\/h3>\n        <\/a>\n        <div class=\"excerpt\">A COP 30 foi mais uma vit\u00f3ria da ind\u00fastria f\u00f3ssil \u2013 o que n\u00e3o surpreende quem acompanha essas confer\u00eancias. Mas, desta vez, foi ainda mais frustrante porque, no in\u00edcio da confer\u00eancia, havia men\u00e7\u00f5es a um suposto \u201cmapa do caminho\u201d para reduzir gradativamente a queima de combust\u00edveis f\u00f3sseis nos pr\u00f3ximos anos. No entanto, esse \u201cmapa do [&hellip;]<\/div>\n        <div class=\"meta\">\n                        <a class=\"sup-category\" href=\"https:\/\/litci.org\/pt\/category\/cop30\/\">\n                COP30            <\/a>\n            <p class=\"post-date\">03 de dez de 2025<\/p>\n        <\/div>\n    <\/div>\n<\/article><article class=\"unit-02\">\n    <div class='column'>\n        <a class=\"featured-image-container\" href=\"https:\/\/litci.org\/pt\/2025\/11\/24\/osmarino-amancio-para-nos-povos-da-floresta-capitalismo-verde-e-uma-tragedia\/\" title=\"Osmarino Am\u00e2ncio: \u201cPara n\u00f3s, povos da floresta, capitalismo verde \u00e9 uma trag\u00e9dia\u201d\" aria-label=\"Osmarino Am\u00e2ncio: \u201cPara n\u00f3s, povos da floresta, capitalismo verde \u00e9 uma trag\u00e9dia\u201d\"><img decoding=\"async\" class=\"featured-image\" src=\"https:\/\/litci.org\/pt\/wp-content\/uploads\/2025\/11\/Osmarino-1.jpg\" load=\"lazy\" alt=\"Osmarino Am\u00e2ncio: \u201cPara n\u00f3s, povos da floresta, capitalismo verde \u00e9 uma trag\u00e9dia\u201d\"\/><\/a>    <\/div>\n    <div class=\"column\">\n        <a href=\"https:\/\/litci.org\/pt\/2025\/11\/24\/osmarino-amancio-para-nos-povos-da-floresta-capitalismo-verde-e-uma-tragedia\/\" title=\"Osmarino Am\u00e2ncio: \u201cPara n\u00f3s, povos da floresta, capitalismo verde \u00e9 uma trag\u00e9dia\u201d\" arial-label=\"In\u00edcio 2\">\n            <h3>Osmarino Am\u00e2ncio: \u201cPara n\u00f3s, povos da floresta, capitalismo verde \u00e9 uma trag\u00e9dia\u201d<\/h3>\n        <\/a>\n        <div class=\"excerpt\">O&nbsp;Opini\u00e3o&nbsp;Socialista&nbsp;entrevistou Osmarino Am\u00e2ncio, l\u00edder seringueiro que, ao lado de Chico Mendes, lutou contra a destrui\u00e7\u00e3o da Amaz\u00f4nia por meio dos \u201cempates\u201d, piquetes&nbsp;realizados pelas comunidades que impediam o desmatamento. Osmarino \u00e9 militante do&nbsp;PSTU&nbsp;e da&nbsp;Liga Internacional dos Trabalhadores \u2013 Quarta Internacional&nbsp;(LIT-QI). Como voc\u00ea avalia a pol\u00edtica ambiental do governo Lula?A gente s\u00f3 escuta a ideia do agroneg\u00f3cio [&hellip;]<\/div>\n        <div class=\"meta\">\n                        <a class=\"sup-category\" href=\"https:\/\/litci.org\/pt\/category\/cop30\/\">\n                COP30            <\/a>\n            <p class=\"post-date\">24 de nov de 2025<\/p>\n        <\/div>\n    <\/div>\n<\/article>            <\/div>\n        <\/div>\n    <\/div>\n<\/section>\n\n<section style=\"background-color:\n    inherit\" class=\"\">\n    <div class=\"container\">\n        <div class=\"column\">\n            <div class=\"block-header\">\n                                    <h3>Opress\u00f5es<\/h3>\n                                    <a class=\"see-more\" href=\"https:\/\/litci.org\/pt\/tag\/javi-chinaski\/\">Veja mais<\/a>\n                            <\/div>\n            <div class=\"block-03\">\n                <div class=\"column quarter\">\n                    <article class=\"unit-04\">\n    <div class='column'>\n        <a class=\"featured-image-container\" href=\"https:\/\/litci.org\/pt\/2025\/11\/30\/do-debate-a-imposicao-o-que-a-escolha-de-jorge-messias-ao-stf-ensina-sobre-o-estado-e-o-governo\/\" title=\"Do debate \u00e0 imposi\u00e7\u00e3o: o que a escolha de Jorge Messias ao STF ensina sobre o Estado e o governo\" aria-label=\"Do debate \u00e0 imposi\u00e7\u00e3o: o que a escolha de Jorge Messias ao STF ensina sobre o Estado e o governo\"><img decoding=\"async\" class=\"featured-image\" src=\"https:\/\/litci.org\/pt\/wp-content\/uploads\/2025\/11\/jorge-messias-.png\" load=\"lazy\" alt=\"Do debate \u00e0 imposi\u00e7\u00e3o: o que a escolha de Jorge Messias ao STF ensina sobre o Estado e o governo\"\/><\/a>    <\/div>\n    <div class=\"column\">\n        <a href=\"https:\/\/litci.org\/pt\/2025\/11\/30\/do-debate-a-imposicao-o-que-a-escolha-de-jorge-messias-ao-stf-ensina-sobre-o-estado-e-o-governo\/\" title=\"Do debate \u00e0 imposi\u00e7\u00e3o: o que a escolha de Jorge Messias ao STF ensina sobre o Estado e o governo\" arial-label=\"Do debate \u00e0 imposi\u00e7\u00e3o: o que a escolha de Jorge Messias ao STF ensina sobre o Estado e o governo\">\n            <h4>Do debate \u00e0 imposi\u00e7\u00e3o: o que a escolha de Jorge Messias ao STF ensina sobre o Estado e o governo<\/h4>\n        <\/a>\n        <div class=\"meta\">\n                        <a class=\"sup-category\" href=\"https:\/\/litci.org\/pt\/category\/brasil\/\">\n                Brasil            <\/a>\n            <p class=\"post-date\">30 de nov de 2025<\/p>\n        <\/div>\n    <\/div>\n<\/article><article class=\"unit-04\">\n    <div class='column'>\n        <a class=\"featured-image-container\" href=\"https:\/\/litci.org\/pt\/2025\/11\/21\/armadilha-moralista-antifeminismo-e-feminismo-no-debate-sobre-a-emancipacao-da-mulher\/\" title=\"Armadilha moralista: antifeminismo e feminismo no debate sobre a emancipa\u00e7\u00e3o da mulher\" aria-label=\"Armadilha moralista: antifeminismo e feminismo no debate sobre a emancipa\u00e7\u00e3o da mulher\"><img decoding=\"async\" class=\"featured-image\" src=\"https:\/\/litci.org\/pt\/wp-content\/uploads\/2025\/11\/Feminismo.jpg\" load=\"lazy\" alt=\"Armadilha moralista: antifeminismo e feminismo no debate sobre a emancipa\u00e7\u00e3o da mulher\"\/><\/a>    <\/div>\n    <div class=\"column\">\n        <a href=\"https:\/\/litci.org\/pt\/2025\/11\/21\/armadilha-moralista-antifeminismo-e-feminismo-no-debate-sobre-a-emancipacao-da-mulher\/\" title=\"Armadilha moralista: antifeminismo e feminismo no debate sobre a emancipa\u00e7\u00e3o da mulher\" arial-label=\"Armadilha moralista: antifeminismo e feminismo no debate sobre a emancipa\u00e7\u00e3o da mulher\">\n            <h4>Armadilha moralista: antifeminismo e feminismo no debate sobre a emancipa\u00e7\u00e3o da mulher<\/h4>\n        <\/a>\n        <div class=\"meta\">\n                        <a class=\"sup-category\" href=\"https:\/\/litci.org\/pt\/category\/mulheres\/\">\n                Mulheres            <\/a>\n            <p class=\"post-date\">21 de nov de 2025<\/p>\n        <\/div>\n    <\/div>\n<\/article>                <\/div>\n                <div class=\"column half\">\n                    <a href=\"https:\/\/litci.org\/pt\/2026\/02\/24\/vitoria-luta-dos-povos-indigenas-obriga-governo-a-recuar-do-decreto-de-privatizacao-de-rios\/\" title=\"Vit\u00f3ria: luta dos povos ind\u00edgenas obriga governo a recuar do decreto de privatiza\u00e7\u00e3o de rios\" arial-label=\"Vit\u00f3ria: luta dos povos ind\u00edgenas obriga governo a recuar do decreto de privatiza\u00e7\u00e3o de rios\" style=\"width:100%\">\n    <article class=\"unit-03\">\n        <img decoding=\"async\" class=\"featured-image-container\" src=\"https:\/\/litci.org\/pt\/wp-content\/uploads\/2026\/02\/Captura-de-tela_24-2-2026_204551_www.opiniaosocialista.com_.br_.jpeg\"\/>\n        <div class=\"info\">\n            <h3>Vit\u00f3ria: luta dos povos ind\u00edgenas obriga governo a recuar do decreto de privatiza\u00e7\u00e3o de rios<\/h3>\n            <div class=\"excerpt\">Foram dias de muito sacrif\u00edcio, garra e luta para v\u00e1rias comunidades formadas por Munduruku, Arapiun e Apiak\u00e1, al\u00e9m de seringueiros e ribeirinhos, que radicalizaram sua luta diante da amea\u00e7a do uso da viol\u00eancia policial e de uma reintegra\u00e7\u00e3o de posse emitida pela Justi\u00e7a Federal. O povo n\u00e3o temeu a amea\u00e7a, e dobrou a aposta. Cercaram [&hellip;]<\/div>\n            <div class=\"meta\">\n                            <span class=\"sup-category\" >Brasil<\/span>\n                <p class=\"post-date\">24 de fev de 2026<\/p>\n            <\/div>\n        <\/div>\n\n    <\/article>\n<\/a>\n                <\/div>\n                <div class=\"column quarter\">\n                    <article class=\"unit-04\">\n    <div class='column'>\n        <a class=\"featured-image-container\" href=\"https:\/\/litci.org\/pt\/2025\/11\/05\/a-luta-palestina-e-tambem-a-luta-das-mulheres-arabes-contra-seus-proprios-regimes-opressores\/\" title=\"A luta Palestina \u00e9 tamb\u00e9m a luta das mulheres \u00e1rabes contra seus pr\u00f3prios regimes opressores\" aria-label=\"A luta Palestina \u00e9 tamb\u00e9m a luta das mulheres \u00e1rabes contra seus pr\u00f3prios regimes opressores\"><img decoding=\"async\" class=\"featured-image\" src=\"https:\/\/litci.org\/pt\/wp-content\/uploads\/2025\/11\/Mulheres-3-1024x615.jpg\" load=\"lazy\" alt=\"A luta Palestina \u00e9 tamb\u00e9m a luta das mulheres \u00e1rabes contra seus pr\u00f3prios regimes opressores\"\/><\/a>    <\/div>\n    <div class=\"column\">\n        <a href=\"https:\/\/litci.org\/pt\/2025\/11\/05\/a-luta-palestina-e-tambem-a-luta-das-mulheres-arabes-contra-seus-proprios-regimes-opressores\/\" title=\"A luta Palestina \u00e9 tamb\u00e9m a luta das mulheres \u00e1rabes contra seus pr\u00f3prios regimes opressores\" arial-label=\"A luta Palestina \u00e9 tamb\u00e9m a luta das mulheres \u00e1rabes contra seus pr\u00f3prios regimes opressores\">\n            <h4>A luta Palestina \u00e9 tamb\u00e9m a luta das mulheres \u00e1rabes contra seus pr\u00f3prios regimes opressores<\/h4>\n        <\/a>\n        <div class=\"meta\">\n                        <a class=\"sup-category\" href=\"https:\/\/litci.org\/pt\/category\/palestina\/especial-palestina\/\">\n                Especial Palestina            <\/a>\n            <p class=\"post-date\">05 de nov de 2025<\/p>\n        <\/div>\n    <\/div>\n<\/article><article class=\"unit-04\">\n    <div class='column'>\n        <a class=\"featured-image-container\" href=\"https:\/\/litci.org\/pt\/2025\/10\/10\/pena-de-morte-no-quirguistao-crime-genero-e-o-uso-do-terror-pelo-estado\/\" title=\"Pena de morte no Quirguist\u00e3o: crime, g\u00eanero e o uso do terror pelo Estado\" aria-label=\"Pena de morte no Quirguist\u00e3o: crime, g\u00eanero e o uso do terror pelo Estado\"><img decoding=\"async\" class=\"featured-image\" src=\"https:\/\/litci.org\/pt\/wp-content\/uploads\/2025\/10\/Captura-de-tela_10-10-2025_195714_exame.com_.jpeg\" load=\"lazy\" alt=\"Pena de morte no Quirguist\u00e3o: crime, g\u00eanero e o uso do terror pelo Estado\"\/><\/a>    <\/div>\n    <div class=\"column\">\n        <a href=\"https:\/\/litci.org\/pt\/2025\/10\/10\/pena-de-morte-no-quirguistao-crime-genero-e-o-uso-do-terror-pelo-estado\/\" title=\"Pena de morte no Quirguist\u00e3o: crime, g\u00eanero e o uso do terror pelo Estado\" arial-label=\"Pena de morte no Quirguist\u00e3o: crime, g\u00eanero e o uso do terror pelo Estado\">\n            <h4>Pena de morte no Quirguist\u00e3o: crime, g\u00eanero e o uso do terror pelo Estado<\/h4>\n        <\/a>\n        <div class=\"meta\">\n                        <a class=\"sup-category\" href=\"https:\/\/litci.org\/pt\/category\/mulheres\/\">\n                Mulheres            <\/a>\n            <p class=\"post-date\">10 de out de 2025<\/p>\n        <\/div>\n    <\/div>\n<\/article>                <\/div>\n            <\/div>\n        <\/div>\n    <\/div>\n<\/section>\n\n<section style=\"background-color:\n    inherit\" class=\"\">\n    <div class=\"container\">\n        <div class=\"column\">\n            <div class=\"block-header\">\n                                    <h3>Correo Internacional<\/h3>\n                                    <a class=\"see-more\" href=\"\">Veja mais<\/a>\n                            <\/div>\n            <div class=\"block-05\">\n                <div class=\"featured\">\n                    <a href=\"https:\/\/litci.org\/pt\/2026\/02\/05\/editorial-correio-internacional\/\" title=\"Editorial Correio Internacional\" arial-label=\"Editorial Correio Internacional\" style=\"width:100%\">\n    <article class=\"unit-03\">\n        <img decoding=\"async\" class=\"featured-image-container\" src=\"https:\/\/litci.org\/pt\/wp-content\/uploads\/2026\/01\/CI28-1024x683.png\"\/>\n        <div class=\"info\">\n            <h3>Editorial Correio Internacional<\/h3>\n            <div class=\"excerpt\">Apresentamos esta edi\u00e7\u00e3o do Correio Internacional com o objetivo de explicar nossa perspectiva sobre a complexa situa\u00e7\u00e3o internacional ap\u00f3s a invas\u00e3o da Venezuela por Trump. Inclui uma primeira parte com artigos sobre a realidade atual e uma segunda parte, mais hist\u00f3rica, com nossos textos mais antigos sobre o chavismo e o pa\u00eds. H\u00e1 uma crise [&hellip;]<\/div>\n            <div class=\"meta\">\n                            <span class=\"sup-category\" >Correio Internacional<\/span>\n                <p class=\"post-date\">05 de fev de 2026<\/p>\n            <\/div>\n        <\/div>\n\n    <\/article>\n<\/a>\n                <\/div>\n                <div class=\"grid\">\n                    <article class=\"unit-04\">\n    <div class='column'>\n        <a class=\"featured-image-container\" href=\"https:\/\/litci.org\/pt\/2026\/02\/05\/a-politica-economica-do-imperialismo-estadunidense-na-encruzilhada\/\" title=\"A pol\u00edtica econ\u00f4mica do imperialismo estadunidense na encruzilhada\" aria-label=\"A pol\u00edtica econ\u00f4mica do imperialismo estadunidense na encruzilhada\"><img decoding=\"async\" class=\"featured-image\" src=\"https:\/\/litci.org\/pt\/wp-content\/uploads\/2026\/02\/Captura-de-tela_5-2-2026_201723_neofeed.com_.br_.jpeg\" load=\"lazy\" alt=\"A pol\u00edtica econ\u00f4mica do imperialismo estadunidense na encruzilhada\"\/><\/a>    <\/div>\n    <div class=\"column\">\n        <a href=\"https:\/\/litci.org\/pt\/2026\/02\/05\/a-politica-economica-do-imperialismo-estadunidense-na-encruzilhada\/\" title=\"A pol\u00edtica econ\u00f4mica do imperialismo estadunidense na encruzilhada\" arial-label=\"A pol\u00edtica econ\u00f4mica do imperialismo estadunidense na encruzilhada\">\n            <h4>A pol\u00edtica econ\u00f4mica do imperialismo estadunidense na encruzilhada<\/h4>\n        <\/a>\n        <div class=\"meta\">\n                        <a class=\"sup-category\" href=\"https:\/\/litci.org\/pt\/category\/revista-correio-internacional\/\">\n                Correio Internacional            <\/a>\n            <p class=\"post-date\">05 de fev de 2026<\/p>\n        <\/div>\n    <\/div>\n<\/article><article class=\"unit-04\">\n    <div class='column'>\n        <a class=\"featured-image-container\" href=\"https:\/\/litci.org\/pt\/2026\/02\/05\/uma-polemica-com-o-campismo-estalinista-de-breno-altman-sobre-venezuela\/\" title=\"Uma pol\u00eamica com o campismo estalinista de Breno Altman sobre Venezuela\" aria-label=\"Uma pol\u00eamica com o campismo estalinista de Breno Altman sobre Venezuela\"><img decoding=\"async\" class=\"featured-image\" src=\"https:\/\/litci.org\/pt\/wp-content\/uploads\/2026\/02\/Captura-de-tela_4-2-2026_15236_www.brasil247.com_-1024x574.jpeg\" load=\"lazy\" alt=\"Uma pol\u00eamica com o campismo estalinista de Breno Altman sobre Venezuela\"\/><\/a>    <\/div>\n    <div class=\"column\">\n        <a href=\"https:\/\/litci.org\/pt\/2026\/02\/05\/uma-polemica-com-o-campismo-estalinista-de-breno-altman-sobre-venezuela\/\" title=\"Uma pol\u00eamica com o campismo estalinista de Breno Altman sobre Venezuela\" arial-label=\"Uma pol\u00eamica com o campismo estalinista de Breno Altman sobre Venezuela\">\n            <h4>Uma pol\u00eamica com o campismo estalinista de Breno Altman sobre Venezuela<\/h4>\n        <\/a>\n        <div class=\"meta\">\n                        <a class=\"sup-category\" href=\"https:\/\/litci.org\/pt\/category\/revista-correio-internacional\/\">\n                Correio Internacional            <\/a>\n            <p class=\"post-date\">05 de fev de 2026<\/p>\n        <\/div>\n    <\/div>\n<\/article><article class=\"unit-04\">\n    <div class='column'>\n        <a class=\"featured-image-container\" href=\"https:\/\/litci.org\/pt\/2026\/02\/05\/a-nova-politica-do-imperialismo-estadunidense-em-relacao-a-america-latina\/\" title=\"A nova pol\u00edtica do imperialismo estadunidense em rela\u00e7\u00e3o \u00e0 Am\u00e9rica Latina\" aria-label=\"A nova pol\u00edtica do imperialismo estadunidense em rela\u00e7\u00e3o \u00e0 Am\u00e9rica Latina\"><img decoding=\"async\" class=\"featured-image\" src=\"https:\/\/litci.org\/pt\/wp-content\/uploads\/2026\/01\/trump-america-latina.jpg\" load=\"lazy\" alt=\"A nova pol\u00edtica do imperialismo estadunidense em rela\u00e7\u00e3o \u00e0 Am\u00e9rica Latina\"\/><\/a>    <\/div>\n    <div class=\"column\">\n        <a href=\"https:\/\/litci.org\/pt\/2026\/02\/05\/a-nova-politica-do-imperialismo-estadunidense-em-relacao-a-america-latina\/\" title=\"A nova pol\u00edtica do imperialismo estadunidense em rela\u00e7\u00e3o \u00e0 Am\u00e9rica Latina\" arial-label=\"A nova pol\u00edtica do imperialismo estadunidense em rela\u00e7\u00e3o \u00e0 Am\u00e9rica Latina\">\n            <h4>A nova pol\u00edtica do imperialismo estadunidense em rela\u00e7\u00e3o \u00e0 Am\u00e9rica Latina<\/h4>\n        <\/a>\n        <div class=\"meta\">\n                        <a class=\"sup-category\" href=\"https:\/\/litci.org\/pt\/category\/revista-correio-internacional\/\">\n                Correio Internacional            <\/a>\n            <p class=\"post-date\">05 de fev de 2026<\/p>\n        <\/div>\n    <\/div>\n<\/article>                <\/div>\n            <\/div>\n        <\/div>\n    <\/div>\n<\/section>\n\n<section style=\"background-color:\n    inherit\" class=\"\">\n    <div class=\"container\">\n        <div class=\"column\">\n            <div class=\"block-header\">\n                                    <h3>Am\u00e9rica Latina<\/h3>\n                                    <a class=\"see-more\" href=\"\">Veja mais<\/a>\n                            <\/div>\n            <div class=\"block-04\">\n                <div class=\"featured\">\n                    <a href=\"https:\/\/litci.org\/pt\/2026\/02\/13\/deus-abencoe-a-america-bad-bunny-no-super-bowl\/\" title=\"\u00abDeus Aben\u00e7oe a Am\u00e9rica\u00bb: Bad Bunny no Super Bowl\" arial-label=\"\u00abDeus Aben\u00e7oe a Am\u00e9rica\u00bb: Bad Bunny no Super Bowl\" style=\"width:100%\">\n    <article class=\"unit-03\">\n        <img decoding=\"async\" class=\"featured-image-container\" src=\"https:\/\/litci.org\/pt\/wp-content\/uploads\/2026\/02\/bad-bunny-Carlos-Barria-Reuters-768x494-1.avif\"\/>\n        <div class=\"info\">\n            <h3>\u00abDeus Aben\u00e7oe a Am\u00e9rica\u00bb: Bad Bunny no Super Bowl<\/h3>\n            <div class=\"excerpt\">No dia 28 de setembro de 2025, foi anunciado que Bad Bunny se apresentaria no show do intervalo do Super Bowl LX. Trata-se de uma superestrela porto-riquenha do reguet\u00f3n cuja m\u00fasica \u00e9 principalmente em espanhol e que se negou a programar datas para sua atual turn\u00ea mundial nos Estados Unidos por medo de que o [&hellip;]<\/div>\n            <div class=\"meta\">\n                            <span class=\"sup-category\" >Am\u00e9rica Latina<\/span>\n                <p class=\"post-date\">13 de fev de 2026<\/p>\n            <\/div>\n        <\/div>\n\n    <\/article>\n<\/a>\n                <\/div>\n                <div class=\"grid\">\n                    <article class=\"unit-04\">\n    <div class='column'>\n        <a class=\"featured-image-container\" href=\"https:\/\/litci.org\/pt\/2025\/12\/17\/rechacar-a-agressao-imperialista-de-trump-contra-a-venezuela\/\" title=\"Recha\u00e7ar a agress\u00e3o imperialista de Trump contra a Venezuela!\" aria-label=\"Recha\u00e7ar a agress\u00e3o imperialista de Trump contra a Venezuela!\"><img decoding=\"async\" class=\"featured-image\" src=\"https:\/\/litci.org\/pt\/wp-content\/uploads\/2025\/12\/fuerzas_militares_mar_caribe.jpg\" load=\"lazy\" alt=\"Recha\u00e7ar a agress\u00e3o imperialista de Trump contra a Venezuela!\"\/><\/a>    <\/div>\n    <div class=\"column\">\n        <a href=\"https:\/\/litci.org\/pt\/2025\/12\/17\/rechacar-a-agressao-imperialista-de-trump-contra-a-venezuela\/\" title=\"Recha\u00e7ar a agress\u00e3o imperialista de Trump contra a Venezuela!\" arial-label=\"Recha\u00e7ar a agress\u00e3o imperialista de Trump contra a Venezuela!\">\n            <h4>Recha\u00e7ar a agress\u00e3o imperialista de Trump contra a Venezuela!<\/h4>\n        <\/a>\n        <div class=\"meta\">\n                        <a class=\"sup-category\" href=\"https:\/\/litci.org\/pt\/category\/america-latina\/\">\n                Am\u00e9rica Latina            <\/a>\n            <p class=\"post-date\">17 de dez de 2025<\/p>\n        <\/div>\n    <\/div>\n<\/article><article class=\"unit-04\">\n    <div class='column'>\n        <a class=\"featured-image-container\" href=\"https:\/\/litci.org\/pt\/2025\/12\/12\/trump-e-a-geopolitica-imperialista-na-america-latina\/\" title=\"Trump e a geopol\u00edtica imperialista na Am\u00e9rica Latina\" aria-label=\"Trump e a geopol\u00edtica imperialista na Am\u00e9rica Latina\"><img decoding=\"async\" class=\"featured-image\" src=\"https:\/\/litci.org\/pt\/wp-content\/uploads\/2025\/12\/Imagem1-1024x683.png\" load=\"lazy\" alt=\"Trump e a geopol\u00edtica imperialista na Am\u00e9rica Latina\"\/><\/a>    <\/div>\n    <div class=\"column\">\n        <a href=\"https:\/\/litci.org\/pt\/2025\/12\/12\/trump-e-a-geopolitica-imperialista-na-america-latina\/\" title=\"Trump e a geopol\u00edtica imperialista na Am\u00e9rica Latina\" arial-label=\"Trump e a geopol\u00edtica imperialista na Am\u00e9rica Latina\">\n            <h4>Trump e a geopol\u00edtica imperialista na Am\u00e9rica Latina<\/h4>\n        <\/a>\n        <div class=\"meta\">\n                        <a class=\"sup-category\" href=\"https:\/\/litci.org\/pt\/category\/america-latina\/\">\n                Am\u00e9rica Latina            <\/a>\n            <p class=\"post-date\">12 de dez de 2025<\/p>\n        <\/div>\n    <\/div>\n<\/article><article class=\"unit-04\">\n    <div class='column'>\n        <a class=\"featured-image-container\" href=\"https:\/\/litci.org\/pt\/2025\/11\/06\/31-dias-de-paralisacao-no-equador-repressao-e-resistencia\/\" title=\"31 Dias de Paralisa\u00e7\u00e3o no Equador: Repress\u00e3o e resist\u00eancia\" aria-label=\"31 Dias de Paralisa\u00e7\u00e3o no Equador: Repress\u00e3o e resist\u00eancia\"><img decoding=\"async\" class=\"featured-image\" src=\"https:\/\/litci.org\/pt\/wp-content\/uploads\/2025\/11\/carchi-paro-1-1860x1060_c-1024x584.jpg\" load=\"lazy\" alt=\"31 Dias de Paralisa\u00e7\u00e3o no Equador: Repress\u00e3o e resist\u00eancia\"\/><\/a>    <\/div>\n    <div class=\"column\">\n        <a href=\"https:\/\/litci.org\/pt\/2025\/11\/06\/31-dias-de-paralisacao-no-equador-repressao-e-resistencia\/\" title=\"31 Dias de Paralisa\u00e7\u00e3o no Equador: Repress\u00e3o e resist\u00eancia\" arial-label=\"31 Dias de Paralisa\u00e7\u00e3o no Equador: Repress\u00e3o e resist\u00eancia\">\n            <h4>31 Dias de Paralisa\u00e7\u00e3o no Equador: Repress\u00e3o e resist\u00eancia<\/h4>\n        <\/a>\n        <div class=\"meta\">\n                        <a class=\"sup-category\" href=\"https:\/\/litci.org\/pt\/category\/america-latina\/\">\n                Am\u00e9rica Latina            <\/a>\n            <p class=\"post-date\">06 de nov de 2025<\/p>\n        <\/div>\n    <\/div>\n<\/article><article class=\"unit-04\">\n    <div class='column'>\n        <a class=\"featured-image-container\" href=\"https:\/\/litci.org\/pt\/2025\/11\/04\/peru-o-governo-jeri-a-crise-e-a-necessidade-de-uma-solucao-revolucionaria\/\" title=\"Peru | O Governo Jer\u00ed, a crise e a necessidade de uma solu\u00e7\u00e3o revolucion\u00e1ria\" aria-label=\"Peru | O Governo Jer\u00ed, a crise e a necessidade de uma solu\u00e7\u00e3o revolucion\u00e1ria\"><img decoding=\"async\" class=\"featured-image\" src=\"https:\/\/litci.org\/pt\/wp-content\/uploads\/2025\/11\/Peru-1-1024x615.jpg\" load=\"lazy\" alt=\"Peru | O Governo Jer\u00ed, a crise e a necessidade de uma solu\u00e7\u00e3o revolucion\u00e1ria\"\/><\/a>    <\/div>\n    <div class=\"column\">\n        <a href=\"https:\/\/litci.org\/pt\/2025\/11\/04\/peru-o-governo-jeri-a-crise-e-a-necessidade-de-uma-solucao-revolucionaria\/\" title=\"Peru | O Governo Jer\u00ed, a crise e a necessidade de uma solu\u00e7\u00e3o revolucion\u00e1ria\" arial-label=\"Peru | O Governo Jer\u00ed, a crise e a necessidade de uma solu\u00e7\u00e3o revolucion\u00e1ria\">\n            <h4>Peru | O Governo Jer\u00ed, a crise e a necessidade de uma solu\u00e7\u00e3o revolucion\u00e1ria<\/h4>\n        <\/a>\n        <div class=\"meta\">\n                        <a class=\"sup-category\" href=\"https:\/\/litci.org\/pt\/category\/america-latina\/\">\n                Am\u00e9rica Latina            <\/a>\n            <p class=\"post-date\">04 de nov de 2025<\/p>\n        <\/div>\n    <\/div>\n<\/article>                <\/div>\n            <\/div>\n        <\/div>\n    <\/div>\n<\/section>\n\n<section style=\"background-color:\n    inherit\" class=\"\">\n    <div class=\"container\">\n        <div class=\"column\">\n            <div class=\"block-header\">\n                                    <h3>Europa<\/h3>\n                                    <a class=\"see-more\" href=\"\">Veja mais<\/a>\n                            <\/div>\n            <div class=\"block-03\">\n                <div class=\"column quarter\">\n                    <article class=\"unit-04\">\n    <div class='column'>\n        <a class=\"featured-image-container\" href=\"https:\/\/litci.org\/pt\/2025\/09\/27\/junte-se-ao-your-party\/\" title=\"Junte-se ao \" aria-label=\"Junte-se ao \" Your><img decoding=\"async\" class=\"featured-image\" src=\"https:\/\/litci.org\/pt\/wp-content\/uploads\/2025\/09\/Inglaterra.jpg\" load=\"lazy\" alt=\"Junte-se ao \"Your Party\"\"\/><\/a>    <\/div>\n    <div class=\"column\">\n        <a href=\"https:\/\/litci.org\/pt\/2025\/09\/27\/junte-se-ao-your-party\/\" title=\"Junte-se ao &#8220;Your Party&#8221;\" arial-label=\"Junte-se ao &#8220;Your Party&#8221;\">\n            <h4>Junte-se ao &#8220;Your Party&#8221;<\/h4>\n        <\/a>\n        <div class=\"meta\">\n                        <a class=\"sup-category\" href=\"https:\/\/litci.org\/pt\/category\/europa-mundo\/\">\n                Europa            <\/a>\n            <p class=\"post-date\">27 de set de 2025<\/p>\n        <\/div>\n    <\/div>\n<\/article><article class=\"unit-04\">\n    <div class='column'>\n        <a class=\"featured-image-container\" href=\"https:\/\/litci.org\/pt\/2025\/09\/25\/italia-22-de-setembro-e-apenas-o-comeco-vamos-construir-uma-greve-geral-por-tempo-indeterminado\/\" title=\"It\u00e1lia | 22 de setembro: \u00c9 apenas o come\u00e7o. Vamos construir uma greve geral por tempo indeterminado!\" aria-label=\"It\u00e1lia | 22 de setembro: \u00c9 apenas o come\u00e7o. Vamos construir uma greve geral por tempo indeterminado!\"><img decoding=\"async\" class=\"featured-image\" src=\"https:\/\/litci.org\/pt\/wp-content\/uploads\/2025\/09\/Captura-de-tela_25-9-2025_145623_www.terra_.com_.br_.jpeg\" load=\"lazy\" alt=\"It\u00e1lia | 22 de setembro: \u00c9 apenas o come\u00e7o. Vamos construir uma greve geral por tempo indeterminado!\"\/><\/a>    <\/div>\n    <div class=\"column\">\n        <a href=\"https:\/\/litci.org\/pt\/2025\/09\/25\/italia-22-de-setembro-e-apenas-o-comeco-vamos-construir-uma-greve-geral-por-tempo-indeterminado\/\" title=\"It\u00e1lia | 22 de setembro: \u00c9 apenas o come\u00e7o. Vamos construir uma greve geral por tempo indeterminado!\" arial-label=\"It\u00e1lia | 22 de setembro: \u00c9 apenas o come\u00e7o. Vamos construir uma greve geral por tempo indeterminado!\">\n            <h4>It\u00e1lia | 22 de setembro: \u00c9 apenas o come\u00e7o. Vamos construir uma greve geral por tempo indeterminado!<\/h4>\n        <\/a>\n        <div class=\"meta\">\n                        <a class=\"sup-category\" href=\"https:\/\/litci.org\/pt\/category\/palestina\/especial-palestina\/\">\n                Especial Palestina            <\/a>\n            <p class=\"post-date\">25 de set de 2025<\/p>\n        <\/div>\n    <\/div>\n<\/article>                <\/div>\n                <div class=\"column half\">\n                    <a href=\"https:\/\/litci.org\/pt\/2025\/10\/02\/sobre-o-plano-de-paz-eterna-de-trump\/\" title=\"Sobre o Plano de &#8220;Paz Eterna&#8221; de Trump\" arial-label=\"Sobre o Plano de &#8220;Paz Eterna&#8221; de Trump\" style=\"width:100%\">\n    <article class=\"unit-03\">\n        <img decoding=\"async\" class=\"featured-image-container\" src=\"https:\/\/litci.org\/pt\/wp-content\/uploads\/2025\/10\/Italia-plano-Trump.jpg\"\/>\n        <div class=\"info\">\n            <h3>Sobre o Plano de &#8220;Paz Eterna&#8221; de Trump<\/h3>\n            <div class=\"excerpt\">\u00a0Quem n\u00e3o est\u00e1 com a Resist\u00eancia Palestina \u00e9 c\u00famplice do genoc\u00eddio sionista \u00a0Por: Francesco Ricci | Ao encerrarmos este artigo, recebemos a not\u00edcia do in\u00edcio do ataque sionista \u00e0 Flotilha. Voltaremos a este t\u00f3pico em artigos futuros. &nbsp;O desprez\u00edvel &#8220;Plano de Paz&#8221; de Trump \u00e9 um ultimato aos palestinos: ou eles desistem de lutar ou [&hellip;]<\/div>\n            <div class=\"meta\">\n                            <span class=\"sup-category\" >Especial Palestina<\/span>\n                <p class=\"post-date\">02 de out de 2025<\/p>\n            <\/div>\n        <\/div>\n\n    <\/article>\n<\/a>\n                <\/div>\n                <div class=\"column quarter\">\n                    <article class=\"unit-04\">\n    <div class='column'>\n        <a class=\"featured-image-container\" href=\"https:\/\/litci.org\/pt\/2025\/09\/20\/franca-a-renuncia-de-bayrou-movimento-vamos-bloquear-tudo\/\" title=\"Fran\u00e7a | A ren\u00fancia de Bayrou, movimento \" aria-label=\"Fran\u00e7a | A ren\u00fancia de Bayrou, movimento \" Vamos Bloquear><img decoding=\"async\" class=\"featured-image\" src=\"https:\/\/litci.org\/pt\/wp-content\/uploads\/2025\/09\/Franca.jpeg\" load=\"lazy\" alt=\"Fran\u00e7a | A ren\u00fancia de Bayrou, movimento \"Vamos Bloquear Tudo!\"\/><\/a>    <\/div>\n    <div class=\"column\">\n        <a href=\"https:\/\/litci.org\/pt\/2025\/09\/20\/franca-a-renuncia-de-bayrou-movimento-vamos-bloquear-tudo\/\" title=\"Fran\u00e7a | A ren\u00fancia de Bayrou, movimento &#8220;Vamos Bloquear Tudo!\" arial-label=\"Fran\u00e7a | A ren\u00fancia de Bayrou, movimento &#8220;Vamos Bloquear Tudo!\">\n            <h4>Fran\u00e7a | A ren\u00fancia de Bayrou, movimento &#8220;Vamos Bloquear Tudo!<\/h4>\n        <\/a>\n        <div class=\"meta\">\n                        <a class=\"sup-category\" href=\"https:\/\/litci.org\/pt\/category\/europa-mundo\/\">\n                Europa            <\/a>\n            <p class=\"post-date\">20 de set de 2025<\/p>\n        <\/div>\n    <\/div>\n<\/article><article class=\"unit-04\">\n    <div class='column'>\n        <a class=\"featured-image-container\" href=\"https:\/\/litci.org\/pt\/2025\/07\/21\/sanchez-e-sua-representacao-como-um-heroi-antiarmas\/\" title=\"S\u00e1nchez e sua representa\u00e7\u00e3o como um \" aria-label=\"S\u00e1nchez e sua representa\u00e7\u00e3o como um \" ><img decoding=\"async\" class=\"featured-image\" src=\"https:\/\/litci.org\/pt\/wp-content\/uploads\/2025\/07\/250625-cumbre-otan-1024x681.jpg\" load=\"lazy\" alt=\"S\u00e1nchez e sua representa\u00e7\u00e3o como um \"her\u00f3i antiarmas\"\"\/><\/a>    <\/div>\n    <div class=\"column\">\n        <a href=\"https:\/\/litci.org\/pt\/2025\/07\/21\/sanchez-e-sua-representacao-como-um-heroi-antiarmas\/\" title=\"S\u00e1nchez e sua representa\u00e7\u00e3o como um &#8220;her\u00f3i antiarmas&#8221;\" arial-label=\"S\u00e1nchez e sua representa\u00e7\u00e3o como um &#8220;her\u00f3i antiarmas&#8221;\">\n            <h4>S\u00e1nchez e sua representa\u00e7\u00e3o como um &#8220;her\u00f3i antiarmas&#8221;<\/h4>\n        <\/a>\n        <div class=\"meta\">\n                        <a class=\"sup-category\" href=\"https:\/\/litci.org\/pt\/category\/estado-espanhol\/\">\n                Estado Espanhol            <\/a>\n            <p class=\"post-date\">21 de jul de 2025<\/p>\n        <\/div>\n    <\/div>\n<\/article>                <\/div>\n            <\/div>\n        <\/div>\n    <\/div>\n<\/section>\n\n<section style=\"background-color:\n    inherit\" class=\"\">\n    <div class=\"container\">\n        <div class=\"column\">\n            <div class=\"block-header\">\n                                    <h3>\u00c1frica<\/h3>\n                                    <a class=\"see-more\" href=\"\">Veja mais<\/a>\n                            <\/div>\n                        <div class=\"block-10 four-columns\">\n                <a href=\"https:\/\/litci.org\/pt\/2026\/02\/13\/crise-ambiental-na-africa-oriental\/\" title=\"Crise ambiental na \u00c1frica Oriental\" arial-label=\"Crise ambiental na \u00c1frica Oriental\" style=\"width:100%\">\n    <article class=\"unit-03\">\n        <img decoding=\"async\" class=\"featured-image-container\" src=\"https:\/\/litci.org\/pt\/wp-content\/uploads\/2026\/02\/Seca-na-Africa.jpg\"\/>\n        <div class=\"info\">\n            <h3>Crise ambiental na \u00c1frica Oriental<\/h3>\n            <div class=\"excerpt\">Introdu\u00e7\u00e3o: Em maio de 2025 foi publicado o estudo denominado \u201cEstado do Clima na \u00c1frica &#8211; 2024\u201d, o qual mostra que 2024 foi o ano mais quente j\u00e1 registrado no continente e que esse aumento da temperatura veio acompanhado de inunda\u00e7\u00f5es devastadoras, secas e ondas de calor marinhas. Neste in\u00edcio de ano o Qu\u00eania e [&hellip;]<\/div>\n            <div class=\"meta\">\n                            <span class=\"sup-category\" >\u00c1frica<\/span>\n                <p class=\"post-date\">13 de fev de 2026<\/p>\n            <\/div>\n        <\/div>\n\n    <\/article>\n<\/a>\n<a href=\"https:\/\/litci.org\/pt\/2026\/01\/05\/trump-ordena-ataques-aereos-ao-territorio-da-nigeria-autorizado-pelo-ditador-bola-tinubu\/\" title=\"Trump ordena ataques a\u00e9reos ao territ\u00f3rio da Nig\u00e9ria autorizado pelo ditador Bola Tinubu\" arial-label=\"Trump ordena ataques a\u00e9reos ao territ\u00f3rio da Nig\u00e9ria autorizado pelo ditador Bola Tinubu\" style=\"width:100%\">\n    <article class=\"unit-03\">\n        <img decoding=\"async\" class=\"featured-image-container\" src=\"https:\/\/litci.org\/pt\/wp-content\/uploads\/2026\/01\/Nigeria.jpg\"\/>\n        <div class=\"info\">\n            <h3>Trump ordena ataques a\u00e9reos ao territ\u00f3rio da Nig\u00e9ria autorizado pelo ditador Bola Tinubu<\/h3>\n            <div class=\"excerpt\">A Nigeria \u00e9 o maior produtor de petr\u00f3leo da \u00c1frica subsaariana,&nbsp; com \u00e1rea igual ao da Venezuela, e popula\u00e7\u00e3o de 220 milh\u00f5es da habitantes, enquanto os venezuelanos s\u00e3o 28 milh\u00f5es. A densidade populacional \u00e9 uma das maiores do mundo.&nbsp; No m\u00eas passado, o Ministro da Sa\u00fade admitiu que 850.000 crian\u00e7as morrem todos os anos devido [&hellip;]<\/div>\n            <div class=\"meta\">\n                            <span class=\"sup-category\" >\u00c1frica<\/span>\n                <p class=\"post-date\">05 de jan de 2026<\/p>\n            <\/div>\n        <\/div>\n\n    <\/article>\n<\/a>\n<a href=\"https:\/\/litci.org\/pt\/2025\/11\/27\/abaixo-golpe-de-estado-na-guine-bissau\/\" title=\"Abaixo golpe de estado na Guin\u00e9-Bissau.\" arial-label=\"Abaixo golpe de estado na Guin\u00e9-Bissau.\" style=\"width:100%\">\n    <article class=\"unit-03\">\n        <img decoding=\"async\" class=\"featured-image-container\" src=\"https:\/\/litci.org\/pt\/wp-content\/uploads\/2025\/11\/Captura-de-tela_27-11-2025_123236_veja.abril_.com_.br_-1024x569.jpeg\"\/>\n        <div class=\"info\">\n            <h3>Abaixo golpe de estado na Guin\u00e9-Bissau.<\/h3>\n            <div class=\"excerpt\">\u00c9 preciso ocupar as ruas para derrubar o regime ditatorial encabe\u00e7ado por Umaro Sissoco Embal\u00f3 Exigimos o respeito \u00e0 vontade popular expressa nas urnas. No in\u00edcio da tarde desta quarta-feira, 26 de novembro, foi anunciado atrav\u00e9s da TGB (Televis\u00e3o da Guin\u00e9-Bissau) \u2013 emissora p\u00fablica guineense, \u201ca cria\u00e7\u00e3o de um comando militar que assume o controlo [&hellip;]<\/div>\n            <div class=\"meta\">\n                            <span class=\"sup-category\" >\u00c1frica<\/span>\n                <p class=\"post-date\">27 de nov de 2025<\/p>\n            <\/div>\n        <\/div>\n\n    <\/article>\n<\/a>\n<a href=\"https:\/\/litci.org\/pt\/2025\/11\/18\/sudao-o-segundo-genocidio-em-darfur-e-a-disputa-pelo-trafico-de-ouro\/\" title=\"Sud\u00e3o: O segundo genoc\u00eddio em Darfur e a disputa pelo tr\u00e1fico de ouro\" arial-label=\"Sud\u00e3o: O segundo genoc\u00eddio em Darfur e a disputa pelo tr\u00e1fico de ouro\" style=\"width:100%\">\n    <article class=\"unit-03\">\n        <img decoding=\"async\" class=\"featured-image-container\" src=\"https:\/\/litci.org\/pt\/wp-content\/uploads\/2025\/11\/Sudao-1024x576.jpg\"\/>\n        <div class=\"info\">\n            <h3>Sud\u00e3o: O segundo genoc\u00eddio em Darfur e a disputa pelo tr\u00e1fico de ouro<\/h3>\n            <div class=\"excerpt\">Introdu\u00e7\u00e3o: A \u00c1frica j\u00e1 viveu in\u00fameros genoc\u00eddios e sempre h\u00e1, por detr\u00e1s, interesses das empresas de pa\u00edses imperialistas. Franceses na Arg\u00e9lia, italianos na Eti\u00f3pia, belgas em Ruanda e no Congo, alem\u00e3es na Nam\u00edbia e Tanz\u00e2nia, ingleses no Qu\u00eania, etc. Em Darfur, no Sud\u00e3o, junto \u00e0 fronteira com o Chade, a popula\u00e7\u00e3o africana n\u00e3o \u00e1rabe viveu [&hellip;]<\/div>\n            <div class=\"meta\">\n                            <span class=\"sup-category\" >\u00c1frica<\/span>\n                <p class=\"post-date\">18 de nov de 2025<\/p>\n            <\/div>\n        <\/div>\n\n    <\/article>\n<\/a>\n            <\/div>\n        <\/div>\n    <\/div>\n<\/section>\n\n<section style=\"background-color:\n    inherit\" class=\"\">\n    <div class=\"container\">\n        <div class=\"column\">\n            <div class=\"block-header\">\n                                    <h3>\u00c1sia<\/h3>\n                                    <a class=\"see-more\" href=\"\">Veja mais<\/a>\n                            <\/div>\n            <div class=\"block-05\">\n                <div class=\"featured\">\n                    <a href=\"https:\/\/litci.org\/pt\/2026\/02\/14\/os-dez-maiores-protestos-em-massa-na-china-em-2025-uma-homenagem-aos-herois-anonimos\/\" title=\"Os dez maiores protestos em massa na China em 2025: Uma homenagem aos her\u00f3is an\u00f4nimos\" arial-label=\"Os dez maiores protestos em massa na China em 2025: Uma homenagem aos her\u00f3is an\u00f4nimos\" style=\"width:100%\">\n    <article class=\"unit-03\">\n        <img decoding=\"async\" class=\"featured-image-container\" src=\"https:\/\/litci.org\/pt\/wp-content\/uploads\/2026\/02\/Captura-de-tela_14-2-2026_18177_veja.abril_.com_.br_.jpeg\"\/>\n        <div class=\"info\">\n            <h3>Os dez maiores protestos em massa na China em 2025: Uma homenagem aos her\u00f3is an\u00f4nimos<\/h3>\n            <div class=\"excerpt\">Deixando para tr\u00e1s o sil\u00eancio sufocante de 2024, 2025 testemunhou um ressurgimento gradual de protestos populares na China. Esse ano, desde agricultores e trabalhadores lutando pela sobreviv\u00eancia at\u00e9 estudantes e pais batalhando por dignidade, e internautas se levantando contra a injusti\u00e7a, cada vez mais pessoas escolheram confrontar seus medos e se recusar a permanecer em [&hellip;]<\/div>\n            <div class=\"meta\">\n                            <span class=\"sup-category\" >China<\/span>\n                <p class=\"post-date\">14 de fev de 2026<\/p>\n            <\/div>\n        <\/div>\n\n    <\/article>\n<\/a>\n                <\/div>\n                <div class=\"grid\">\n                    <article class=\"unit-04\">\n    <div class='column'>\n        <a class=\"featured-image-container\" href=\"https:\/\/litci.org\/pt\/2025\/11\/28\/china-a-potencia-imperialista-emergente-em-pugna-com-os-eua\/\" title=\"China, a pot\u00eancia imperialista emergente em pugna com os EUA\" aria-label=\"China, a pot\u00eancia imperialista emergente em pugna com os EUA\"><img decoding=\"async\" class=\"featured-image\" src=\"https:\/\/litci.org\/pt\/wp-content\/uploads\/2025\/11\/fa193335265a85292f40a5c2dc598106-image_doc-33bk6hl-data-2-1024x768.webp\" load=\"lazy\" alt=\"China, a pot\u00eancia imperialista emergente em pugna com os EUA\"\/><\/a>    <\/div>\n    <div class=\"column\">\n        <a href=\"https:\/\/litci.org\/pt\/2025\/11\/28\/china-a-potencia-imperialista-emergente-em-pugna-com-os-eua\/\" title=\"China, a pot\u00eancia imperialista emergente em pugna com os EUA\" arial-label=\"China, a pot\u00eancia imperialista emergente em pugna com os EUA\">\n            <h4>China, a pot\u00eancia imperialista emergente em pugna com os EUA<\/h4>\n        <\/a>\n        <div class=\"meta\">\n                        <a class=\"sup-category\" href=\"https:\/\/litci.org\/pt\/category\/china\/\">\n                China            <\/a>\n            <p class=\"post-date\">28 de nov de 2025<\/p>\n        <\/div>\n    <\/div>\n<\/article><article class=\"unit-04\">\n    <div class='column'>\n        <a class=\"featured-image-container\" href=\"https:\/\/litci.org\/pt\/2025\/11\/14\/a-crise-do-paquistao-e-a-necessidade-de-uma-assembleia-constituinte-revolucionaria\/\" title=\"A crise do Paquist\u00e3o e a necessidade de uma Assembleia Constituinte revolucion\u00e1ria\" aria-label=\"A crise do Paquist\u00e3o e a necessidade de uma Assembleia Constituinte revolucion\u00e1ria\"><img decoding=\"async\" class=\"featured-image\" src=\"https:\/\/litci.org\/pt\/wp-content\/uploads\/2025\/11\/Parlamento-do-Paquistao-.webp\" load=\"lazy\" alt=\"A crise do Paquist\u00e3o e a necessidade de uma Assembleia Constituinte revolucion\u00e1ria\"\/><\/a>    <\/div>\n    <div class=\"column\">\n        <a href=\"https:\/\/litci.org\/pt\/2025\/11\/14\/a-crise-do-paquistao-e-a-necessidade-de-uma-assembleia-constituinte-revolucionaria\/\" title=\"A crise do Paquist\u00e3o e a necessidade de uma Assembleia Constituinte revolucion\u00e1ria\" arial-label=\"A crise do Paquist\u00e3o e a necessidade de uma Assembleia Constituinte revolucion\u00e1ria\">\n            <h4>A crise do Paquist\u00e3o e a necessidade de uma Assembleia Constituinte revolucion\u00e1ria<\/h4>\n        <\/a>\n        <div class=\"meta\">\n                        <a class=\"sup-category\" href=\"https:\/\/litci.org\/pt\/category\/paquistao\/\">\n                Paquist\u00e3o            <\/a>\n            <p class=\"post-date\">14 de nov de 2025<\/p>\n        <\/div>\n    <\/div>\n<\/article><article class=\"unit-04\">\n    <div class='column'>\n        <a class=\"featured-image-container\" href=\"https:\/\/litci.org\/pt\/2025\/07\/16\/observacoes-sobre-a-greve-geral-de-9-de-julho-de-2025\/\" title=\"Observa\u00e7\u00f5es sobre a Greve Geral de 9 de julho de 2025\" aria-label=\"Observa\u00e7\u00f5es sobre a Greve Geral de 9 de julho de 2025\"><img decoding=\"async\" class=\"featured-image\" src=\"https:\/\/litci.org\/pt\/wp-content\/uploads\/2025\/07\/Captura-de-tela_16-7-2025_193018_litci.org_.jpeg\" load=\"lazy\" alt=\"Observa\u00e7\u00f5es sobre a Greve Geral de 9 de julho de 2025\"\/><\/a>    <\/div>\n    <div class=\"column\">\n        <a href=\"https:\/\/litci.org\/pt\/2025\/07\/16\/observacoes-sobre-a-greve-geral-de-9-de-julho-de-2025\/\" title=\"Observa\u00e7\u00f5es sobre a Greve Geral de 9 de julho de 2025\" arial-label=\"Observa\u00e7\u00f5es sobre a Greve Geral de 9 de julho de 2025\">\n            <h4>Observa\u00e7\u00f5es sobre a Greve Geral de 9 de julho de 2025<\/h4>\n        <\/a>\n        <div class=\"meta\">\n                        <a class=\"sup-category\" href=\"https:\/\/litci.org\/pt\/category\/india\/\">\n                \u00cdndia            <\/a>\n            <p class=\"post-date\">16 de jul de 2025<\/p>\n        <\/div>\n    <\/div>\n<\/article>                <\/div>\n            <\/div>\n        <\/div>\n    <\/div>\n<\/section>\n\n<section style=\"background-color:\n    inherit\" class=\"\">\n    <div class=\"container\">\n        <div class=\"column\">\n            <div class=\"block-header\">\n                                    <h3><\/h3>\n                            <\/div>\n            <div class=\"block-socialmedia\">\n                <a class=\"card facebook\" href=\"https:\/\/www.facebook.com\/litci.cuartainternacional\/\" target=\"_blank\" rel=\"noopener\"><span><\/span>Facebook<\/a><a class=\"card instagram\" href=\"https:\/\/www.instagram.com\/lit.ci\" target=\"_blank\" rel=\"noopener\"><span><\/span>Instagram<\/a><a class=\"card twitter\" href=\"https:\/\/twitter.com\/litci\" target=\"_blank\" rel=\"noopener\"><span><\/span>Twitter<\/a><a class=\"card youtube\" href=\"https:\/\/litci.org\/pt\/youtube.com\/MarxismoVivo\"><span><\/span>Youtube<\/a>            <\/div>\n        <\/div>\n    <\/div>\n<\/section>","protected":false},"excerpt":{"rendered":"","protected":false},"author":16,"featured_media":0,"parent":0,"menu_order":0,"comment_status":"closed","ping_status":"closed","template":"","meta":{"footnotes":""},"class_list":["post-81158","page","type-page","status-publish","hentry"],"_links":{"self":[{"href":"https:\/\/litci.org\/pt\/wp-json\/wp\/v2\/pages\/81158","targetHints":{"allow":["GET"]}}],"collection":[{"href":"https:\/\/litci.org\/pt\/wp-json\/wp\/v2\/pages"}],"about":[{"href":"https:\/\/litci.org\/pt\/wp-json\/wp\/v2\/types\/page"}],"author":[{"embeddable":true,"href":"https:\/\/litci.org\/pt\/wp-json\/wp\/v2\/users\/16"}],"replies":[{"embeddable":true,"href":"https:\/\/litci.org\/pt\/wp-json\/wp\/v2\/comments?post=81158"}],"version-history":[{"count":8,"href":"https:\/\/litci.org\/pt\/wp-json\/wp\/v2\/pages\/81158\/revisions"}],"predecessor-version":[{"id":82214,"href":"https:\/\/litci.org\/pt\/wp-json\/wp\/v2\/pages\/81158\/revisions\/82214"}],"wp:attachment":[{"href":"https:\/\/litci.org\/pt\/wp-json\/wp\/v2\/media?parent=81158"}],"curies":[{"name":"wp","href":"https:\/\/api.w.org\/{rel}","templated":true}]}}