{"id":81158,"date":"2025-06-13T03:24:03","date_gmt":"2025-06-13T03:24:03","guid":{"rendered":"https:\/\/litci.org\/pt\/?page_id=81158"},"modified":"2026-07-29T20:24:11","modified_gmt":"2026-07-29T20:24:11","slug":"inicio-2-2","status":"publish","type":"page","link":"https:\/\/litci.org\/pt\/","title":{"rendered":"In\u00edcio 2"},"content":{"rendered":"<section>\n    <div class=\"container\">\n        <div class=\"column\">\n            <a class=\"ads\" href=\"https:\/\/litci.org\/pt\/category\/caxemira\/?utm_source=copylink&#038;utm_medium=browser\">\n                <picture>\n                    <source media=\"(max-width: 768px)\" srcset=\"http:\/\/litci.org\/pt\/wp-content\/uploads\/2026\/07\/Banner-politico-de-solidaridad-internacional-1232-x-266-px-362-x-120-pxpt.png\">\n                    <source media=\"(min-width: 769px)\" srcset=\"http:\/\/litci.org\/pt\/wp-content\/uploads\/2026\/07\/Banner-politico-de-solidaridad-internacional-1232-x-266-px-PT.png\">\n                    <img decoding=\"async\" src=\"http:\/\/litci.org\/pt\/wp-content\/uploads\/2026\/07\/Banner-politico-de-solidaridad-internacional-1232-x-266-px-PT.png\" alt=\"\" loading=\"lazy\">\n                <\/picture>\n            <\/a>\n        <\/div>\n    <\/div>\n<\/section>\n\n<section style=\"background-color:\n    inherit\" class=\"\">\n    <div class=\"container\">\n        <div class=\"column\">\n            <div class=\"block-header\">\n                                    <h3><\/h3>\n                            <\/div>\n            <div class=\"block-08\">\n                <div class=\"column main\">\n                    <article class=\"unit-07\">\n    <div class='column'>\n        <div class=\"meta\">\n                        <a class=\"sup-category\" href=\"https:\/\/litci.org\/pt\/category\/palestina\/especial-palestina\/\">\n                Especial Palestina            <\/a>\n        <\/div>\n        <a href=\"https:\/\/litci.org\/pt\/2026\/08\/31\/nao-nos-calarao-nem-uma-voz-pela-palestina-sera-silenciada\/\" title=\"N\u00e3o nos calar\u00e3o: nem uma voz pela Palestina ser\u00e1 silenciada\" arial-label=\"In\u00edcio 2\">\n            <h2>N\u00e3o nos calar\u00e3o: nem uma voz pela Palestina ser\u00e1 silenciada<\/h2>\n        <\/a>\n        <div class=\"grid\">\n            <a class=\"featured-image-container\" href=\"https:\/\/litci.org\/pt\/2026\/08\/31\/nao-nos-calarao-nem-uma-voz-pela-palestina-sera-silenciada\/\" title=\"N\u00e3o nos calar\u00e3o: nem uma voz pela Palestina ser\u00e1 silenciada\" aria-label=\"N\u00e3o nos calar\u00e3o: nem uma voz pela Palestina ser\u00e1 silenciada\"><img decoding=\"async\" class=\"featured-image\" src=\"https:\/\/litci.org\/pt\/wp-content\/uploads\/2026\/08\/Captura-de-tela_31-8-2026_165735_opiniaosocialista.com_.br_-1024x652.jpeg\" load=\"lazy\" alt=\"N\u00e3o nos calar\u00e3o: nem uma voz pela Palestina ser\u00e1 silenciada\"\/><\/a>            <div class=\"excerpt\">Foi definido para 24 de setembro o julgamento em segunda inst\u00e2ncia do recurso contra a condena\u00e7\u00e3o a dois anos de pris\u00e3o em regime aberto, imposta pela 4\u00aa&nbsp;Vara Criminal da Justi\u00e7a Federal de S\u00e3o Paulo ao presidente nacional do PSTU, Jos\u00e9 Maria de Almeida, o Z\u00e9 Maria. Vamos a mais um cap\u00edtulo da persegui\u00e7\u00e3o sionista \u00e0queles [&hellip;]<\/div>\n        <\/div>\n    <\/div>\n<\/article>                    <div class=\"post-grid\">\n                        <article class=\"unit-05\">\n    <div class='column'>\n        <a class=\"featured-image-container\" href=\"https:\/\/litci.org\/pt\/2026\/08\/31\/angola-repressao-e-resistencia-aos-50-anos-de-ditadura\/\" title=\"Angola: Repress\u00e3o e resistencia aos 50 anos de ditadura\" aria-label=\"Angola: Repress\u00e3o e resistencia aos 50 anos de ditadura\"><img decoding=\"async\" class=\"featured-image\" src=\"https:\/\/litci.org\/pt\/wp-content\/uploads\/2026\/08\/Angola-1024x683.jpeg\" load=\"lazy\" alt=\"Angola: Repress\u00e3o e resistencia aos 50 anos de ditadura\"\/><\/a>    <\/div>\n    <div class=\"column\">\n        <div class=\"meta\">\n                        <a class=\"sup-category\" href=\"https:\/\/litci.org\/pt\/category\/africa\/\">\n                \u00c1frica            <\/a>\n        <\/div>\n        <a href=\"https:\/\/litci.org\/pt\/2026\/08\/31\/angola-repressao-e-resistencia-aos-50-anos-de-ditadura\/\" title=\"Angola: Repress\u00e3o e resistencia aos 50 anos de ditadura\" arial-label=\"Angola: Repress\u00e3o e resistencia aos 50 anos de ditadura\">\n            <h4>Angola: Repress\u00e3o e resistencia aos 50 anos de ditadura<\/h4>\n        <\/a>\n    <\/div>\n<\/article><article class=\"unit-05\">\n    <div class='column'>\n        <a class=\"featured-image-container\" href=\"https:\/\/litci.org\/pt\/2026\/08\/20\/o-imperialismo-estadunidense-esta-perdendo-no-ira-e-perdera-ainda-mais\/\" title=\"O imperialismo estadunidense est\u00e1 perdendo no Ir\u00e3 e perder\u00e1 ainda mais\" aria-label=\"O imperialismo estadunidense est\u00e1 perdendo no Ir\u00e3 e perder\u00e1 ainda mais\"><img decoding=\"async\" class=\"featured-image\" src=\"https:\/\/litci.org\/pt\/wp-content\/uploads\/2026\/08\/Tehran-March-1-Mahsa-_-Middle-East-Images-_-AFP-via-Getty-Images.webp\" load=\"lazy\" alt=\"O imperialismo estadunidense est\u00e1 perdendo no Ir\u00e3 e perder\u00e1 ainda mais\"\/><\/a>    <\/div>\n    <div class=\"column\">\n        <div class=\"meta\">\n                        <a class=\"sup-category\" href=\"https:\/\/litci.org\/pt\/category\/eua\/\">\n                Estados Unidos            <\/a>\n        <\/div>\n        <a href=\"https:\/\/litci.org\/pt\/2026\/08\/20\/o-imperialismo-estadunidense-esta-perdendo-no-ira-e-perdera-ainda-mais\/\" title=\"O imperialismo estadunidense est\u00e1 perdendo no Ir\u00e3 e perder\u00e1 ainda mais\" arial-label=\"O imperialismo estadunidense est\u00e1 perdendo no Ir\u00e3 e perder\u00e1 ainda mais\">\n            <h4>O imperialismo estadunidense est\u00e1 perdendo no Ir\u00e3 e perder\u00e1 ainda mais<\/h4>\n        <\/a>\n    <\/div>\n<\/article><article class=\"unit-05\">\n    <div class='column'>\n        <a class=\"featured-image-container\" href=\"https:\/\/litci.org\/pt\/2026\/08\/17\/liga-operaria-e-socialista-do-peru\/\" title=\"Liga Oper\u00e1ria e Socialista do Peru\" aria-label=\"Liga Oper\u00e1ria e Socialista do Peru\"><img decoding=\"async\" class=\"featured-image\" src=\"https:\/\/litci.org\/pt\/wp-content\/uploads\/2026\/08\/IMG_3860-1024x667.jpeg\" load=\"lazy\" alt=\"Liga Oper\u00e1ria e Socialista do Peru\"\/><\/a>    <\/div>\n    <div class=\"column\">\n        <div class=\"meta\">\n                        <a class=\"sup-category\" href=\"https:\/\/litci.org\/pt\/category\/america-latina\/\">\n                Am\u00e9rica Latina            <\/a>\n        <\/div>\n        <a href=\"https:\/\/litci.org\/pt\/2026\/08\/17\/liga-operaria-e-socialista-do-peru\/\" title=\"Liga Oper\u00e1ria e Socialista do Peru\" arial-label=\"Liga Oper\u00e1ria e Socialista do Peru\">\n            <h4>Liga Oper\u00e1ria e Socialista do Peru<\/h4>\n        <\/a>\n    <\/div>\n<\/article><article class=\"unit-05\">\n    <div class='column'>\n        <a class=\"featured-image-container\" href=\"https:\/\/litci.org\/pt\/2026\/08\/06\/crise-em-ceuta-a-necessidade-de-organizar-um-partido-revolucionario-em-ambos-os-lados-da-fronteira\/\" title=\"Crise em Ceuta | A necessidade de organizar um partido revolucion\u00e1rio em ambos os lados da\u00a0fronteira\" aria-label=\"Crise em Ceuta | A necessidade de organizar um partido revolucion\u00e1rio em ambos os lados da\u00a0fronteira\"><img decoding=\"async\" class=\"featured-image\" src=\"https:\/\/litci.org\/pt\/wp-content\/uploads\/2026\/08\/ceuta-1068x601-1-1024x576.jpg\" load=\"lazy\" alt=\"Crise em Ceuta | A necessidade de organizar um partido revolucion\u00e1rio em ambos os lados da\u00a0fronteira\"\/><\/a>    <\/div>\n    <div class=\"column\">\n        <div class=\"meta\">\n                        <a class=\"sup-category\" href=\"https:\/\/litci.org\/pt\/category\/declaracao-lit-qi\/\">\n                Declara\u00e7\u00f5es            <\/a>\n        <\/div>\n        <a href=\"https:\/\/litci.org\/pt\/2026\/08\/06\/crise-em-ceuta-a-necessidade-de-organizar-um-partido-revolucionario-em-ambos-os-lados-da-fronteira\/\" title=\"Crise em Ceuta | A necessidade de organizar um partido revolucion\u00e1rio em ambos os lados da\u00a0fronteira\" arial-label=\"Crise em Ceuta | A necessidade de organizar um partido revolucion\u00e1rio em ambos os lados da\u00a0fronteira\">\n            <h4>Crise em Ceuta | A necessidade de organizar um partido revolucion\u00e1rio em ambos os lados da\u00a0fronteira<\/h4>\n        <\/a>\n    <\/div>\n<\/article>                    <\/div>\n                <\/div>\n                <div class=\"column minor\">\n                    <article class=\"unit-06\">\n    <div class=\"column\">\n        <div class=\"meta\">\n                        <a class=\"sup-category\" href=\"https:\/\/litci.org\/pt\/category\/especial-grecia-syriza\/\">\n                Especial Gr\u00e9cia-Syriza            <\/a>\n        <\/div>\n        <a href=\"https:\/\/litci.org\/pt\/2026\/08\/05\/revisitar-syriza-um-debate-estrategico-para-o-marxismo-hoje\/\" title=\"Revisitar SYRIZA: um debate estrat\u00e9gico para o marxismo hoje\" arial-label=\"Revisitar SYRIZA: um debate estrat\u00e9gico para o marxismo hoje\">\n            <h4>Revisitar SYRIZA: um debate estrat\u00e9gico para o marxismo hoje<\/h4>\n        <\/a>\n    <\/div>\n<\/article><article class=\"unit-06\">\n    <div class=\"column\">\n        <div class=\"meta\">\n                        <a class=\"sup-category\" href=\"https:\/\/litci.org\/pt\/category\/eua\/\">\n                Estados Unidos            <\/a>\n        <\/div>\n        <a href=\"https:\/\/litci.org\/pt\/2026\/08\/26\/ha-sinais-de-vida-no-cemiterio-do-partido-democrata\/\" title=\"H\u00e1 sinais de vida no cemit\u00e9rio do Partido Democrata?\" arial-label=\"H\u00e1 sinais de vida no cemit\u00e9rio do Partido Democrata?\">\n            <h4>H\u00e1 sinais de vida no cemit\u00e9rio do Partido Democrata?<\/h4>\n        <\/a>\n    <\/div>\n<\/article><article class=\"unit-06\">\n    <div class=\"column\">\n        <div class=\"meta\">\n                        <a class=\"sup-category\" href=\"https:\/\/litci.org\/pt\/category\/guerra-contra-ucrania\/\">\n                Guerra contra Ucrania            <\/a>\n        <\/div>\n        <a href=\"https:\/\/litci.org\/pt\/2026\/08\/25\/solidariedade-com-maksym-shumakov-basta-de-perseguicao-aos-ativistas-independentes-na-ucrania\/\" title=\"Solidariedade com Maksym Shumakov! Basta de persegui\u00e7\u00e3o aos ativistas independentes na Ucr\u00e2nia\" arial-label=\"Solidariedade com Maksym Shumakov! Basta de persegui\u00e7\u00e3o aos ativistas independentes na Ucr\u00e2nia\">\n            <h4>Solidariedade com Maksym Shumakov! Basta de persegui\u00e7\u00e3o aos ativistas independentes na Ucr\u00e2nia<\/h4>\n        <\/a>\n    <\/div>\n<\/article><article class=\"unit-06\">\n    <div class=\"column\">\n        <div class=\"meta\">\n                        <a class=\"sup-category\" href=\"https:\/\/litci.org\/pt\/category\/caxemira\/\">\n                Caxemira            <\/a>\n        <\/div>\n        <a href=\"https:\/\/litci.org\/pt\/2026\/08\/20\/continua-a-campanha-em-solidariedade-internacional-com-cachemira\/\" title=\"Continua a campanha em solidariedade internacional com Cachemira\" arial-label=\"Continua a campanha em solidariedade internacional com Cachemira\">\n            <h4>Continua a campanha em solidariedade internacional com Cachemira<\/h4>\n        <\/a>\n    <\/div>\n<\/article><article class=\"unit-06\">\n    <div class=\"column\">\n        <div class=\"meta\">\n                        <a class=\"sup-category\" href=\"https:\/\/litci.org\/pt\/category\/historia\/\">\n                Hist\u00f3ria            <\/a>\n        <\/div>\n        <a href=\"https:\/\/litci.org\/pt\/2026\/08\/20\/a-86-anos-do-assassinato-de-trotsky\/\" title=\"A 86 anos do assassinato de Trotsky\" arial-label=\"A 86 anos do assassinato de Trotsky\">\n            <h4>A 86 anos do assassinato de Trotsky<\/h4>\n        <\/a>\n    <\/div>\n<\/article><article class=\"unit-06\">\n    <div class=\"column\">\n        <div class=\"meta\">\n                        <a class=\"sup-category\" href=\"https:\/\/litci.org\/pt\/category\/afeganistao\/\">\n                Afeganist\u00e3o            <\/a>\n        <\/div>\n        <a href=\"https:\/\/litci.org\/pt\/2026\/08\/20\/afeganistao-5-anos-apos-a-ocupacao\/\" title=\"Afeganist\u00e3o, 5 anos ap\u00f3s a ocupa\u00e7\u00e3o\" arial-label=\"Afeganist\u00e3o, 5 anos ap\u00f3s a ocupa\u00e7\u00e3o\">\n            <h4>Afeganist\u00e3o, 5 anos ap\u00f3s a ocupa\u00e7\u00e3o<\/h4>\n        <\/a>\n    <\/div>\n<\/article>                <\/div>\n            <\/div>\n        <\/div>\n    <\/div>\n<\/section>\n\n<section>\n    <div class=\"container\">\n        <div class=\"column\">\n            <a class=\"ads\" href=\"https:\/\/www.change.org\/p\/abaixo-assinado-contra-a-condena\u00e7\u00e3o-de-z\u00e9-maria?ref=litci.org\">\n                <picture>\n                    <source media=\"(max-width: 768px)\" srcset=\"http:\/\/litci.org\/pt\/wp-content\/uploads\/2026\/05\/banne_ze_asolvicao_mobile.jpg\">\n                    <source media=\"(min-width: 769px)\" srcset=\"http:\/\/litci.org\/pt\/wp-content\/uploads\/2026\/05\/banne_ze_asolvicao_large.jpg\">\n                    <img decoding=\"async\" src=\"http:\/\/litci.org\/pt\/wp-content\/uploads\/2026\/05\/banne_ze_asolvicao_large.jpg\" alt=\"\" loading=\"lazy\">\n                <\/picture>\n            <\/a>\n        <\/div>\n    <\/div>\n<\/section>\n\n<section>\n    <div class=\"container\">\n        <div class=\"column\">\n            <a class=\"ads\" href=\"https:\/\/marxismovivo.litci.org\/revista-marxismo-vivo-nova-epoca-portugues-n-22\/\">\n                <picture>\n                    <source media=\"(max-width: 768px)\" srcset=\"http:\/\/litci.org\/pt\/wp-content\/uploads\/2026\/07\/banner-small-pt.png\">\n                    <source media=\"(min-width: 769px)\" srcset=\"http:\/\/litci.org\/pt\/wp-content\/uploads\/2026\/07\/banner-large-pt.png\">\n                    <img decoding=\"async\" src=\"http:\/\/litci.org\/pt\/wp-content\/uploads\/2026\/07\/banner-large-pt.png\" alt=\"\" loading=\"lazy\">\n                <\/picture>\n            <\/a>\n        <\/div>\n    <\/div>\n<\/section>\n\n<section style=\"background-color:\n    inherit\" class=\"\">\n    <div class=\"container\">\n        <div class=\"column\">\n            <div class=\"block-header\">\n                                    <h3>Especial Palestina<\/h3>\n                                    <a class=\"see-more\" href=\"\">Veja mais<\/a>\n                            <\/div>\n            <div class=\"block-02\">\n                <article class=\"unit-02\">\n    <div class='column'>\n        <a class=\"featured-image-container\" href=\"https:\/\/litci.org\/pt\/2026\/06\/10\/palestina-quem-acende-o-pavio\/\" title=\"Palestina: quem acende o pavio\" aria-label=\"Palestina: quem acende o pavio\"><img decoding=\"async\" class=\"featured-image\" src=\"https:\/\/litci.org\/pt\/wp-content\/uploads\/2026\/06\/Manifestazione_Milano_16_maggio_2026.jpg\" load=\"lazy\" alt=\"Palestina: quem acende o pavio\"\/><\/a>    <\/div>\n    <div class=\"column\">\n        <a href=\"https:\/\/litci.org\/pt\/2026\/06\/10\/palestina-quem-acende-o-pavio\/\" title=\"Palestina: quem acende o pavio\" arial-label=\"In\u00edcio 2\">\n            <h3>Palestina: quem acende o pavio<\/h3>\n        <\/a>\n        <div class=\"excerpt\">Mil\u00e3o, 16 de maio de 2026: manifesta\u00e7\u00e3o pelo anivers\u00e1rio da Nakba. Os marxistas, diferente dos p\u00f3s-modernistas, sabem que trocar as palavras n\u00e3o muda o mundo. Apenas a luta de classes \u2013 e o seu cl\u00edmax, a revolu\u00e7\u00e3o \u2013 muda a sociedade. No entanto, as palavras s\u00e3o uma parte do campo de batalha ideol\u00f3gico. Isso vale [&hellip;]<\/div>\n        <div class=\"meta\">\n                        <a class=\"sup-category\" href=\"https:\/\/litci.org\/pt\/category\/palestina\/especial-palestina\/\">\n                Especial Palestina            <\/a>\n            <p class=\"post-date\">10 de jun de 2026<\/p>\n        <\/div>\n    <\/div>\n<\/article><article class=\"unit-02\">\n    <div class='column'>\n        <a class=\"featured-image-container\" href=\"https:\/\/litci.org\/pt\/2026\/05\/29\/ato-na-faculdade-de-direito-da-usp-fortalece-campanha-internacional-em-defesa-de-ze-maria-e-da-solidariedade-a-palestina\/\" title=\"Ato na Faculdade de Direito da USP fortalece campanha internacional em defesa de Z\u00e9 Maria e da solidariedade \u00e0 Palestina\" aria-label=\"Ato na Faculdade de Direito da USP fortalece campanha internacional em defesa de Z\u00e9 Maria e da solidariedade \u00e0 Palestina\"><img decoding=\"async\" class=\"featured-image\" src=\"https:\/\/litci.org\/pt\/wp-content\/uploads\/2026\/05\/Captura-de-tela_29-5-2026_01833_www.opiniaosocialista.com_.br_.jpeg\" load=\"lazy\" alt=\"Ato na Faculdade de Direito da USP fortalece campanha internacional em defesa de Z\u00e9 Maria e da solidariedade \u00e0 Palestina\"\/><\/a>    <\/div>\n    <div class=\"column\">\n        <a href=\"https:\/\/litci.org\/pt\/2026\/05\/29\/ato-na-faculdade-de-direito-da-usp-fortalece-campanha-internacional-em-defesa-de-ze-maria-e-da-solidariedade-a-palestina\/\" title=\"Ato na Faculdade de Direito da USP fortalece campanha internacional em defesa de Z\u00e9 Maria e da solidariedade \u00e0 Palestina\" arial-label=\"In\u00edcio 2\">\n            <h3>Ato na Faculdade de Direito da USP fortalece campanha internacional em defesa de Z\u00e9 Maria e da solidariedade \u00e0 Palestina<\/h3>\n        <\/a>\n        <div class=\"excerpt\">O ato realizado no dia 14 de maio, na Faculdade de Direito da Universidade de S\u00e3o Paulo (USP), no Largo S\u00e3o Francisco, em S\u00e3o Paulo, marcou um importante avan\u00e7o na campanha internacional em defesa de Z\u00e9 Maria, presidente nacional do PSTU, e contra a criminaliza\u00e7\u00e3o da solidariedade ao povo palestino. A atividade reuniu cerca de [&hellip;]<\/div>\n        <div class=\"meta\">\n                        <a class=\"sup-category\" href=\"https:\/\/litci.org\/pt\/category\/palestina\/especial-palestina\/\">\n                Especial Palestina            <\/a>\n            <p class=\"post-date\">29 de mai de 2026<\/p>\n        <\/div>\n    <\/div>\n<\/article><article class=\"unit-02\">\n    <div class='column'>\n        <a class=\"featured-image-container\" href=\"https:\/\/litci.org\/pt\/2026\/05\/22\/ben-gvir-nao-e-excecao-e-uma-face-do-estado-sionista-em-que-tortura-e-regra\/\" title=\"Ben-Gvir n\u00e3o \u00e9 exce\u00e7\u00e3o, \u00e9 uma face do estado sionista em que tortura \u00e9 regra\" aria-label=\"Ben-Gvir n\u00e3o \u00e9 exce\u00e7\u00e3o, \u00e9 uma face do estado sionista em que tortura \u00e9 regra\"><img decoding=\"async\" class=\"featured-image\" src=\"https:\/\/litci.org\/pt\/wp-content\/uploads\/2026\/05\/skynews-israel-ben-gvir_7254410.jpg\" load=\"lazy\" alt=\"Ben-Gvir n\u00e3o \u00e9 exce\u00e7\u00e3o, \u00e9 uma face do estado sionista em que tortura \u00e9 regra\"\/><\/a>    <\/div>\n    <div class=\"column\">\n        <a href=\"https:\/\/litci.org\/pt\/2026\/05\/22\/ben-gvir-nao-e-excecao-e-uma-face-do-estado-sionista-em-que-tortura-e-regra\/\" title=\"Ben-Gvir n\u00e3o \u00e9 exce\u00e7\u00e3o, \u00e9 uma face do estado sionista em que tortura \u00e9 regra\" arial-label=\"In\u00edcio 2\">\n            <h3>Ben-Gvir n\u00e3o \u00e9 exce\u00e7\u00e3o, \u00e9 uma face do estado sionista em que tortura \u00e9 regra<\/h3>\n        <\/a>\n        <div class=\"excerpt\">Abomin\u00e1vel. Inaceit\u00e1vel. Desprez\u00edvel. Deplor\u00e1vel. Inadmiss\u00edvel. B\u00e1rbaro. Degradante. Intoler\u00e1vel. Estes foram alguns dos adjetivos indignados proferidos por governos de todo o mundo na condena\u00e7\u00e3o global ao exibicionismo macabro feito pelo ministro sionista Ben-Gvir contra os ativistas internacionais da Global Sumud Flotilha, que ganharam as manchetes no \u00faltimo dia 20 de maio. Mas, diferentemente do que se [&hellip;]<\/div>\n        <div class=\"meta\">\n                        <a class=\"sup-category\" href=\"https:\/\/litci.org\/pt\/category\/palestina\/especial-palestina\/\">\n                Especial Palestina            <\/a>\n            <p class=\"post-date\">22 de mai de 2026<\/p>\n        <\/div>\n    <\/div>\n<\/article><article class=\"unit-02\">\n    <div class='column'>\n        <a class=\"featured-image-container\" href=\"https:\/\/litci.org\/pt\/2026\/05\/21\/caravana-humanitaria-internacional-por-terra-e-bloqueada-na-libia-ao-tentar-levar-ajuda-para-gaza\/\" title=\"Caravana humanit\u00e1ria internacional por terra \u00e9 bloqueada na L\u00edbia ao tentar levar ajuda para Gaza\" aria-label=\"Caravana humanit\u00e1ria internacional por terra \u00e9 bloqueada na L\u00edbia ao tentar levar ajuda para Gaza\"><img decoding=\"async\" class=\"featured-image\" src=\"https:\/\/litci.org\/pt\/wp-content\/uploads\/2026\/05\/Captura-de-tela_21-5-2026_103257_opiniaosocialista.com_.br_-1024x685.jpeg\" load=\"lazy\" alt=\"Caravana humanit\u00e1ria internacional por terra \u00e9 bloqueada na L\u00edbia ao tentar levar ajuda para Gaza\"\/><\/a>    <\/div>\n    <div class=\"column\">\n        <a href=\"https:\/\/litci.org\/pt\/2026\/05\/21\/caravana-humanitaria-internacional-por-terra-e-bloqueada-na-libia-ao-tentar-levar-ajuda-para-gaza\/\" title=\"Caravana humanit\u00e1ria internacional por terra \u00e9 bloqueada na L\u00edbia ao tentar levar ajuda para Gaza\" arial-label=\"In\u00edcio 2\">\n            <h3>Caravana humanit\u00e1ria internacional por terra \u00e9 bloqueada na L\u00edbia ao tentar levar ajuda para Gaza<\/h3>\n        <\/a>\n        <div class=\"excerpt\">Comboio terrestre rumo a Gaza A Caravana Terrestre Global Sumud, miss\u00e3o humanit\u00e1ria internacional organizada em solidariedade ao povo palestino, denunciou que foi bloqueada pelas for\u00e7as armadas l\u00edbias nos arredores da passagem de Sirte, impedindo a continuidade da viagem rumo \u00e0 Faixa de Gaza. Composta por mais de 200 participantes de 25 pa\u00edses, a caravana re\u00fane [&hellip;]<\/div>\n        <div class=\"meta\">\n                        <a class=\"sup-category\" href=\"https:\/\/litci.org\/pt\/category\/palestina\/especial-palestina\/\">\n                Especial Palestina            <\/a>\n            <p class=\"post-date\">21 de mai de 2026<\/p>\n        <\/div>\n    <\/div>\n<\/article>            <\/div>\n        <\/div>\n    <\/div>\n<\/section>\n\n<section>\n    <div class=\"container\">\n        <div class=\"column\">\n            <a class=\"ads\" href=\"https:\/\/litci.org\/pt\/programa\/2025\">\n                <picture>\n                    <source media=\"(max-width: 768px)\" srcset=\"http:\/\/litci.org\/pt\/wp-content\/uploads\/2025\/10\/banner_home_xvi-congress-pt.jpg\">\n                    <source media=\"(min-width: 769px)\" srcset=\"http:\/\/litci.org\/pt\/wp-content\/uploads\/2025\/10\/banner_home_xvi-congress-pt.jpg\">\n                    <img decoding=\"async\" src=\"http:\/\/litci.org\/pt\/wp-content\/uploads\/2025\/10\/banner_home_xvi-congress-pt.jpg\" alt=\"\" loading=\"lazy\">\n                <\/picture>\n            <\/a>\n        <\/div>\n    <\/div>\n<\/section>\n\n<section style=\"background-color:\n    inherit\" class=\"\">\n    <div class=\"container\">\n        <div class=\"column\">\n            <div class=\"block-header\">\n                                    <h3>Estados Unidos<\/h3>\n                                    <a class=\"see-more\" href=\"\">Veja mais<\/a>\n                            <\/div>\n            <div class=\"block-03\">\n                <div class=\"column quarter\">\n                    <article class=\"unit-04\">\n    <div class='column'>\n        <a class=\"featured-image-container\" href=\"https:\/\/litci.org\/pt\/2026\/08\/13\/o-governo-dos-eua-intensifica-os-processos-judiciais-baseados-em-acusacoes-falsas-contra-ativistas-e-muculmanos\/\" title=\"O Governo dos EUA intensifica os processos judiciais baseados em acusa\u00e7\u00f5es falsas contra ativistas e mu\u00e7ulmanos\" aria-label=\"O Governo dos EUA intensifica os processos judiciais baseados em acusa\u00e7\u00f5es falsas contra ativistas e mu\u00e7ulmanos\"><img decoding=\"async\" class=\"featured-image\" src=\"https:\/\/litci.org\/pt\/wp-content\/uploads\/2026\/07\/96312688_gettyimages-654219352.jpg.webp\" load=\"lazy\" alt=\"O Governo dos EUA intensifica os processos judiciais baseados em acusa\u00e7\u00f5es falsas contra ativistas e mu\u00e7ulmanos\"\/><\/a>    <\/div>\n    <div class=\"column\">\n        <a href=\"https:\/\/litci.org\/pt\/2026\/08\/13\/o-governo-dos-eua-intensifica-os-processos-judiciais-baseados-em-acusacoes-falsas-contra-ativistas-e-muculmanos\/\" title=\"O Governo dos EUA intensifica os processos judiciais baseados em acusa\u00e7\u00f5es falsas contra ativistas e mu\u00e7ulmanos\" arial-label=\"O Governo dos EUA intensifica os processos judiciais baseados em acusa\u00e7\u00f5es falsas contra ativistas e mu\u00e7ulmanos\">\n            <h4>O Governo dos EUA intensifica os processos judiciais baseados em acusa\u00e7\u00f5es falsas contra ativistas e mu\u00e7ulmanos<\/h4>\n        <\/a>\n        <div class=\"meta\">\n                        <a class=\"sup-category\" href=\"https:\/\/litci.org\/pt\/category\/eua\/\">\n                Estados Unidos            <\/a>\n            <p class=\"post-date\">13 de ago de 2026<\/p>\n        <\/div>\n    <\/div>\n<\/article><article class=\"unit-04\">\n    <div class='column'>\n        <a class=\"featured-image-container\" href=\"https:\/\/litci.org\/pt\/2026\/07\/23\/repudiamos-o-assassinato-de-joan-duran-pelas-maos-do-ice-trump-e-de-la-espriella-sao-responsaveis\/\" title=\"Repudiamos o assassinato de Joan Dur\u00e1n pelas m\u00e3os do ICE: Trump e De la Espriella s\u00e3o respons\u00e1veis\" aria-label=\"Repudiamos o assassinato de Joan Dur\u00e1n pelas m\u00e3os do ICE: Trump e De la Espriella s\u00e3o respons\u00e1veis\"><img decoding=\"async\" class=\"featured-image\" src=\"https:\/\/litci.org\/pt\/wp-content\/uploads\/2026\/07\/images-8.jpg\" load=\"lazy\" alt=\"Repudiamos o assassinato de Joan Dur\u00e1n pelas m\u00e3os do ICE: Trump e De la Espriella s\u00e3o respons\u00e1veis\"\/><\/a>    <\/div>\n    <div class=\"column\">\n        <a href=\"https:\/\/litci.org\/pt\/2026\/07\/23\/repudiamos-o-assassinato-de-joan-duran-pelas-maos-do-ice-trump-e-de-la-espriella-sao-responsaveis\/\" title=\"Repudiamos o assassinato de Joan Dur\u00e1n pelas m\u00e3os do ICE: Trump e De la Espriella s\u00e3o respons\u00e1veis\" arial-label=\"Repudiamos o assassinato de Joan Dur\u00e1n pelas m\u00e3os do ICE: Trump e De la Espriella s\u00e3o respons\u00e1veis\">\n            <h4>Repudiamos o assassinato de Joan Dur\u00e1n pelas m\u00e3os do ICE: Trump e De la Espriella s\u00e3o respons\u00e1veis<\/h4>\n        <\/a>\n        <div class=\"meta\">\n                        <a class=\"sup-category\" href=\"https:\/\/litci.org\/pt\/category\/eua\/\">\n                Estados Unidos            <\/a>\n            <p class=\"post-date\">23 de jul de 2026<\/p>\n        <\/div>\n    <\/div>\n<\/article>                <\/div>\n                <div class=\"column half\">\n                    <a href=\"https:\/\/litci.org\/pt\/2026\/08\/13\/a-oposicao-aos-centros-de-dados-continua-crescendo\/\" title=\"A oposi\u00e7\u00e3o aos centros de dados continua crescendo\" arial-label=\"A oposi\u00e7\u00e3o aos centros de dados continua crescendo\" style=\"width:100%\">\n    <article class=\"unit-03\">\n        <img decoding=\"async\" class=\"featured-image-container\" src=\"https:\/\/litci.org\/pt\/wp-content\/uploads\/2026\/08\/images-12.jpg\"\/>\n        <div class=\"info\">\n            <h3>A oposi\u00e7\u00e3o aos centros de dados continua crescendo<\/h3>\n            <div class=\"excerpt\">Em todo o pa\u00eds, o movimento contra os novos centros de dados continua crescendo. A cada dia, nas ruas e nas prefeituras, as pessoas levantam a voz contra a sua constru\u00e7\u00e3o. No dia 18 de julho, foram registrados\u00a0142 protestos em 42 estados\u00a0contra os centros de dados, a maioria delas no Texas. As preocupa\u00e7\u00f5es citadas costumam [&hellip;]<\/div>\n            <div class=\"meta\">\n                            <span class=\"sup-category\" >Estados Unidos<\/span>\n                <p class=\"post-date\">13 de ago de 2026<\/p>\n            <\/div>\n        <\/div>\n\n    <\/article>\n<\/a>\n                <\/div>\n                <div class=\"column quarter\">\n                    <article class=\"unit-04\">\n    <div class='column'>\n        <a class=\"featured-image-container\" href=\"https:\/\/litci.org\/pt\/2026\/06\/21\/trump-fracassa-e-faz-acordo-para-reabrir-estreito-de-ormuz\/\" title=\"Trump fracassa e faz acordo para reabrir estreito de Ormuz\" aria-label=\"Trump fracassa e faz acordo para reabrir estreito de Ormuz\"><img decoding=\"async\" class=\"featured-image\" src=\"https:\/\/litci.org\/pt\/wp-content\/uploads\/2026\/06\/Trump-1024x481.jpg\" load=\"lazy\" alt=\"Trump fracassa e faz acordo para reabrir estreito de Ormuz\"\/><\/a>    <\/div>\n    <div class=\"column\">\n        <a href=\"https:\/\/litci.org\/pt\/2026\/06\/21\/trump-fracassa-e-faz-acordo-para-reabrir-estreito-de-ormuz\/\" title=\"Trump fracassa e faz acordo para reabrir estreito de Ormuz\" arial-label=\"Trump fracassa e faz acordo para reabrir estreito de Ormuz\">\n            <h4>Trump fracassa e faz acordo para reabrir estreito de Ormuz<\/h4>\n        <\/a>\n        <div class=\"meta\">\n                        <a class=\"sup-category\" href=\"https:\/\/litci.org\/pt\/category\/eua\/\">\n                Estados Unidos            <\/a>\n            <p class=\"post-date\">21 de jun de 2026<\/p>\n        <\/div>\n    <\/div>\n<\/article><article class=\"unit-04\">\n    <div class='column'>\n        <a class=\"featured-image-container\" href=\"https:\/\/litci.org\/pt\/2026\/06\/09\/mundial-2026-nem-a-fifa-consegue-limpar-a-imagem-de-trump\/\" title=\"Mundial 2026: nem a FIFA consegue limpar a imagem de Trump\" aria-label=\"Mundial 2026: nem a FIFA consegue limpar a imagem de Trump\"><img decoding=\"async\" class=\"featured-image\" src=\"https:\/\/litci.org\/pt\/wp-content\/uploads\/2026\/06\/113193041-files-fifa-president-gianni-infantino-r-hands-the-world-cup-trophy-to-us-president-donald.avif\" load=\"lazy\" alt=\"Mundial 2026: nem a FIFA consegue limpar a imagem de Trump\"\/><\/a>    <\/div>\n    <div class=\"column\">\n        <a href=\"https:\/\/litci.org\/pt\/2026\/06\/09\/mundial-2026-nem-a-fifa-consegue-limpar-a-imagem-de-trump\/\" title=\"Mundial 2026: nem a FIFA consegue limpar a imagem de Trump\" arial-label=\"Mundial 2026: nem a FIFA consegue limpar a imagem de Trump\">\n            <h4>Mundial 2026: nem a FIFA consegue limpar a imagem de Trump<\/h4>\n        <\/a>\n        <div class=\"meta\">\n                        <a class=\"sup-category\" href=\"https:\/\/litci.org\/pt\/category\/eua\/\">\n                Estados Unidos            <\/a>\n            <p class=\"post-date\">09 de jun de 2026<\/p>\n        <\/div>\n    <\/div>\n<\/article>                <\/div>\n            <\/div>\n        <\/div>\n    <\/div>\n<\/section>\n\n<section style=\"background-color:\n    inherit\" class=\"\">\n    <div class=\"container\">\n        <div class=\"column\">\n            <div class=\"block-header\">\n                                    <h3>Ucr\u00e2nia<\/h3>\n                                    <a class=\"see-more\" href=\"\">Veja mais<\/a>\n                            <\/div>\n            <div class=\"block-05\">\n                <div class=\"featured\">\n                    <a href=\"https:\/\/litci.org\/pt\/2026\/07\/30\/ucrania-momento-de-virada\/\" title=\"Ucr\u00e2nia: momento de virada?\" arial-label=\"Ucr\u00e2nia: momento de virada?\" style=\"width:100%\">\n    <article class=\"unit-03\">\n        <img decoding=\"async\" class=\"featured-image-container\" src=\"https:\/\/litci.org\/pt\/wp-content\/uploads\/2026\/07\/Captura-de-tela_29-7-2026_21483_opiniaosocialista.com_.br_-1024x673.jpeg\"\/>\n        <div class=\"info\">\n            <h3>Ucr\u00e2nia: momento de virada?<\/h3>\n            <div class=\"excerpt\">Em 24 de fevereiro de 2022, a R\u00fassia iniciou uma invas\u00e3o em larga escala com o objetivo de tomar o territ\u00f3rio ucraniano do Donbass e imp\u00f4r um governo fantoche ao pa\u00eds, anulando a nacionalidade e a cultura ucranianas. Esse plano do ditador russo Vladimir Putin fracassou devido \u00e0 resist\u00eancia oper\u00e1ria e popular ucraniana. Com a [&hellip;]<\/div>\n            <div class=\"meta\">\n                            <span class=\"sup-category\" >Guerra contra Ucrania<\/span>\n                <p class=\"post-date\">30 de jul de 2026<\/p>\n            <\/div>\n        <\/div>\n\n    <\/article>\n<\/a>\n                <\/div>\n                <div class=\"grid\">\n                    <article class=\"unit-04\">\n    <div class='column'>\n        <a class=\"featured-image-container\" href=\"https:\/\/litci.org\/pt\/2026\/02\/24\/a-ucrania-se-mantem-firme\/\" title=\"A Ucr\u00e2nia se mant\u00e9m firme\" aria-label=\"A Ucr\u00e2nia se mant\u00e9m firme\"><img decoding=\"async\" class=\"featured-image\" src=\"https:\/\/litci.org\/pt\/wp-content\/uploads\/2026\/02\/Captura-de-tela_24-2-2026_201523_workersvoiceus.org_.jpeg\" load=\"lazy\" alt=\"A Ucr\u00e2nia se mant\u00e9m firme\"\/><\/a>    <\/div>\n    <div class=\"column\">\n        <a href=\"https:\/\/litci.org\/pt\/2026\/02\/24\/a-ucrania-se-mantem-firme\/\" title=\"A Ucr\u00e2nia se mant\u00e9m firme\" arial-label=\"A Ucr\u00e2nia se mant\u00e9m firme\">\n            <h4>A Ucr\u00e2nia se mant\u00e9m firme<\/h4>\n        <\/a>\n        <div class=\"meta\">\n                        <a class=\"sup-category\" href=\"https:\/\/litci.org\/pt\/category\/ucrania\/\">\n                Ucr\u00e2nia            <\/a>\n            <p class=\"post-date\">24 de fev de 2026<\/p>\n        <\/div>\n    <\/div>\n<\/article><article class=\"unit-04\">\n    <div class='column'>\n        <a class=\"featured-image-container\" href=\"https:\/\/litci.org\/pt\/2026\/02\/24\/quatro-anos-de-guerra-na-ucrania\/\" title=\"Quatro anos de guerra na Ucr\u00e2nia\" aria-label=\"Quatro anos de guerra na Ucr\u00e2nia\"><img decoding=\"async\" class=\"featured-image\" src=\"https:\/\/litci.org\/pt\/wp-content\/uploads\/2026\/02\/WhatsApp-Image-2026-02-24-at-10.55.28.jpeg\" load=\"lazy\" alt=\"Quatro anos de guerra na Ucr\u00e2nia\"\/><\/a>    <\/div>\n    <div class=\"column\">\n        <a href=\"https:\/\/litci.org\/pt\/2026\/02\/24\/quatro-anos-de-guerra-na-ucrania\/\" title=\"Quatro anos de guerra na Ucr\u00e2nia\" arial-label=\"Quatro anos de guerra na Ucr\u00e2nia\">\n            <h4>Quatro anos de guerra na Ucr\u00e2nia<\/h4>\n        <\/a>\n        <div class=\"meta\">\n                        <a class=\"sup-category\" href=\"https:\/\/litci.org\/pt\/category\/ucrania\/\">\n                Ucr\u00e2nia            <\/a>\n            <p class=\"post-date\">24 de fev de 2026<\/p>\n        <\/div>\n    <\/div>\n<\/article><article class=\"unit-04\">\n    <div class='column'>\n        <a class=\"featured-image-container\" href=\"https:\/\/litci.org\/pt\/2025\/12\/19\/salvemos-os-prisioneiros-de-guerra-nas-garras-de-putin\/\" title=\"Salvemos os prisioneiros de guerra nas garras de Putin\" aria-label=\"Salvemos os prisioneiros de guerra nas garras de Putin\"><img decoding=\"async\" class=\"featured-image\" src=\"https:\/\/litci.org\/pt\/wp-content\/uploads\/2025\/12\/WhatsApp-Image-2025-12-18-at-19.24.56.jpeg\" load=\"lazy\" alt=\"Salvemos os prisioneiros de guerra nas garras de Putin\"\/><\/a>    <\/div>\n    <div class=\"column\">\n        <a href=\"https:\/\/litci.org\/pt\/2025\/12\/19\/salvemos-os-prisioneiros-de-guerra-nas-garras-de-putin\/\" title=\"Salvemos os prisioneiros de guerra nas garras de Putin\" arial-label=\"Salvemos os prisioneiros de guerra nas garras de Putin\">\n            <h4>Salvemos os prisioneiros de guerra nas garras de Putin<\/h4>\n        <\/a>\n        <div class=\"meta\">\n                        <a class=\"sup-category\" href=\"https:\/\/litci.org\/pt\/category\/ucrania\/\">\n                Ucr\u00e2nia            <\/a>\n            <p class=\"post-date\">19 de dez de 2025<\/p>\n        <\/div>\n    <\/div>\n<\/article>                <\/div>\n            <\/div>\n        <\/div>\n    <\/div>\n<\/section>\n\n<section class=\"video-block-03 video-section dark\">\n    <div class=\"container\">\n        <div class=\"block-header\">\n            <h3>V\u00eddeos<\/h3>\n            <a class=\"see-more\" href=\"https:\/\/litci.org\/pt\/videos\">Veja mais<\/a>\n        <\/div>\n    <\/div>\n    <div class=\"container\" style=\"margin-top:var(--gap)\">\n        <div class=\"video-grid\">\n                                <div class=\"video-item\" data-video=\"CkKOgM7ojCA\">\n                        <a href=\"https:\/\/www.youtube.com\/watch?v=CkKOgM7ojCA\" class=\"video-thumb\" style=\"background-image:url(&#039;https:\/\/i.ytimg.com\/vi\/CkKOgM7ojCA\/hqdefault.jpg&#039;)\" target=\"_blank\" rel=\"noopener\">\n                            <div class=\"icon\"><i class=\"material-icons\">play_circle_filled<\/i><\/div>\n                        <\/a>\n                        <div class=\"video-info\">\n                            <!--<span class=\"badge primary\"><\/span>-->\n                            <a href=\"https:\/\/www.youtube.com\/watch?v=CkKOgM7ojCA\" target=\"_blank\" rel=\"noopener\">\n                                <h3>O El Ni\u00f1o que matou 30 milh\u00f5es \u2014 clima, fome e imperialismo &#8211; EP #15<\/h3>\n                            <\/a>\n                            <span class=\"date\">01 Jul 2026<\/span>\n                            <!--<p class=\"description\">O super El Ni\u00f1o de 2026 j\u00e1 come\u00e7ou a preocupar cientistas do mundo inteiro. Mas voc\u00ea sabia que um super El Ni\u00f1o, em 1877, esteve por tr\u00e1s de uma das maiores trag\u00e9dias da hist\u00f3ria, com mais de 30 milh\u00f5es de mortos? E que, segundo o historiador Mike Davis, n\u00e3o foi o clima o principal respons\u00e1vel por essa cat\u00e1strofe?\n\nNeste epis\u00f3dio do Canal Ecologia Marxista, mostramos como a expans\u00e3o do imperialismo colonial transformou uma seca em um verdadeiro holocausto humano. A partir do livro Holocaustos Coloniais, explicamos como o dom\u00ednio brit\u00e2nico destruiu economias camponesas, exportou alimentos enquanto milh\u00f5es morriam de fome e aprofundou a vulnerabilidade diante dos eventos clim\u00e1ticos extremos. Tamb\u00e9m discutimos o que essa hist\u00f3ria nos ensina sobre a crise clim\u00e1tica atual, o capitalismo f\u00f3ssil e o super El Ni\u00f1o que pode marcar 2026. Uma an\u00e1lise essencial para compreender por que os desastres clim\u00e1ticos nunca s\u00e3o apenas \"naturais\".<\/p>-->\n                            <!--<p class=\"duration\">0<\/p>-->\n                        <\/div>\n                    <\/div>\n                                <div class=\"video-item\" data-video=\"Pui0lXlkho0\">\n                        <a href=\"https:\/\/www.youtube.com\/watch?v=Pui0lXlkho0\" class=\"video-thumb\" style=\"background-image:url(&#039;https:\/\/i.ytimg.com\/vi\/Pui0lXlkho0\/hqdefault.jpg&#039;)\" target=\"_blank\" rel=\"noopener\">\n                            <div class=\"icon\"><i class=\"material-icons\">play_circle_filled<\/i><\/div>\n                        <\/a>\n                        <div class=\"video-info\">\n                            <!--<span class=\"badge primary\"><\/span>-->\n                            <a href=\"https:\/\/www.youtube.com\/watch?v=Pui0lXlkho0\" target=\"_blank\" rel=\"noopener\">\n                                <h3>A\u00e7\u00e3o da \u00c1frica do Sul e fim de recursos \u00e0 UNRWA #3<\/h3>\n                            <\/a>\n                            <span class=\"date\">30 Jan 2024<\/span>\n                            <!--<p class=\"description\">Neste v\u00eddeo, discutimos a recente decis\u00e3o da Corte Internacional de Justi\u00e7a, que considerou v\u00e1lida a a\u00e7\u00e3o apresentada pela \u00c1frica do Sul contra Israel, acusando o Estado de genoc\u00eddio. A corte estabeleceu medidas provis\u00f3rias, exigindo que Israel prevenisse atos de genoc\u00eddio e garantisse acesso \u00e0 ajuda humanit\u00e1ria em Gaza. Apesar da aus\u00eancia do cessar-fogo imediato, a decis\u00e3o marca uma derrota pol\u00edtica para Israel, associando-o pela primeira vez ao termo genoc\u00eddio. O BDS considera isso uma vit\u00f3ria e apela \u00e0 press\u00e3o global para responsabilizar estados por sua cumplicidade hist\u00f3rica. Al\u00e9m disso, abordamos a suspens\u00e3o de financiamento \u00e0 ag\u00eancia de refugiados palestinos pela UNRWA, liderada pelos EUA. Junte-se a n\u00f3s na exig\u00eancia de mudan\u00e7as nas pol\u00edticas governamentais e na solidariedade internacional pela justi\u00e7a na Palestina.<\/p>-->\n                            <!--<p class=\"duration\">0<\/p>-->\n                        <\/div>\n                    <\/div>\n                                <div class=\"video-item\" data-video=\"vLWtbStkIV4\">\n                        <a href=\"https:\/\/www.youtube.com\/watch?v=vLWtbStkIV4\" class=\"video-thumb\" style=\"background-image:url(&#039;https:\/\/i.ytimg.com\/vi\/vLWtbStkIV4\/hqdefault.jpg&#039;)\" target=\"_blank\" rel=\"noopener\">\n                            <div class=\"icon\"><i class=\"material-icons\">play_circle_filled<\/i><\/div>\n                        <\/a>\n                        <div class=\"video-info\">\n                            <!--<span class=\"badge primary\"><\/span>-->\n                            <a href=\"https:\/\/www.youtube.com\/watch?v=vLWtbStkIV4\" target=\"_blank\" rel=\"noopener\">\n                                <h3>LIVE &#8211; TRUMP, A SITUA\u00c7\u00c3O NOS ESTADOS UNIDOS, A GUERRA NO IR\u00c3 E VENEZUELA HOJE<\/h3>\n                            <\/a>\n                            <span class=\"date\">06 Mar 2026<\/span>\n                            <!--<p class=\"description\">LIVE - TRUMP, A SITUA\u00c7\u00c3O NOS ESTADOS UNIDOS, A GUERRA NO IR\u00c3 E VENEZUELA HOJE<\/p>-->\n                            <!--<p class=\"duration\">0<\/p>-->\n                        <\/div>\n                    <\/div>\n                                <div class=\"video-item\" data-video=\"KiNwsmlNBKI\">\n                        <a href=\"https:\/\/www.youtube.com\/watch?v=KiNwsmlNBKI\" class=\"video-thumb\" style=\"background-image:url(&#039;https:\/\/i.ytimg.com\/vi\/KiNwsmlNBKI\/hqdefault.jpg&#039;)\" target=\"_blank\" rel=\"noopener\">\n                            <div class=\"icon\"><i class=\"material-icons\">play_circle_filled<\/i><\/div>\n                        <\/a>\n                        <div class=\"video-info\">\n                            <!--<span class=\"badge primary\"><\/span>-->\n                            <a href=\"https:\/\/www.youtube.com\/watch?v=KiNwsmlNBKI\" target=\"_blank\" rel=\"noopener\">\n                                <h3>Marea Roja por Palestina<\/h3>\n                            <\/a>\n                            <span class=\"date\">15 Jul 2025<\/span>\n                            <!--<p class=\"description\">El domingo 13 de julio pasado, en el centro de Buenos Aires, se realiz\u00f3 la Marea Roja por Palestina, una movilizaci\u00f3n de apoyo y solidaridad con el pueblo palestino y su lucha por recuperar su territorio hist\u00f3rico (\u201cdel r\u00edo al mar\u201d) usurpado por el estado sionista israel\u00ed con m\u00e9todos genocidas. La movilizaci\u00f3n fue numerosa y termin\u00f3 con un \u201cpa\u00f1uelazo\u201d en Plaza de Mayo, que se llen\u00f3 de pa\u00f1uelos rojos, de los tradicionales kefiy\u00e9 palestinos y de banderas palestinas. El PSTU impuls\u00f3 y particip\u00f3 activamente de esta movilizaci\u00f3n.\n(Agradecemos a ANRed por el video del pa\u00f1uelazo)<\/p>-->\n                            <!--<p class=\"duration\">0<\/p>-->\n                        <\/div>\n                    <\/div>\n                                <div class=\"video-item\" data-video=\"Q0BbGmJEfok\">\n                        <a href=\"https:\/\/www.youtube.com\/watch?v=Q0BbGmJEfok\" class=\"video-thumb\" style=\"background-image:url(&#039;https:\/\/i.ytimg.com\/vi\/Q0BbGmJEfok\/hqdefault.jpg&#039;)\" target=\"_blank\" rel=\"noopener\">\n                            <div class=\"icon\"><i class=\"material-icons\">play_circle_filled<\/i><\/div>\n                        <\/a>\n                        <div class=\"video-info\">\n                            <!--<span class=\"badge primary\"><\/span>-->\n                            <a href=\"https:\/\/www.youtube.com\/watch?v=Q0BbGmJEfok\" target=\"_blank\" rel=\"noopener\">\n                                <h3>AGUARDE, THIAGO BRAGA&#8230;<\/h3>\n                            <\/a>\n                            <span class=\"date\">30 Aug 2026<\/span>\n                            <!--<p class=\"description\">Gustavo Machado d\u00e1 um gostinho dos assuntos que ser\u00e3o abordados no pr\u00f3ximo v\u00eddeo desmascarando o livro Mitologia Sovi\u00e9tica, dessa vez respondendo diretamente ao conte\u00fado do pol\u00eamico livro escrito por Thiago Braga. \n\nO v\u00eddeo estar\u00e1 dispon\u00edvel no Domingo dia 30.\n____________________________________________________\nV\u00eddeo sugerido: \nINFELIZMENTE LI O LIVRO DO THIAGO BRAGA | EP #266\nhttps:\/\/www.youtube.com\/watch?v=OdqI_WTZEew\n\nDESMASCARANDO O LIVRO DO THIAGO BRAGA | EP #271\nhttps:\/\/www.youtube.com\/watch?v=WaspctQlbNk\n\nTHIAGO BRAGA E A UFOLOGIA | EP #274\nhttps:\/\/youtu.be\/mUIzhuwyZOQ\n\n____________________________________________________\nADQUIRA:\n\u27a1 ANU\u00c1RIO ESTAT\u00cdSTICO DO ILAESE :\nhttps:\/\/editorasundermann.com.br\/produto\/ilaese-anuario-estatistico-2025-trabalho-e-exploracao\/\n\u27a1  LIVRO MARX E A FILOSOFIA: \nhttps:\/\/editorasundermann.com.br\/produto\/marx-e-a-filosofia-tomos-i-e-ii-pre-venda-envios-a-partir-de-02-12-2025\/\n\u27a1 LIVRO MARX E A HIST\u00d3RIA: \nhttps:\/\/editorasundermann.com.br\/produto\/marx-e-a-historia\/\n____________________________________________________\nSEJA MEMBRO e apoie o canal. Bot\u00e3o ADERIR acima ou: \n\u27a1 https:\/\/www.youtube.com\/channel\/UCRLEkZpNRoZQBG8kUTBD8vQ\/join\n\nV\u00eddeo sobre ser membro do canal:\n\u27a1 https:\/\/www.youtube.com\/watch?v=drvou-obBVU\n____________________________________________________\nSiga as p\u00e1ginas do canal Orienta\u00e7\u00e3o Marxista nas Redes Sociais\n\n\u24d5 FACEBOOK:    https:\/\/www.facebook.com\/Orienta\u00e7\u00e3o-Marxista-111673690190915\n\ud835\udd4f TWITTER (X):       https:\/\/x.com\/orient_marxista\n\ud83d\udcf7 INSTAGRAM: https:\/\/www.instagram.com\/orient.marxista\n____________________________________________________\nLeia o portal Opini\u00e3o Socialista:\n\u27a1 https:\/\/www.opiniaosocialista.com.br\/<\/p>-->\n                            <!--<p class=\"duration\">0<\/p>-->\n                        <\/div>\n                    <\/div>\n                                <div class=\"video-item\" data-video=\"-0lVumoZnz4\">\n                        <a href=\"https:\/\/www.youtube.com\/watch?v=-0lVumoZnz4\" class=\"video-thumb\" style=\"background-image:url(&#039;https:\/\/i.ytimg.com\/vi\/-0lVumoZnz4\/hqdefault.jpg&#039;)\" target=\"_blank\" rel=\"noopener\">\n                            <div class=\"icon\"><i class=\"material-icons\">play_circle_filled<\/i><\/div>\n                        <\/a>\n                        <div class=\"video-info\">\n                            <!--<span class=\"badge primary\"><\/span>-->\n                            <a href=\"https:\/\/www.youtube.com\/watch?v=-0lVumoZnz4\" target=\"_blank\" rel=\"noopener\">\n                                <h3>A BOL\u00cdVIA SAIU DO CONTROLE? Entrevista com Melina Apaza<\/h3>\n                            <\/a>\n                            <span class=\"date\">29 Jul 2026<\/span>\n                            <!--<p class=\"description\">Por mais de 50 dias os trabalhadores, camponeses e a juventude da Bol\u00edvia paralisaram o pa\u00eds frente as pol\u00edticas de austeridade do governo Rodrigo Paz. \n\nNesse v\u00eddeo, entrevistamos a ativista Melina Apaza, uma das dirigentes do Movimento de Mulheres Domitilia Barrios de Chungara, que reflete a situa\u00e7\u00e3o pol\u00edtica do pa\u00eds, a participa\u00e7\u00e3o feminina nas mobiliza\u00e7\u00f5es e os pr\u00f3ximos passos da luta, ap\u00f3s a trai\u00e7\u00e3o da COB (Central Oper\u00e1ria Boliviana).<\/p>-->\n                            <!--<p class=\"duration\">0<\/p>-->\n                        <\/div>\n                    <\/div>\n                                <div class=\"video-item\" data-video=\"KCR-Aq3n2n0\">\n                        <a href=\"https:\/\/www.youtube.com\/watch?v=KCR-Aq3n2n0\" class=\"video-thumb\" style=\"background-image:url(&#039;https:\/\/i.ytimg.com\/vi\/KCR-Aq3n2n0\/hqdefault.jpg&#039;)\" target=\"_blank\" rel=\"noopener\">\n                            <div class=\"icon\"><i class=\"material-icons\">play_circle_filled<\/i><\/div>\n                        <\/a>\n                        <div class=\"video-info\">\n                            <!--<span class=\"badge primary\"><\/span>-->\n                            <a href=\"https:\/\/www.youtube.com\/watch?v=KCR-Aq3n2n0\" target=\"_blank\" rel=\"noopener\">\n                                <h3>A importa\u0302ncia universal da Revoluc\u0327a\u0303o de 1905<\/h3>\n                            <\/a>\n                            <span class=\"date\">07 Feb 2026<\/span>\n                            <!--<p class=\"description\">Neste epis\u00f3dio, exploramos como a Revolu\u00e7\u00e3o de 1905 antecipou uma nova era de guerras e revolu\u00e7\u00f5es, revelou a trai\u00e7\u00e3o da burguesia e viu o proletariado assumir pela primeira vez a lideran\u00e7a de uma revolu\u00e7\u00e3o democr\u00e1tica.\n \nEntenda o surgimento dos Sovietes, o poder da greve pol\u00edtica de massas e as li\u00e7\u00f5es que forjaram o caminho at\u00e9 1917. Uma an\u00e1lise essencial para quem quer compreender a luta de classes e a teoria revolucion\u00e1ria!\n\n\nBaixe o e-book do epis\u00f3dio em portugu\u00eas:\nhttps:\/\/drive.google.com\/drive\/folders\/1wg0PYMynnj_a2p72GTIkFD-6uZkAWo_x?usp=drive_link\n\nBaixe o e-book do epis\u00f3dio em espanhol:\nhttps:\/\/drive.google.com\/drive\/folders\/1HPVS-_OceQlXvDdFYOtk8GiubXS_udyY?usp=sharing\n\nEntre no nosso Grupo do Whatsapp:\nhttps:\/\/chat.whatsapp.com\/F11x83gwU0X66Jx7PzRcLq<\/p>-->\n                            <!--<p class=\"duration\">0<\/p>-->\n                        <\/div>\n                    <\/div>\n                                <div class=\"video-item\" data-video=\"1a2Z-c_anFc\">\n                        <a href=\"https:\/\/www.youtube.com\/watch?v=1a2Z-c_anFc\" class=\"video-thumb\" style=\"background-image:url(&#039;https:\/\/i.ytimg.com\/vi\/1a2Z-c_anFc\/hqdefault.jpg&#039;)\" target=\"_blank\" rel=\"noopener\">\n                            <div class=\"icon\"><i class=\"material-icons\">play_circle_filled<\/i><\/div>\n                        <\/a>\n                        <div class=\"video-info\">\n                            <!--<span class=\"badge primary\"><\/span>-->\n                            <a href=\"https:\/\/www.youtube.com\/watch?v=1a2Z-c_anFc\" target=\"_blank\" rel=\"noopener\">\n                                <h3>A TV tem espa\u00e7o pras BETs mas n\u00e3o pras candidaturas de esquerda \ud83e\udd14<\/h3>\n                            <\/a>\n                            <span class=\"date\">27 Aug 2026<\/span>\n                            <!--<p class=\"description\">Em nossa passagem por Juiz de Fora tamb\u00e9m apresentamos nossas candidaturas e denunciamos a censura da grande m\u00eddia.\n\nEleicao 2026 Hertz da Conceicao Dias Presidente - 68.462.061\/0001-04<\/p>-->\n                            <!--<p class=\"duration\">0<\/p>-->\n                        <\/div>\n                    <\/div>\n                    <\/div>\n    <\/div>\n<\/section>\n\n<section style=\"background-color:\n    #eaeaea\" class=\"\">\n    <div class=\"container\" style=\"gap: 24px\">\n        <div class=\"column\">\n            <div class=\"block-header\">\n                                    <h3>Teoria<\/h3>\n                                    <a class=\"see-more\" href=\"\">Veja mais<\/a>\n                            <\/div>\n            <div class=\"block-06 main\">\n                <a href=\"https:\/\/litci.org\/pt\/2026\/03\/24\/107-anos-sem-yakov-sverdlov-o-grande-organizador-do-partido-bolchevique\/\" title=\"107 anos sem Y\u00e1kov Sverdlov, o grande organizador do Partido bolchevique\" arial-label=\"107 anos sem Y\u00e1kov Sverdlov, o grande organizador do Partido bolchevique\" style=\"width:100%\">\n    <article class=\"unit-03\">\n        <img decoding=\"async\" class=\"featured-image-container\" src=\"https:\/\/litci.org\/pt\/wp-content\/uploads\/2026\/03\/yakov-sverdlov-1024x596.jpeg\"\/>\n        <div class=\"info\">\n            <h3>107 anos sem Y\u00e1kov Sverdlov, o grande organizador do Partido bolchevique<\/h3>\n            <div class=\"excerpt\">\u00abEle se foi. Ele se foi. Ele se foi\u00bb. Do outro lado do telefone, a voz tr\u00eamula de Lenin anunciava a morte de Y\u00e1kov Mij\u00e1ilovich Sverdlov em 16 de mar\u00e7o de 1919.&nbsp; Alguns\/as revolucion\u00e1rios\/as bolcheviques perderam a vida no campo de batalha, na trincheira ou em plena insurrei\u00e7\u00e3o. Outros\/as, nas pris\u00f5es, campos de trabalho ou [&hellip;]<\/div>\n            <div class=\"meta\">\n                            <span class=\"sup-category\" >TEORIA<\/span>\n                <p class=\"post-date\">24 de mar de 2026<\/p>\n            <\/div>\n        <\/div>\n\n    <\/article>\n<\/a>\n            <\/div>\n            <div class=\"block-06 minor\">\n                <article class=\"unit-04\">\n    <div class='column'>\n        <a class=\"featured-image-container\" href=\"https:\/\/litci.org\/pt\/2025\/12\/27\/o-regime-de-putin-e-a-consolidacao-de-um-novo-estado-imperialista-na-russia\/\" title=\"O Regime de Putin e a consolida\u00e7\u00e3o de um novo Estado imperialista na R\u00fassia\" aria-label=\"O Regime de Putin e a consolida\u00e7\u00e3o de um novo Estado imperialista na R\u00fassia\"><img decoding=\"async\" class=\"featured-image\" src=\"https:\/\/litci.org\/pt\/wp-content\/uploads\/2025\/12\/Putin.jpg\" load=\"lazy\" alt=\"O Regime de Putin e a consolida\u00e7\u00e3o de um novo Estado imperialista na R\u00fassia\"\/><\/a>    <\/div>\n    <div class=\"column\">\n        <a href=\"https:\/\/litci.org\/pt\/2025\/12\/27\/o-regime-de-putin-e-a-consolidacao-de-um-novo-estado-imperialista-na-russia\/\" title=\"O Regime de Putin e a consolida\u00e7\u00e3o de um novo Estado imperialista na R\u00fassia\" arial-label=\"O Regime de Putin e a consolida\u00e7\u00e3o de um novo Estado imperialista na R\u00fassia\">\n            <h4>O Regime de Putin e a consolida\u00e7\u00e3o de um novo Estado imperialista na R\u00fassia<\/h4>\n        <\/a>\n        <div class=\"meta\">\n                        <a class=\"sup-category\" href=\"https:\/\/litci.org\/pt\/category\/teoria\/\">\n                TEORIA            <\/a>\n            <p class=\"post-date\">27 de dez de 2025<\/p>\n        <\/div>\n    <\/div>\n<\/article><article class=\"unit-04\">\n    <div class='column'>\n        <a class=\"featured-image-container\" href=\"https:\/\/litci.org\/pt\/2025\/11\/28\/china-a-potencia-imperialista-emergente-em-pugna-com-os-eua\/\" title=\"China, a pot\u00eancia imperialista emergente em pugna com os EUA\" aria-label=\"China, a pot\u00eancia imperialista emergente em pugna com os EUA\"><img decoding=\"async\" class=\"featured-image\" src=\"https:\/\/litci.org\/pt\/wp-content\/uploads\/2025\/11\/fa193335265a85292f40a5c2dc598106-image_doc-33bk6hl-data-2-1024x768.webp\" load=\"lazy\" alt=\"China, a pot\u00eancia imperialista emergente em pugna com os EUA\"\/><\/a>    <\/div>\n    <div class=\"column\">\n        <a href=\"https:\/\/litci.org\/pt\/2025\/11\/28\/china-a-potencia-imperialista-emergente-em-pugna-com-os-eua\/\" title=\"China, a pot\u00eancia imperialista emergente em pugna com os EUA\" arial-label=\"China, a pot\u00eancia imperialista emergente em pugna com os EUA\">\n            <h4>China, a pot\u00eancia imperialista emergente em pugna com os EUA<\/h4>\n        <\/a>\n        <div class=\"meta\">\n                        <a class=\"sup-category\" href=\"https:\/\/litci.org\/pt\/category\/china\/\">\n                China            <\/a>\n            <p class=\"post-date\">28 de nov de 2025<\/p>\n        <\/div>\n    <\/div>\n<\/article>            <\/div>\n        <\/div>\n        <div class=\"column\">\n            <div class=\"block-header\">\n                                    <h3>Marxismo Vivo<\/h3>\n                                    <a class=\"see-more\" href=\"\">Veja mais<\/a>\n                            <\/div>\n            <div class=\"block-06 main\">\n                <a href=\"https:\/\/litci.org\/pt\/2025\/05\/25\/saiu-a-marxismo-vivo-21-crise-da-ordem-mundial-e-luta-interimperialista\/\" title=\"Saiu a Marxismo Vivo 21! Crise da ordem mundial e luta interimperialista\" arial-label=\"Saiu a Marxismo Vivo 21! Crise da ordem mundial e luta interimperialista\" style=\"width:100%\">\n    <article class=\"unit-03\">\n        <img decoding=\"async\" class=\"featured-image-container\" src=\"https:\/\/litci.org\/pt\/wp-content\/uploads\/2025\/05\/Captura-de-tela_25-5-2025_9514_.jpeg\"\/>\n        <div class=\"info\">\n            <h3>Saiu a Marxismo Vivo 21! Crise da ordem mundial e luta interimperialista<\/h3>\n            <div class=\"excerpt\">Por: Francesco Ricci A primeira edi\u00e7\u00e3o desta nova s\u00e9rie da Marxismo Vivo foi muito bem recebida pelos leitores. V\u00e1rios de voc\u00eas tamb\u00e9m responderam \u00e0 nossa solicita\u00e7\u00e3o de cr\u00edticas e sugest\u00f5es para melhorarmos a nossa revista, algumas j\u00e1 apresentadas nesta edi\u00e7\u00e3o, outras nas pr\u00f3ximas. Continuem nos escrevendo (em marxismovivo.2@gmail.com) para cr\u00edticas e\/ou sugest\u00f5es, \u00e9 uma ajuda [&hellip;]<\/div>\n            <div class=\"meta\">\n                            <span class=\"sup-category\" >Revista Marxismo Vivo<\/span>\n                <p class=\"post-date\">25 de mai de 2025<\/p>\n            <\/div>\n        <\/div>\n\n    <\/article>\n<\/a>\n            <\/div>\n            <div class=\"block-06 minor\">\n                <article class=\"unit-04\">\n    <div class='column'>\n        <a class=\"featured-image-container\" href=\"https:\/\/litci.org\/pt\/2024\/10\/29\/marxismo-vivo-se-renova-a-teoria-como-instrumento-para-a-luta-revolucionaria\/\" title=\"Marxismo Vivo se renova: A teoria como instrumento para a luta revolucion\u00e1ria\" aria-label=\"Marxismo Vivo se renova: A teoria como instrumento para a luta revolucion\u00e1ria\"><img decoding=\"async\" class=\"featured-image\" src=\"https:\/\/litci.org\/pt\/wp-content\/uploads\/2024\/10\/MV2-724x1024.jpg\" load=\"lazy\" alt=\"Marxismo Vivo se renova: A teoria como instrumento para a luta revolucion\u00e1ria\"\/><\/a>    <\/div>\n    <div class=\"column\">\n        <a href=\"https:\/\/litci.org\/pt\/2024\/10\/29\/marxismo-vivo-se-renova-a-teoria-como-instrumento-para-a-luta-revolucionaria\/\" title=\"Marxismo Vivo se renova: A teoria como instrumento para a luta revolucion\u00e1ria\" arial-label=\"Marxismo Vivo se renova: A teoria como instrumento para a luta revolucion\u00e1ria\">\n            <h4>Marxismo Vivo se renova: A teoria como instrumento para a luta revolucion\u00e1ria<\/h4>\n        <\/a>\n        <div class=\"meta\">\n                        <a class=\"sup-category\" href=\"https:\/\/litci.org\/pt\/category\/palestina\/especial-palestina\/\">\n                Especial Palestina            <\/a>\n            <p class=\"post-date\">29 de out de 2024<\/p>\n        <\/div>\n    <\/div>\n<\/article><article class=\"unit-04\">\n    <div class='column'>\n        <a class=\"featured-image-container\" href=\"https:\/\/litci.org\/pt\/2023\/02\/20\/trotski-perante-as-guerras\/\" title=\"Trotski perante as guerras\" aria-label=\"Trotski perante as guerras\"><img decoding=\"async\" class=\"featured-image\" src=\"https:\/\/litci.org\/pt\/wp-content\/uploads\/2021\/12\/trotsky-color-1024x640.jpg\" load=\"lazy\" alt=\"Trotski perante as guerras\"\/><\/a>    <\/div>\n    <div class=\"column\">\n        <a href=\"https:\/\/litci.org\/pt\/2023\/02\/20\/trotski-perante-as-guerras\/\" title=\"Trotski perante as guerras\" arial-label=\"Trotski perante as guerras\">\n            <h4>Trotski perante as guerras<\/h4>\n        <\/a>\n        <div class=\"meta\">\n                        <a class=\"sup-category\" href=\"https:\/\/litci.org\/pt\/category\/especiais\/\">\n                Especiais            <\/a>\n            <p class=\"post-date\">20 de fev de 2023<\/p>\n        <\/div>\n    <\/div>\n<\/article>            <\/div>\n        <\/div>\n    <\/div>\n<\/section>\n\n<section>\n    <div class=\"container\">\n        <div class=\"column\">\n            <a class=\"ads\" href=\"https:\/\/marxismovivo.litci.org\/revista-marxismo-vivo-nova-epoca-portugues-n-21\/\">\n                <picture>\n                    <source media=\"(max-width: 768px)\" srcset=\"http:\/\/litci.org\/pt\/wp-content\/uploads\/2025\/05\/mv_top_21_pt.jpg\">\n                    <source media=\"(min-width: 769px)\" srcset=\"http:\/\/litci.org\/pt\/wp-content\/uploads\/2025\/05\/mv_top_21_pt.jpg\">\n                    <img decoding=\"async\" src=\"http:\/\/litci.org\/pt\/wp-content\/uploads\/2025\/05\/mv_top_21_pt.jpg\" alt=\"\" loading=\"lazy\">\n                <\/picture>\n            <\/a>\n        <\/div>\n    <\/div>\n<\/section>\n\n\n<a style=\"background-color:#d21f1f; width:100%; display:flex; justify-content:center; align-items:center\" href=\"https:\/\/litci.org\/es\/lenin-100-anos\/\">\n<figure class=\"wp-block-image aligncenter size-large\"><img decoding=\"async\" src=\"http:\/\/litci.org\/es\/wp-content\/uploads\/2024\/01\/LENIN-100-ANOS-1-1024x372.png\" alt=\"\" class=\"wp-image-75851\"\/><\/figure><\/a>\n\n\n<section style=\"background-color:\n    inherit\" class=\"\">\n    <div class=\"container\">\n        <div class=\"column\">\n            <div class=\"block-header\">\n                                    <h3>Especial &#8211; 100 anos sem L\u00eanin<\/h3>\n                                    <a class=\"see-more\" href=\"\">Veja mais<\/a>\n                            <\/div>\n            <div class=\"block-03\">\n                <div class=\"column quarter\">\n                    <article class=\"unit-04\">\n    <div class='column'>\n        <a class=\"featured-image-container\" href=\"https:\/\/litci.org\/pt\/2024\/05\/14\/em-debate-lenin-hoje\/\" title=\"Em Debate: L\u00eanin Hoje\" aria-label=\"Em Debate: L\u00eanin Hoje\"><img decoding=\"async\" class=\"featured-image\" src=\"https:\/\/litci.org\/pt\/wp-content\/uploads\/2024\/05\/Debate-724x1024.jpg\" load=\"lazy\" alt=\"Em Debate: L\u00eanin Hoje\"\/><\/a>    <\/div>\n    <div class=\"column\">\n        <a href=\"https:\/\/litci.org\/pt\/2024\/05\/14\/em-debate-lenin-hoje\/\" title=\"Em Debate: L\u00eanin Hoje\" arial-label=\"Em Debate: L\u00eanin Hoje\">\n            <h4>Em Debate: L\u00eanin Hoje<\/h4>\n        <\/a>\n        <div class=\"meta\">\n                        <a class=\"sup-category\" href=\"https:\/\/litci.org\/pt\/category\/especiais\/100-anos-sem-lenin\/\">\n                100 anos sem L\u00eanin            <\/a>\n            <p class=\"post-date\">14 de mai de 2024<\/p>\n        <\/div>\n    <\/div>\n<\/article><article class=\"unit-04\">\n    <div class='column'>\n        <a class=\"featured-image-container\" href=\"https:\/\/litci.org\/pt\/2024\/05\/11\/estado-e-revolucao-e-a-batalha-de-lenin-contra-o-oportunismo-pela-tomada-do-poder\/\" title=\"Estado e Revolu\u00e7\u00e3o e a batalha de L\u00eanin contra o oportunismo, pela tomada do poder\" aria-label=\"Estado e Revolu\u00e7\u00e3o e a batalha de L\u00eanin contra o oportunismo, pela tomada do poder\"><img decoding=\"async\" class=\"featured-image\" src=\"https:\/\/litci.org\/pt\/wp-content\/uploads\/2024\/05\/Lenin-3.jpeg\" load=\"lazy\" alt=\"Estado e Revolu\u00e7\u00e3o e a batalha de L\u00eanin contra o oportunismo, pela tomada do poder\"\/><\/a>    <\/div>\n    <div class=\"column\">\n        <a href=\"https:\/\/litci.org\/pt\/2024\/05\/11\/estado-e-revolucao-e-a-batalha-de-lenin-contra-o-oportunismo-pela-tomada-do-poder\/\" title=\"Estado e Revolu\u00e7\u00e3o e a batalha de L\u00eanin contra o oportunismo, pela tomada do poder\" arial-label=\"Estado e Revolu\u00e7\u00e3o e a batalha de L\u00eanin contra o oportunismo, pela tomada do poder\">\n            <h4>Estado e Revolu\u00e7\u00e3o e a batalha de L\u00eanin contra o oportunismo, pela tomada do poder<\/h4>\n        <\/a>\n        <div class=\"meta\">\n                        <a class=\"sup-category\" href=\"https:\/\/litci.org\/pt\/category\/especiais\/100-anos-sem-lenin\/\">\n                100 anos sem L\u00eanin            <\/a>\n            <p class=\"post-date\">11 de mai de 2024<\/p>\n        <\/div>\n    <\/div>\n<\/article>                <\/div>\n                <div class=\"column half\">\n                    <a href=\"https:\/\/litci.org\/pt\/2024\/07\/12\/o-congresso-de-1903-e-o-racha-entre-bolcheviques-e-mencheviques\/\" title=\"O congresso de 1903 e o racha entre bolcheviques e mencheviques\" arial-label=\"O congresso de 1903 e o racha entre bolcheviques e mencheviques\" style=\"width:100%\">\n    <article class=\"unit-03\">\n        <img decoding=\"async\" class=\"featured-image-container\" src=\"https:\/\/litci.org\/pt\/wp-content\/uploads\/2024\/07\/Lenin-1903-1024x625.jpg\"\/>\n        <div class=\"info\">\n            <h3>O congresso de 1903 e o racha entre bolcheviques e mencheviques<\/h3>\n            <div class=\"excerpt\">Chegando aqui, no epis\u00f3dio 8, entre 1902 e 1903, estudaremos o desenrolar do Congresso e os debates pr\u00e9-congressuais, para entender melhor o porqu\u00ea da ruptura entre bolcheviques e mencheviques. Por: Nazareno Godeiro O II Congresso teve um car\u00e1ter fundacional, porque votou um programa e um estatuto da organiza\u00e7\u00e3o, coisa que o I Congresso de 1898 [&hellip;]<\/div>\n            <div class=\"meta\">\n                            <span class=\"sup-category\" >100 anos sem L\u00eanin<\/span>\n                <p class=\"post-date\">12 de jul de 2024<\/p>\n            <\/div>\n        <\/div>\n\n    <\/article>\n<\/a>\n                <\/div>\n                <div class=\"column quarter\">\n                    <article class=\"unit-04\">\n    <div class='column'>\n        <a class=\"featured-image-container\" href=\"https:\/\/litci.org\/pt\/2024\/04\/23\/o-ultimo-combate-de-lenin-a-primeira-batalha-contra-o-stalinismo\/\" title=\"O \u00faltimo combate de L\u00eanin, a primeira batalha contra o stalinismo\" aria-label=\"O \u00faltimo combate de L\u00eanin, a primeira batalha contra o stalinismo\"><img decoding=\"async\" class=\"featured-image\" src=\"https:\/\/litci.org\/pt\/wp-content\/uploads\/2024\/04\/Lenin-1-1.jpg\" load=\"lazy\" alt=\"O \u00faltimo combate de L\u00eanin, a primeira batalha contra o stalinismo\"\/><\/a>    <\/div>\n    <div class=\"column\">\n        <a href=\"https:\/\/litci.org\/pt\/2024\/04\/23\/o-ultimo-combate-de-lenin-a-primeira-batalha-contra-o-stalinismo\/\" title=\"O \u00faltimo combate de L\u00eanin, a primeira batalha contra o stalinismo\" arial-label=\"O \u00faltimo combate de L\u00eanin, a primeira batalha contra o stalinismo\">\n            <h4>O \u00faltimo combate de L\u00eanin, a primeira batalha contra o stalinismo<\/h4>\n        <\/a>\n        <div class=\"meta\">\n                        <a class=\"sup-category\" href=\"https:\/\/litci.org\/pt\/category\/especiais\/100-anos-sem-lenin\/\">\n                100 anos sem L\u00eanin            <\/a>\n            <p class=\"post-date\">23 de abr de 2024<\/p>\n        <\/div>\n    <\/div>\n<\/article><article class=\"unit-04\">\n    <div class='column'>\n        <a class=\"featured-image-container\" href=\"https:\/\/litci.org\/pt\/2024\/04\/07\/livro-que-fazer-e-suas-controversias\/\" title=\"\u00a0Livro Que fazer? E suas controv\u00e9rsias\" aria-label=\"\u00a0Livro Que fazer? E suas controv\u00e9rsias\"><img decoding=\"async\" class=\"featured-image\" src=\"https:\/\/litci.org\/pt\/wp-content\/uploads\/2024\/04\/Lenin-1024x682.jpg\" load=\"lazy\" alt=\"\u00a0Livro Que fazer? E suas controv\u00e9rsias\"\/><\/a>    <\/div>\n    <div class=\"column\">\n        <a href=\"https:\/\/litci.org\/pt\/2024\/04\/07\/livro-que-fazer-e-suas-controversias\/\" title=\"\u00a0Livro Que fazer? E suas controv\u00e9rsias\" arial-label=\"\u00a0Livro Que fazer? E suas controv\u00e9rsias\">\n            <h4>\u00a0Livro Que fazer? E suas controv\u00e9rsias<\/h4>\n        <\/a>\n        <div class=\"meta\">\n                        <a class=\"sup-category\" href=\"https:\/\/litci.org\/pt\/category\/especiais\/100-anos-sem-lenin\/\">\n                100 anos sem L\u00eanin            <\/a>\n            <p class=\"post-date\">07 de abr de 2024<\/p>\n        <\/div>\n    <\/div>\n<\/article>                <\/div>\n            <\/div>\n        <\/div>\n    <\/div>\n<\/section>\n\n<section style=\"background-color:\n    inherit\" class=\"\">\n    <div class=\"container\">\n        <div class=\"column\">\n            <div class=\"block-header\">\n                                    <h3><\/h3>\n                            <\/div>\n            <div class=\"block-partners\">\n                <a href=\"https:\/\/cfriazanov.org\/\" target=\"_blank\" class=\"card\" rel=\"noopener\">\n                    <img decoding=\"async\" src=\"https:\/\/litci.org\/pt\/wp-content\/uploads\/2022\/05\/riazanov-e1653342282850-300x168.png\" alt=\"Escola Davi Riazanov\">\n                <\/a>\n                <a href=\"https:\/\/archivoleontrotsky.org\/\" target=\"_blank\" class=\"card\" rel=\"noopener\">\n                    <img decoding=\"async\" src=\"https:\/\/litci.org\/pt\/wp-content\/uploads\/2022\/06\/archivo-3-e1654633929865-300x168.png\" alt=\"Archivo Leon Trostky\">\n                <\/a>\n                <a href=\"https:\/\/marxismovivo.litci.org\/\" target=\"_blank\" class=\"card\">\n                    <img decoding=\"async\" src=\"https:\/\/litci.org\/pt\/wp-content\/uploads\/2022\/05\/marxismo-vivo-e1653342337533-300x168.png\" alt=\"Marxismo Vivo\">\n                <\/a>\n            <\/div>\n        <\/div>\n    <\/div>\n<\/section>\n\n<section style=\"background-color:\n    inherit\" class=\"\">\n    <div class=\"container\">\n        <div class=\"column\">\n            <div class=\"block-header\">\n                                    <h3>Crise Ambiental<\/h3>\n                                    <a class=\"see-more\" href=\"\">Veja mais<\/a>\n                            <\/div>\n            <div class=\"block-02\">\n                <article class=\"unit-02\">\n    <div class='column'>\n        <a class=\"featured-image-container\" href=\"https:\/\/litci.org\/pt\/2026\/07\/24\/em-ano-de-el-nino-congresso-avanca-sobre-areas-protegidas-e-reduz-flona-do-jamanxim\/\" title=\"Em ano de El Ni\u00f1o, Congresso avan\u00e7a sobre \u00e1reas protegidas e reduz Flona do Jamanxim\" aria-label=\"Em ano de El Ni\u00f1o, Congresso avan\u00e7a sobre \u00e1reas protegidas e reduz Flona do Jamanxim\"><img decoding=\"async\" class=\"featured-image\" src=\"https:\/\/litci.org\/pt\/wp-content\/uploads\/2026\/07\/Jamanxim-2-1024x683-e1495740258594.jpeg\" load=\"lazy\" alt=\"Em ano de El Ni\u00f1o, Congresso avan\u00e7a sobre \u00e1reas protegidas e reduz Flona do Jamanxim\"\/><\/a>    <\/div>\n    <div class=\"column\">\n        <a href=\"https:\/\/litci.org\/pt\/2026\/07\/24\/em-ano-de-el-nino-congresso-avanca-sobre-areas-protegidas-e-reduz-flona-do-jamanxim\/\" title=\"Em ano de El Ni\u00f1o, Congresso avan\u00e7a sobre \u00e1reas protegidas e reduz Flona do Jamanxim\" arial-label=\"In\u00edcio 2\">\n            <h3>Em ano de El Ni\u00f1o, Congresso avan\u00e7a sobre \u00e1reas protegidas e reduz Flona do Jamanxim<\/h3>\n        <\/a>\n        <div class=\"excerpt\">O Senado Federal aprovou o projeto de lei que reduz em aproximadamente 40% a \u00e1rea da Floresta Nacional (Flona) do Jamanxim, no sudoeste do Par\u00e1. A proposta retira cerca de 486 mil hectares da unidade de conserva\u00e7\u00e3o e transforma essa \u00e1rea em uma \u00c1rea de Prote\u00e7\u00e3o Ambiental (APA), categoria que permite atividades econ\u00f4micas como agropecu\u00e1ria [&hellip;]<\/div>\n        <div class=\"meta\">\n                        <a class=\"sup-category\" href=\"https:\/\/litci.org\/pt\/category\/brasil\/\">\n                Brasil            <\/a>\n            <p class=\"post-date\">24 de jul de 2026<\/p>\n        <\/div>\n    <\/div>\n<\/article><article class=\"unit-02\">\n    <div class='column'>\n        <a class=\"featured-image-container\" href=\"https:\/\/litci.org\/pt\/2026\/07\/13\/por-que-devemos-nos-preocupar-com-o-super-el-nino\/\" title=\"Por que devemos nos preocupar com o super El Ni\u00f1o?\" aria-label=\"Por que devemos nos preocupar com o super El Ni\u00f1o?\"><img decoding=\"async\" class=\"featured-image\" src=\"https:\/\/litci.org\/pt\/wp-content\/uploads\/2026\/07\/Captura-de-tela_13-7-2026_12920_opiniaosocialista.com_.br_-1024x660.jpeg\" load=\"lazy\" alt=\"Por que devemos nos preocupar com o super El Ni\u00f1o?\"\/><\/a>    <\/div>\n    <div class=\"column\">\n        <a href=\"https:\/\/litci.org\/pt\/2026\/07\/13\/por-que-devemos-nos-preocupar-com-o-super-el-nino\/\" title=\"Por que devemos nos preocupar com o super El Ni\u00f1o?\" arial-label=\"In\u00edcio 2\">\n            <h3>Por que devemos nos preocupar com o super El Ni\u00f1o?<\/h3>\n        <\/a>\n        <div class=\"excerpt\">Ag\u00eancias clim\u00e1ticas de todo o mundo j\u00e1 confirmaram que um El Ni\u00f1o est\u00e1 se formando e ganhando for\u00e7a rapidamente no Oceano Pac\u00edfico. O fen\u00f4meno deve atingir n\u00edvel forte entre julho e setembro e elevar o risco de ondas de calor, secas e chuvas extremas em diversas regi\u00f5es do planeta. A Organiza\u00e7\u00e3o Meteorol\u00f3gica Mundial (OMM), ag\u00eancia [&hellip;]<\/div>\n        <div class=\"meta\">\n                        <a class=\"sup-category\" href=\"https:\/\/litci.org\/pt\/category\/brasil\/\">\n                Brasil            <\/a>\n            <p class=\"post-date\">13 de jul de 2026<\/p>\n        <\/div>\n    <\/div>\n<\/article><article class=\"unit-02\">\n    <div class='column'>\n        <a class=\"featured-image-container\" href=\"https:\/\/litci.org\/pt\/2026\/07\/13\/calor-devastadoro-responsavel-se-chama-capitalismo\/\" title=\"Calor devastador:O respons\u00e1vel se chama capitalismo\" aria-label=\"Calor devastador:O respons\u00e1vel se chama capitalismo\"><img decoding=\"async\" class=\"featured-image\" src=\"https:\/\/litci.org\/pt\/wp-content\/uploads\/2026\/07\/1536x864_cmsv2_c0f4db09-2d34-5a84-a66f-650769fcb01b-8536080-1024x576.webp\" load=\"lazy\" alt=\"Calor devastador:O respons\u00e1vel se chama capitalismo\"\/><\/a>    <\/div>\n    <div class=\"column\">\n        <a href=\"https:\/\/litci.org\/pt\/2026\/07\/13\/calor-devastadoro-responsavel-se-chama-capitalismo\/\" title=\"Calor devastador:O respons\u00e1vel se chama capitalismo\" arial-label=\"In\u00edcio 2\">\n            <h3>Calor devastador:O respons\u00e1vel se chama capitalismo<\/h3>\n        <\/a>\n        <div class=\"excerpt\">Ao redor de 200 mil pessoas morreram nos \u00faltimos quatro anos na Europa devido ao calor extremo, principalmente nos pa\u00edses mediterr\u00e2neos. Uma trag\u00e9dia que atinge cada vez mais os setores mais vulner\u00e1veis da sociedade: doentes, idosos e trabalhadores obrigados a desempenhar suas tarefas sob o sol ou em ambientes sem uma climatiza\u00e7\u00e3o adequada. Em geral, [&hellip;]<\/div>\n        <div class=\"meta\">\n                        <a class=\"sup-category\" href=\"https:\/\/litci.org\/pt\/category\/crise-climatica-e-ambiental\/\">\n                Crise clim\u00e1tica e ambiental            <\/a>\n            <p class=\"post-date\">13 de jul de 2026<\/p>\n        <\/div>\n    <\/div>\n<\/article><article class=\"unit-02\">\n    <div class='column'>\n        <a class=\"featured-image-container\" href=\"https:\/\/litci.org\/pt\/2026\/06\/27\/clima-fome-e-imperialismo-as-licoes-esquecidas-do-super-el-nino-que-matou-30-milhoes\/\" title=\"Clima, fome e imperialismo: as li\u00e7\u00f5es esquecidas do super El Ni\u00f1o que matou 30 milh\u00f5es\" aria-label=\"Clima, fome e imperialismo: as li\u00e7\u00f5es esquecidas do super El Ni\u00f1o que matou 30 milh\u00f5es\"><img decoding=\"async\" class=\"featured-image\" src=\"https:\/\/litci.org\/pt\/wp-content\/uploads\/2026\/06\/El-nino-3-1024x768.png\" load=\"lazy\" alt=\"Clima, fome e imperialismo: as li\u00e7\u00f5es esquecidas do super El Ni\u00f1o que matou 30 milh\u00f5es\"\/><\/a>    <\/div>\n    <div class=\"column\">\n        <a href=\"https:\/\/litci.org\/pt\/2026\/06\/27\/clima-fome-e-imperialismo-as-licoes-esquecidas-do-super-el-nino-que-matou-30-milhoes\/\" title=\"Clima, fome e imperialismo: as li\u00e7\u00f5es esquecidas do super El Ni\u00f1o que matou 30 milh\u00f5es\" arial-label=\"In\u00edcio 2\">\n            <h3>Clima, fome e imperialismo: as li\u00e7\u00f5es esquecidas do super El Ni\u00f1o que matou 30 milh\u00f5es<\/h3>\n        <\/a>\n        <div class=\"excerpt\">As principais ag\u00eancias meteorol\u00f3gicas j\u00e1 confirmaram a chegada de um super El Ni\u00f1o\u00a0 em 2026, e cientistas de todo o mundo alertam para consequ\u00eancias devastadoras. Muitos temem que o fen\u00f4meno possa virar a chave do sistema clim\u00e1tico da Terra. Tenho muito a dizer sobre o super El Ni\u00f1o de 2026 e sobre os impactos que [&hellip;]<\/div>\n        <div class=\"meta\">\n                        <a class=\"sup-category\" href=\"https:\/\/litci.org\/pt\/category\/crise-climatica-e-ambiental\/\">\n                Crise clim\u00e1tica e ambiental            <\/a>\n            <p class=\"post-date\">27 de jun de 2026<\/p>\n        <\/div>\n    <\/div>\n<\/article>            <\/div>\n        <\/div>\n    <\/div>\n<\/section>\n\n<section style=\"background-color:\n    inherit\" class=\"\">\n    <div class=\"container\">\n        <div class=\"column\">\n            <div class=\"block-header\">\n                                    <h3>Opress\u00f5es<\/h3>\n                                    <a class=\"see-more\" href=\"https:\/\/litci.org\/pt\/tag\/javi-chinaski\/\">Veja mais<\/a>\n                            <\/div>\n            <div class=\"block-03\">\n                <div class=\"column quarter\">\n                    <article class=\"unit-04\">\n    <div class='column'>\n        <a class=\"featured-image-container\" href=\"https:\/\/litci.org\/pt\/2026\/03\/07\/por-um-8m-internacionalista-de-classe-anticapitalista-e-de-solidariedade-entre-os-povos\/\" title=\"Por um 8M internacionalista, de classe, anticapitalista e de solidariedade entre os povos\" aria-label=\"Por um 8M internacionalista, de classe, anticapitalista e de solidariedade entre os povos\"><img decoding=\"async\" class=\"featured-image\" src=\"https:\/\/litci.org\/pt\/wp-content\/uploads\/2026\/03\/8-de-marzo-1024x698.webp\" load=\"lazy\" alt=\"Por um 8M internacionalista, de classe, anticapitalista e de solidariedade entre os povos\"\/><\/a>    <\/div>\n    <div class=\"column\">\n        <a href=\"https:\/\/litci.org\/pt\/2026\/03\/07\/por-um-8m-internacionalista-de-classe-anticapitalista-e-de-solidariedade-entre-os-povos\/\" title=\"Por um 8M internacionalista, de classe, anticapitalista e de solidariedade entre os povos\" arial-label=\"Por um 8M internacionalista, de classe, anticapitalista e de solidariedade entre os povos\">\n            <h4>Por um 8M internacionalista, de classe, anticapitalista e de solidariedade entre os povos<\/h4>\n        <\/a>\n        <div class=\"meta\">\n                        <a class=\"sup-category\" href=\"https:\/\/litci.org\/pt\/category\/8m-2026\/\">\n                8M 2026            <\/a>\n            <p class=\"post-date\">07 de mar de 2026<\/p>\n        <\/div>\n    <\/div>\n<\/article><article class=\"unit-04\">\n    <div class='column'>\n        <a class=\"featured-image-container\" href=\"https:\/\/litci.org\/pt\/2026\/02\/24\/vitoria-luta-dos-povos-indigenas-obriga-governo-a-recuar-do-decreto-de-privatizacao-de-rios\/\" title=\"Vit\u00f3ria: luta dos povos ind\u00edgenas obriga governo a recuar do decreto de privatiza\u00e7\u00e3o de rios\" aria-label=\"Vit\u00f3ria: luta dos povos ind\u00edgenas obriga governo a recuar do decreto de privatiza\u00e7\u00e3o de rios\"><img decoding=\"async\" class=\"featured-image\" src=\"https:\/\/litci.org\/pt\/wp-content\/uploads\/2026\/02\/Captura-de-tela_24-2-2026_204551_www.opiniaosocialista.com_.br_.jpeg\" load=\"lazy\" alt=\"Vit\u00f3ria: luta dos povos ind\u00edgenas obriga governo a recuar do decreto de privatiza\u00e7\u00e3o de rios\"\/><\/a>    <\/div>\n    <div class=\"column\">\n        <a href=\"https:\/\/litci.org\/pt\/2026\/02\/24\/vitoria-luta-dos-povos-indigenas-obriga-governo-a-recuar-do-decreto-de-privatizacao-de-rios\/\" title=\"Vit\u00f3ria: luta dos povos ind\u00edgenas obriga governo a recuar do decreto de privatiza\u00e7\u00e3o de rios\" arial-label=\"Vit\u00f3ria: luta dos povos ind\u00edgenas obriga governo a recuar do decreto de privatiza\u00e7\u00e3o de rios\">\n            <h4>Vit\u00f3ria: luta dos povos ind\u00edgenas obriga governo a recuar do decreto de privatiza\u00e7\u00e3o de rios<\/h4>\n        <\/a>\n        <div class=\"meta\">\n                        <a class=\"sup-category\" href=\"https:\/\/litci.org\/pt\/category\/brasil\/\">\n                Brasil            <\/a>\n            <p class=\"post-date\">24 de fev de 2026<\/p>\n        <\/div>\n    <\/div>\n<\/article>                <\/div>\n                <div class=\"column half\">\n                    <a href=\"https:\/\/litci.org\/pt\/2026\/08\/05\/a-chegada-de-abelardo-de-la-espriella-a-presidencia-uma-ameaca-para-as-mulheres-e-as-pessoas-lgbti\/\" title=\"A chegada de Abelardo de la Espriella \u00e0 presid\u00eancia: uma amea\u00e7a para as mulheres e as pessoas LGBTI+\" arial-label=\"A chegada de Abelardo de la Espriella \u00e0 presid\u00eancia: uma amea\u00e7a para as mulheres e as pessoas LGBTI+\" style=\"width:100%\">\n    <article class=\"unit-03\">\n        <img decoding=\"async\" class=\"featured-image-container\" src=\"https:\/\/litci.org\/pt\/wp-content\/uploads\/2026\/08\/hitos-feminismo-colombia-1.jpg\"\/>\n        <div class=\"info\">\n            <h3>A chegada de Abelardo de la Espriella \u00e0 presid\u00eancia: uma amea\u00e7a para as mulheres e as pessoas LGBTI+<\/h3>\n            <div class=\"excerpt\">Como mulheres e socialistas, recebemos a elei\u00e7\u00e3o de Abelardo de la Espriella com firmeza, mas com preocupa\u00e7\u00e3o. Sua vit\u00f3ria representa o avan\u00e7o da ultradireita machista, empresarial, paramilitar e autorit\u00e1ria na Col\u00f4mbia. Trata-se de um projeto autorit\u00e1rio que prioriza o lucro, a suposta \u201cfam\u00edlia tradicional\u201d e a ordem punitiva sobre os direitos humanos, a diversidade e [&hellip;]<\/div>\n            <div class=\"meta\">\n                            <span class=\"sup-category\" >Am\u00e9rica Latina<\/span>\n                <p class=\"post-date\">05 de ago de 2026<\/p>\n            <\/div>\n        <\/div>\n\n    <\/article>\n<\/a>\n                <\/div>\n                <div class=\"column quarter\">\n                    <article class=\"unit-04\">\n    <div class='column'>\n        <a class=\"featured-image-container\" href=\"https:\/\/litci.org\/pt\/2025\/11\/30\/do-debate-a-imposicao-o-que-a-escolha-de-jorge-messias-ao-stf-ensina-sobre-o-estado-e-o-governo\/\" title=\"Do debate \u00e0 imposi\u00e7\u00e3o: o que a escolha de Jorge Messias ao STF ensina sobre o Estado e o governo\" aria-label=\"Do debate \u00e0 imposi\u00e7\u00e3o: o que a escolha de Jorge Messias ao STF ensina sobre o Estado e o governo\"><img decoding=\"async\" class=\"featured-image\" src=\"https:\/\/litci.org\/pt\/wp-content\/uploads\/2025\/11\/jorge-messias-.png\" load=\"lazy\" alt=\"Do debate \u00e0 imposi\u00e7\u00e3o: o que a escolha de Jorge Messias ao STF ensina sobre o Estado e o governo\"\/><\/a>    <\/div>\n    <div class=\"column\">\n        <a href=\"https:\/\/litci.org\/pt\/2025\/11\/30\/do-debate-a-imposicao-o-que-a-escolha-de-jorge-messias-ao-stf-ensina-sobre-o-estado-e-o-governo\/\" title=\"Do debate \u00e0 imposi\u00e7\u00e3o: o que a escolha de Jorge Messias ao STF ensina sobre o Estado e o governo\" arial-label=\"Do debate \u00e0 imposi\u00e7\u00e3o: o que a escolha de Jorge Messias ao STF ensina sobre o Estado e o governo\">\n            <h4>Do debate \u00e0 imposi\u00e7\u00e3o: o que a escolha de Jorge Messias ao STF ensina sobre o Estado e o governo<\/h4>\n        <\/a>\n        <div class=\"meta\">\n                        <a class=\"sup-category\" href=\"https:\/\/litci.org\/pt\/category\/brasil\/\">\n                Brasil            <\/a>\n            <p class=\"post-date\">30 de nov de 2025<\/p>\n        <\/div>\n    <\/div>\n<\/article><article class=\"unit-04\">\n    <div class='column'>\n        <a class=\"featured-image-container\" href=\"https:\/\/litci.org\/pt\/2025\/11\/21\/armadilha-moralista-antifeminismo-e-feminismo-no-debate-sobre-a-emancipacao-da-mulher\/\" title=\"Armadilha moralista: antifeminismo e feminismo no debate sobre a emancipa\u00e7\u00e3o da mulher\" aria-label=\"Armadilha moralista: antifeminismo e feminismo no debate sobre a emancipa\u00e7\u00e3o da mulher\"><img decoding=\"async\" class=\"featured-image\" src=\"https:\/\/litci.org\/pt\/wp-content\/uploads\/2025\/11\/Feminismo.jpg\" load=\"lazy\" alt=\"Armadilha moralista: antifeminismo e feminismo no debate sobre a emancipa\u00e7\u00e3o da mulher\"\/><\/a>    <\/div>\n    <div class=\"column\">\n        <a href=\"https:\/\/litci.org\/pt\/2025\/11\/21\/armadilha-moralista-antifeminismo-e-feminismo-no-debate-sobre-a-emancipacao-da-mulher\/\" title=\"Armadilha moralista: antifeminismo e feminismo no debate sobre a emancipa\u00e7\u00e3o da mulher\" arial-label=\"Armadilha moralista: antifeminismo e feminismo no debate sobre a emancipa\u00e7\u00e3o da mulher\">\n            <h4>Armadilha moralista: antifeminismo e feminismo no debate sobre a emancipa\u00e7\u00e3o da mulher<\/h4>\n        <\/a>\n        <div class=\"meta\">\n                        <a class=\"sup-category\" href=\"https:\/\/litci.org\/pt\/category\/mulheres\/\">\n                Mulheres            <\/a>\n            <p class=\"post-date\">21 de nov de 2025<\/p>\n        <\/div>\n    <\/div>\n<\/article>                <\/div>\n            <\/div>\n        <\/div>\n    <\/div>\n<\/section>\n\n<section style=\"background-color:\n    inherit\" class=\"\">\n    <div class=\"container\">\n        <div class=\"column\">\n            <div class=\"block-header\">\n                                    <h3>Correo Internacional<\/h3>\n                                    <a class=\"see-more\" href=\"\">Veja mais<\/a>\n                            <\/div>\n            <div class=\"block-05\">\n                <div class=\"featured\">\n                    <a href=\"https:\/\/litci.org\/pt\/2026\/06\/25\/baixe-o-correio-internacional-especial-para-a-bolivia\/\" title=\"Baixe o Correio internacional especial para a Bol\u00edvia.\" arial-label=\"Baixe o Correio internacional especial para a Bol\u00edvia.\" style=\"width:100%\">\n    <article class=\"unit-03\">\n        <img decoding=\"async\" class=\"featured-image-container\" src=\"https:\/\/litci.org\/pt\/wp-content\/uploads\/2026\/06\/correio-flyer-819x1024.png\"\/>\n        <div class=\"info\">\n            <h3>Baixe o Correio internacional especial para a Bol\u00edvia.<\/h3>\n            <div class=\"excerpt\"><\/div>\n            <div class=\"meta\">\n                            <span class=\"sup-category\" >Bol\u00edvia<\/span>\n                <p class=\"post-date\">25 de jun de 2026<\/p>\n            <\/div>\n        <\/div>\n\n    <\/article>\n<\/a>\n                <\/div>\n                <div class=\"grid\">\n                    <article class=\"unit-04\">\n    <div class='column'>\n        <a class=\"featured-image-container\" href=\"https:\/\/litci.org\/pt\/2026\/02\/05\/editorial-correio-internacional\/\" title=\"Editorial Correio Internacional\" aria-label=\"Editorial Correio Internacional\"><img decoding=\"async\" class=\"featured-image\" src=\"https:\/\/litci.org\/pt\/wp-content\/uploads\/2026\/01\/CI28-1024x683.png\" load=\"lazy\" alt=\"Editorial Correio Internacional\"\/><\/a>    <\/div>\n    <div class=\"column\">\n        <a href=\"https:\/\/litci.org\/pt\/2026\/02\/05\/editorial-correio-internacional\/\" title=\"Editorial Correio Internacional\" arial-label=\"Editorial Correio Internacional\">\n            <h4>Editorial Correio Internacional<\/h4>\n        <\/a>\n        <div class=\"meta\">\n                        <a class=\"sup-category\" href=\"https:\/\/litci.org\/pt\/category\/revista-correio-internacional\/\">\n                Correio Internacional            <\/a>\n            <p class=\"post-date\">05 de fev de 2026<\/p>\n        <\/div>\n    <\/div>\n<\/article><article class=\"unit-04\">\n    <div class='column'>\n        <a class=\"featured-image-container\" href=\"https:\/\/litci.org\/pt\/2026\/02\/05\/a-politica-economica-do-imperialismo-estadunidense-na-encruzilhada\/\" title=\"A pol\u00edtica econ\u00f4mica do imperialismo estadunidense na encruzilhada\" aria-label=\"A pol\u00edtica econ\u00f4mica do imperialismo estadunidense na encruzilhada\"><img decoding=\"async\" class=\"featured-image\" src=\"https:\/\/litci.org\/pt\/wp-content\/uploads\/2026\/02\/Captura-de-tela_5-2-2026_201723_neofeed.com_.br_.jpeg\" load=\"lazy\" alt=\"A pol\u00edtica econ\u00f4mica do imperialismo estadunidense na encruzilhada\"\/><\/a>    <\/div>\n    <div class=\"column\">\n        <a href=\"https:\/\/litci.org\/pt\/2026\/02\/05\/a-politica-economica-do-imperialismo-estadunidense-na-encruzilhada\/\" title=\"A pol\u00edtica econ\u00f4mica do imperialismo estadunidense na encruzilhada\" arial-label=\"A pol\u00edtica econ\u00f4mica do imperialismo estadunidense na encruzilhada\">\n            <h4>A pol\u00edtica econ\u00f4mica do imperialismo estadunidense na encruzilhada<\/h4>\n        <\/a>\n        <div class=\"meta\">\n                        <a class=\"sup-category\" href=\"https:\/\/litci.org\/pt\/category\/revista-correio-internacional\/\">\n                Correio Internacional            <\/a>\n            <p class=\"post-date\">05 de fev de 2026<\/p>\n        <\/div>\n    <\/div>\n<\/article><article class=\"unit-04\">\n    <div class='column'>\n        <a class=\"featured-image-container\" href=\"https:\/\/litci.org\/pt\/2026\/02\/05\/uma-polemica-com-o-campismo-estalinista-de-breno-altman-sobre-venezuela\/\" title=\"Uma pol\u00eamica com o campismo estalinista de Breno Altman sobre Venezuela\" aria-label=\"Uma pol\u00eamica com o campismo estalinista de Breno Altman sobre Venezuela\"><img decoding=\"async\" class=\"featured-image\" src=\"https:\/\/litci.org\/pt\/wp-content\/uploads\/2026\/02\/Captura-de-tela_4-2-2026_15236_www.brasil247.com_-1024x574.jpeg\" load=\"lazy\" alt=\"Uma pol\u00eamica com o campismo estalinista de Breno Altman sobre Venezuela\"\/><\/a>    <\/div>\n    <div class=\"column\">\n        <a href=\"https:\/\/litci.org\/pt\/2026\/02\/05\/uma-polemica-com-o-campismo-estalinista-de-breno-altman-sobre-venezuela\/\" title=\"Uma pol\u00eamica com o campismo estalinista de Breno Altman sobre Venezuela\" arial-label=\"Uma pol\u00eamica com o campismo estalinista de Breno Altman sobre Venezuela\">\n            <h4>Uma pol\u00eamica com o campismo estalinista de Breno Altman sobre Venezuela<\/h4>\n        <\/a>\n        <div class=\"meta\">\n                        <a class=\"sup-category\" href=\"https:\/\/litci.org\/pt\/category\/revista-correio-internacional\/\">\n                Correio Internacional            <\/a>\n            <p class=\"post-date\">05 de fev de 2026<\/p>\n        <\/div>\n    <\/div>\n<\/article>                <\/div>\n            <\/div>\n        <\/div>\n    <\/div>\n<\/section>\n\n<section style=\"background-color:\n    inherit\" class=\"\">\n    <div class=\"container\">\n        <div class=\"column\">\n            <div class=\"block-header\">\n                                    <h3>Am\u00e9rica Latina<\/h3>\n                                    <a class=\"see-more\" href=\"\">Veja mais<\/a>\n                            <\/div>\n            <div class=\"block-04\">\n                <div class=\"featured\">\n                    <a href=\"https:\/\/litci.org\/pt\/2026\/08\/13\/pactos-com-eua-saqueio-ocupacao-e-entrega-cartista\/\" title=\"Pactos com EUA: saqueio, ocupa\u00e7\u00e3o e entrega cartista\" arial-label=\"Pactos com EUA: saqueio, ocupa\u00e7\u00e3o e entrega cartista\" style=\"width:100%\">\n    <article class=\"unit-03\">\n        <img decoding=\"async\" class=\"featured-image-container\" src=\"https:\/\/litci.org\/pt\/wp-content\/uploads\/2026\/08\/descarga-1021x580-1.jpeg\"\/>\n        <div class=\"info\">\n            <h3>Pactos com EUA: saqueio, ocupa\u00e7\u00e3o e entrega cartista<\/h3>\n            <div class=\"excerpt\">Com a assinatura do recente acordo de coopera\u00e7\u00e3o nuclear entre o Paraguai e os Estados Unidos, o governo de Santiago Pe\u00f1a consuma uma cadeia de pactos que configuram a cess\u00e3o da soberania energ\u00e9tica e a seguran\u00e7a do povo e do ecossistema. Do Partido dos Trabalhadores (PT) denunciamos que esses instrumentos consolidam um modelo de saque, [&hellip;]<\/div>\n            <div class=\"meta\">\n                            <span class=\"sup-category\" >Am\u00e9rica Latina<\/span>\n                <p class=\"post-date\">13 de ago de 2026<\/p>\n            <\/div>\n        <\/div>\n\n    <\/article>\n<\/a>\n                <\/div>\n                <div class=\"grid\">\n                    <article class=\"unit-04\">\n    <div class='column'>\n        <a class=\"featured-image-container\" href=\"https:\/\/litci.org\/pt\/2026\/08\/13\/rede-sindical-internacional-de-solidariedade-e-lutas-rsisl-visita-venezuela\/\" title=\"Rede Sindical Internacional de Solidariedade e Lutas (RSISL) visita Venezuela\" aria-label=\"Rede Sindical Internacional de Solidariedade e Lutas (RSISL) visita Venezuela\"><img decoding=\"async\" class=\"featured-image\" src=\"https:\/\/litci.org\/pt\/wp-content\/uploads\/2026\/08\/IMG-20260804-WA0028-22-1024x516-1.jpg\" load=\"lazy\" alt=\"Rede Sindical Internacional de Solidariedade e Lutas (RSISL) visita Venezuela\"\/><\/a>    <\/div>\n    <div class=\"column\">\n        <a href=\"https:\/\/litci.org\/pt\/2026\/08\/13\/rede-sindical-internacional-de-solidariedade-e-lutas-rsisl-visita-venezuela\/\" title=\"Rede Sindical Internacional de Solidariedade e Lutas (RSISL) visita Venezuela\" arial-label=\"Rede Sindical Internacional de Solidariedade e Lutas (RSISL) visita Venezuela\">\n            <h4>Rede Sindical Internacional de Solidariedade e Lutas (RSISL) visita Venezuela<\/h4>\n        <\/a>\n        <div class=\"meta\">\n                        <a class=\"sup-category\" href=\"https:\/\/litci.org\/pt\/category\/america-latina\/\">\n                Am\u00e9rica Latina            <\/a>\n            <p class=\"post-date\">13 de ago de 2026<\/p>\n        <\/div>\n    <\/div>\n<\/article><article class=\"unit-04\">\n    <div class='column'>\n        <a class=\"featured-image-container\" href=\"https:\/\/litci.org\/pt\/2026\/08\/13\/balance-do-governo-petro-o-progressismo-nao-pode-dar-mais\/\" title=\"Balan\u00e7o do Governo Petro: o progressismo n\u00e3o pode dar mais\" aria-label=\"Balan\u00e7o do Governo Petro: o progressismo n\u00e3o pode dar mais\"><img decoding=\"async\" class=\"featured-image\" src=\"https:\/\/litci.org\/pt\/wp-content\/uploads\/2026\/08\/Captura-de-tela_12-8-2026_215731_www.bbc_.com_.jpeg\" load=\"lazy\" alt=\"Balan\u00e7o do Governo Petro: o progressismo n\u00e3o pode dar mais\"\/><\/a>    <\/div>\n    <div class=\"column\">\n        <a href=\"https:\/\/litci.org\/pt\/2026\/08\/13\/balance-do-governo-petro-o-progressismo-nao-pode-dar-mais\/\" title=\"Balan\u00e7o do Governo Petro: o progressismo n\u00e3o pode dar mais\" arial-label=\"Balan\u00e7o do Governo Petro: o progressismo n\u00e3o pode dar mais\">\n            <h4>Balan\u00e7o do Governo Petro: o progressismo n\u00e3o pode dar mais<\/h4>\n        <\/a>\n        <div class=\"meta\">\n                        <a class=\"sup-category\" href=\"https:\/\/litci.org\/pt\/category\/america-latina\/\">\n                Am\u00e9rica Latina            <\/a>\n            <p class=\"post-date\">13 de ago de 2026<\/p>\n        <\/div>\n    <\/div>\n<\/article><article class=\"unit-04\">\n    <div class='column'>\n        <a class=\"featured-image-container\" href=\"https:\/\/litci.org\/pt\/2026\/08\/11\/atendimento-urgente-as-vitimas-e-plano-de-reconstrucao-sob-controle-operario-e-popular\/\" title=\"Atendimento urgente \u00e0s v\u00edtimas e plano de reconstru\u00e7\u00e3o sob controle oper\u00e1rio e popular\" aria-label=\"Atendimento urgente \u00e0s v\u00edtimas e plano de reconstru\u00e7\u00e3o sob controle oper\u00e1rio e popular\"><img decoding=\"async\" class=\"featured-image\" src=\"https:\/\/litci.org\/pt\/wp-content\/uploads\/2026\/08\/2026-08-10T163303Z_1130767925_RC2RVMA2JKGV_RTRMADP_3_COLOMBIA-QUAKE-1024x682.webp\" load=\"lazy\" alt=\"Atendimento urgente \u00e0s v\u00edtimas e plano de reconstru\u00e7\u00e3o sob controle oper\u00e1rio e popular\"\/><\/a>    <\/div>\n    <div class=\"column\">\n        <a href=\"https:\/\/litci.org\/pt\/2026\/08\/11\/atendimento-urgente-as-vitimas-e-plano-de-reconstrucao-sob-controle-operario-e-popular\/\" title=\"Atendimento urgente \u00e0s v\u00edtimas e plano de reconstru\u00e7\u00e3o sob controle oper\u00e1rio e popular\" arial-label=\"Atendimento urgente \u00e0s v\u00edtimas e plano de reconstru\u00e7\u00e3o sob controle oper\u00e1rio e popular\">\n            <h4>Atendimento urgente \u00e0s v\u00edtimas e plano de reconstru\u00e7\u00e3o sob controle oper\u00e1rio e popular<\/h4>\n        <\/a>\n        <div class=\"meta\">\n                        <a class=\"sup-category\" href=\"https:\/\/litci.org\/pt\/category\/america-latina\/\">\n                Am\u00e9rica Latina            <\/a>\n            <p class=\"post-date\">11 de ago de 2026<\/p>\n        <\/div>\n    <\/div>\n<\/article><article class=\"unit-04\">\n    <div class='column'>\n        <a class=\"featured-image-container\" href=\"https:\/\/litci.org\/pt\/2026\/08\/05\/em-vez-de-enfrentar-trump-lula-ofende-o-paraguai\/\" title=\"Em vez de enfrentar Trump, Lula ofende o Paraguai\" aria-label=\"Em vez de enfrentar Trump, Lula ofende o Paraguai\"><img decoding=\"async\" class=\"featured-image\" src=\"https:\/\/litci.org\/pt\/wp-content\/uploads\/2026\/08\/Captura-de-tela_5-8-2026_10339_opiniaosocialista.com_.br_-1024x574.jpeg\" load=\"lazy\" alt=\"Em vez de enfrentar Trump, Lula ofende o Paraguai\"\/><\/a>    <\/div>\n    <div class=\"column\">\n        <a href=\"https:\/\/litci.org\/pt\/2026\/08\/05\/em-vez-de-enfrentar-trump-lula-ofende-o-paraguai\/\" title=\"Em vez de enfrentar Trump, Lula ofende o Paraguai\" arial-label=\"Em vez de enfrentar Trump, Lula ofende o Paraguai\">\n            <h4>Em vez de enfrentar Trump, Lula ofende o Paraguai<\/h4>\n        <\/a>\n        <div class=\"meta\">\n                        <a class=\"sup-category\" href=\"https:\/\/litci.org\/pt\/category\/america-latina\/\">\n                Am\u00e9rica Latina            <\/a>\n            <p class=\"post-date\">05 de ago de 2026<\/p>\n        <\/div>\n    <\/div>\n<\/article>                <\/div>\n            <\/div>\n        <\/div>\n    <\/div>\n<\/section>\n\n<section style=\"background-color:\n    inherit\" class=\"\">\n    <div class=\"container\">\n        <div class=\"column\">\n            <div class=\"block-header\">\n                                    <h3>Europa<\/h3>\n                                    <a class=\"see-more\" href=\"\">Veja mais<\/a>\n                            <\/div>\n            <div class=\"block-03\">\n                <div class=\"column quarter\">\n                    <article class=\"unit-04\">\n    <div class='column'>\n        <a class=\"featured-image-container\" href=\"https:\/\/litci.org\/pt\/2026\/07\/24\/abderrahim-fakir-mais-um-assassinato-do-estado\/\" title=\"Abderrahim Fakir: Mais um assassinato do Estado\" aria-label=\"Abderrahim Fakir: Mais um assassinato do Estado\"><img decoding=\"async\" class=\"featured-image\" src=\"https:\/\/litci.org\/pt\/wp-content\/uploads\/2026\/07\/Italia-2.jpg\" load=\"lazy\" alt=\"Abderrahim Fakir: Mais um assassinato do Estado\"\/><\/a>    <\/div>\n    <div class=\"column\">\n        <a href=\"https:\/\/litci.org\/pt\/2026\/07\/24\/abderrahim-fakir-mais-um-assassinato-do-estado\/\" title=\"Abderrahim Fakir: Mais um assassinato do Estado\" arial-label=\"Abderrahim Fakir: Mais um assassinato do Estado\">\n            <h4>Abderrahim Fakir: Mais um assassinato do Estado<\/h4>\n        <\/a>\n        <div class=\"meta\">\n                        <a class=\"sup-category\" href=\"https:\/\/litci.org\/pt\/category\/europa-mundo\/\">\n                Europa            <\/a>\n            <p class=\"post-date\">24 de jul de 2026<\/p>\n        <\/div>\n    <\/div>\n<\/article><article class=\"unit-04\">\n    <div class='column'>\n        <a class=\"featured-image-container\" href=\"https:\/\/litci.org\/pt\/2026\/06\/30\/crisis-existencial-da-ue-e-como-enfrentar-os-ataques-que-estao-por-virparte-2\/\" title=\"Crise existencial da UE e como enfrentar os ataques que est\u00e3o por vir(Parte 2)\" aria-label=\"Crise existencial da UE e como enfrentar os ataques que est\u00e3o por vir(Parte 2)\"><img decoding=\"async\" class=\"featured-image\" src=\"https:\/\/litci.org\/pt\/wp-content\/uploads\/2026\/06\/PROTESTAS-MERCOSUR-EUROPA-0009-scaled-1-1024x683.webp\" load=\"lazy\" alt=\"Crise existencial da UE e como enfrentar os ataques que est\u00e3o por vir(Parte 2)\"\/><\/a>    <\/div>\n    <div class=\"column\">\n        <a href=\"https:\/\/litci.org\/pt\/2026\/06\/30\/crisis-existencial-da-ue-e-como-enfrentar-os-ataques-que-estao-por-virparte-2\/\" title=\"Crise existencial da UE e como enfrentar os ataques que est\u00e3o por vir(Parte 2)\" arial-label=\"Crise existencial da UE e como enfrentar os ataques que est\u00e3o por vir(Parte 2)\">\n            <h4>Crise existencial da UE e como enfrentar os ataques que est\u00e3o por vir(Parte 2)<\/h4>\n        <\/a>\n        <div class=\"meta\">\n                        <a class=\"sup-category\" href=\"https:\/\/litci.org\/pt\/category\/estado-espanhol\/\">\n                Estado Espanhol            <\/a>\n            <p class=\"post-date\">30 de jun de 2026<\/p>\n        <\/div>\n    <\/div>\n<\/article>                <\/div>\n                <div class=\"column half\">\n                    <a href=\"https:\/\/litci.org\/pt\/2026\/08\/05\/90-anos-da-revolucao-no-estado-espanhol-seguir-o-fio-vermelho-da-historia\/\" title=\"90 anos da revolu\u00e7\u00e3o no Estado espanhol: Seguir o fio vermelho da hist\u00f3ria\" arial-label=\"90 anos da revolu\u00e7\u00e3o no Estado espanhol: Seguir o fio vermelho da hist\u00f3ria\" style=\"width:100%\">\n    <article class=\"unit-03\">\n        <img decoding=\"async\" class=\"featured-image-container\" src=\"https:\/\/litci.org\/pt\/wp-content\/uploads\/2026\/07\/90anys-web-1068x601-1-1024x576.jpg\"\/>\n        <div class=\"info\">\n            <h3>90 anos da revolu\u00e7\u00e3o no Estado espanhol: Seguir o fio vermelho da hist\u00f3ria<\/h3>\n            <div class=\"excerpt\">Temos praticamente interiorizado que nossas cidades se tornaram uma vitrine, e que as ruas parecem montadas como um mero cen\u00e1rio. No entanto, a hist\u00f3ria \u00e9 teimosa e quando nos obrigamos a fazer mem\u00f3ria e acionar a m\u00e1quina do tempo 90 anos atr\u00e1s, sabemos que o panorama n\u00e3o tem nada a ver. H\u00e1 90 anos, as [&hellip;]<\/div>\n            <div class=\"meta\">\n                            <span class=\"sup-category\" >Estado Espanhol<\/span>\n                <p class=\"post-date\">05 de ago de 2026<\/p>\n            <\/div>\n        <\/div>\n\n    <\/article>\n<\/a>\n                <\/div>\n                <div class=\"column quarter\">\n                    <article class=\"unit-04\">\n    <div class='column'>\n        <a class=\"featured-image-container\" href=\"https:\/\/litci.org\/pt\/2026\/06\/18\/crise-existencial-da-ue-e-como-enfrentar-os-ataques-que-estao-por-virparte-1\/\" title=\"Crise existencial da UE e como enfrentar os ataques que est\u00e3o por vir(Parte 1)\" aria-label=\"Crise existencial da UE e como enfrentar os ataques que est\u00e3o por vir(Parte 1)\"><img decoding=\"async\" class=\"featured-image\" src=\"https:\/\/litci.org\/pt\/wp-content\/uploads\/2026\/06\/Fuente_AP_Jean-Francois-Badias-1024x683.jpeg\" load=\"lazy\" alt=\"Crise existencial da UE e como enfrentar os ataques que est\u00e3o por vir(Parte 1)\"\/><\/a>    <\/div>\n    <div class=\"column\">\n        <a href=\"https:\/\/litci.org\/pt\/2026\/06\/18\/crise-existencial-da-ue-e-como-enfrentar-os-ataques-que-estao-por-virparte-1\/\" title=\"Crise existencial da UE e como enfrentar os ataques que est\u00e3o por vir(Parte 1)\" arial-label=\"Crise existencial da UE e como enfrentar os ataques que est\u00e3o por vir(Parte 1)\">\n            <h4>Crise existencial da UE e como enfrentar os ataques que est\u00e3o por vir(Parte 1)<\/h4>\n        <\/a>\n        <div class=\"meta\">\n                        <a class=\"sup-category\" href=\"https:\/\/litci.org\/pt\/category\/declaracao-lit-qi\/\">\n                Declara\u00e7\u00f5es            <\/a>\n            <p class=\"post-date\">18 de jun de 2026<\/p>\n        <\/div>\n    <\/div>\n<\/article><article class=\"unit-04\">\n    <div class='column'>\n        <a class=\"featured-image-container\" href=\"https:\/\/litci.org\/pt\/2026\/05\/05\/derrota-de-orban-avancos-e-desafios-do-povo-trabalhador-hungaro\/\" title=\"Derrota de Orb\u00e1n: avan\u00e7os e desafios do povo trabalhador h\u00fangaro\" aria-label=\"Derrota de Orb\u00e1n: avan\u00e7os e desafios do povo trabalhador h\u00fangaro\"><img decoding=\"async\" class=\"featured-image\" src=\"https:\/\/litci.org\/pt\/wp-content\/uploads\/2026\/05\/Capturar-777.png\" load=\"lazy\" alt=\"Derrota de Orb\u00e1n: avan\u00e7os e desafios do povo trabalhador h\u00fangaro\"\/><\/a>    <\/div>\n    <div class=\"column\">\n        <a href=\"https:\/\/litci.org\/pt\/2026\/05\/05\/derrota-de-orban-avancos-e-desafios-do-povo-trabalhador-hungaro\/\" title=\"Derrota de Orb\u00e1n: avan\u00e7os e desafios do povo trabalhador h\u00fangaro\" arial-label=\"Derrota de Orb\u00e1n: avan\u00e7os e desafios do povo trabalhador h\u00fangaro\">\n            <h4>Derrota de Orb\u00e1n: avan\u00e7os e desafios do povo trabalhador h\u00fangaro<\/h4>\n        <\/a>\n        <div class=\"meta\">\n                        <a class=\"sup-category\" href=\"https:\/\/litci.org\/pt\/category\/europa-mundo\/\">\n                Europa            <\/a>\n            <p class=\"post-date\">05 de mai de 2026<\/p>\n        <\/div>\n    <\/div>\n<\/article>                <\/div>\n            <\/div>\n        <\/div>\n    <\/div>\n<\/section>\n\n<section style=\"background-color:\n    inherit\" class=\"\">\n    <div class=\"container\">\n        <div class=\"column\">\n            <div class=\"block-header\">\n                                    <h3>\u00c1frica<\/h3>\n                                    <a class=\"see-more\" href=\"\">Veja mais<\/a>\n                            <\/div>\n                        <div class=\"block-10 four-columns\">\n                <a href=\"https:\/\/litci.org\/pt\/2026\/04\/25\/inundacao-em-benguela-obra-da-natureza-ou-consequencia-da-exploracao-capitalista\/\" title=\"Inunda\u00e7\u00e3o em Benguela: obra da natureza ou consequ\u00eancia da explora\u00e7\u00e3o capitalista?\" arial-label=\"Inunda\u00e7\u00e3o em Benguela: obra da natureza ou consequ\u00eancia da explora\u00e7\u00e3o capitalista?\" style=\"width:100%\">\n    <article class=\"unit-03\">\n        <img decoding=\"async\" class=\"featured-image-container\" src=\"https:\/\/litci.org\/pt\/wp-content\/uploads\/2026\/04\/Angola-3.png\"\/>\n        <div class=\"info\">\n            <h3>Inunda\u00e7\u00e3o em Benguela: obra da natureza ou consequ\u00eancia da explora\u00e7\u00e3o capitalista?<\/h3>\n            <div class=\"excerpt\">Angola foi afectada por fortes chuvas nos \u00faltimos dias, tendo trazido alegria para alguns e forte tristeza para a grande maioria. No princ\u00edpio desta semana,12 de Abril de 2026, a prov\u00edncia de Benguela, localizada na regi\u00e3o mais a sul da capital, Luanda, foi devastada por uma inunda\u00e7\u00e3o fruto do rompimento do dique de protec\u00e7\u00e3o do [&hellip;]<\/div>\n            <div class=\"meta\">\n                            <span class=\"sup-category\" >\u00c1frica<\/span>\n                <p class=\"post-date\">25 de abr de 2026<\/p>\n            <\/div>\n        <\/div>\n\n    <\/article>\n<\/a>\n<a href=\"https:\/\/litci.org\/pt\/2026\/02\/13\/crise-ambiental-na-africa-oriental\/\" title=\"Crise ambiental na \u00c1frica Oriental\" arial-label=\"Crise ambiental na \u00c1frica Oriental\" style=\"width:100%\">\n    <article class=\"unit-03\">\n        <img decoding=\"async\" class=\"featured-image-container\" src=\"https:\/\/litci.org\/pt\/wp-content\/uploads\/2026\/02\/Seca-na-Africa.jpg\"\/>\n        <div class=\"info\">\n            <h3>Crise ambiental na \u00c1frica Oriental<\/h3>\n            <div class=\"excerpt\">Introdu\u00e7\u00e3o: Em maio de 2025 foi publicado o estudo denominado \u201cEstado do Clima na \u00c1frica &#8211; 2024\u201d, o qual mostra que 2024 foi o ano mais quente j\u00e1 registrado no continente e que esse aumento da temperatura veio acompanhado de inunda\u00e7\u00f5es devastadoras, secas e ondas de calor marinhas. Neste in\u00edcio de ano o Qu\u00eania e [&hellip;]<\/div>\n            <div class=\"meta\">\n                            <span class=\"sup-category\" >\u00c1frica<\/span>\n                <p class=\"post-date\">13 de fev de 2026<\/p>\n            <\/div>\n        <\/div>\n\n    <\/article>\n<\/a>\n<a href=\"https:\/\/litci.org\/pt\/2026\/01\/05\/trump-ordena-ataques-aereos-ao-territorio-da-nigeria-autorizado-pelo-ditador-bola-tinubu\/\" title=\"Trump ordena ataques a\u00e9reos ao territ\u00f3rio da Nig\u00e9ria autorizado pelo ditador Bola Tinubu\" arial-label=\"Trump ordena ataques a\u00e9reos ao territ\u00f3rio da Nig\u00e9ria autorizado pelo ditador Bola Tinubu\" style=\"width:100%\">\n    <article class=\"unit-03\">\n        <img decoding=\"async\" class=\"featured-image-container\" src=\"https:\/\/litci.org\/pt\/wp-content\/uploads\/2026\/01\/Nigeria.jpg\"\/>\n        <div class=\"info\">\n            <h3>Trump ordena ataques a\u00e9reos ao territ\u00f3rio da Nig\u00e9ria autorizado pelo ditador Bola Tinubu<\/h3>\n            <div class=\"excerpt\">A Nigeria \u00e9 o maior produtor de petr\u00f3leo da \u00c1frica subsaariana,&nbsp; com \u00e1rea igual ao da Venezuela, e popula\u00e7\u00e3o de 220 milh\u00f5es da habitantes, enquanto os venezuelanos s\u00e3o 28 milh\u00f5es. A densidade populacional \u00e9 uma das maiores do mundo.&nbsp; No m\u00eas passado, o Ministro da Sa\u00fade admitiu que 850.000 crian\u00e7as morrem todos os anos devido [&hellip;]<\/div>\n            <div class=\"meta\">\n                            <span class=\"sup-category\" >\u00c1frica<\/span>\n                <p class=\"post-date\">05 de jan de 2026<\/p>\n            <\/div>\n        <\/div>\n\n    <\/article>\n<\/a>\n<a href=\"https:\/\/litci.org\/pt\/2025\/11\/27\/abaixo-golpe-de-estado-na-guine-bissau\/\" title=\"Abaixo golpe de estado na Guin\u00e9-Bissau.\" arial-label=\"Abaixo golpe de estado na Guin\u00e9-Bissau.\" style=\"width:100%\">\n    <article class=\"unit-03\">\n        <img decoding=\"async\" class=\"featured-image-container\" src=\"https:\/\/litci.org\/pt\/wp-content\/uploads\/2025\/11\/Captura-de-tela_27-11-2025_123236_veja.abril_.com_.br_-1024x569.jpeg\"\/>\n        <div class=\"info\">\n            <h3>Abaixo golpe de estado na Guin\u00e9-Bissau.<\/h3>\n            <div class=\"excerpt\">\u00c9 preciso ocupar as ruas para derrubar o regime ditatorial encabe\u00e7ado por Umaro Sissoco Embal\u00f3 Exigimos o respeito \u00e0 vontade popular expressa nas urnas. No in\u00edcio da tarde desta quarta-feira, 26 de novembro, foi anunciado atrav\u00e9s da TGB (Televis\u00e3o da Guin\u00e9-Bissau) \u2013 emissora p\u00fablica guineense, \u201ca cria\u00e7\u00e3o de um comando militar que assume o controlo [&hellip;]<\/div>\n            <div class=\"meta\">\n                            <span class=\"sup-category\" >\u00c1frica<\/span>\n                <p class=\"post-date\">27 de nov de 2025<\/p>\n            <\/div>\n        <\/div>\n\n    <\/article>\n<\/a>\n            <\/div>\n        <\/div>\n    <\/div>\n<\/section>\n\n<section style=\"background-color:\n    inherit\" class=\"\">\n    <div class=\"container\">\n        <div class=\"column\">\n            <div class=\"block-header\">\n                                    <h3>\u00c1sia<\/h3>\n                                    <a class=\"see-more\" href=\"\">Veja mais<\/a>\n                            <\/div>\n            <div class=\"block-05\">\n                <div class=\"featured\">\n                    <a href=\"https:\/\/litci.org\/pt\/2026\/07\/30\/a-rebeliao-da-juventude-da-india\/\" title=\"A rebeli\u00e3o da juventude na \u00cdndia\" arial-label=\"A rebeli\u00e3o da juventude na \u00cdndia\" style=\"width:100%\">\n    <article class=\"unit-03\">\n        <img decoding=\"async\" class=\"featured-image-container\" src=\"https:\/\/litci.org\/pt\/wp-content\/uploads\/2026\/07\/7XPJX5G67BHGNMIVVKWI2TEM5Y.avif\"\/>\n        <div class=\"info\">\n            <h3>A rebeli\u00e3o da juventude na \u00cdndia<\/h3>\n            <div class=\"excerpt\">O seguinte artigo foi escrito em 24 de julho, antes que o ministro da Educa\u00e7\u00e3o, Dharmendra Pradhan, anunciasse sua ren\u00fancia. Na dia 25 de julho, o ministro da Educa\u00e7\u00e3o apresentou sua ren\u00fancia. No entanto, os protestos continuam em torno das demandas restantes do CJP. Supunha-se que os protestos iniciados pelo chamado Partido Cockroach Janata (CJP) [&hellip;]<\/div>\n            <div class=\"meta\">\n                            <span class=\"sup-category\" >\u00cdndia<\/span>\n                <p class=\"post-date\">30 de jul de 2026<\/p>\n            <\/div>\n        <\/div>\n\n    <\/article>\n<\/a>\n                <\/div>\n                <div class=\"grid\">\n                    <article class=\"unit-04\">\n    <div class='column'>\n        <a class=\"featured-image-container\" href=\"https:\/\/litci.org\/pt\/2026\/05\/19\/sobre-a-cupula-trump-xi-jinping\/\" title=\"Sobre a c\u00fapula Trump-Xi Jinping\" aria-label=\"Sobre a c\u00fapula Trump-Xi Jinping\"><img decoding=\"async\" class=\"featured-image\" src=\"https:\/\/litci.org\/pt\/wp-content\/uploads\/2026\/05\/trump_xi4-1024x567-1.png\" load=\"lazy\" alt=\"Sobre a c\u00fapula Trump-Xi Jinping\"\/><\/a>    <\/div>\n    <div class=\"column\">\n        <a href=\"https:\/\/litci.org\/pt\/2026\/05\/19\/sobre-a-cupula-trump-xi-jinping\/\" title=\"Sobre a c\u00fapula Trump-Xi Jinping\" arial-label=\"Sobre a c\u00fapula Trump-Xi Jinping\">\n            <h4>Sobre a c\u00fapula Trump-Xi Jinping<\/h4>\n        <\/a>\n        <div class=\"meta\">\n                        <a class=\"sup-category\" href=\"https:\/\/litci.org\/pt\/category\/china\/\">\n                China            <\/a>\n            <p class=\"post-date\">19 de mai de 2026<\/p>\n        <\/div>\n    <\/div>\n<\/article><article class=\"unit-04\">\n    <div class='column'>\n        <a class=\"featured-image-container\" href=\"https:\/\/litci.org\/pt\/2026\/02\/14\/os-dez-maiores-protestos-em-massa-na-china-em-2025-uma-homenagem-aos-herois-anonimos\/\" title=\"Os dez maiores protestos em massa na China em 2025: Uma homenagem aos her\u00f3is an\u00f4nimos\" aria-label=\"Os dez maiores protestos em massa na China em 2025: Uma homenagem aos her\u00f3is an\u00f4nimos\"><img decoding=\"async\" class=\"featured-image\" src=\"https:\/\/litci.org\/pt\/wp-content\/uploads\/2026\/02\/Captura-de-tela_14-2-2026_18177_veja.abril_.com_.br_.jpeg\" load=\"lazy\" alt=\"Os dez maiores protestos em massa na China em 2025: Uma homenagem aos her\u00f3is an\u00f4nimos\"\/><\/a>    <\/div>\n    <div class=\"column\">\n        <a href=\"https:\/\/litci.org\/pt\/2026\/02\/14\/os-dez-maiores-protestos-em-massa-na-china-em-2025-uma-homenagem-aos-herois-anonimos\/\" title=\"Os dez maiores protestos em massa na China em 2025: Uma homenagem aos her\u00f3is an\u00f4nimos\" arial-label=\"Os dez maiores protestos em massa na China em 2025: Uma homenagem aos her\u00f3is an\u00f4nimos\">\n            <h4>Os dez maiores protestos em massa na China em 2025: Uma homenagem aos her\u00f3is an\u00f4nimos<\/h4>\n        <\/a>\n        <div class=\"meta\">\n                        <a class=\"sup-category\" href=\"https:\/\/litci.org\/pt\/category\/china\/\">\n                China            <\/a>\n            <p class=\"post-date\">14 de fev de 2026<\/p>\n        <\/div>\n    <\/div>\n<\/article><article class=\"unit-04\">\n    <div class='column'>\n        <a class=\"featured-image-container\" href=\"https:\/\/litci.org\/pt\/2025\/11\/28\/china-a-potencia-imperialista-emergente-em-pugna-com-os-eua\/\" title=\"China, a pot\u00eancia imperialista emergente em pugna com os EUA\" aria-label=\"China, a pot\u00eancia imperialista emergente em pugna com os EUA\"><img decoding=\"async\" class=\"featured-image\" src=\"https:\/\/litci.org\/pt\/wp-content\/uploads\/2025\/11\/fa193335265a85292f40a5c2dc598106-image_doc-33bk6hl-data-2-1024x768.webp\" load=\"lazy\" alt=\"China, a pot\u00eancia imperialista emergente em pugna com os EUA\"\/><\/a>    <\/div>\n    <div class=\"column\">\n        <a href=\"https:\/\/litci.org\/pt\/2025\/11\/28\/china-a-potencia-imperialista-emergente-em-pugna-com-os-eua\/\" title=\"China, a pot\u00eancia imperialista emergente em pugna com os EUA\" arial-label=\"China, a pot\u00eancia imperialista emergente em pugna com os EUA\">\n            <h4>China, a pot\u00eancia imperialista emergente em pugna com os EUA<\/h4>\n        <\/a>\n        <div class=\"meta\">\n                        <a class=\"sup-category\" href=\"https:\/\/litci.org\/pt\/category\/china\/\">\n                China            <\/a>\n            <p class=\"post-date\">28 de nov de 2025<\/p>\n        <\/div>\n    <\/div>\n<\/article>                <\/div>\n            <\/div>\n        <\/div>\n    <\/div>\n<\/section>\n\n<section style=\"background-color:\n    inherit\" class=\"\">\n    <div class=\"container\">\n        <div class=\"column\">\n            <div class=\"block-header\">\n                                    <h3><\/h3>\n                            <\/div>\n            <div class=\"block-socialmedia\">\n                <a class=\"card facebook\" href=\"https:\/\/www.facebook.com\/litci.cuartainternacional\/\" target=\"_blank\" rel=\"noopener\"><span><\/span>Facebook<\/a><a class=\"card instagram\" href=\"https:\/\/www.instagram.com\/lit.ci\" target=\"_blank\" rel=\"noopener\"><span><\/span>Instagram<\/a><a class=\"card twitter\" href=\"https:\/\/twitter.com\/litci\" target=\"_blank\" rel=\"noopener\"><span><\/span>Twitter<\/a><a class=\"card youtube\" href=\"https:\/\/litci.org\/pt\/youtube.com\/MarxismoVivo\"><span><\/span>Youtube<\/a>            <\/div>\n        <\/div>\n    <\/div>\n<\/section>","protected":false},"excerpt":{"rendered":"","protected":false},"author":16,"featured_media":0,"parent":0,"menu_order":0,"comment_status":"closed","ping_status":"closed","template":"","meta":{"footnotes":""},"class_list":["post-81158","page","type-page","status-publish","hentry"],"_links":{"self":[{"href":"https:\/\/litci.org\/pt\/wp-json\/wp\/v2\/pages\/81158","targetHints":{"allow":["GET"]}}],"collection":[{"href":"https:\/\/litci.org\/pt\/wp-json\/wp\/v2\/pages"}],"about":[{"href":"https:\/\/litci.org\/pt\/wp-json\/wp\/v2\/types\/page"}],"author":[{"embeddable":true,"href":"https:\/\/litci.org\/pt\/wp-json\/wp\/v2\/users\/16"}],"replies":[{"embeddable":true,"href":"https:\/\/litci.org\/pt\/wp-json\/wp\/v2\/comments?post=81158"}],"version-history":[{"count":20,"href":"https:\/\/litci.org\/pt\/wp-json\/wp\/v2\/pages\/81158\/revisions"}],"predecessor-version":[{"id":82981,"href":"https:\/\/litci.org\/pt\/wp-json\/wp\/v2\/pages\/81158\/revisions\/82981"}],"wp:attachment":[{"href":"https:\/\/litci.org\/pt\/wp-json\/wp\/v2\/media?parent=81158"}],"curies":[{"name":"wp","href":"https:\/\/api.w.org\/{rel}","templated":true}]}}