{"id":75383,"date":"2023-11-12T19:41:46","date_gmt":"2023-11-12T19:41:46","guid":{"rendered":"https:\/\/litci.org\/es\/inicio-2-2\/"},"modified":"2026-09-01T18:19:07","modified_gmt":"2026-09-01T18:19:07","slug":"inicio2","status":"publish","type":"page","link":"https:\/\/litci.org\/es\/","title":{"rendered":"Inicio"},"content":{"rendered":"<section>\n    <div class=\"container\">\n        <div class=\"column\">\n            <a class=\"ads\" href=\"https:\/\/litci.org\/es\/category\/mundo\/asia\/cachemira\/?utm_source=copylink&#038;utm_medium=browser\">\n                <picture>\n                    <source media=\"(max-width: 768px)\" srcset=\"http:\/\/litci.org\/es\/wp-content\/uploads\/2026\/07\/Banner-politico-de-solidaridad-internacional-1232-x-266-px-362-x-120-px-es.png\">\n                    <source media=\"(min-width: 769px)\" srcset=\"http:\/\/litci.org\/es\/wp-content\/uploads\/2026\/07\/Banner-politico-de-solidaridad-internacional-1232-x-266-px.png\">\n                    <img decoding=\"async\" src=\"http:\/\/litci.org\/es\/wp-content\/uploads\/2026\/07\/Banner-politico-de-solidaridad-internacional-1232-x-266-px.png\" alt=\"\" loading=\"lazy\">\n                <\/picture>\n            <\/a>\n        <\/div>\n    <\/div>\n<\/section>\n\n<section style=\"background-color:\n    inherit\" class=\"\">\n    <div class=\"container\">\n        <div class=\"column\">\n            <div class=\"block-header\">\n                                    <h3><\/h3>\n                            <\/div>\n            <div class=\"block-08\">\n                <div class=\"column main\">\n                    <article class=\"unit-07\">\n    <div class='column'>\n        <div class=\"meta\">\n                        <a class=\"sup-category\" href=\"https:\/\/litci.org\/es\/category\/especial\/crisis-climatica-y-ambiental\/\">\n                Crisis clim\u00e1tica y ambiental            <\/a>\n        <\/div>\n        <a href=\"https:\/\/litci.org\/es\/el-nino-2026-impactos-de-un-planeta-mas-caliente\/\" title=\"El Ni\u00f1o 2026: impactos de un planeta m\u00e1s caliente\" arial-label=\"Inicio\">\n            <h2>El Ni\u00f1o 2026: impactos de un planeta m\u00e1s caliente<\/h2>\n        <\/a>\n        <div class=\"grid\">\n            <a class=\"featured-image-container\" href=\"https:\/\/litci.org\/es\/el-nino-2026-impactos-de-un-planeta-mas-caliente\/\" title=\"El Ni\u00f1o 2026: impactos de un planeta m\u00e1s caliente\" aria-label=\"El Ni\u00f1o 2026: impactos de un planeta m\u00e1s caliente\"><img decoding=\"async\" class=\"featured-image\" src=\"https:\/\/litci.org\/es\/wp-content\/uploads\/2026\/09\/super-el-nino.jpeg\" load=\"lazy\" alt=\"El Ni\u00f1o 2026: impactos de un planeta m\u00e1s caliente\"\/><\/a>            <div class=\"excerpt\">El Ni\u00f1o es un fen\u00f3meno clim\u00e1tico caracterizado, entre otros factores, por el debilitamiento de los vientos alisios y por la alteraci\u00f3n de la circulaci\u00f3n atmosf\u00e9rica conocida como c\u00e9lula de Walker. Este cambio en la circulaci\u00f3n redistribuye el calor y la humedad en la atm\u00f3sfera y puede provocar alteraciones significativas en los patrones de lluvias y [&hellip;]<\/div>\n        <\/div>\n    <\/div>\n<\/article>                    <div class=\"post-grid\">\n                        <article class=\"unit-05\">\n    <div class='column'>\n        <a class=\"featured-image-container\" href=\"https:\/\/litci.org\/es\/respuesta-al-manifiesto-hay-que-tomar-partido-de-crt-y-cr-iv\/\" title=\"Respuesta al manifiesto \u00abHay que tomar partido\u00bb de CRT y \u00abCR-IV\u00bb\" aria-label=\"Respuesta al manifiesto \u00abHay que tomar partido\u00bb de CRT y \u00abCR-IV\u00bb\"><img decoding=\"async\" class=\"featured-image\" src=\"https:\/\/litci.org\/es\/wp-content\/uploads\/2026\/09\/respuesta.web_-1068x601-1-1024x576.jpg\" load=\"lazy\" alt=\"Respuesta al manifiesto \u00abHay que tomar partido\u00bb de CRT y \u00abCR-IV\u00bb\"\/><\/a>    <\/div>\n    <div class=\"column\">\n        <div class=\"meta\">\n                        <a class=\"sup-category\" href=\"https:\/\/litci.org\/es\/category\/mundo\/europa\/estado-espanol\/\">\n                Estado Espa\u00f1ol            <\/a>\n        <\/div>\n        <a href=\"https:\/\/litci.org\/es\/respuesta-al-manifiesto-hay-que-tomar-partido-de-crt-y-cr-iv\/\" title=\"Respuesta al manifiesto \u00abHay que tomar partido\u00bb de CRT y \u00abCR-IV\u00bb\" arial-label=\"Respuesta al manifiesto \u00abHay que tomar partido\u00bb de CRT y \u00abCR-IV\u00bb\">\n            <h4>Respuesta al manifiesto \u00abHay que tomar partido\u00bb de CRT y \u00abCR-IV\u00bb<\/h4>\n        <\/a>\n    <\/div>\n<\/article><article class=\"unit-05\">\n    <div class='column'>\n        <a class=\"featured-image-container\" href=\"https:\/\/litci.org\/es\/no-nos-callaran-ninguna-voz-por-palestina-sera-silenciada\/\" title=\"No nos callar\u00e1n: ninguna voz por Palestina ser\u00e1 silenciada\" aria-label=\"No nos callar\u00e1n: ninguna voz por Palestina ser\u00e1 silenciada\"><img decoding=\"async\" class=\"featured-image\" src=\"https:\/\/litci.org\/es\/wp-content\/uploads\/2026\/08\/Ze-Maria-1024x658.webp\" load=\"lazy\" alt=\"No nos callar\u00e1n: ninguna voz por Palestina ser\u00e1 silenciada\"\/><\/a>    <\/div>\n    <div class=\"column\">\n        <div class=\"meta\">\n                        <a class=\"sup-category\" href=\"https:\/\/litci.org\/es\/category\/mundo\/latinoamerica\/brasil\/\">\n                Brasil            <\/a>\n        <\/div>\n        <a href=\"https:\/\/litci.org\/es\/no-nos-callaran-ninguna-voz-por-palestina-sera-silenciada\/\" title=\"No nos callar\u00e1n: ninguna voz por Palestina ser\u00e1 silenciada\" arial-label=\"No nos callar\u00e1n: ninguna voz por Palestina ser\u00e1 silenciada\">\n            <h4>No nos callar\u00e1n: ninguna voz por Palestina ser\u00e1 silenciada<\/h4>\n        <\/a>\n    <\/div>\n<\/article><article class=\"unit-05\">\n    <div class='column'>\n        <a class=\"featured-image-container\" href=\"https:\/\/litci.org\/es\/hay-senales-de-vida-en-el-cementerio-del-partido-democrata\/\" title=\"\u00bfHay se\u00f1ales de vida en el cementerio del Partido Dem\u00f3crata?\" aria-label=\"\u00bfHay se\u00f1ales de vida en el cementerio del Partido Dem\u00f3crata?\"><img decoding=\"async\" class=\"featured-image\" src=\"https:\/\/litci.org\/es\/wp-content\/uploads\/2026\/08\/EUA-3-1003x1024.jpg\" load=\"lazy\" alt=\"\u00bfHay se\u00f1ales de vida en el cementerio del Partido Dem\u00f3crata?\"\/><\/a>    <\/div>\n    <div class=\"column\">\n        <div class=\"meta\">\n                        <a class=\"sup-category\" href=\"https:\/\/litci.org\/es\/category\/mundo\/norteamerica\/estados-unidos\/\">\n                Estados Unidos            <\/a>\n        <\/div>\n        <a href=\"https:\/\/litci.org\/es\/hay-senales-de-vida-en-el-cementerio-del-partido-democrata\/\" title=\"\u00bfHay se\u00f1ales de vida en el cementerio del Partido Dem\u00f3crata?\" arial-label=\"\u00bfHay se\u00f1ales de vida en el cementerio del Partido Dem\u00f3crata?\">\n            <h4>\u00bfHay se\u00f1ales de vida en el cementerio del Partido Dem\u00f3crata?<\/h4>\n        <\/a>\n    <\/div>\n<\/article><article class=\"unit-05\">\n    <div class='column'>\n        <a class=\"featured-image-container\" href=\"https:\/\/litci.org\/es\/solidaridad-con-maksym-shumakov-basta-de-persecucion-a-los-activistas-independientes-en-ucrania\/\" title=\"Solidaridad con Maksym Shumakov: \u00a1Basta de persecuci\u00f3n a los activistas independientes en Ucrania!\" aria-label=\"Solidaridad con Maksym Shumakov: \u00a1Basta de persecuci\u00f3n a los activistas independientes en Ucrania!\"><img decoding=\"async\" class=\"featured-image\" src=\"https:\/\/litci.org\/es\/wp-content\/uploads\/2026\/08\/bc099fd31625caf271e6_1170x530_0_0_1_1-1024x464.jpg\" load=\"lazy\" alt=\"Solidaridad con Maksym Shumakov: \u00a1Basta de persecuci\u00f3n a los activistas independientes en Ucrania!\"\/><\/a>    <\/div>\n    <div class=\"column\">\n        <div class=\"meta\">\n                        <a class=\"sup-category\" href=\"https:\/\/litci.org\/es\/category\/mundo\/europa\/ucrania\/\">\n                Ucrania            <\/a>\n        <\/div>\n        <a href=\"https:\/\/litci.org\/es\/solidaridad-con-maksym-shumakov-basta-de-persecucion-a-los-activistas-independientes-en-ucrania\/\" title=\"Solidaridad con Maksym Shumakov: \u00a1Basta de persecuci\u00f3n a los activistas independientes en Ucrania!\" arial-label=\"Solidaridad con Maksym Shumakov: \u00a1Basta de persecuci\u00f3n a los activistas independientes en Ucrania!\">\n            <h4>Solidaridad con Maksym Shumakov: \u00a1Basta de persecuci\u00f3n a los activistas independientes en Ucrania!<\/h4>\n        <\/a>\n    <\/div>\n<\/article>                    <\/div>\n                <\/div>\n                <div class=\"column minor\">\n                    <article class=\"unit-06\">\n    <div class=\"column\">\n        <div class=\"meta\">\n                        <a class=\"sup-category\" href=\"https:\/\/litci.org\/es\/category\/mundo\/asia\/afganistan\/\">\n                Afganist\u00e1n            <\/a>\n        <\/div>\n        <a href=\"https:\/\/litci.org\/es\/afganistan-5-anos-despues-de-la-ocupacion\/\" title=\"Afganist\u00e1n, 5 a\u00f1os despu\u00e9s de la ocupaci\u00f3n\" arial-label=\"Afganist\u00e1n, 5 a\u00f1os despu\u00e9s de la ocupaci\u00f3n\">\n            <h4>Afganist\u00e1n, 5 a\u00f1os despu\u00e9s de la ocupaci\u00f3n<\/h4>\n        <\/a>\n    <\/div>\n<\/article><article class=\"unit-06\">\n    <div class=\"column\">\n        <div class=\"meta\">\n                        <a class=\"sup-category\" href=\"https:\/\/litci.org\/es\/category\/mundo\/latinoamerica\/colombia\/\">\n                Colombia            <\/a>\n        <\/div>\n        <a href=\"https:\/\/litci.org\/es\/atencion-urgente-a-las-victimas-y-plan-de-reconstruccion-bajo-control-obrero-y-popular\/\" title=\"Atenci\u00f3n urgente a las v\u00edctimas y plan de reconstrucci\u00f3n bajo control obrero y popular\" arial-label=\"Atenci\u00f3n urgente a las v\u00edctimas y plan de reconstrucci\u00f3n bajo control obrero y popular\">\n            <h4>Atenci\u00f3n urgente a las v\u00edctimas y plan de reconstrucci\u00f3n bajo control obrero y popular<\/h4>\n        <\/a>\n    <\/div>\n<\/article><article class=\"unit-06\">\n    <div class=\"column\">\n        <div class=\"meta\">\n                        <a class=\"sup-category\" href=\"https:\/\/litci.org\/es\/category\/mundo\/latinoamerica\/brasil\/\">\n                Brasil            <\/a>\n        <\/div>\n        <a href=\"https:\/\/litci.org\/es\/convencion-nacional-del-pstu-confirma-la-candidatura-de-hertz-dias-a-la-presidencia-de-la-republica\/\" title=\"Convenci\u00f3n Nacional del PSTU confirma la candidatura de Hertz Dias a la presidencia de la Rep\u00fablica\" arial-label=\"Convenci\u00f3n Nacional del PSTU confirma la candidatura de Hertz Dias a la presidencia de la Rep\u00fablica\">\n            <h4>Convenci\u00f3n Nacional del PSTU confirma la candidatura de Hertz Dias a la presidencia de la Rep\u00fablica<\/h4>\n        <\/a>\n    <\/div>\n<\/article><article class=\"unit-06\">\n    <div class=\"column\">\n        <div class=\"meta\">\n                        <a class=\"sup-category\" href=\"https:\/\/litci.org\/es\/category\/debates\/\">\n                Debates            <\/a>\n        <\/div>\n        <a href=\"https:\/\/litci.org\/es\/revisitar-syriza-un-debate-estrategico-para-el-marxismo-hoy\/\" title=\"Revisitar SYRIZA: un debate estrat\u00e9gico para el marxismo hoy\" arial-label=\"Revisitar SYRIZA: un debate estrat\u00e9gico para el marxismo hoy\">\n            <h4>Revisitar SYRIZA: un debate estrat\u00e9gico para el marxismo hoy<\/h4>\n        <\/a>\n    <\/div>\n<\/article><article class=\"unit-06\">\n    <div class=\"column\">\n        <div class=\"meta\">\n                        <a class=\"sup-category\" href=\"https:\/\/litci.org\/es\/category\/mundo\/latinoamerica\/peru\/\">\n                Per\u00fa            <\/a>\n        <\/div>\n        <a href=\"https:\/\/litci.org\/es\/liga-obrera-socialista-del-peru\/\" title=\"LIGA OBRERA SOCIALISTA DEL PERU\" arial-label=\"LIGA OBRERA SOCIALISTA DEL PERU\">\n            <h4>LIGA OBRERA SOCIALISTA DEL PERU<\/h4>\n        <\/a>\n    <\/div>\n<\/article><article class=\"unit-06\">\n    <div class=\"column\">\n        <div class=\"meta\">\n                        <a class=\"sup-category\" href=\"https:\/\/litci.org\/es\/category\/mundo\/norteamerica\/estados-unidos\/\">\n                Estados Unidos            <\/a>\n        <\/div>\n        <a href=\"https:\/\/litci.org\/es\/rosa-pepper-macias-un-mejor-camino-para-el-distrito-11-de-connecticut\/\" title=\"Rosa Pepper-Macias: Un mejor camino para el Distrito 11 de Connecticut\" arial-label=\"Rosa Pepper-Macias: Un mejor camino para el Distrito 11 de Connecticut\">\n            <h4>Rosa Pepper-Macias: Un mejor camino para el Distrito 11 de Connecticut<\/h4>\n        <\/a>\n    <\/div>\n<\/article>                <\/div>\n            <\/div>\n        <\/div>\n    <\/div>\n<\/section>\n\n<section class=\"video-block-03 video-section dark\">\n    <div class=\"container\">\n        <div class=\"block-header\">\n            <h3>V\u00eddeos<\/h3>\n            <a class=\"see-more\" href=\"https:\/\/litci.org\/es\/videos\">Vee m\u00e1s<\/a>\n        <\/div>\n    <\/div>\n    <div class=\"container\" style=\"margin-top:var(--gap)\">\n        <div class=\"video-grid\">\n                                <div class=\"video-item\" data-video=\"CkKOgM7ojCA\">\n                        <a href=\"https:\/\/www.youtube.com\/watch?v=CkKOgM7ojCA\" class=\"video-thumb\" style=\"background-image:url(&#039;https:\/\/i.ytimg.com\/vi\/CkKOgM7ojCA\/hqdefault.jpg&#039;)\" target=\"_blank\" rel=\"noopener\">\n                            <div class=\"icon\"><i class=\"material-icons\">play_circle_filled<\/i><\/div>\n                        <\/a>\n                        <div class=\"video-info\">\n                            <!--<span class=\"badge primary\"><\/span>-->\n                            <a href=\"https:\/\/www.youtube.com\/watch?v=CkKOgM7ojCA\" target=\"_blank\" rel=\"noopener\">\n                                <h3>O El Ni\u00f1o que matou 30 milh\u00f5es \u2014 clima, fome e imperialismo &#8211; EP #15<\/h3>\n                            <\/a>\n                            <span class=\"date\">01 Jul 2026<\/span>\n                            <!--<p class=\"description\">O super El Ni\u00f1o de 2026 j\u00e1 come\u00e7ou a preocupar cientistas do mundo inteiro. Mas voc\u00ea sabia que um super El Ni\u00f1o, em 1877, esteve por tr\u00e1s de uma das maiores trag\u00e9dias da hist\u00f3ria, com mais de 30 milh\u00f5es de mortos? E que, segundo o historiador Mike Davis, n\u00e3o foi o clima o principal respons\u00e1vel por essa cat\u00e1strofe?\n\nNeste epis\u00f3dio do Canal Ecologia Marxista, mostramos como a expans\u00e3o do imperialismo colonial transformou uma seca em um verdadeiro holocausto humano. A partir do livro Holocaustos Coloniais, explicamos como o dom\u00ednio brit\u00e2nico destruiu economias camponesas, exportou alimentos enquanto milh\u00f5es morriam de fome e aprofundou a vulnerabilidade diante dos eventos clim\u00e1ticos extremos. Tamb\u00e9m discutimos o que essa hist\u00f3ria nos ensina sobre a crise clim\u00e1tica atual, o capitalismo f\u00f3ssil e o super El Ni\u00f1o que pode marcar 2026. Uma an\u00e1lise essencial para compreender por que os desastres clim\u00e1ticos nunca s\u00e3o apenas \"naturais\".<\/p>-->\n                            <!--<p class=\"duration\">0<\/p>-->\n                        <\/div>\n                    <\/div>\n                                <div class=\"video-item\" data-video=\"Pui0lXlkho0\">\n                        <a href=\"https:\/\/www.youtube.com\/watch?v=Pui0lXlkho0\" class=\"video-thumb\" style=\"background-image:url(&#039;https:\/\/i.ytimg.com\/vi\/Pui0lXlkho0\/hqdefault.jpg&#039;)\" target=\"_blank\" rel=\"noopener\">\n                            <div class=\"icon\"><i class=\"material-icons\">play_circle_filled<\/i><\/div>\n                        <\/a>\n                        <div class=\"video-info\">\n                            <!--<span class=\"badge primary\"><\/span>-->\n                            <a href=\"https:\/\/www.youtube.com\/watch?v=Pui0lXlkho0\" target=\"_blank\" rel=\"noopener\">\n                                <h3>A\u00e7\u00e3o da \u00c1frica do Sul e fim de recursos \u00e0 UNRWA #3<\/h3>\n                            <\/a>\n                            <span class=\"date\">30 Jan 2024<\/span>\n                            <!--<p class=\"description\">Neste v\u00eddeo, discutimos a recente decis\u00e3o da Corte Internacional de Justi\u00e7a, que considerou v\u00e1lida a a\u00e7\u00e3o apresentada pela \u00c1frica do Sul contra Israel, acusando o Estado de genoc\u00eddio. A corte estabeleceu medidas provis\u00f3rias, exigindo que Israel prevenisse atos de genoc\u00eddio e garantisse acesso \u00e0 ajuda humanit\u00e1ria em Gaza. Apesar da aus\u00eancia do cessar-fogo imediato, a decis\u00e3o marca uma derrota pol\u00edtica para Israel, associando-o pela primeira vez ao termo genoc\u00eddio. O BDS considera isso uma vit\u00f3ria e apela \u00e0 press\u00e3o global para responsabilizar estados por sua cumplicidade hist\u00f3rica. Al\u00e9m disso, abordamos a suspens\u00e3o de financiamento \u00e0 ag\u00eancia de refugiados palestinos pela UNRWA, liderada pelos EUA. Junte-se a n\u00f3s na exig\u00eancia de mudan\u00e7as nas pol\u00edticas governamentais e na solidariedade internacional pela justi\u00e7a na Palestina.<\/p>-->\n                            <!--<p class=\"duration\">0<\/p>-->\n                        <\/div>\n                    <\/div>\n                                <div class=\"video-item\" data-video=\"vLWtbStkIV4\">\n                        <a href=\"https:\/\/www.youtube.com\/watch?v=vLWtbStkIV4\" class=\"video-thumb\" style=\"background-image:url(&#039;https:\/\/i.ytimg.com\/vi\/vLWtbStkIV4\/hqdefault.jpg&#039;)\" target=\"_blank\" rel=\"noopener\">\n                            <div class=\"icon\"><i class=\"material-icons\">play_circle_filled<\/i><\/div>\n                        <\/a>\n                        <div class=\"video-info\">\n                            <!--<span class=\"badge primary\"><\/span>-->\n                            <a href=\"https:\/\/www.youtube.com\/watch?v=vLWtbStkIV4\" target=\"_blank\" rel=\"noopener\">\n                                <h3>LIVE &#8211; TRUMP, A SITUA\u00c7\u00c3O NOS ESTADOS UNIDOS, A GUERRA NO IR\u00c3 E VENEZUELA HOJE<\/h3>\n                            <\/a>\n                            <span class=\"date\">06 Mar 2026<\/span>\n                            <!--<p class=\"description\">LIVE - TRUMP, A SITUA\u00c7\u00c3O NOS ESTADOS UNIDOS, A GUERRA NO IR\u00c3 E VENEZUELA HOJE<\/p>-->\n                            <!--<p class=\"duration\">0<\/p>-->\n                        <\/div>\n                    <\/div>\n                                <div class=\"video-item\" data-video=\"KiNwsmlNBKI\">\n                        <a href=\"https:\/\/www.youtube.com\/watch?v=KiNwsmlNBKI\" class=\"video-thumb\" style=\"background-image:url(&#039;https:\/\/i.ytimg.com\/vi\/KiNwsmlNBKI\/hqdefault.jpg&#039;)\" target=\"_blank\" rel=\"noopener\">\n                            <div class=\"icon\"><i class=\"material-icons\">play_circle_filled<\/i><\/div>\n                        <\/a>\n                        <div class=\"video-info\">\n                            <!--<span class=\"badge primary\"><\/span>-->\n                            <a href=\"https:\/\/www.youtube.com\/watch?v=KiNwsmlNBKI\" target=\"_blank\" rel=\"noopener\">\n                                <h3>Marea Roja por Palestina<\/h3>\n                            <\/a>\n                            <span class=\"date\">15 Jul 2025<\/span>\n                            <!--<p class=\"description\">El domingo 13 de julio pasado, en el centro de Buenos Aires, se realiz\u00f3 la Marea Roja por Palestina, una movilizaci\u00f3n de apoyo y solidaridad con el pueblo palestino y su lucha por recuperar su territorio hist\u00f3rico (\u201cdel r\u00edo al mar\u201d) usurpado por el estado sionista israel\u00ed con m\u00e9todos genocidas. La movilizaci\u00f3n fue numerosa y termin\u00f3 con un \u201cpa\u00f1uelazo\u201d en Plaza de Mayo, que se llen\u00f3 de pa\u00f1uelos rojos, de los tradicionales kefiy\u00e9 palestinos y de banderas palestinas. El PSTU impuls\u00f3 y particip\u00f3 activamente de esta movilizaci\u00f3n.\n(Agradecemos a ANRed por el video del pa\u00f1uelazo)<\/p>-->\n                            <!--<p class=\"duration\">0<\/p>-->\n                        <\/div>\n                    <\/div>\n                                <div class=\"video-item\" data-video=\"Q0BbGmJEfok\">\n                        <a href=\"https:\/\/www.youtube.com\/watch?v=Q0BbGmJEfok\" class=\"video-thumb\" style=\"background-image:url(&#039;https:\/\/i.ytimg.com\/vi\/Q0BbGmJEfok\/hqdefault.jpg&#039;)\" target=\"_blank\" rel=\"noopener\">\n                            <div class=\"icon\"><i class=\"material-icons\">play_circle_filled<\/i><\/div>\n                        <\/a>\n                        <div class=\"video-info\">\n                            <!--<span class=\"badge primary\"><\/span>-->\n                            <a href=\"https:\/\/www.youtube.com\/watch?v=Q0BbGmJEfok\" target=\"_blank\" rel=\"noopener\">\n                                <h3>AGUARDE, THIAGO BRAGA&#8230;<\/h3>\n                            <\/a>\n                            <span class=\"date\">30 Aug 2026<\/span>\n                            <!--<p class=\"description\">Gustavo Machado d\u00e1 um gostinho dos assuntos que ser\u00e3o abordados no pr\u00f3ximo v\u00eddeo desmascarando o livro Mitologia Sovi\u00e9tica, dessa vez respondendo diretamente ao conte\u00fado do pol\u00eamico livro escrito por Thiago Braga. \n\nO v\u00eddeo estar\u00e1 dispon\u00edvel no Domingo dia 30.\n____________________________________________________\nV\u00eddeo sugerido: \nINFELIZMENTE LI O LIVRO DO THIAGO BRAGA | EP #266\nhttps:\/\/www.youtube.com\/watch?v=OdqI_WTZEew\n\nDESMASCARANDO O LIVRO DO THIAGO BRAGA | EP #271\nhttps:\/\/www.youtube.com\/watch?v=WaspctQlbNk\n\nTHIAGO BRAGA E A UFOLOGIA | EP #274\nhttps:\/\/youtu.be\/mUIzhuwyZOQ\n\n____________________________________________________\nADQUIRA:\n\u27a1 ANU\u00c1RIO ESTAT\u00cdSTICO DO ILAESE :\nhttps:\/\/editorasundermann.com.br\/produto\/ilaese-anuario-estatistico-2025-trabalho-e-exploracao\/\n\u27a1  LIVRO MARX E A FILOSOFIA: \nhttps:\/\/editorasundermann.com.br\/produto\/marx-e-a-filosofia-tomos-i-e-ii-pre-venda-envios-a-partir-de-02-12-2025\/\n\u27a1 LIVRO MARX E A HIST\u00d3RIA: \nhttps:\/\/editorasundermann.com.br\/produto\/marx-e-a-historia\/\n____________________________________________________\nSEJA MEMBRO e apoie o canal. Bot\u00e3o ADERIR acima ou: \n\u27a1 https:\/\/www.youtube.com\/channel\/UCRLEkZpNRoZQBG8kUTBD8vQ\/join\n\nV\u00eddeo sobre ser membro do canal:\n\u27a1 https:\/\/www.youtube.com\/watch?v=drvou-obBVU\n____________________________________________________\nSiga as p\u00e1ginas do canal Orienta\u00e7\u00e3o Marxista nas Redes Sociais\n\n\u24d5 FACEBOOK:    https:\/\/www.facebook.com\/Orienta\u00e7\u00e3o-Marxista-111673690190915\n\ud835\udd4f TWITTER (X):       https:\/\/x.com\/orient_marxista\n\ud83d\udcf7 INSTAGRAM: https:\/\/www.instagram.com\/orient.marxista\n____________________________________________________\nLeia o portal Opini\u00e3o Socialista:\n\u27a1 https:\/\/www.opiniaosocialista.com.br\/<\/p>-->\n                            <!--<p class=\"duration\">0<\/p>-->\n                        <\/div>\n                    <\/div>\n                                <div class=\"video-item\" data-video=\"-0lVumoZnz4\">\n                        <a href=\"https:\/\/www.youtube.com\/watch?v=-0lVumoZnz4\" class=\"video-thumb\" style=\"background-image:url(&#039;https:\/\/i.ytimg.com\/vi\/-0lVumoZnz4\/hqdefault.jpg&#039;)\" target=\"_blank\" rel=\"noopener\">\n                            <div class=\"icon\"><i class=\"material-icons\">play_circle_filled<\/i><\/div>\n                        <\/a>\n                        <div class=\"video-info\">\n                            <!--<span class=\"badge primary\"><\/span>-->\n                            <a href=\"https:\/\/www.youtube.com\/watch?v=-0lVumoZnz4\" target=\"_blank\" rel=\"noopener\">\n                                <h3>A BOL\u00cdVIA SAIU DO CONTROLE? Entrevista com Melina Apaza<\/h3>\n                            <\/a>\n                            <span class=\"date\">29 Jul 2026<\/span>\n                            <!--<p class=\"description\">Por mais de 50 dias os trabalhadores, camponeses e a juventude da Bol\u00edvia paralisaram o pa\u00eds frente as pol\u00edticas de austeridade do governo Rodrigo Paz. \n\nNesse v\u00eddeo, entrevistamos a ativista Melina Apaza, uma das dirigentes do Movimento de Mulheres Domitilia Barrios de Chungara, que reflete a situa\u00e7\u00e3o pol\u00edtica do pa\u00eds, a participa\u00e7\u00e3o feminina nas mobiliza\u00e7\u00f5es e os pr\u00f3ximos passos da luta, ap\u00f3s a trai\u00e7\u00e3o da COB (Central Oper\u00e1ria Boliviana).<\/p>-->\n                            <!--<p class=\"duration\">0<\/p>-->\n                        <\/div>\n                    <\/div>\n                                <div class=\"video-item\" data-video=\"KCR-Aq3n2n0\">\n                        <a href=\"https:\/\/www.youtube.com\/watch?v=KCR-Aq3n2n0\" class=\"video-thumb\" style=\"background-image:url(&#039;https:\/\/i.ytimg.com\/vi\/KCR-Aq3n2n0\/hqdefault.jpg&#039;)\" target=\"_blank\" rel=\"noopener\">\n                            <div class=\"icon\"><i class=\"material-icons\">play_circle_filled<\/i><\/div>\n                        <\/a>\n                        <div class=\"video-info\">\n                            <!--<span class=\"badge primary\"><\/span>-->\n                            <a href=\"https:\/\/www.youtube.com\/watch?v=KCR-Aq3n2n0\" target=\"_blank\" rel=\"noopener\">\n                                <h3>A importa\u0302ncia universal da Revoluc\u0327a\u0303o de 1905<\/h3>\n                            <\/a>\n                            <span class=\"date\">07 Feb 2026<\/span>\n                            <!--<p class=\"description\">Neste epis\u00f3dio, exploramos como a Revolu\u00e7\u00e3o de 1905 antecipou uma nova era de guerras e revolu\u00e7\u00f5es, revelou a trai\u00e7\u00e3o da burguesia e viu o proletariado assumir pela primeira vez a lideran\u00e7a de uma revolu\u00e7\u00e3o democr\u00e1tica.\n \nEntenda o surgimento dos Sovietes, o poder da greve pol\u00edtica de massas e as li\u00e7\u00f5es que forjaram o caminho at\u00e9 1917. Uma an\u00e1lise essencial para quem quer compreender a luta de classes e a teoria revolucion\u00e1ria!\n\n\nBaixe o e-book do epis\u00f3dio em portugu\u00eas:\nhttps:\/\/drive.google.com\/drive\/folders\/1wg0PYMynnj_a2p72GTIkFD-6uZkAWo_x?usp=drive_link\n\nBaixe o e-book do epis\u00f3dio em espanhol:\nhttps:\/\/drive.google.com\/drive\/folders\/1HPVS-_OceQlXvDdFYOtk8GiubXS_udyY?usp=sharing\n\nEntre no nosso Grupo do Whatsapp:\nhttps:\/\/chat.whatsapp.com\/F11x83gwU0X66Jx7PzRcLq<\/p>-->\n                            <!--<p class=\"duration\">0<\/p>-->\n                        <\/div>\n                    <\/div>\n                                <div class=\"video-item\" data-video=\"-kmzQxA_3Oo\">\n                        <a href=\"https:\/\/www.youtube.com\/watch?v=-kmzQxA_3Oo\" class=\"video-thumb\" style=\"background-image:url(&#039;https:\/\/i.ytimg.com\/vi\/-kmzQxA_3Oo\/hqdefault.jpg&#039;)\" target=\"_blank\" rel=\"noopener\">\n                            <div class=\"icon\"><i class=\"material-icons\">play_circle_filled<\/i><\/div>\n                        <\/a>\n                        <div class=\"video-info\">\n                            <!--<span class=\"badge primary\"><\/span>-->\n                            <a href=\"https:\/\/www.youtube.com\/watch?v=-kmzQxA_3Oo\" target=\"_blank\" rel=\"noopener\">\n                                <h3>Faria Lima, fac\u00e7\u00f5es e c\u00fapula das pol\u00edcias<\/h3>\n                            <\/a>\n                            <span class=\"date\">02 Sep 2026<\/span>\n                            <!--<p class=\"description\">O crime n\u00e3o t\u00e1 s\u00f3 na favela. Pol\u00edticos corruptos, Faria Lima e PM est\u00e3o envolvidos. E o sistema alimenta a as ra\u00edzes da viol\u00eancia e da inseguran\u00e7a que vivemos todos os dias.<\/p>-->\n                            <!--<p class=\"duration\">0<\/p>-->\n                        <\/div>\n                    <\/div>\n                    <\/div>\n    <\/div>\n<\/section>\n\n<section style=\"background-color:\n    #eaeaea\" class=\"\">\n    <div class=\"container\" style=\"gap: 24px\">\n        <div class=\"column\">\n            <div class=\"block-header\">\n                                    <h3>Teor\u00eda<\/h3>\n                                    <a class=\"see-more\" href=\"https:\/\/litci.org\/es\/category\/teoria\/\">Vee m\u00e1s<\/a>\n                            <\/div>\n            <div class=\"block-06 main\">\n                <a href=\"https:\/\/litci.org\/es\/a-86-anos-del-asesinato-de-trotsky\/\" title=\"A 86 a\u00f1os del asesinato de Trotsky\" arial-label=\"A 86 a\u00f1os del asesinato de Trotsky\" style=\"width:100%\">\n    <article class=\"unit-03\">\n        <img decoding=\"async\" class=\"featured-image-container\" src=\"https:\/\/litci.org\/es\/wp-content\/uploads\/2026\/08\/WhatsApp-Image-2026-08-20-at-10.40.11-819x1024.jpeg\"\/>\n        <div class=\"info\">\n            <h3>A 86 a\u00f1os del asesinato de Trotsky<\/h3>\n            <div class=\"excerpt\">El 21 de agosto de 1940, Le\u00f3n Trotsky, dirigente de la Revoluci\u00f3n Rusa de 1917, mor\u00eda por el golpe de Ram\u00f3n Mercader, un agente de la GPU, la polic\u00eda pol\u00edtica de la Uni\u00f3n Sovi\u00e9tica, bajo las \u00f3rdenes del dictador Joseph Stalin. Terminaba, as\u00ed, la m\u00e1s encarnizada persecuci\u00f3n de la burocracia del Estado sovi\u00e9tico al principal [&hellip;]<\/div>\n            <div class=\"meta\">\n                            <span class=\"sup-category\" >Historia<\/span>\n                <p class=\"post-date\">20 de ago de 2026<\/p>\n            <\/div>\n        <\/div>\n\n    <\/article>\n<\/a>\n            <\/div>\n            <div class=\"block-06 minor\">\n                <article class=\"unit-04\">\n    <div class='column'>\n        <a class=\"featured-image-container\" href=\"https:\/\/litci.org\/es\/presentacion-marxismo-vivo-22\/\" title=\"Presentaci\u00f3n Marxismo vivo 22\" aria-label=\"Presentaci\u00f3n Marxismo vivo 22\"><img decoding=\"async\" class=\"featured-image\" src=\"https:\/\/litci.org\/es\/wp-content\/uploads\/2026\/07\/Captura-de-pantalla-2026-07-01-183618.png\" load=\"lazy\" alt=\"Presentaci\u00f3n Marxismo vivo 22\"\/><\/a>    <\/div>\n    <div class=\"column\">\n        <a href=\"https:\/\/litci.org\/es\/presentacion-marxismo-vivo-22\/\" title=\"Presentaci\u00f3n Marxismo vivo 22\" arial-label=\"Presentaci\u00f3n Marxismo vivo 22\">\n            <h4>Presentaci\u00f3n Marxismo vivo 22<\/h4>\n        <\/a>\n        <div class=\"meta\">\n                        <a class=\"sup-category\" href=\"https:\/\/litci.org\/es\/category\/teoria\/revista-marxismo-vivo\/\">\n                Revista Marxismo Vivo            <\/a>\n            <p class=\"post-date\">01 de jul de 2026<\/p>\n        <\/div>\n    <\/div>\n<\/article><article class=\"unit-04\">\n    <div class='column'>\n        <a class=\"featured-image-container\" href=\"https:\/\/litci.org\/es\/107-anos-sin-yakov-sverdlov-el-gran-organizador-del-partido-bolchevique\/\" title=\"107 a\u00f1os sin Y\u00e1kov Sverdlov, el gran organizador del Partido bolchevique\" aria-label=\"107 a\u00f1os sin Y\u00e1kov Sverdlov, el gran organizador del Partido bolchevique\"><img decoding=\"async\" class=\"featured-image\" src=\"https:\/\/litci.org\/es\/wp-content\/uploads\/2026\/03\/yakov-sverdlov-1024x596.jpeg\" load=\"lazy\" alt=\"107 a\u00f1os sin Y\u00e1kov Sverdlov, el gran organizador del Partido bolchevique\"\/><\/a>    <\/div>\n    <div class=\"column\">\n        <a href=\"https:\/\/litci.org\/es\/107-anos-sin-yakov-sverdlov-el-gran-organizador-del-partido-bolchevique\/\" title=\"107 a\u00f1os sin Y\u00e1kov Sverdlov, el gran organizador del Partido bolchevique\" arial-label=\"107 a\u00f1os sin Y\u00e1kov Sverdlov, el gran organizador del Partido bolchevique\">\n            <h4>107 a\u00f1os sin Y\u00e1kov Sverdlov, el gran organizador del Partido bolchevique<\/h4>\n        <\/a>\n        <div class=\"meta\">\n                        <a class=\"sup-category\" href=\"https:\/\/litci.org\/es\/category\/teoria\/\">\n                TEOR\u00cdA            <\/a>\n            <p class=\"post-date\">20 de mar de 2026<\/p>\n        <\/div>\n    <\/div>\n<\/article>            <\/div>\n        <\/div>\n        <div class=\"column\">\n            <div class=\"block-header\">\n                                    <h3>Marxismo Vivo<\/h3>\n                                    <a class=\"see-more\" href=\"https:\/\/litci.org\/es\/category\/teoria\/revista-marxismo-vivo\/\">Vee m\u00e1s<\/a>\n                            <\/div>\n            <div class=\"block-06 main\">\n                <a href=\"https:\/\/litci.org\/es\/presentacion-marxismo-vivo-22\/\" title=\"Presentaci\u00f3n Marxismo vivo 22\" arial-label=\"Presentaci\u00f3n Marxismo vivo 22\" style=\"width:100%\">\n    <article class=\"unit-03\">\n        <img decoding=\"async\" class=\"featured-image-container\" src=\"https:\/\/litci.org\/es\/wp-content\/uploads\/2026\/07\/Captura-de-pantalla-2026-07-01-183618.png\"\/>\n        <div class=\"info\">\n            <h3>Presentaci\u00f3n Marxismo vivo 22<\/h3>\n            <div class=\"excerpt\">Una revista para militantes y activistas conscientes de que \u00absin teor\u00eda revolucionaria no hay movimiento revolucionario\u00bb. La teor\u00eda a la que se refer\u00eda Lenin en esta famosa frase era el marxismo, y el significado de esa afirmaci\u00f3n es que la conciencia socialista, es decir, en definitiva, la conciencia de la necesidad de romper el Estado [&hellip;]<\/div>\n            <div class=\"meta\">\n                            <span class=\"sup-category\" >Revista Marxismo Vivo<\/span>\n                <p class=\"post-date\">01 de jul de 2026<\/p>\n            <\/div>\n        <\/div>\n\n    <\/article>\n<\/a>\n            <\/div>\n            <div class=\"block-06 minor\">\n                <article class=\"unit-04\">\n    <div class='column'>\n        <a class=\"featured-image-container\" href=\"https:\/\/litci.org\/es\/salio-marxismo-vivo-crisis-del-orden-mundial-y-lucha-interimperialista\/\" title=\"\u00a1Sali\u00f3 Marxismo Vivo! Crisis del orden mundial y lucha interimperialista\" aria-label=\"\u00a1Sali\u00f3 Marxismo Vivo! Crisis del orden mundial y lucha interimperialista\"><img decoding=\"async\" class=\"featured-image\" src=\"https:\/\/litci.org\/es\/wp-content\/uploads\/2025\/05\/Captura-de-Pantalla-2025-05-24-a-las-12.41.53-p.-m-726x1024.png\" load=\"lazy\" alt=\"\u00a1Sali\u00f3 Marxismo Vivo! Crisis del orden mundial y lucha interimperialista\"\/><\/a>    <\/div>\n    <div class=\"column\">\n        <a href=\"https:\/\/litci.org\/es\/salio-marxismo-vivo-crisis-del-orden-mundial-y-lucha-interimperialista\/\" title=\"\u00a1Sali\u00f3 Marxismo Vivo! Crisis del orden mundial y lucha interimperialista\" arial-label=\"\u00a1Sali\u00f3 Marxismo Vivo! Crisis del orden mundial y lucha interimperialista\">\n            <h4>\u00a1Sali\u00f3 Marxismo Vivo! Crisis del orden mundial y lucha interimperialista<\/h4>\n        <\/a>\n        <div class=\"meta\">\n                        <a class=\"sup-category\" href=\"https:\/\/litci.org\/es\/category\/teoria\/revista-marxismo-vivo\/\">\n                Revista Marxismo Vivo            <\/a>\n            <p class=\"post-date\">24 de mai de 2025<\/p>\n        <\/div>\n    <\/div>\n<\/article><article class=\"unit-04\">\n    <div class='column'>\n        <a class=\"featured-image-container\" href=\"https:\/\/litci.org\/es\/marxismo-vivo-se-renueva-la-teoria-como-instrumento-para-la-lucha-revolucionaria\/\" title=\"Marxismo Vivo se renueva: La teor\u00eda como instrumento para la lucha revolucionaria\" aria-label=\"Marxismo Vivo se renueva: La teor\u00eda como instrumento para la lucha revolucionaria\"><img decoding=\"async\" class=\"featured-image\" src=\"https:\/\/litci.org\/es\/wp-content\/uploads\/2024\/10\/WhatsApp-Image-2024-10-28-at-5.26.36-PM-1-724x1024.jpeg\" load=\"lazy\" alt=\"Marxismo Vivo se renueva: La teor\u00eda como instrumento para la lucha revolucionaria\"\/><\/a>    <\/div>\n    <div class=\"column\">\n        <a href=\"https:\/\/litci.org\/es\/marxismo-vivo-se-renueva-la-teoria-como-instrumento-para-la-lucha-revolucionaria\/\" title=\"Marxismo Vivo se renueva: La teor\u00eda como instrumento para la lucha revolucionaria\" arial-label=\"Marxismo Vivo se renueva: La teor\u00eda como instrumento para la lucha revolucionaria\">\n            <h4>Marxismo Vivo se renueva: La teor\u00eda como instrumento para la lucha revolucionaria<\/h4>\n        <\/a>\n        <div class=\"meta\">\n                        <a class=\"sup-category\" href=\"https:\/\/litci.org\/es\/category\/teoria\/revista-marxismo-vivo\/\">\n                Revista Marxismo Vivo            <\/a>\n            <p class=\"post-date\">04 de nov de 2024<\/p>\n        <\/div>\n    <\/div>\n<\/article>            <\/div>\n        <\/div>\n    <\/div>\n<\/section>\n\n<section style=\"background-color:\n    inherit\" class=\"\">\n    <div class=\"container\">\n        <div class=\"column\">\n            <div class=\"block-header\">\n                                    <h3>Correo Internacional<\/h3>\n                                    <a class=\"see-more\" href=\"https:\/\/litci.org\/es\/category\/lit-ci-y-partidos\/publicaciones\/correo-internacional\/\">Vee m\u00e1s<\/a>\n                            <\/div>\n            <div class=\"block-05\">\n                <div class=\"featured\">\n                    <a href=\"https:\/\/litci.org\/es\/descarga-el-correo-internacional-especial-bolivia\/\" title=\"Descarga el Correo Internacional ESPECIAL BOLIVIA\" arial-label=\"Descarga el Correo Internacional ESPECIAL BOLIVIA\" style=\"width:100%\">\n    <article class=\"unit-03\">\n        <img decoding=\"async\" class=\"featured-image-container\" src=\"https:\/\/litci.org\/es\/wp-content\/uploads\/2026\/06\/flyer-correo-819x1024.png\"\/>\n        <div class=\"info\">\n            <h3>Descarga el Correo Internacional ESPECIAL BOLIVIA<\/h3>\n            <div class=\"excerpt\"><\/div>\n            <div class=\"meta\">\n                            <span class=\"sup-category\" >Bolivia<\/span>\n                <p class=\"post-date\">24 de jun de 2026<\/p>\n            <\/div>\n        <\/div>\n\n    <\/article>\n<\/a>\n                <\/div>\n                <div class=\"grid\">\n                    <article class=\"unit-04\">\n    <div class='column'>\n        <a class=\"featured-image-container\" href=\"https:\/\/litci.org\/es\/descarga-el-correo-internacional-28\/\" title=\"Descarga el Correo internacional 28\" aria-label=\"Descarga el Correo internacional 28\"><img decoding=\"async\" class=\"featured-image\" src=\"https:\/\/litci.org\/es\/wp-content\/uploads\/2026\/03\/WhatsApp-Image-2026-03-11-at-11.41.17-773x1024.jpeg\" load=\"lazy\" alt=\"Descarga el Correo internacional 28\"\/><\/a>    <\/div>\n    <div class=\"column\">\n        <a href=\"https:\/\/litci.org\/es\/descarga-el-correo-internacional-28\/\" title=\"Descarga el Correo internacional 28\" arial-label=\"Descarga el Correo internacional 28\">\n            <h4>Descarga el Correo internacional 28<\/h4>\n        <\/a>\n        <div class=\"meta\">\n                        <a class=\"sup-category\" href=\"https:\/\/litci.org\/es\/category\/lit-ci-y-partidos\/publicaciones\/correo-internacional\/\">\n                Correo Internacional            <\/a>\n            <p class=\"post-date\">11 de mar de 2026<\/p>\n        <\/div>\n    <\/div>\n<\/article><article class=\"unit-04\">\n    <div class='column'>\n        <a class=\"featured-image-container\" href=\"https:\/\/litci.org\/es\/editorial-correo-internacional\/\" title=\"Editorial Correo Internacional\" aria-label=\"Editorial Correo Internacional\"><img decoding=\"async\" class=\"featured-image\" src=\"https:\/\/litci.org\/es\/wp-content\/uploads\/2026\/02\/ES-683x228-2.png\" load=\"lazy\" alt=\"Editorial Correo Internacional\"\/><\/a>    <\/div>\n    <div class=\"column\">\n        <a href=\"https:\/\/litci.org\/es\/editorial-correo-internacional\/\" title=\"Editorial Correo Internacional\" arial-label=\"Editorial Correo Internacional\">\n            <h4>Editorial Correo Internacional<\/h4>\n        <\/a>\n        <div class=\"meta\">\n                        <a class=\"sup-category\" href=\"https:\/\/litci.org\/es\/category\/lit-ci-y-partidos\/publicaciones\/correo-internacional\/\">\n                Correo Internacional            <\/a>\n            <p class=\"post-date\">12 de fev de 2026<\/p>\n        <\/div>\n    <\/div>\n<\/article><article class=\"unit-04\">\n    <div class='column'>\n        <a class=\"featured-image-container\" href=\"https:\/\/litci.org\/es\/intervencionismo-norteamericano-en-venezuela-control-politico-y-sed-de-petroleo-2\/\" title=\"Intervencionismo norteamericano en Venezuela, control pol\u00edtico y sed de petr\u00f3leo\" aria-label=\"Intervencionismo norteamericano en Venezuela, control pol\u00edtico y sed de petr\u00f3leo\"><img decoding=\"async\" class=\"featured-image\" src=\"https:\/\/litci.org\/es\/wp-content\/uploads\/2026\/02\/IMG_0635-1024x576.jpeg\" load=\"lazy\" alt=\"Intervencionismo norteamericano en Venezuela, control pol\u00edtico y sed de petr\u00f3leo\"\/><\/a>    <\/div>\n    <div class=\"column\">\n        <a href=\"https:\/\/litci.org\/es\/intervencionismo-norteamericano-en-venezuela-control-politico-y-sed-de-petroleo-2\/\" title=\"Intervencionismo norteamericano en Venezuela, control pol\u00edtico y sed de petr\u00f3leo\" arial-label=\"Intervencionismo norteamericano en Venezuela, control pol\u00edtico y sed de petr\u00f3leo\">\n            <h4>Intervencionismo norteamericano en Venezuela, control pol\u00edtico y sed de petr\u00f3leo<\/h4>\n        <\/a>\n        <div class=\"meta\">\n                        <a class=\"sup-category\" href=\"https:\/\/litci.org\/es\/category\/lit-ci-y-partidos\/publicaciones\/correo-internacional\/\">\n                Correo Internacional            <\/a>\n            <p class=\"post-date\">11 de fev de 2026<\/p>\n        <\/div>\n    <\/div>\n<\/article>                <\/div>\n            <\/div>\n        <\/div>\n    <\/div>\n<\/section>\n\n<section>\n    <div class=\"container\">\n        <div class=\"column\">\n            <a class=\"ads\" href=\"https:\/\/marxismovivo.litci.org\/revista-marxismo-vivo-nova-epoca-espanol-n-22\/\">\n                <picture>\n                    <source media=\"(max-width: 768px)\" srcset=\"http:\/\/litci.org\/es\/wp-content\/uploads\/2026\/07\/banner-small-es.png\">\n                    <source media=\"(min-width: 769px)\" srcset=\"http:\/\/litci.org\/es\/wp-content\/uploads\/2026\/07\/banner-large-es.png\">\n                    <img decoding=\"async\" src=\"http:\/\/litci.org\/es\/wp-content\/uploads\/2026\/07\/banner-large-es.png\" alt=\"\" loading=\"lazy\">\n                <\/picture>\n            <\/a>\n        <\/div>\n    <\/div>\n<\/section>\n\n<section style=\"background-color:\n    inherit\" class=\"\">\n    <div class=\"container\">\n        <div class=\"column\">\n            <div class=\"block-header\">\n                                    <h3>Especial Palestina<\/h3>\n                                    <a class=\"see-more\" href=\"https:\/\/litci.org\/es\/category\/especial\/especial-palestina\/\">Vee m\u00e1s<\/a>\n                            <\/div>\n            <div class=\"block-02\">\n                <article class=\"unit-02\">\n    <div class='column'>\n        <a class=\"featured-image-container\" href=\"https:\/\/litci.org\/es\/el-futuro-del-libano-y-el-impasse-en-el-golfo\/\" title=\"El futuro del L\u00edbano y el impasse en el Golfo\" aria-label=\"El futuro del L\u00edbano y el impasse en el Golfo\"><img decoding=\"async\" class=\"featured-image\" src=\"https:\/\/litci.org\/es\/wp-content\/uploads\/2026\/05\/jhoilkb.png\" load=\"lazy\" alt=\"El futuro del L\u00edbano y el impasse en el Golfo\"\/><\/a>    <\/div>\n    <div class=\"column\">\n        <a href=\"https:\/\/litci.org\/es\/el-futuro-del-libano-y-el-impasse-en-el-golfo\/\" title=\"El futuro del L\u00edbano y el impasse en el Golfo\" arial-label=\"Inicio\">\n            <h3>El futuro del L\u00edbano y el impasse en el Golfo<\/h3>\n        <\/a>\n        <div class=\"excerpt\">Desde el 2 de marzo, el Estado de Israel se ha dedicado a promover ataques devastadores contra el L\u00edbano, en particular contra la regi\u00f3n sur y el sur de Beirut. Ya son m\u00e1s de 3.100 muertos, m\u00e1s de un mill\u00f3n de desplazados y muchas zonas devastadas. \u00bfHasta d\u00f3nde llegar\u00e1 Israel? Por: Fabio Bosco Para entender [&hellip;]<\/div>\n        <div class=\"meta\">\n                        <a class=\"sup-category\" href=\"https:\/\/litci.org\/es\/category\/especial\/especial-palestina\/\">\n                Especial Palestina            <\/a>\n            <p class=\"post-date\">29 de mai de 2026<\/p>\n        <\/div>\n    <\/div>\n<\/article><article class=\"unit-02\">\n    <div class='column'>\n        <a class=\"featured-image-container\" href=\"https:\/\/litci.org\/es\/ben-gvir-no-es-una-excepcion-es-una-cara-del-estado-sionista-donde-la-tortura-es-la-regla\/\" title=\"Ben-Gvir no es una excepci\u00f3n, es una cara del Estado sionista donde la tortura es la regla\" aria-label=\"Ben-Gvir no es una excepci\u00f3n, es una cara del Estado sionista donde la tortura es la regla\"><img decoding=\"async\" class=\"featured-image\" src=\"https:\/\/litci.org\/es\/wp-content\/uploads\/2026\/05\/lugguijhkl.png\" load=\"lazy\" alt=\"Ben-Gvir no es una excepci\u00f3n, es una cara del Estado sionista donde la tortura es la regla\"\/><\/a>    <\/div>\n    <div class=\"column\">\n        <a href=\"https:\/\/litci.org\/es\/ben-gvir-no-es-una-excepcion-es-una-cara-del-estado-sionista-donde-la-tortura-es-la-regla\/\" title=\"Ben-Gvir no es una excepci\u00f3n, es una cara del Estado sionista donde la tortura es la regla\" arial-label=\"Inicio\">\n            <h3>Ben-Gvir no es una excepci\u00f3n, es una cara del Estado sionista donde la tortura es la regla<\/h3>\n        <\/a>\n        <div class=\"excerpt\">Abominable. Inaceptable. Despreciable. Deplorable. Inadmisible. B\u00e1rbaro. Degradante. Intolerable. Estos fueron algunos de los adjetivos indignados pronunciados por gobiernos de todo el mundo en la condena global al exhibicionismo macabro realizado por el ministro sionista Ben-Gvir contra los activistas internacionales de la Flotilla Global Sumud, que ocup\u00f3 los titulares el pasado 20 de mayo. Pero, a [&hellip;]<\/div>\n        <div class=\"meta\">\n                        <a class=\"sup-category\" href=\"https:\/\/litci.org\/es\/category\/especial\/especial-palestina\/\">\n                Especial Palestina            <\/a>\n            <p class=\"post-date\">22 de mai de 2026<\/p>\n        <\/div>\n    <\/div>\n<\/article><article class=\"unit-02\">\n    <div class='column'>\n        <a class=\"featured-image-container\" href=\"https:\/\/litci.org\/es\/que-significa-el-apoyo-incondicional-a-la-lucha-de-liberacion-palestina-y-como-defenderlo-dentro-de-la-democracia-burguesa\/\" title=\"\u00bfQu\u00e9 significa el apoyo incondicional a la lucha de liberaci\u00f3n palestina (y c\u00f3mo defenderlo dentro de la democracia burguesa)?\" aria-label=\"\u00bfQu\u00e9 significa el apoyo incondicional a la lucha de liberaci\u00f3n palestina (y c\u00f3mo defenderlo dentro de la democracia burguesa)?\"><img decoding=\"async\" class=\"featured-image\" src=\"https:\/\/litci.org\/es\/wp-content\/uploads\/2026\/05\/Palestina-1-1024x688.png\" load=\"lazy\" alt=\"\u00bfQu\u00e9 significa el apoyo incondicional a la lucha de liberaci\u00f3n palestina (y c\u00f3mo defenderlo dentro de la democracia burguesa)?\"\/><\/a>    <\/div>\n    <div class=\"column\">\n        <a href=\"https:\/\/litci.org\/es\/que-significa-el-apoyo-incondicional-a-la-lucha-de-liberacion-palestina-y-como-defenderlo-dentro-de-la-democracia-burguesa\/\" title=\"\u00bfQu\u00e9 significa el apoyo incondicional a la lucha de liberaci\u00f3n palestina (y c\u00f3mo defenderlo dentro de la democracia burguesa)?\" arial-label=\"Inicio\">\n            <h3>\u00bfQu\u00e9 significa el apoyo incondicional a la lucha de liberaci\u00f3n palestina (y c\u00f3mo defenderlo dentro de la democracia burguesa)?<\/h3>\n        <\/a>\n        <div class=\"excerpt\">En los \u00faltimos tres a\u00f1os hemos asistido a una intensificaci\u00f3n de la criminalizaci\u00f3n del movimiento de solidaridad con Palestina a escala internacional. Esta ofensiva no se limita a los centros imperialistas occidentales: tambi\u00e9n avanza en pa\u00edses como Brasil y Argentina, donde los gobiernos, los parlamentos y las instituciones han venido adoptando medidas represivas \u2014desde la [&hellip;]<\/div>\n        <div class=\"meta\">\n                        <a class=\"sup-category\" href=\"https:\/\/litci.org\/es\/category\/especial\/especial-palestina\/\">\n                Especial Palestina            <\/a>\n            <p class=\"post-date\">16 de mai de 2026<\/p>\n        <\/div>\n    <\/div>\n<\/article><article class=\"unit-02\">\n    <div class='column'>\n        <a class=\"featured-image-container\" href=\"https:\/\/litci.org\/es\/la-criminalizacion-de-la-solidaridad-con-el-pueblo-palestino\/\" title=\"La criminalizaci\u00f3n de la solidaridad con el pueblo palestino\" aria-label=\"La criminalizaci\u00f3n de la solidaridad con el pueblo palestino\"><img decoding=\"async\" class=\"featured-image\" src=\"https:\/\/litci.org\/es\/wp-content\/uploads\/2026\/05\/Captura-de-tela_13-5-2026_113827_litci.org_.jpeg\" load=\"lazy\" alt=\"La criminalizaci\u00f3n de la solidaridad con el pueblo palestino\"\/><\/a>    <\/div>\n    <div class=\"column\">\n        <a href=\"https:\/\/litci.org\/es\/la-criminalizacion-de-la-solidaridad-con-el-pueblo-palestino\/\" title=\"La criminalizaci\u00f3n de la solidaridad con el pueblo palestino\" arial-label=\"Inicio\">\n            <h3>La criminalizaci\u00f3n de la solidaridad con el pueblo palestino<\/h3>\n        <\/a>\n        <div class=\"excerpt\">El precio de decir \u00abPalestina libre\u00bb Introducci\u00f3n: La nueva frontera de la represi\u00f3n pol\u00edtica En los \u00faltimos a\u00f1os, especialmente entre 2022 y 2026, el mundo occidental ha sido testigo de un fen\u00f3meno que trasciende el debate t\u00e9cnico-jur\u00eddico: la promoci\u00f3n de una nueva definici\u00f3n de antisemitismo por parte de la Alianza Internacional para la Memoria del [&hellip;]<\/div>\n        <div class=\"meta\">\n                        <a class=\"sup-category\" href=\"https:\/\/litci.org\/es\/category\/especial\/especial-palestina\/\">\n                Especial Palestina            <\/a>\n            <p class=\"post-date\">16 de mai de 2026<\/p>\n        <\/div>\n    <\/div>\n<\/article>            <\/div>\n        <\/div>\n    <\/div>\n<\/section>\n\n<section>\n    <div class=\"container\">\n        <div class=\"column\">\n            <a class=\"ads\" href=\"https:\/\/litci.org\/es\/programa\/2025\">\n                <picture>\n                    <source media=\"(max-width: 768px)\" srcset=\"http:\/\/litci.org\/es\/wp-content\/uploads\/2025\/10\/banner_home_xvi-congress-es.jpg\">\n                    <source media=\"(min-width: 769px)\" srcset=\"http:\/\/litci.org\/es\/wp-content\/uploads\/2025\/10\/banner_home_xvi-congress-es.jpg\">\n                    <img decoding=\"async\" src=\"http:\/\/litci.org\/es\/wp-content\/uploads\/2025\/10\/banner_home_xvi-congress-es.jpg\" alt=\"\" loading=\"lazy\">\n                <\/picture>\n            <\/a>\n        <\/div>\n    <\/div>\n<\/section>\n\n<section style=\"background-color:\n    inherit\" class=\"\">\n    <div class=\"container\">\n        <div class=\"column\">\n            <div class=\"block-header\">\n                                    <h3>Estados Unidos<\/h3>\n                                    <a class=\"see-more\" href=\"https:\/\/litci.org\/es\/category\/mundo\/norteamerica\/estados-unidos\/\">Vee m\u00e1s<\/a>\n                            <\/div>\n            <div class=\"block-03\">\n                <div class=\"column quarter\">\n                    <article class=\"unit-04\">\n    <div class='column'>\n        <a class=\"featured-image-container\" href=\"https:\/\/litci.org\/es\/la-oposicion-a-los-centros-de-datos-sigue-creciendo\/\" title=\"La oposici\u00f3n a los centros de datos sigue creciendo\" aria-label=\"La oposici\u00f3n a los centros de datos sigue creciendo\"><img decoding=\"async\" class=\"featured-image\" src=\"https:\/\/litci.org\/es\/wp-content\/uploads\/2026\/08\/images-12.jpg\" load=\"lazy\" alt=\"La oposici\u00f3n a los centros de datos sigue creciendo\"\/><\/a>    <\/div>\n    <div class=\"column\">\n        <a href=\"https:\/\/litci.org\/es\/la-oposicion-a-los-centros-de-datos-sigue-creciendo\/\" title=\"La oposici\u00f3n a los centros de datos sigue creciendo\" arial-label=\"La oposici\u00f3n a los centros de datos sigue creciendo\">\n            <h4>La oposici\u00f3n a los centros de datos sigue creciendo<\/h4>\n        <\/a>\n        <div class=\"meta\">\n                        <a class=\"sup-category\" href=\"https:\/\/litci.org\/es\/category\/mundo\/norteamerica\/estados-unidos\/\">\n                Estados Unidos            <\/a>\n            <p class=\"post-date\">10 de ago de 2026<\/p>\n        <\/div>\n    <\/div>\n<\/article><article class=\"unit-04\">\n    <div class='column'>\n        <a class=\"featured-image-container\" href=\"https:\/\/litci.org\/es\/el-gobierno-de-ee-uu-intensifica-los-procesos-judiciales-basados-en-acusaciones-falsas-contra-activistas-y-musulmanes\/\" title=\"El Gobierno de EE. UU. intensifica los procesos judiciales basados en acusaciones falsas contra activistas y musulmanes\" aria-label=\"El Gobierno de EE. UU. intensifica los procesos judiciales basados en acusaciones falsas contra activistas y musulmanes\"><img decoding=\"async\" class=\"featured-image\" src=\"https:\/\/litci.org\/es\/wp-content\/uploads\/2026\/07\/96312688_gettyimages-654219352.jpg.webp\" load=\"lazy\" alt=\"El Gobierno de EE. UU. intensifica los procesos judiciales basados en acusaciones falsas contra activistas y musulmanes\"\/><\/a>    <\/div>\n    <div class=\"column\">\n        <a href=\"https:\/\/litci.org\/es\/el-gobierno-de-ee-uu-intensifica-los-procesos-judiciales-basados-en-acusaciones-falsas-contra-activistas-y-musulmanes\/\" title=\"El Gobierno de EE. UU. intensifica los procesos judiciales basados en acusaciones falsas contra activistas y musulmanes\" arial-label=\"El Gobierno de EE. UU. intensifica los procesos judiciales basados en acusaciones falsas contra activistas y musulmanes\">\n            <h4>El Gobierno de EE. UU. intensifica los procesos judiciales basados en acusaciones falsas contra activistas y musulmanes<\/h4>\n        <\/a>\n        <div class=\"meta\">\n                        <a class=\"sup-category\" href=\"https:\/\/litci.org\/es\/category\/mundo\/norteamerica\/estados-unidos\/\">\n                Estados Unidos            <\/a>\n            <p class=\"post-date\">28 de jul de 2026<\/p>\n        <\/div>\n    <\/div>\n<\/article>                <\/div>\n                <div class=\"column half\">\n                    <a href=\"https:\/\/litci.org\/es\/el-imperialismo-estadounidense-esta-perdiendo-en-iran-y-perdera-aun-mas\/\" title=\"El imperialismo estadounidense est\u00e1 perdiendo en Ir\u00e1n y perder\u00e1 a\u00fan m\u00e1s\" arial-label=\"El imperialismo estadounidense est\u00e1 perdiendo en Ir\u00e1n y perder\u00e1 a\u00fan m\u00e1s\" style=\"width:100%\">\n    <article class=\"unit-03\">\n        <img decoding=\"async\" class=\"featured-image-container\" src=\"https:\/\/litci.org\/es\/wp-content\/uploads\/2026\/08\/Tehran-March-1-Mahsa-_-Middle-East-Images-_-AFP-via-Getty-Images.webp\"\/>\n        <div class=\"info\">\n            <h3>El imperialismo estadounidense est\u00e1 perdiendo en Ir\u00e1n y perder\u00e1 a\u00fan m\u00e1s<\/h3>\n            <div class=\"excerpt\">Medio a\u00f1o despues de que Trump lanzar\u00e1 la guerra contra Ir\u00e1n, la Rep\u00fablica Isl\u00e1mica no solo ha sobrevivido, sino que ha encontrado una nueva ventaja econ\u00f3mica y pol\u00edtica en su control sobre el comercio mar\u00edtimo, al tiempo que parece haber mantenido su capacidad militar para seguir defendiendose de los ataques. El balance de Trump frente [&hellip;]<\/div>\n            <div class=\"meta\">\n                            <span class=\"sup-category\" >Estados Unidos<\/span>\n                <p class=\"post-date\">17 de ago de 2026<\/p>\n            <\/div>\n        <\/div>\n\n    <\/article>\n<\/a>\n                <\/div>\n                <div class=\"column quarter\">\n                    <article class=\"unit-04\">\n    <div class='column'>\n        <a class=\"featured-image-container\" href=\"https:\/\/litci.org\/es\/mundial-2026-ni-la-fifa-logra-lavarle-la-cara-a-trump\/\" title=\"Mundial 2026: ni la FIFA logra lavarle la cara a Trump\" aria-label=\"Mundial 2026: ni la FIFA logra lavarle la cara a Trump\"><img decoding=\"async\" class=\"featured-image\" src=\"https:\/\/litci.org\/es\/wp-content\/uploads\/2026\/06\/113193041-files-fifa-president-gianni-infantino-r-hands-the-world-cup-trophy-to-us-president-donald.avif\" load=\"lazy\" alt=\"Mundial 2026: ni la FIFA logra lavarle la cara a Trump\"\/><\/a>    <\/div>\n    <div class=\"column\">\n        <a href=\"https:\/\/litci.org\/es\/mundial-2026-ni-la-fifa-logra-lavarle-la-cara-a-trump\/\" title=\"Mundial 2026: ni la FIFA logra lavarle la cara a Trump\" arial-label=\"Mundial 2026: ni la FIFA logra lavarle la cara a Trump\">\n            <h4>Mundial 2026: ni la FIFA logra lavarle la cara a Trump<\/h4>\n        <\/a>\n        <div class=\"meta\">\n                        <a class=\"sup-category\" href=\"https:\/\/litci.org\/es\/category\/mundo\/norteamerica\/estados-unidos\/\">\n                Estados Unidos            <\/a>\n            <p class=\"post-date\">09 de jun de 2026<\/p>\n        <\/div>\n    <\/div>\n<\/article><article class=\"unit-04\">\n    <div class='column'>\n        <a class=\"featured-image-container\" href=\"https:\/\/litci.org\/es\/inmigrantes-detenidos-en-huelga-en-delaney-hall-no-desistan\/\" title=\"Inmigrantes detenidos en huelga en Delaney Hall: \u00ab\u00a1No desistan!\u00bb\" aria-label=\"Inmigrantes detenidos en huelga en Delaney Hall: \u00ab\u00a1No desistan!\u00bb\"><img decoding=\"async\" class=\"featured-image\" src=\"https:\/\/litci.org\/es\/wp-content\/uploads\/2026\/05\/6a175ff5e512a-1024x576.jpeg\" load=\"lazy\" alt=\"Inmigrantes detenidos en huelga en Delaney Hall: \u00ab\u00a1No desistan!\u00bb\"\/><\/a>    <\/div>\n    <div class=\"column\">\n        <a href=\"https:\/\/litci.org\/es\/inmigrantes-detenidos-en-huelga-en-delaney-hall-no-desistan\/\" title=\"Inmigrantes detenidos en huelga en Delaney Hall: \u00ab\u00a1No desistan!\u00bb\" arial-label=\"Inmigrantes detenidos en huelga en Delaney Hall: \u00ab\u00a1No desistan!\u00bb\">\n            <h4>Inmigrantes detenidos en huelga en Delaney Hall: \u00ab\u00a1No desistan!\u00bb<\/h4>\n        <\/a>\n        <div class=\"meta\">\n                        <a class=\"sup-category\" href=\"https:\/\/litci.org\/es\/category\/mundo\/norteamerica\/estados-unidos\/\">\n                Estados Unidos            <\/a>\n            <p class=\"post-date\">29 de mai de 2026<\/p>\n        <\/div>\n    <\/div>\n<\/article>                <\/div>\n            <\/div>\n        <\/div>\n    <\/div>\n<\/section>\n\n\n<!--\n<div class=\"video-story-container\" style=\"margin: 24px 0\"><\/div>\n<script>\n  let videos = [\"zLSPKH9ax4E\", \"ifcTcN04BFM\", \"j459G_hU4Rc\", \"93V-4VQC_aI\"]\n\n  videos.forEach((video) => {\n    let videoItem = document.createElement(\"div\");\n    videoItem.className = \"video-story\";\n\n    let url = \"https:\/\/www.youtube.com\/embed\/\" + video;\n\n    videoItem.innerHTML =\n      '<iframe src=\"' + url + '\" frameborder=\"0\" allowfullscreen><\/iframe>';\n\n    document.querySelector(\".video-story-container\").append(videoItem);\n  });\n<\/script>\n-->\n\n\n<section>\n    <div class=\"container\">\n        <div class=\"column\">\n            <a class=\"ads\" href=\"https:\/\/marxismovivo.litci.org\/revista-marxismo-vivo-nova-epoca-espanol-n-21\/\">\n                <picture>\n                    <source media=\"(max-width: 768px)\" srcset=\"http:\/\/litci.org\/es\/wp-content\/uploads\/2025\/05\/mv_top_21_es.jpg\">\n                    <source media=\"(min-width: 769px)\" srcset=\"http:\/\/litci.org\/es\/wp-content\/uploads\/2025\/05\/mv_top_21_es.jpg\">\n                    <img decoding=\"async\" src=\"http:\/\/litci.org\/es\/wp-content\/uploads\/2025\/05\/mv_top_21_es.jpg\" alt=\"\" loading=\"lazy\">\n                <\/picture>\n            <\/a>\n        <\/div>\n    <\/div>\n<\/section>\n\n<section style=\"background-color:\n    inherit\" class=\"\">\n    <div class=\"container\">\n        <div class=\"column\">\n            <div class=\"block-header\">\n                                    <h3>Ucrania<\/h3>\n                                    <a class=\"see-more\" href=\"https:\/\/litci.org\/es\/category\/mundo\/europa\/ucrania\/\">Vee m\u00e1s<\/a>\n                            <\/div>\n            <div class=\"block-05\">\n                <div class=\"featured\">\n                    <a href=\"https:\/\/litci.org\/es\/ucrania-un-momento-de-inflexion\/\" title=\"Ucrania: \u00bfun momento de inflexi\u00f3n?\" arial-label=\"Ucrania: \u00bfun momento de inflexi\u00f3n?\" style=\"width:100%\">\n    <article class=\"unit-03\">\n        <img decoding=\"async\" class=\"featured-image-container\" src=\"https:\/\/litci.org\/es\/wp-content\/uploads\/2026\/07\/Foto-Ministerio-da-Defesa-da-Ucrania-1024x682.webp\"\/>\n        <div class=\"info\">\n            <h3>Ucrania: \u00bfun momento de inflexi\u00f3n?<\/h3>\n            <div class=\"excerpt\">El 24 de febrero de 2022, Rusia inici\u00f3 una invasi\u00f3n a gran escala con el objetivo de apoderarse del territorio ucraniano del Donbass e imponer un gobierno t\u00edtere en el pa\u00eds, anulando la nacionalidad y la cultura ucranianas. Ese plan del dictador ruso Vladimir Putin fracas\u00f3 debido a la resistencia obrera y popular ucraniana. Con [&hellip;]<\/div>\n            <div class=\"meta\">\n                            <span class=\"sup-category\" >Ucrania<\/span>\n                <p class=\"post-date\">30 de jul de 2026<\/p>\n            <\/div>\n        <\/div>\n\n    <\/article>\n<\/a>\n                <\/div>\n                <div class=\"grid\">\n                    <article class=\"unit-04\">\n    <div class='column'>\n        <a class=\"featured-image-container\" href=\"https:\/\/litci.org\/es\/orban-y-el-nudo-gordiano-de-ucrania-2\/\" title=\"Orb\u00e1n y el nudo gordiano de Ucrania\" aria-label=\"Orb\u00e1n y el nudo gordiano de Ucrania\"><img decoding=\"async\" class=\"featured-image\" src=\"https:\/\/litci.org\/es\/wp-content\/uploads\/2026\/02\/02ukraine-orban-kwhb-videoSixteenByNineJumbo1600-1536x865-1-1024x577.jpg\" load=\"lazy\" alt=\"Orb\u00e1n y el nudo gordiano de Ucrania\"\/><\/a>    <\/div>\n    <div class=\"column\">\n        <a href=\"https:\/\/litci.org\/es\/orban-y-el-nudo-gordiano-de-ucrania-2\/\" title=\"Orb\u00e1n y el nudo gordiano de Ucrania\" arial-label=\"Orb\u00e1n y el nudo gordiano de Ucrania\">\n            <h4>Orb\u00e1n y el nudo gordiano de Ucrania<\/h4>\n        <\/a>\n        <div class=\"meta\">\n                        <a class=\"sup-category\" href=\"https:\/\/litci.org\/es\/category\/mundo\/europa\/ucrania\/\">\n                Ucrania            <\/a>\n            <p class=\"post-date\">26 de fev de 2026<\/p>\n        <\/div>\n    <\/div>\n<\/article><article class=\"unit-04\">\n    <div class='column'>\n        <a class=\"featured-image-container\" href=\"https:\/\/litci.org\/es\/cuatro-anos-de-guerra-en-ucrania\/\" title=\"CUATRO A\u00d1OS DE GUERRA EN UCRANIA\" aria-label=\"CUATRO A\u00d1OS DE GUERRA EN UCRANIA\"><img decoding=\"async\" class=\"featured-image\" src=\"https:\/\/litci.org\/es\/wp-content\/uploads\/2026\/02\/WhatsApp-Image-2026-02-24-at-10.55.28.jpeg\" load=\"lazy\" alt=\"CUATRO A\u00d1OS DE GUERRA EN UCRANIA\"\/><\/a>    <\/div>\n    <div class=\"column\">\n        <a href=\"https:\/\/litci.org\/es\/cuatro-anos-de-guerra-en-ucrania\/\" title=\"CUATRO A\u00d1OS DE GUERRA EN UCRANIA\" arial-label=\"CUATRO A\u00d1OS DE GUERRA EN UCRANIA\">\n            <h4>CUATRO A\u00d1OS DE GUERRA EN UCRANIA<\/h4>\n        <\/a>\n        <div class=\"meta\">\n                        <a class=\"sup-category\" href=\"https:\/\/litci.org\/es\/category\/mundo\/europa\/ucrania\/\">\n                Ucrania            <\/a>\n            <p class=\"post-date\">24 de fev de 2026<\/p>\n        <\/div>\n    <\/div>\n<\/article><article class=\"unit-04\">\n    <div class='column'>\n        <a class=\"featured-image-container\" href=\"https:\/\/litci.org\/es\/impedir-la-particion-y-la-rapina-de-ucrania\/\" title=\"Impedir la partici\u00f3n y la rapi\u00f1a de Ucrania\" aria-label=\"Impedir la partici\u00f3n y la rapi\u00f1a de Ucrania\"><img decoding=\"async\" class=\"featured-image\" src=\"https:\/\/litci.org\/es\/wp-content\/uploads\/2025\/08\/trump-putin-ukraine.webp\" load=\"lazy\" alt=\"Impedir la partici\u00f3n y la rapi\u00f1a de Ucrania\"\/><\/a>    <\/div>\n    <div class=\"column\">\n        <a href=\"https:\/\/litci.org\/es\/impedir-la-particion-y-la-rapina-de-ucrania\/\" title=\"Impedir la partici\u00f3n y la rapi\u00f1a de Ucrania\" arial-label=\"Impedir la partici\u00f3n y la rapi\u00f1a de Ucrania\">\n            <h4>Impedir la partici\u00f3n y la rapi\u00f1a de Ucrania<\/h4>\n        <\/a>\n        <div class=\"meta\">\n                        <a class=\"sup-category\" href=\"https:\/\/litci.org\/es\/category\/especial\/guerra-contra-ucrania\/\">\n                Guerra contra Ucrania            <\/a>\n            <p class=\"post-date\">28 de ago de 2025<\/p>\n        <\/div>\n    <\/div>\n<\/article>                <\/div>\n            <\/div>\n        <\/div>\n    <\/div>\n<\/section>\n\n\n<a style=\"background-color:#d21f1f; width:100%; display:flex; justify-content:center; align-items:center\" href=\"https:\/\/litci.org\/es\/lenin-100-anos\/\">\n<figure class=\"wp-block-image aligncenter size-large\"><img loading=\"lazy\" decoding=\"async\" width=\"1024\" height=\"372\" src=\"http:\/\/litci.org\/es\/wp-content\/uploads\/2024\/01\/LENIN-100-ANOS-1-1024x372.png\" alt=\"\" class=\"wp-image-75851\" srcset=\"https:\/\/litci.org\/es\/wp-content\/uploads\/2024\/01\/LENIN-100-ANOS-1-1024x372.png 1024w, https:\/\/litci.org\/es\/wp-content\/uploads\/2024\/01\/LENIN-100-ANOS-1-300x109.png 300w, https:\/\/litci.org\/es\/wp-content\/uploads\/2024\/01\/LENIN-100-ANOS-1-768x279.png 768w, https:\/\/litci.org\/es\/wp-content\/uploads\/2024\/01\/LENIN-100-ANOS-1-150x54.png 150w, https:\/\/litci.org\/es\/wp-content\/uploads\/2024\/01\/LENIN-100-ANOS-1-696x253.png 696w, https:\/\/litci.org\/es\/wp-content\/uploads\/2024\/01\/LENIN-100-ANOS-1-1068x388.png 1068w, https:\/\/litci.org\/es\/wp-content\/uploads\/2024\/01\/LENIN-100-ANOS-1.png 1240w\" sizes=\"auto, (max-width: 1024px) 100vw, 1024px\" \/><\/figure><\/a>\n\n\n<section style=\"background-color:\n    inherit\" class=\"\">\n    <div class=\"container\">\n        <div class=\"column\">\n            <div class=\"block-header\">\n                                    <h3>Especial &#8211; 100 a\u00f1os sin Lenin<\/h3>\n                                    <a class=\"see-more\" href=\"https:\/\/litci.org\/es\/category\/especial\/100-anos-sin-lenin\/\">Vee m\u00e1s<\/a>\n                            <\/div>\n            <div class=\"block-03\">\n                <div class=\"column quarter\">\n                    <article class=\"unit-04\">\n    <div class='column'>\n        <a class=\"featured-image-container\" href=\"https:\/\/litci.org\/es\/cuando-lenin-se-volvio-trotskysta\/\" title=\"Cuando Lenin se volvi\u00f3... trotskysta\" aria-label=\"Cuando Lenin se volvi\u00f3... trotskysta\"><img decoding=\"async\" class=\"featured-image\" src=\"https:\/\/litci.org\/es\/wp-content\/uploads\/2024\/04\/lenin-e-trotsky.jpg\" load=\"lazy\" alt=\"Cuando Lenin se volvi\u00f3... trotskysta\"\/><\/a>    <\/div>\n    <div class=\"column\">\n        <a href=\"https:\/\/litci.org\/es\/cuando-lenin-se-volvio-trotskysta\/\" title=\"Cuando Lenin se volvi\u00f3&#8230; trotskysta\" arial-label=\"Cuando Lenin se volvi\u00f3&#8230; trotskysta\">\n            <h4>Cuando Lenin se volvi\u00f3&#8230; trotskysta<\/h4>\n        <\/a>\n        <div class=\"meta\">\n                        <a class=\"sup-category\" href=\"https:\/\/litci.org\/es\/category\/especial\/100-anos-sin-lenin\/\">\n                100 a\u00f1os sin Lenin            <\/a>\n            <p class=\"post-date\">10 de abr de 2024<\/p>\n        <\/div>\n    <\/div>\n<\/article><article class=\"unit-04\">\n    <div class='column'>\n        <a class=\"featured-image-container\" href=\"https:\/\/litci.org\/es\/que-hacer-y-sus-controversias\/\" title=\"\" aria-label=\"\" y sus><img decoding=\"async\" class=\"featured-image\" src=\"https:\/\/litci.org\/es\/wp-content\/uploads\/2024\/03\/9203.jpg\" load=\"lazy\" alt=\"\"\u00bfQu\u00e9 hacer?\" y sus controversias\"\/><\/a>    <\/div>\n    <div class=\"column\">\n        <a href=\"https:\/\/litci.org\/es\/que-hacer-y-sus-controversias\/\" title=\"\u00ab\u00bfQu\u00e9 hacer?\u00bb y sus controversias\" arial-label=\"\u00ab\u00bfQu\u00e9 hacer?\u00bb y sus controversias\">\n            <h4>\u00ab\u00bfQu\u00e9 hacer?\u00bb y sus controversias<\/h4>\n        <\/a>\n        <div class=\"meta\">\n                        <a class=\"sup-category\" href=\"https:\/\/litci.org\/es\/category\/especial\/100-anos-sin-lenin\/\">\n                100 a\u00f1os sin Lenin            <\/a>\n            <p class=\"post-date\">31 de mar de 2024<\/p>\n        <\/div>\n    <\/div>\n<\/article>                <\/div>\n                <div class=\"column half\">\n                    <a href=\"https:\/\/litci.org\/es\/presentacion-lenin-y-la-opresion-de-la-mujer\/\" title=\"Presentaci\u00f3n: Lenin y la opresi\u00f3n de la mujer\" arial-label=\"Presentaci\u00f3n: Lenin y la opresi\u00f3n de la mujer\" style=\"width:100%\">\n    <article class=\"unit-03\">\n        <img decoding=\"async\" class=\"featured-image-container\" src=\"https:\/\/litci.org\/es\/wp-content\/uploads\/2024\/04\/1__uvOWoGWma2J_O0LRtSbNw-1024x655.webp\"\/>\n        <div class=\"info\">\n            <h3>Presentaci\u00f3n: Lenin y la opresi\u00f3n de la mujer<\/h3>\n            <div class=\"excerpt\">Por Laura Requena En el centenario de la muerte de Lenin, reivindicamos su figura dando a conocer sus elaboraciones sobre las opresiones en general y la de las mujeres, rescat\u00e1ndolas de la deformaci\u00f3n del estalinismo y de la de los plum\u00edferos al servicio de la burgues\u00eda. Tambi\u00e9n queremos explicar cu\u00e1les fueron las medidas que el [&hellip;]<\/div>\n            <div class=\"meta\">\n                            <span class=\"sup-category\" >100 a\u00f1os sin Lenin<\/span>\n                <p class=\"post-date\">30 de abr de 2024<\/p>\n            <\/div>\n        <\/div>\n\n    <\/article>\n<\/a>\n                <\/div>\n                <div class=\"column quarter\">\n                    <article class=\"unit-04\">\n    <div class='column'>\n        <a class=\"featured-image-container\" href=\"https:\/\/litci.org\/es\/lenin-y-la-opresion-de-la-mujer\/\" title=\"Lenin y la opresi\u00f3n de la mujer\" aria-label=\"Lenin y la opresi\u00f3n de la mujer\"><img decoding=\"async\" class=\"featured-image\" src=\"https:\/\/litci.org\/es\/wp-content\/uploads\/2022\/01\/5ce510c715e9f92ffe0ffc58-1024x576.jpg\" load=\"lazy\" alt=\"Lenin y la opresi\u00f3n de la mujer\"\/><\/a>    <\/div>\n    <div class=\"column\">\n        <a href=\"https:\/\/litci.org\/es\/lenin-y-la-opresion-de-la-mujer\/\" title=\"Lenin y la opresi\u00f3n de la mujer\" arial-label=\"Lenin y la opresi\u00f3n de la mujer\">\n            <h4>Lenin y la opresi\u00f3n de la mujer<\/h4>\n        <\/a>\n        <div class=\"meta\">\n                        <a class=\"sup-category\" href=\"https:\/\/litci.org\/es\/category\/especial\/100-anos-sin-lenin\/\">\n                100 a\u00f1os sin Lenin            <\/a>\n            <p class=\"post-date\">06 de mar de 2024<\/p>\n        <\/div>\n    <\/div>\n<\/article><article class=\"unit-04\">\n    <div class='column'>\n        <a class=\"featured-image-container\" href=\"https:\/\/litci.org\/es\/lenin-los-burgueses-cobardes-y-las-valientes-mujeres-revolucionarias-de-rusia\/\" title=\"Lenin, los burgueses cobardes y las valientes mujeres revolucionarias de Rusia\" aria-label=\"Lenin, los burgueses cobardes y las valientes mujeres revolucionarias de Rusia\"><img decoding=\"async\" class=\"featured-image\" src=\"https:\/\/litci.org\/es\/wp-content\/uploads\/2024\/02\/il_1140xN.4037592314_8wbe-1024x646.jpg\" load=\"lazy\" alt=\"Lenin, los burgueses cobardes y las valientes mujeres revolucionarias de Rusia\"\/><\/a>    <\/div>\n    <div class=\"column\">\n        <a href=\"https:\/\/litci.org\/es\/lenin-los-burgueses-cobardes-y-las-valientes-mujeres-revolucionarias-de-rusia\/\" title=\"Lenin, los burgueses cobardes y las valientes mujeres revolucionarias de Rusia\" arial-label=\"Lenin, los burgueses cobardes y las valientes mujeres revolucionarias de Rusia\">\n            <h4>Lenin, los burgueses cobardes y las valientes mujeres revolucionarias de Rusia<\/h4>\n        <\/a>\n        <div class=\"meta\">\n                        <a class=\"sup-category\" href=\"https:\/\/litci.org\/es\/category\/especial\/100-anos-sin-lenin\/\">\n                100 a\u00f1os sin Lenin            <\/a>\n            <p class=\"post-date\">27 de fev de 2024<\/p>\n        <\/div>\n    <\/div>\n<\/article>                <\/div>\n            <\/div>\n        <\/div>\n    <\/div>\n<\/section>\n\n<section style=\"background-color:\n    inherit\" class=\"\">\n    <div class=\"container\">\n        <div class=\"column\">\n            <div class=\"block-header\">\n                                    <h3><\/h3>\n                            <\/div>\n            <div class=\"block-partners\">\n                <a href=\"https:\/\/cfriazanov.org\/\" target=\"_blank\" class=\"card\" rel=\"noopener\">\n                    <img decoding=\"async\" src=\"https:\/\/litci.org\/pt\/wp-content\/uploads\/2022\/05\/riazanov-e1653342282850-300x168.png\" alt=\"Escola Davi Riazanov\">\n                <\/a>\n                <a href=\"https:\/\/archivoleontrotsky.org\/\" target=\"_blank\" class=\"card\" rel=\"noopener\">\n                    <img decoding=\"async\" src=\"https:\/\/litci.org\/pt\/wp-content\/uploads\/2022\/06\/archivo-3-e1654633929865-300x168.png\" alt=\"Archivo Leon Trostky\">\n                <\/a>\n                <a href=\"https:\/\/marxismovivo.litci.org\/\" target=\"_blank\" class=\"card\">\n                    <img decoding=\"async\" src=\"https:\/\/litci.org\/pt\/wp-content\/uploads\/2022\/05\/marxismo-vivo-e1653342337533-300x168.png\" alt=\"Marxismo Vivo\">\n                <\/a>\n            <\/div>\n        <\/div>\n    <\/div>\n<\/section>\n\n<section style=\"background-color:\n    inherit\" class=\"\">\n    <div class=\"container\">\n        <div class=\"column\">\n            <div class=\"block-header\">\n                                    <h3>Crisis Ambiental<\/h3>\n                                    <a class=\"see-more\" href=\"https:\/\/litci.org\/es\/category\/especial\/crisis-climatica-y-ambiental\/\">Vee m\u00e1s<\/a>\n                            <\/div>\n            <div class=\"block-02\">\n                <article class=\"unit-02\">\n    <div class='column'>\n        <a class=\"featured-image-container\" href=\"https:\/\/litci.org\/es\/en-un-ano-de-el-nino-el-congreso-avanza-sobre-las-areas-protegidas-y-reduce-la-floresta-nacional-de-jamanxim\/\" title=\"En un a\u00f1o de El Ni\u00f1o, el Congreso avanza sobre las \u00e1reas protegidas y reduce la Floresta Nacional de Jamanxim\" aria-label=\"En un a\u00f1o de El Ni\u00f1o, el Congreso avanza sobre las \u00e1reas protegidas y reduce la Floresta Nacional de Jamanxim\"><img decoding=\"async\" class=\"featured-image\" src=\"https:\/\/litci.org\/es\/wp-content\/uploads\/2026\/07\/rio-Jamanxim-Foto-Felipe-Werneck_Ibama_2017-1024x678.jpg\" load=\"lazy\" alt=\"En un a\u00f1o de El Ni\u00f1o, el Congreso avanza sobre las \u00e1reas protegidas y reduce la Floresta Nacional de Jamanxim\"\/><\/a>    <\/div>\n    <div class=\"column\">\n        <a href=\"https:\/\/litci.org\/es\/en-un-ano-de-el-nino-el-congreso-avanza-sobre-las-areas-protegidas-y-reduce-la-floresta-nacional-de-jamanxim\/\" title=\"En un a\u00f1o de El Ni\u00f1o, el Congreso avanza sobre las \u00e1reas protegidas y reduce la Floresta Nacional de Jamanxim\" arial-label=\"Inicio\">\n            <h3>En un a\u00f1o de El Ni\u00f1o, el Congreso avanza sobre las \u00e1reas protegidas y reduce la Floresta Nacional de Jamanxim<\/h3>\n        <\/a>\n        <div class=\"excerpt\">El Senado Federal aprob\u00f3 el proyecto de ley que reduce aproximadamente un 40 % el \u00e1rea de la Floresta Nacional (Flona) de Jamanxim, en el sudoeste del estado de Par\u00e1. La propuesta elimina cerca de 486.000 hect\u00e1reas de esta unidad de conservaci\u00f3n y las transforma en un \u00c1rea de Protecci\u00f3n Ambiental (APA), una categor\u00eda que [&hellip;]<\/div>\n        <div class=\"meta\">\n                        <a class=\"sup-category\" href=\"https:\/\/litci.org\/es\/category\/especial\/crisis-climatica-y-ambiental\/\">\n                Crisis clim\u00e1tica y ambiental            <\/a>\n            <p class=\"post-date\">24 de jul de 2026<\/p>\n        <\/div>\n    <\/div>\n<\/article><article class=\"unit-02\">\n    <div class='column'>\n        <a class=\"featured-image-container\" href=\"https:\/\/litci.org\/es\/alerta-global\/\" title=\"\u00bfPor qu\u00e9 debemos preocuparnos por el S\u00faper El Ni\u00f1o?\" aria-label=\"\u00bfPor qu\u00e9 debemos preocuparnos por el S\u00faper El Ni\u00f1o?\"><img decoding=\"async\" class=\"featured-image\" src=\"https:\/\/litci.org\/es\/wp-content\/uploads\/2026\/07\/fenomeno-El-Nino-1024x683.jpg\" load=\"lazy\" alt=\"\u00bfPor qu\u00e9 debemos preocuparnos por el S\u00faper El Ni\u00f1o?\"\/><\/a>    <\/div>\n    <div class=\"column\">\n        <a href=\"https:\/\/litci.org\/es\/alerta-global\/\" title=\"\u00bfPor qu\u00e9 debemos preocuparnos por el S\u00faper El Ni\u00f1o?\" arial-label=\"Inicio\">\n            <h3>\u00bfPor qu\u00e9 debemos preocuparnos por el S\u00faper El Ni\u00f1o?<\/h3>\n        <\/a>\n        <div class=\"excerpt\">Alerta global Las agencias clim\u00e1ticas de todo el mundo ya confirmaron que un fen\u00f3meno de El Ni\u00f1o se est\u00e1 formando y ganando fuerza r\u00e1pidamente en el oc\u00e9ano Pac\u00edfico. Se espera que alcance un nivel \u00abfuerte\u00bb entre julio y septiembre, aumentando el riesgo de olas de calor, sequ\u00edas y lluvias extremas en diversas regiones del planeta. [&hellip;]<\/div>\n        <div class=\"meta\">\n                        <a class=\"sup-category\" href=\"https:\/\/litci.org\/es\/category\/especial\/crisis-climatica-y-ambiental\/\">\n                Crisis clim\u00e1tica y ambiental            <\/a>\n            <p class=\"post-date\">13 de jul de 2026<\/p>\n        <\/div>\n    <\/div>\n<\/article><article class=\"unit-02\">\n    <div class='column'>\n        <a class=\"featured-image-container\" href=\"https:\/\/litci.org\/es\/clima-hambre-e-imperialismo-las-lecciones-olvidadas-del-super-el-nino-que-mato-a-30-millones\/\" title=\"Clima, hambre e imperialismo: las lecciones olvidadas del s\u00faper El Ni\u00f1o que mat\u00f3 a 30 millones\" aria-label=\"Clima, hambre e imperialismo: las lecciones olvidadas del s\u00faper El Ni\u00f1o que mat\u00f3 a 30 millones\"><img decoding=\"async\" class=\"featured-image\" src=\"https:\/\/litci.org\/es\/wp-content\/uploads\/2026\/06\/El-nino-3-1024x768.png\" load=\"lazy\" alt=\"Clima, hambre e imperialismo: las lecciones olvidadas del s\u00faper El Ni\u00f1o que mat\u00f3 a 30 millones\"\/><\/a>    <\/div>\n    <div class=\"column\">\n        <a href=\"https:\/\/litci.org\/es\/clima-hambre-e-imperialismo-las-lecciones-olvidadas-del-super-el-nino-que-mato-a-30-millones\/\" title=\"Clima, hambre e imperialismo: las lecciones olvidadas del s\u00faper El Ni\u00f1o que mat\u00f3 a 30 millones\" arial-label=\"Inicio\">\n            <h3>Clima, hambre e imperialismo: las lecciones olvidadas del s\u00faper El Ni\u00f1o que mat\u00f3 a 30 millones<\/h3>\n        <\/a>\n        <div class=\"excerpt\">Las principales agencias meteorol\u00f3gicas ya confirmaron la llegada de un s\u00faper El Ni\u00f1o en 2026, y cient\u00edficos de todo el mundo alertan sobre consecuencias devastadoras. Muchos temen que el fen\u00f3meno pueda cambiar el rumbo del sistema clim\u00e1tico de la Tierra. Tengo mucho que decir sobre el s\u00faper El Ni\u00f1o de 2026 y sobre los impactos [&hellip;]<\/div>\n        <div class=\"meta\">\n                        <a class=\"sup-category\" href=\"https:\/\/litci.org\/es\/category\/especial\/crisis-climatica-y-ambiental\/\">\n                Crisis clim\u00e1tica y ambiental            <\/a>\n            <p class=\"post-date\">28 de jun de 2026<\/p>\n        <\/div>\n    <\/div>\n<\/article><article class=\"unit-02\">\n    <div class='column'>\n        <a class=\"featured-image-container\" href=\"https:\/\/litci.org\/es\/un-ano-despues-la-poblacion-de-rio-grande-do-sul-revive-el-trauma-de-la-inundacion\/\" title=\"Un a\u00f1o despu\u00e9s, la poblaci\u00f3n de R\u00edo Grande do Sul revive el trauma de la inundaci\u00f3n\" aria-label=\"Un a\u00f1o despu\u00e9s, la poblaci\u00f3n de R\u00edo Grande do Sul revive el trauma de la inundaci\u00f3n\"><img decoding=\"async\" class=\"featured-image\" src=\"https:\/\/litci.org\/es\/wp-content\/uploads\/2025\/06\/WhatsApp-Image-2025-06-18-at-18.24.23-1024x613.jpg\" load=\"lazy\" alt=\"Un a\u00f1o despu\u00e9s, la poblaci\u00f3n de R\u00edo Grande do Sul revive el trauma de la inundaci\u00f3n\"\/><\/a>    <\/div>\n    <div class=\"column\">\n        <a href=\"https:\/\/litci.org\/es\/un-ano-despues-la-poblacion-de-rio-grande-do-sul-revive-el-trauma-de-la-inundacion\/\" title=\"Un a\u00f1o despu\u00e9s, la poblaci\u00f3n de R\u00edo Grande do Sul revive el trauma de la inundaci\u00f3n\" arial-label=\"Inicio\">\n            <h3>Un a\u00f1o despu\u00e9s, la poblaci\u00f3n de R\u00edo Grande do Sul revive el trauma de la inundaci\u00f3n<\/h3>\n        <\/a>\n        <div class=\"excerpt\">Por Partido Socialista de los Trabajadores Unificado &#8211; Brasil Varias ciudades de Rio Grande do Sul despertaron, algunas no durmieron, hoy (18 de junio) traumatizadas por la posibilidad de revivir la pesadilla de las inundaciones de mayo de 2024. Y peor a\u00fan, m\u00e1s de un a\u00f1o despu\u00e9s, se repite la falta de preparaci\u00f3n de las [&hellip;]<\/div>\n        <div class=\"meta\">\n                        <a class=\"sup-category\" href=\"https:\/\/litci.org\/es\/category\/mundo\/latinoamerica\/brasil\/\">\n                Brasil            <\/a>\n            <p class=\"post-date\">29 de jun de 2025<\/p>\n        <\/div>\n    <\/div>\n<\/article>            <\/div>\n        <\/div>\n    <\/div>\n<\/section>\n\n<section style=\"background-color:\n    inherit\" class=\"\">\n    <div class=\"container\">\n        <div class=\"column\">\n            <div class=\"block-header\">\n                                    <h3>Opresiones<\/h3>\n                                    <a class=\"see-more\" href=\"https:\/\/litci.org\/es\/category\/opresiones\/\">Vee m\u00e1s<\/a>\n                            <\/div>\n            <div class=\"block-03\">\n                <div class=\"column quarter\">\n                    <article class=\"unit-04\">\n    <div class='column'>\n        <a class=\"featured-image-container\" href=\"https:\/\/litci.org\/es\/a-11-anos-del-ni-una-menos\/\" title=\"A 11 a\u00f1os del\u00a0NI UNA MENOS\" aria-label=\"A 11 a\u00f1os del\u00a0NI UNA MENOS\"><img decoding=\"async\" class=\"featured-image\" src=\"https:\/\/litci.org\/es\/wp-content\/uploads\/2026\/06\/ni-una-menos-1024x573.jpg\" load=\"lazy\" alt=\"A 11 a\u00f1os del\u00a0NI UNA MENOS\"\/><\/a>    <\/div>\n    <div class=\"column\">\n        <a href=\"https:\/\/litci.org\/es\/a-11-anos-del-ni-una-menos\/\" title=\"A 11 a\u00f1os del\u00a0NI UNA MENOS\" arial-label=\"A 11 a\u00f1os del\u00a0NI UNA MENOS\">\n            <h4>A 11 a\u00f1os del\u00a0NI UNA MENOS<\/h4>\n        <\/a>\n        <div class=\"meta\">\n                        <a class=\"sup-category\" href=\"https:\/\/litci.org\/es\/category\/mundo\/latinoamerica\/argentina\/\">\n                Argentina            <\/a>\n            <p class=\"post-date\">03 de jun de 2026<\/p>\n        <\/div>\n    <\/div>\n<\/article><article class=\"unit-04\">\n    <div class='column'>\n        <a class=\"featured-image-container\" href=\"https:\/\/litci.org\/es\/a-lucha-palestina-es-tambien-la-lucha-de-las-mujeres-arabes-contra-sus-propios-regimenes-opresores\/\" title=\"La lucha Palestina es tambi\u00e9n la lucha de las mujeres \u00e1rabes contra sus propios reg\u00edmenes opresores\" aria-label=\"La lucha Palestina es tambi\u00e9n la lucha de las mujeres \u00e1rabes contra sus propios reg\u00edmenes opresores\"><img decoding=\"async\" class=\"featured-image\" src=\"https:\/\/litci.org\/es\/wp-content\/uploads\/2025\/11\/Mulheres-3-1024x615.jpg\" load=\"lazy\" alt=\"La lucha Palestina es tambi\u00e9n la lucha de las mujeres \u00e1rabes contra sus propios reg\u00edmenes opresores\"\/><\/a>    <\/div>\n    <div class=\"column\">\n        <a href=\"https:\/\/litci.org\/es\/a-lucha-palestina-es-tambien-la-lucha-de-las-mujeres-arabes-contra-sus-propios-regimenes-opresores\/\" title=\"La lucha Palestina es tambi\u00e9n la lucha de las mujeres \u00e1rabes contra sus propios reg\u00edmenes opresores\" arial-label=\"La lucha Palestina es tambi\u00e9n la lucha de las mujeres \u00e1rabes contra sus propios reg\u00edmenes opresores\">\n            <h4>La lucha Palestina es tambi\u00e9n la lucha de las mujeres \u00e1rabes contra sus propios reg\u00edmenes opresores<\/h4>\n        <\/a>\n        <div class=\"meta\">\n                        <a class=\"sup-category\" href=\"https:\/\/litci.org\/es\/category\/opresiones\/mujeres\/\">\n                Mujeres            <\/a>\n            <p class=\"post-date\">07 de nov de 2025<\/p>\n        <\/div>\n    <\/div>\n<\/article>                <\/div>\n                <div class=\"column half\">\n                    <a href=\"https:\/\/litci.org\/es\/racismo-en-argentina-combatir-el-racismo-unir-a-la-clase\/\" title=\"Argentina: Combatir el racismo, unir a la clase\" arial-label=\"Argentina: Combatir el racismo, unir a la clase\" style=\"width:100%\">\n    <article class=\"unit-03\">\n        <img decoding=\"async\" class=\"featured-image-container\" src=\"https:\/\/litci.org\/es\/wp-content\/uploads\/2026\/07\/28434_Portada-WEB-_62_.webp\"\/>\n        <div class=\"info\">\n            <h3>Argentina: Combatir el racismo, unir a la clase<\/h3>\n            <div class=\"excerpt\">En los \u00faltimos tiempos, a partir de publicaciones en redes sociales y de un art\u00edculo publicado por The Washington Post que afirmaba que en la selecci\u00f3n argentina no hay jugadores negros, sumado a distintos episodios de racismo en los estadios de f\u00fatbol, comenz\u00f3 a instalarse la idea de que todos los argentinos son racistas porque [&hellip;]<\/div>\n            <div class=\"meta\">\n                            <span class=\"sup-category\" >Argentina<\/span>\n                <p class=\"post-date\">21 de jul de 2026<\/p>\n            <\/div>\n        <\/div>\n\n    <\/article>\n<\/a>\n                <\/div>\n                <div class=\"column quarter\">\n                    <article class=\"unit-04\">\n    <div class='column'>\n        <a class=\"featured-image-container\" href=\"https:\/\/litci.org\/es\/cop30-el-capitalismo-verde-no-salvara-el-planeta-ni-a-las-mujeres\/\" title=\"COP30: el capitalismo verde no salvar\u00e1 el planeta \u2014 ni a las mujeres\" aria-label=\"COP30: el capitalismo verde no salvar\u00e1 el planeta \u2014 ni a las mujeres\"><img decoding=\"async\" class=\"featured-image\" src=\"https:\/\/litci.org\/es\/wp-content\/uploads\/2025\/10\/Mulheres-2.jpg\" load=\"lazy\" alt=\"COP30: el capitalismo verde no salvar\u00e1 el planeta \u2014 ni a las mujeres\"\/><\/a>    <\/div>\n    <div class=\"column\">\n        <a href=\"https:\/\/litci.org\/es\/cop30-el-capitalismo-verde-no-salvara-el-planeta-ni-a-las-mujeres\/\" title=\"COP30: el capitalismo verde no salvar\u00e1 el planeta \u2014 ni a las mujeres\" arial-label=\"COP30: el capitalismo verde no salvar\u00e1 el planeta \u2014 ni a las mujeres\">\n            <h4>COP30: el capitalismo verde no salvar\u00e1 el planeta \u2014 ni a las mujeres<\/h4>\n        <\/a>\n        <div class=\"meta\">\n                        <a class=\"sup-category\" href=\"https:\/\/litci.org\/es\/category\/cop30\/\">\n                COP30            <\/a>\n            <p class=\"post-date\">29 de out de 2025<\/p>\n        <\/div>\n    <\/div>\n<\/article><article class=\"unit-04\">\n    <div class='column'>\n        <a class=\"featured-image-container\" href=\"https:\/\/litci.org\/es\/28s-la-lucha-por-el-aborto-legal-seguro-y-gratuito-en-el-mundo-mas-vigente-que-nunca\/\" title=\"#28S La lucha por el aborto legal, seguro y gratuito en el mundo, m\u00e1s vigente que nunca\" aria-label=\"#28S La lucha por el aborto legal, seguro y gratuito en el mundo, m\u00e1s vigente que nunca\"><img decoding=\"async\" class=\"featured-image\" src=\"https:\/\/litci.org\/es\/wp-content\/uploads\/2025\/09\/GettyImages-1369956438-smaller-1024x683.jpg\" load=\"lazy\" alt=\"#28S La lucha por el aborto legal, seguro y gratuito en el mundo, m\u00e1s vigente que nunca\"\/><\/a>    <\/div>\n    <div class=\"column\">\n        <a href=\"https:\/\/litci.org\/es\/28s-la-lucha-por-el-aborto-legal-seguro-y-gratuito-en-el-mundo-mas-vigente-que-nunca\/\" title=\"#28S La lucha por el aborto legal, seguro y gratuito en el mundo, m\u00e1s vigente que nunca\" arial-label=\"#28S La lucha por el aborto legal, seguro y gratuito en el mundo, m\u00e1s vigente que nunca\">\n            <h4>#28S La lucha por el aborto legal, seguro y gratuito en el mundo, m\u00e1s vigente que nunca<\/h4>\n        <\/a>\n        <div class=\"meta\">\n                        <a class=\"sup-category\" href=\"https:\/\/litci.org\/es\/category\/opresiones\/28s-aborto-legal-2025\/\">\n                28S Aborto legal 2025            <\/a>\n            <p class=\"post-date\">27 de set de 2025<\/p>\n        <\/div>\n    <\/div>\n<\/article>                <\/div>\n            <\/div>\n        <\/div>\n    <\/div>\n<\/section>\n\n<section style=\"background-color:\n    inherit\" class=\"\">\n    <div class=\"container\">\n        <div class=\"column\">\n            <div class=\"block-header\">\n                                    <h3>Latinoam\u00e9rica<\/h3>\n                                    <a class=\"see-more\" href=\"https:\/\/litci.org\/es\/category\/mundo\/latinoamerica\/\">Vee m\u00e1s<\/a>\n                            <\/div>\n            <div class=\"block-04\">\n                <div class=\"featured\">\n                    <a href=\"https:\/\/litci.org\/es\/crisis-hidrica-en-puerto-rico-la-corrupcion-la-privatizacion-y-las-maniobras-politicas-amenazan-a-las-comunidades\/\" title=\"Crisis h\u00eddrica en Puerto Rico: La corrupci\u00f3n, la privatizaci\u00f3n y las maniobras pol\u00edticas amenazan a las comunidades.\" arial-label=\"Crisis h\u00eddrica en Puerto Rico: La corrupci\u00f3n, la privatizaci\u00f3n y las maniobras pol\u00edticas amenazan a las comunidades.\" style=\"width:100%\">\n    <article class=\"unit-03\">\n        <img decoding=\"async\" class=\"featured-image-container\" src=\"https:\/\/litci.org\/es\/wp-content\/uploads\/2026\/09\/Puerto-Rico-drought-Alvin-Reuters-768x461-1.avif\"\/>\n        <div class=\"info\">\n            <h3>Crisis h\u00eddrica en Puerto Rico: La corrupci\u00f3n, la privatizaci\u00f3n y las maniobras pol\u00edticas amenazan a las comunidades.<\/h3>\n            <div class=\"excerpt\">Partes del \u00e1rea metropolitana de Puerto Rico han sufrido interrupciones en el suministro de agua potable a hogares y negocios desde junio. La amenaza de racionamiento se cierne sobre los residentes de Lo\u00edza y Can\u00f3vanas, mientras que las aver\u00edas anteriores en diversas zonas quedaron en segundo plano. Antes de la rotura del Superacueducto, los residentes [&hellip;]<\/div>\n            <div class=\"meta\">\n                            <span class=\"sup-category\" >Puerto Rico<\/span>\n                <p class=\"post-date\">01 de set de 2026<\/p>\n            <\/div>\n        <\/div>\n\n    <\/article>\n<\/a>\n                <\/div>\n                <div class=\"grid\">\n                    <article class=\"unit-04\">\n    <div class='column'>\n        <a class=\"featured-image-container\" href=\"https:\/\/litci.org\/es\/el-plan-de-ajuste-de-abelardo-y-la-tragedia-humanitaria\/\" title=\"El plan de ajuste de Abelardo y la tragedia humanitaria\" aria-label=\"El plan de ajuste de Abelardo y la tragedia humanitaria\"><img decoding=\"async\" class=\"featured-image\" src=\"https:\/\/litci.org\/es\/wp-content\/uploads\/2026\/08\/V5CE7V7H4ZEZBL57MKXABMT26Y-1024x576.avif\" load=\"lazy\" alt=\"El plan de ajuste de Abelardo y la tragedia humanitaria\"\/><\/a>    <\/div>\n    <div class=\"column\">\n        <a href=\"https:\/\/litci.org\/es\/el-plan-de-ajuste-de-abelardo-y-la-tragedia-humanitaria\/\" title=\"El plan de ajuste de Abelardo y la tragedia humanitaria\" arial-label=\"El plan de ajuste de Abelardo y la tragedia humanitaria\">\n            <h4>El plan de ajuste de Abelardo y la tragedia humanitaria<\/h4>\n        <\/a>\n        <div class=\"meta\">\n                        <a class=\"sup-category\" href=\"https:\/\/litci.org\/es\/category\/mundo\/latinoamerica\/colombia\/\">\n                Colombia            <\/a>\n            <p class=\"post-date\">31 de ago de 2026<\/p>\n        <\/div>\n    <\/div>\n<\/article><article class=\"unit-04\">\n    <div class='column'>\n        <a class=\"featured-image-container\" href=\"https:\/\/litci.org\/es\/pactos-con-ee-uu-saqueo-ocupacion-y-entrega-cartista\/\" title=\"PACTOS CON EE.UU.: SAQUEO, OCUPACI\u00d3N Y ENTREGA CARTISTA\u00a0\" aria-label=\"PACTOS CON EE.UU.: SAQUEO, OCUPACI\u00d3N Y ENTREGA CARTISTA\u00a0\"><img decoding=\"async\" class=\"featured-image\" src=\"https:\/\/litci.org\/es\/wp-content\/uploads\/2026\/08\/descarga-1021x580-1.jpeg\" load=\"lazy\" alt=\"PACTOS CON EE.UU.: SAQUEO, OCUPACI\u00d3N Y ENTREGA CARTISTA\u00a0\"\/><\/a>    <\/div>\n    <div class=\"column\">\n        <a href=\"https:\/\/litci.org\/es\/pactos-con-ee-uu-saqueo-ocupacion-y-entrega-cartista\/\" title=\"PACTOS CON EE.UU.: SAQUEO, OCUPACI\u00d3N Y ENTREGA CARTISTA\u00a0\" arial-label=\"PACTOS CON EE.UU.: SAQUEO, OCUPACI\u00d3N Y ENTREGA CARTISTA\u00a0\">\n            <h4>PACTOS CON EE.UU.: SAQUEO, OCUPACI\u00d3N Y ENTREGA CARTISTA\u00a0<\/h4>\n        <\/a>\n        <div class=\"meta\">\n                        <a class=\"sup-category\" href=\"https:\/\/litci.org\/es\/category\/mundo\/latinoamerica\/paraguay\/\">\n                Paraguay            <\/a>\n            <p class=\"post-date\">12 de ago de 2026<\/p>\n        <\/div>\n    <\/div>\n<\/article><article class=\"unit-04\">\n    <div class='column'>\n        <a class=\"featured-image-container\" href=\"https:\/\/litci.org\/es\/balance-del-gobierno-petro-el-progresismo-no-puede-dar-mas\/\" title=\"Balance del Gobierno Petro: el progresismo no puede dar m\u00e1s\" aria-label=\"Balance del Gobierno Petro: el progresismo no puede dar m\u00e1s\"><img decoding=\"async\" class=\"featured-image\" src=\"https:\/\/litci.org\/es\/wp-content\/uploads\/2026\/08\/images-11.jpg\" load=\"lazy\" alt=\"Balance del Gobierno Petro: el progresismo no puede dar m\u00e1s\"\/><\/a>    <\/div>\n    <div class=\"column\">\n        <a href=\"https:\/\/litci.org\/es\/balance-del-gobierno-petro-el-progresismo-no-puede-dar-mas\/\" title=\"Balance del Gobierno Petro: el progresismo no puede dar m\u00e1s\" arial-label=\"Balance del Gobierno Petro: el progresismo no puede dar m\u00e1s\">\n            <h4>Balance del Gobierno Petro: el progresismo no puede dar m\u00e1s<\/h4>\n        <\/a>\n        <div class=\"meta\">\n                        <a class=\"sup-category\" href=\"https:\/\/litci.org\/es\/category\/mundo\/latinoamerica\/colombia\/\">\n                Colombia            <\/a>\n            <p class=\"post-date\">09 de ago de 2026<\/p>\n        <\/div>\n    <\/div>\n<\/article><article class=\"unit-04\">\n    <div class='column'>\n        <a class=\"featured-image-container\" href=\"https:\/\/litci.org\/es\/red-sindical-internacional-de-solidaridad-y-luchas-rsisl-visita-venezuela\/\" title=\"Red Sindical Internacional de Solidaridad y Luchas (RSISL) visita Venezuela\" aria-label=\"Red Sindical Internacional de Solidaridad y Luchas (RSISL) visita Venezuela\"><img decoding=\"async\" class=\"featured-image\" src=\"https:\/\/litci.org\/es\/wp-content\/uploads\/2026\/08\/IMG-20260804-WA0028-22-1024x516-1.jpg\" load=\"lazy\" alt=\"Red Sindical Internacional de Solidaridad y Luchas (RSISL) visita Venezuela\"\/><\/a>    <\/div>\n    <div class=\"column\">\n        <a href=\"https:\/\/litci.org\/es\/red-sindical-internacional-de-solidaridad-y-luchas-rsisl-visita-venezuela\/\" title=\"Red Sindical Internacional de Solidaridad y Luchas (RSISL) visita Venezuela\" arial-label=\"Red Sindical Internacional de Solidaridad y Luchas (RSISL) visita Venezuela\">\n            <h4>Red Sindical Internacional de Solidaridad y Luchas (RSISL) visita Venezuela<\/h4>\n        <\/a>\n        <div class=\"meta\">\n                        <a class=\"sup-category\" href=\"https:\/\/litci.org\/es\/category\/mundo\/latinoamerica\/venezuela\/\">\n                Venezuela            <\/a>\n            <p class=\"post-date\">05 de ago de 2026<\/p>\n        <\/div>\n    <\/div>\n<\/article>                <\/div>\n            <\/div>\n        <\/div>\n    <\/div>\n<\/section>\n\n<section style=\"background-color:\n    inherit\" class=\"\">\n    <div class=\"container\">\n        <div class=\"column\">\n            <div class=\"block-header\">\n                                    <h3>Europa<\/h3>\n                                    <a class=\"see-more\" href=\"https:\/\/litci.org\/es\/category\/mundo\/europa\/\">Vee m\u00e1s<\/a>\n                            <\/div>\n            <div class=\"block-03\">\n                <div class=\"column quarter\">\n                    <article class=\"unit-04\">\n    <div class='column'>\n        <a class=\"featured-image-container\" href=\"https:\/\/litci.org\/es\/ucrania-un-momento-de-inflexion\/\" title=\"Ucrania: \u00bfun momento de inflexi\u00f3n?\" aria-label=\"Ucrania: \u00bfun momento de inflexi\u00f3n?\"><img decoding=\"async\" class=\"featured-image\" src=\"https:\/\/litci.org\/es\/wp-content\/uploads\/2026\/07\/Foto-Ministerio-da-Defesa-da-Ucrania-1024x682.webp\" load=\"lazy\" alt=\"Ucrania: \u00bfun momento de inflexi\u00f3n?\"\/><\/a>    <\/div>\n    <div class=\"column\">\n        <a href=\"https:\/\/litci.org\/es\/ucrania-un-momento-de-inflexion\/\" title=\"Ucrania: \u00bfun momento de inflexi\u00f3n?\" arial-label=\"Ucrania: \u00bfun momento de inflexi\u00f3n?\">\n            <h4>Ucrania: \u00bfun momento de inflexi\u00f3n?<\/h4>\n        <\/a>\n        <div class=\"meta\">\n                        <a class=\"sup-category\" href=\"https:\/\/litci.org\/es\/category\/mundo\/europa\/ucrania\/\">\n                Ucrania            <\/a>\n            <p class=\"post-date\">30 de jul de 2026<\/p>\n        <\/div>\n    <\/div>\n<\/article><article class=\"unit-04\">\n    <div class='column'>\n        <a class=\"featured-image-container\" href=\"https:\/\/litci.org\/es\/abderrahim-fakir-mas-un-asesinato-a-manos-del-estado\/\" title=\"Abderrahim Fakir:Un asesinato m\u00e1s a manos del Estado\" aria-label=\"Abderrahim Fakir:Un asesinato m\u00e1s a manos del Estado\"><img decoding=\"async\" class=\"featured-image\" src=\"https:\/\/litci.org\/es\/wp-content\/uploads\/2026\/07\/italis.png\" load=\"lazy\" alt=\"Abderrahim Fakir:Un asesinato m\u00e1s a manos del Estado\"\/><\/a>    <\/div>\n    <div class=\"column\">\n        <a href=\"https:\/\/litci.org\/es\/abderrahim-fakir-mas-un-asesinato-a-manos-del-estado\/\" title=\"Abderrahim Fakir:Un asesinato m\u00e1s a manos del Estado\" arial-label=\"Abderrahim Fakir:Un asesinato m\u00e1s a manos del Estado\">\n            <h4>Abderrahim Fakir:Un asesinato m\u00e1s a manos del Estado<\/h4>\n        <\/a>\n        <div class=\"meta\">\n                        <a class=\"sup-category\" href=\"https:\/\/litci.org\/es\/category\/mundo\/europa\/italia\/\">\n                Italia            <\/a>\n            <p class=\"post-date\">25 de jul de 2026<\/p>\n        <\/div>\n    <\/div>\n<\/article>                <\/div>\n                <div class=\"column half\">\n                    <a href=\"https:\/\/litci.org\/es\/90-anos-de-la-revolucion-en-el-estado-espanol-seguir-el-hilo-rojo-de-la-historia\/\" title=\"90 a\u00f1os de la revoluci\u00f3n en el Estado espa\u00f1ol: Seguir el hilo rojo de la historia\" arial-label=\"90 a\u00f1os de la revoluci\u00f3n en el Estado espa\u00f1ol: Seguir el hilo rojo de la historia\" style=\"width:100%\">\n    <article class=\"unit-03\">\n        <img decoding=\"async\" class=\"featured-image-container\" src=\"https:\/\/litci.org\/es\/wp-content\/uploads\/2026\/07\/90anys-web-1068x601-1-1024x576.jpg\"\/>\n        <div class=\"info\">\n            <h3>90 a\u00f1os de la revoluci\u00f3n en el Estado espa\u00f1ol: Seguir el hilo rojo de la historia<\/h3>\n            <div class=\"excerpt\">Tenemos pr\u00e1cticamente interiorizado que nuestras ciudades se han convertido en un escaparate, y que las calles parecen puestas como un mero decorado. Sin embargo, la historia es tozuda y cuando nos obligamos a hacer memoria y accionar la m\u00e1quina del tiempo 90 a\u00f1os atr\u00e1s, sabemos que el panorama no tiene nada a ver. Hace 90 [&hellip;]<\/div>\n            <div class=\"meta\">\n                            <span class=\"sup-category\" >Estado Espa\u00f1ol<\/span>\n                <p class=\"post-date\">31 de jul de 2026<\/p>\n            <\/div>\n        <\/div>\n\n    <\/article>\n<\/a>\n                <\/div>\n                <div class=\"column quarter\">\n                    <article class=\"unit-04\">\n    <div class='column'>\n        <a class=\"featured-image-container\" href=\"https:\/\/litci.org\/es\/calor-devastadorel-responsable-se-llama-capitalismo\/\" title=\"Calor devastador:El responsable se llama capitalismo\" aria-label=\"Calor devastador:El responsable se llama capitalismo\"><img decoding=\"async\" class=\"featured-image\" src=\"https:\/\/litci.org\/es\/wp-content\/uploads\/2026\/07\/1536x864_cmsv2_c0f4db09-2d34-5a84-a66f-650769fcb01b-8536080-1024x576.webp\" load=\"lazy\" alt=\"Calor devastador:El responsable se llama capitalismo\"\/><\/a>    <\/div>\n    <div class=\"column\">\n        <a href=\"https:\/\/litci.org\/es\/calor-devastadorel-responsable-se-llama-capitalismo\/\" title=\"Calor devastador:El responsable se llama capitalismo\" arial-label=\"Calor devastador:El responsable se llama capitalismo\">\n            <h4>Calor devastador:El responsable se llama capitalismo<\/h4>\n        <\/a>\n        <div class=\"meta\">\n                        <a class=\"sup-category\" href=\"https:\/\/litci.org\/es\/category\/mundo\/europa\/italia\/\">\n                Italia            <\/a>\n            <p class=\"post-date\">10 de jul de 2026<\/p>\n        <\/div>\n    <\/div>\n<\/article><article class=\"unit-04\">\n    <div class='column'>\n        <a class=\"featured-image-container\" href=\"https:\/\/litci.org\/es\/crisis-existencial-de-la-ue-y-como-enfrentar-los-ataques-que-se-vienenparte-2\/\" title=\"Crisis existencial de la UE y c\u00f3mo enfrentar los ataques que se vienen(Parte 2)\" aria-label=\"Crisis existencial de la UE y c\u00f3mo enfrentar los ataques que se vienen(Parte 2)\"><img decoding=\"async\" class=\"featured-image\" src=\"https:\/\/litci.org\/es\/wp-content\/uploads\/2026\/06\/PROTESTAS-MERCOSUR-EUROPA-0009-1024x683.webp\" load=\"lazy\" alt=\"Crisis existencial de la UE y c\u00f3mo enfrentar los ataques que se vienen(Parte 2)\"\/><\/a>    <\/div>\n    <div class=\"column\">\n        <a href=\"https:\/\/litci.org\/es\/crisis-existencial-de-la-ue-y-como-enfrentar-los-ataques-que-se-vienenparte-2\/\" title=\"Crisis existencial de la UE y c\u00f3mo enfrentar los ataques que se vienen(Parte 2)\" arial-label=\"Crisis existencial de la UE y c\u00f3mo enfrentar los ataques que se vienen(Parte 2)\">\n            <h4>Crisis existencial de la UE y c\u00f3mo enfrentar los ataques que se vienen(Parte 2)<\/h4>\n        <\/a>\n        <div class=\"meta\">\n                        <a class=\"sup-category\" href=\"https:\/\/litci.org\/es\/category\/mundo\/europa\/\">\n                Europa            <\/a>\n            <p class=\"post-date\">28 de jun de 2026<\/p>\n        <\/div>\n    <\/div>\n<\/article>                <\/div>\n            <\/div>\n        <\/div>\n    <\/div>\n<\/section>\n\n<section style=\"background-color:\n    inherit\" class=\"\">\n    <div class=\"container\">\n        <div class=\"column\">\n            <div class=\"block-header\">\n                                    <h3>\u00c1frica<\/h3>\n                                    <a class=\"see-more\" href=\"https:\/\/litci.org\/es\/category\/mundo\/africa\/\">Vee m\u00e1s<\/a>\n                            <\/div>\n                        <div class=\"block-10 four-columns\">\n                <a href=\"https:\/\/litci.org\/es\/angola-represion-y-resistencia-a-los-50-anos-de-dictadura\/\" title=\"ANGOLA: Represi\u00f3n y resistencia a los 50 a\u00f1os de dictadura\" arial-label=\"ANGOLA: Represi\u00f3n y resistencia a los 50 a\u00f1os de dictadura\" style=\"width:100%\">\n    <article class=\"unit-03\">\n        <img decoding=\"async\" class=\"featured-image-container\" src=\"https:\/\/litci.org\/es\/wp-content\/uploads\/2026\/08\/bdf-20250818-193733-d38bd3-1024x684.jpeg\"\/>\n        <div class=\"info\">\n            <h3>ANGOLA: Represi\u00f3n y resistencia a los 50 a\u00f1os de dictadura<\/h3>\n            <div class=\"excerpt\">El pasado 9 de agosto de 2026, llegaron desde la provincia de U\u00edge informaciones que daban cuenta de un acto de agresi\u00f3n y represi\u00f3n policial que dej\u00f3 m\u00e1s de 31 heridos, 10 de ellos de cierta gravedad. La situaci\u00f3n se produjo cuando la UNITA, principal partido de la \u201coposici\u00f3n\u201d en Angola, realizaba un acto pol\u00edtico [&hellip;]<\/div>\n            <div class=\"meta\">\n                            <span class=\"sup-category\" >Angola<\/span>\n                <p class=\"post-date\">26 de ago de 2026<\/p>\n            <\/div>\n        <\/div>\n\n    <\/article>\n<\/a>\n<a href=\"https:\/\/litci.org\/es\/crisis-ambiental-en-africa-oriental\/\" title=\"CRISIS AMBIENTAL EN \u00c1FRICA ORIENTAL\" arial-label=\"CRISIS AMBIENTAL EN \u00c1FRICA ORIENTAL\" style=\"width:100%\">\n    <article class=\"unit-03\">\n        <img decoding=\"async\" class=\"featured-image-container\" src=\"https:\/\/litci.org\/es\/wp-content\/uploads\/2026\/02\/images-8.jpg\"\/>\n        <div class=\"info\">\n            <h3>CRISIS AMBIENTAL EN \u00c1FRICA ORIENTAL<\/h3>\n            <div class=\"excerpt\">Sequ\u00eda en Kenia, inundaciones en Mozambique y muerte en la clase trabajadora Introducci\u00f3n En mayo de 2025 se public\u00f3 el estudio denominado \u201cEstado del Clima en \u00c1frica \u2013 2024\u201d, que muestra que 2024 fue el a\u00f1o m\u00e1s caluroso jam\u00e1s registrado en el continente, y que ese aumento de la temperatura vino acompa\u00f1ado de inundaciones devastadoras, [&hellip;]<\/div>\n            <div class=\"meta\">\n                            <span class=\"sup-category\" >\u00c1frica<\/span>\n                <p class=\"post-date\">11 de fev de 2026<\/p>\n            <\/div>\n        <\/div>\n\n    <\/article>\n<\/a>\n<a href=\"https:\/\/litci.org\/es\/abajo-el-golpe-de-estado-en-guinea-bissau-es-necesario-ocupar-las-calles-para-derribar-el-regimen-dictatorial-encabezado-por-umaro-sissoco-embalo\/\" title=\"ABAJO EL GOLPE DE ESTADO EN GUINEA-BISSAU.ES NECESARIO OCUPAR LAS CALLES PARA DERRIBAR EL R\u00c9GIMEN DICTATORIAL ENCABEZADO POR UMARO SISSOCO EMBAL\u00d3\" arial-label=\"ABAJO EL GOLPE DE ESTADO EN GUINEA-BISSAU.ES NECESARIO OCUPAR LAS CALLES PARA DERRIBAR EL R\u00c9GIMEN DICTATORIAL ENCABEZADO POR UMARO SISSOCO EMBAL\u00d3\" style=\"width:100%\">\n    <article class=\"unit-03\">\n        <img decoding=\"async\" class=\"featured-image-container\" src=\"https:\/\/litci.org\/es\/wp-content\/uploads\/2025\/11\/1_guine_bissau_golpe-38146027-1024x576.webp\"\/>\n        <div class=\"info\">\n            <h3>ABAJO EL GOLPE DE ESTADO EN GUINEA-BISSAU.ES NECESARIO OCUPAR LAS CALLES PARA DERRIBAR EL R\u00c9GIMEN DICTATORIAL ENCABEZADO POR UMARO SISSOCO EMBAL\u00d3<\/h3>\n            <div class=\"excerpt\">Exigimos el respeto a la voluntad popular expresada en las urnas.En la tarde de este mi\u00e9rcoles, 26 de noviembre, fue anunciado a trav\u00e9s de la TGB (Televisi\u00f3n de Guinea-Bissau) \u2013 emisora p\u00fablica guineana \u2013 \u201cla creaci\u00f3n de un comando militar que asume el control del pa\u00eds, suspendiendo la constituci\u00f3n y el proceso electoral en curso [&hellip;]<\/div>\n            <div class=\"meta\">\n                            <span class=\"sup-category\" >Guinea-Bissau<\/span>\n                <p class=\"post-date\">27 de nov de 2025<\/p>\n            <\/div>\n        <\/div>\n\n    <\/article>\n<\/a>\n<a href=\"https:\/\/litci.org\/es\/tanzania-otro-pais-africano-respondiendo-a-los-efectos-de-la-crisis-del-capitalismo\/\" title=\"Tanzania: Otro pa\u00eds africano respondiendo a los efectos de la crisis del capitalismo\" arial-label=\"Tanzania: Otro pa\u00eds africano respondiendo a los efectos de la crisis del capitalismo\" style=\"width:100%\">\n    <article class=\"unit-03\">\n        <img decoding=\"async\" class=\"featured-image-container\" src=\"https:\/\/litci.org\/es\/wp-content\/uploads\/2025\/11\/Tanzania-1024x576.jpg\"\/>\n        <div class=\"info\">\n            <h3>Tanzania: Otro pa\u00eds africano respondiendo a los efectos de la crisis del capitalismo<\/h3>\n            <div class=\"excerpt\">Introducci\u00f3n El pasado 26 de octubre se llevaron a cabo elecciones en el pa\u00eds. Fue una elecci\u00f3n repleta de fraudes y abuso de poder.\u00a0 El principal l\u00edder de la oposici\u00f3n est\u00e1 preso y el segundo m\u00e1s importante tuvo su candidatura vetada. De esta forma, Samia Suluhu Hassan fue elegida con el 98% de los votos, [&hellip;]<\/div>\n            <div class=\"meta\">\n                            <span class=\"sup-category\" >\u00c1frica<\/span>\n                <p class=\"post-date\">06 de nov de 2025<\/p>\n            <\/div>\n        <\/div>\n\n    <\/article>\n<\/a>\n            <\/div>\n        <\/div>\n    <\/div>\n<\/section>\n\n<section style=\"background-color:\n    inherit\" class=\"\">\n    <div class=\"container\">\n        <div class=\"column\">\n            <div class=\"block-header\">\n                                    <h3>\u00c1sia<\/h3>\n                                    <a class=\"see-more\" href=\"https:\/\/litci.org\/es\/category\/mundo\/asia\/\">Vee m\u00e1s<\/a>\n                            <\/div>\n            <div class=\"block-05\">\n                <div class=\"featured\">\n                    <a href=\"https:\/\/litci.org\/es\/continua-la-campana-en-solidaridad-internacional-con-cachemira\/\" title=\"Continua la campa\u00f1a en solidaridad internacional con Cachemira\" arial-label=\"Continua la campa\u00f1a en solidaridad internacional con Cachemira\" style=\"width:100%\">\n    <article class=\"unit-03\">\n        <img decoding=\"async\" class=\"featured-image-container\" src=\"https:\/\/litci.org\/es\/wp-content\/uploads\/2026\/08\/Collage-para-Instagram-819x1024.png\"\/>\n        <div class=\"info\">\n            <h3>Continua la campa\u00f1a en solidaridad internacional con Cachemira<\/h3>\n            <div class=\"excerpt\">Es muy importante que exista una campa\u00f1a de solidaridad en todo el mundo en defensa del pueblo de Cachemira. Eso se puede hacer de distintas maneras, como por ejemplo, con fotos o videos de activistas dirigentes con carteles que defiendan una de esas frases:\u00abEl fin inmediato de la represi\u00f3n en Cachemira (POK)\u00bb\u00abLa liberaci\u00f3n de los [&hellip;]<\/div>\n            <div class=\"meta\">\n                            <span class=\"sup-category\" >Cachemira<\/span>\n                <p class=\"post-date\">19 de ago de 2026<\/p>\n            <\/div>\n        <\/div>\n\n    <\/article>\n<\/a>\n                <\/div>\n                <div class=\"grid\">\n                    <article class=\"unit-04\">\n    <div class='column'>\n        <a class=\"featured-image-container\" href=\"https:\/\/litci.org\/es\/introduccion-al-especial-cachemira\/\" title=\"Introducci\u00f3n al especial Cachemira\" aria-label=\"Introducci\u00f3n al especial Cachemira\"><img decoding=\"async\" class=\"featured-image\" src=\"https:\/\/litci.org\/es\/wp-content\/uploads\/2026\/08\/Cartel-A4-We-Stand-with-Kashmir-59.4-x-42-cm-ff-1024x724.png\" load=\"lazy\" alt=\"Introducci\u00f3n al especial Cachemira\"\/><\/a>    <\/div>\n    <div class=\"column\">\n        <a href=\"https:\/\/litci.org\/es\/introduccion-al-especial-cachemira\/\" title=\"Introducci\u00f3n al especial Cachemira\" arial-label=\"Introducci\u00f3n al especial Cachemira\">\n            <h4>Introducci\u00f3n al especial Cachemira<\/h4>\n        <\/a>\n        <div class=\"meta\">\n                        <a class=\"sup-category\" href=\"https:\/\/litci.org\/es\/category\/mundo\/asia\/cachemira\/\">\n                Cachemira            <\/a>\n            <p class=\"post-date\">06 de ago de 2026<\/p>\n        <\/div>\n    <\/div>\n<\/article><article class=\"unit-04\">\n    <div class='column'>\n        <a class=\"featured-image-container\" href=\"https:\/\/litci.org\/es\/cachemira-tras-el-articulo-370-sangre-por-litio\/\" title=\"Cachemira tras el art\u00edculo 370 \u2013 Sangre por litio\" aria-label=\"Cachemira tras el art\u00edculo 370 \u2013 Sangre por litio\"><img decoding=\"async\" class=\"featured-image\" src=\"https:\/\/litci.org\/es\/wp-content\/uploads\/2026\/08\/Lithium-rev.avif\" load=\"lazy\" alt=\"Cachemira tras el art\u00edculo 370 \u2013 Sangre por litio\"\/><\/a>    <\/div>\n    <div class=\"column\">\n        <a href=\"https:\/\/litci.org\/es\/cachemira-tras-el-articulo-370-sangre-por-litio\/\" title=\"Cachemira tras el art\u00edculo 370 \u2013 Sangre por litio\" arial-label=\"Cachemira tras el art\u00edculo 370 \u2013 Sangre por litio\">\n            <h4>Cachemira tras el art\u00edculo 370 \u2013 Sangre por litio<\/h4>\n        <\/a>\n        <div class=\"meta\">\n                        <a class=\"sup-category\" href=\"https:\/\/litci.org\/es\/category\/mundo\/asia\/cachemira\/\">\n                Cachemira            <\/a>\n            <p class=\"post-date\">05 de ago de 2026<\/p>\n        <\/div>\n    <\/div>\n<\/article><article class=\"unit-04\">\n    <div class='column'>\n        <a class=\"featured-image-container\" href=\"https:\/\/litci.org\/es\/dosier-cachemira\/\" title=\"Dosier Cachemira\" aria-label=\"Dosier Cachemira\"><img decoding=\"async\" class=\"featured-image\" src=\"https:\/\/litci.org\/es\/wp-content\/uploads\/2026\/07\/Banner-politico-de-solidaridad-internacional-1232-x-266-px-Post-de-Instagram-45ES-819x1024.png\" load=\"lazy\" alt=\"Dosier Cachemira\"\/><\/a>    <\/div>\n    <div class=\"column\">\n        <a href=\"https:\/\/litci.org\/es\/dosier-cachemira\/\" title=\"Dosier Cachemira\" arial-label=\"Dosier Cachemira\">\n            <h4>Dosier Cachemira<\/h4>\n        <\/a>\n        <div class=\"meta\">\n                        <a class=\"sup-category\" href=\"https:\/\/litci.org\/es\/category\/mundo\/asia\/cachemira\/\">\n                Cachemira            <\/a>\n            <p class=\"post-date\">29 de jul de 2026<\/p>\n        <\/div>\n    <\/div>\n<\/article>                <\/div>\n            <\/div>\n        <\/div>\n    <\/div>\n<\/section>\n\n<section style=\"background-color:\n    inherit\" class=\"\">\n    <div class=\"container\">\n        <div class=\"column\">\n            <div class=\"block-header\">\n                                    <h3>Estados Unidos<\/h3>\n                                    <a class=\"see-more\" href=\"https:\/\/litci.org\/es\/category\/mundo\/norteamerica\/estados-unidos\/\">Vee m\u00e1s<\/a>\n                            <\/div>\n            <div class=\"block-02\">\n                <article class=\"unit-02\">\n    <div class='column'>\n        <a class=\"featured-image-container\" href=\"https:\/\/litci.org\/es\/el-imperialismo-estadounidense-esta-perdiendo-en-iran-y-perdera-aun-mas\/\" title=\"El imperialismo estadounidense est\u00e1 perdiendo en Ir\u00e1n y perder\u00e1 a\u00fan m\u00e1s\" aria-label=\"El imperialismo estadounidense est\u00e1 perdiendo en Ir\u00e1n y perder\u00e1 a\u00fan m\u00e1s\"><img decoding=\"async\" class=\"featured-image\" src=\"https:\/\/litci.org\/es\/wp-content\/uploads\/2026\/08\/Tehran-March-1-Mahsa-_-Middle-East-Images-_-AFP-via-Getty-Images.webp\" load=\"lazy\" alt=\"El imperialismo estadounidense est\u00e1 perdiendo en Ir\u00e1n y perder\u00e1 a\u00fan m\u00e1s\"\/><\/a>    <\/div>\n    <div class=\"column\">\n        <a href=\"https:\/\/litci.org\/es\/el-imperialismo-estadounidense-esta-perdiendo-en-iran-y-perdera-aun-mas\/\" title=\"El imperialismo estadounidense est\u00e1 perdiendo en Ir\u00e1n y perder\u00e1 a\u00fan m\u00e1s\" arial-label=\"Inicio\">\n            <h3>El imperialismo estadounidense est\u00e1 perdiendo en Ir\u00e1n y perder\u00e1 a\u00fan m\u00e1s<\/h3>\n        <\/a>\n        <div class=\"excerpt\">Medio a\u00f1o despues de que Trump lanzar\u00e1 la guerra contra Ir\u00e1n, la Rep\u00fablica Isl\u00e1mica no solo ha sobrevivido, sino que ha encontrado una nueva ventaja econ\u00f3mica y pol\u00edtica en su control sobre el comercio mar\u00edtimo, al tiempo que parece haber mantenido su capacidad militar para seguir defendiendose de los ataques. El balance de Trump frente [&hellip;]<\/div>\n        <div class=\"meta\">\n                        <a class=\"sup-category\" href=\"https:\/\/litci.org\/es\/category\/mundo\/norteamerica\/estados-unidos\/\">\n                Estados Unidos            <\/a>\n            <p class=\"post-date\">17 de ago de 2026<\/p>\n        <\/div>\n    <\/div>\n<\/article><article class=\"unit-02\">\n    <div class='column'>\n        <a class=\"featured-image-container\" href=\"https:\/\/litci.org\/es\/la-oposicion-a-los-centros-de-datos-sigue-creciendo\/\" title=\"La oposici\u00f3n a los centros de datos sigue creciendo\" aria-label=\"La oposici\u00f3n a los centros de datos sigue creciendo\"><img decoding=\"async\" class=\"featured-image\" src=\"https:\/\/litci.org\/es\/wp-content\/uploads\/2026\/08\/images-12.jpg\" load=\"lazy\" alt=\"La oposici\u00f3n a los centros de datos sigue creciendo\"\/><\/a>    <\/div>\n    <div class=\"column\">\n        <a href=\"https:\/\/litci.org\/es\/la-oposicion-a-los-centros-de-datos-sigue-creciendo\/\" title=\"La oposici\u00f3n a los centros de datos sigue creciendo\" arial-label=\"Inicio\">\n            <h3>La oposici\u00f3n a los centros de datos sigue creciendo<\/h3>\n        <\/a>\n        <div class=\"excerpt\">En todo el pa\u00eds, el movimiento contra los nuevos centros de datos sigue creciendo. Cada d\u00eda, en las calles y en los ayuntamientos, la gente alza la voz en contra de su construcci\u00f3n. El 18 de julio se registraron&nbsp;142 protestas en 42 estados&nbsp;en contra de los centros de datos, la mayor\u00eda de ellas en Texas. [&hellip;]<\/div>\n        <div class=\"meta\">\n                        <a class=\"sup-category\" href=\"https:\/\/litci.org\/es\/category\/mundo\/norteamerica\/estados-unidos\/\">\n                Estados Unidos            <\/a>\n            <p class=\"post-date\">10 de ago de 2026<\/p>\n        <\/div>\n    <\/div>\n<\/article><article class=\"unit-02\">\n    <div class='column'>\n        <a class=\"featured-image-container\" href=\"https:\/\/litci.org\/es\/el-gobierno-de-ee-uu-intensifica-los-procesos-judiciales-basados-en-acusaciones-falsas-contra-activistas-y-musulmanes\/\" title=\"El Gobierno de EE. UU. intensifica los procesos judiciales basados en acusaciones falsas contra activistas y musulmanes\" aria-label=\"El Gobierno de EE. UU. intensifica los procesos judiciales basados en acusaciones falsas contra activistas y musulmanes\"><img decoding=\"async\" class=\"featured-image\" src=\"https:\/\/litci.org\/es\/wp-content\/uploads\/2026\/07\/96312688_gettyimages-654219352.jpg.webp\" load=\"lazy\" alt=\"El Gobierno de EE. UU. intensifica los procesos judiciales basados en acusaciones falsas contra activistas y musulmanes\"\/><\/a>    <\/div>\n    <div class=\"column\">\n        <a href=\"https:\/\/litci.org\/es\/el-gobierno-de-ee-uu-intensifica-los-procesos-judiciales-basados-en-acusaciones-falsas-contra-activistas-y-musulmanes\/\" title=\"El Gobierno de EE. UU. intensifica los procesos judiciales basados en acusaciones falsas contra activistas y musulmanes\" arial-label=\"Inicio\">\n            <h3>El Gobierno de EE. UU. intensifica los procesos judiciales basados en acusaciones falsas contra activistas y musulmanes<\/h3>\n        <\/a>\n        <div class=\"excerpt\">Se est\u00e1n multiplicando los casos de acusaciones falsas contra activistas y musulmanes. En el punto de mira se encuentran todos lo que apunta el&nbsp;Memor\u00e1ndum Presidencial de Seguridad Nacional n.\u00ba 7, pr\u00e1cticamente cualquier persona que no sea un partidario incondicional del r\u00e9gimen de Trump. Entre los agentes de la represi\u00f3n en estos casos se incluyen desde [&hellip;]<\/div>\n        <div class=\"meta\">\n                        <a class=\"sup-category\" href=\"https:\/\/litci.org\/es\/category\/mundo\/norteamerica\/estados-unidos\/\">\n                Estados Unidos            <\/a>\n            <p class=\"post-date\">28 de jul de 2026<\/p>\n        <\/div>\n    <\/div>\n<\/article><article class=\"unit-02\">\n    <div class='column'>\n        <a class=\"featured-image-container\" href=\"https:\/\/litci.org\/es\/mundial-2026-ni-la-fifa-logra-lavarle-la-cara-a-trump\/\" title=\"Mundial 2026: ni la FIFA logra lavarle la cara a Trump\" aria-label=\"Mundial 2026: ni la FIFA logra lavarle la cara a Trump\"><img decoding=\"async\" class=\"featured-image\" src=\"https:\/\/litci.org\/es\/wp-content\/uploads\/2026\/06\/113193041-files-fifa-president-gianni-infantino-r-hands-the-world-cup-trophy-to-us-president-donald.avif\" load=\"lazy\" alt=\"Mundial 2026: ni la FIFA logra lavarle la cara a Trump\"\/><\/a>    <\/div>\n    <div class=\"column\">\n        <a href=\"https:\/\/litci.org\/es\/mundial-2026-ni-la-fifa-logra-lavarle-la-cara-a-trump\/\" title=\"Mundial 2026: ni la FIFA logra lavarle la cara a Trump\" arial-label=\"Inicio\">\n            <h3>Mundial 2026: ni la FIFA logra lavarle la cara a Trump<\/h3>\n        <\/a>\n        <div class=\"excerpt\">Cristian Verite La FIFA, organismo que administra el f\u00fatbol a nivel mundial, est\u00e1 a las puertas de un nuevo evento. Un evento que, sin dudas, para grandes sectores de la clase obrera y de los sectores populares \u2014en particular en Am\u00e9rica y Europa\u2014 genera mucha expectativa. Lo que para la mayor\u00eda significa pasi\u00f3n, sentimiento o [&hellip;]<\/div>\n        <div class=\"meta\">\n                        <a class=\"sup-category\" href=\"https:\/\/litci.org\/es\/category\/mundo\/norteamerica\/estados-unidos\/\">\n                Estados Unidos            <\/a>\n            <p class=\"post-date\">09 de jun de 2026<\/p>\n        <\/div>\n    <\/div>\n<\/article>            <\/div>\n        <\/div>\n    <\/div>\n<\/section>\n\n<section style=\"background-color:\n    inherit\" class=\"\">\n    <div class=\"container\">\n        <div class=\"column\">\n            <div class=\"block-header\">\n                                    <h3><\/h3>\n                            <\/div>\n            <div class=\"block-socialmedia\">\n                <a class=\"card facebook\" href=\"https:\/\/www.facebook.com\/litci.cuartainternacional\/\" target=\"_blank\" rel=\"noopener\"><span><\/span>Facebook<\/a><a class=\"card instagram\" href=\"https:\/\/www.instagram.com\/lit.ci\" target=\"_blank\" rel=\"noopener\"><span><\/span>Instagram<\/a><a class=\"card twitter\" href=\"https:\/\/twitter.com\/litci\" target=\"_blank\" rel=\"noopener\"><span><\/span>Twitter<\/a><a class=\"card youtube\" href=\"https:\/\/litci.org\/pt\/youtube.com\/MarxismoVivo\"><span><\/span>Youtube<\/a>            <\/div>\n        <\/div>\n    <\/div>\n<\/section>","protected":false},"excerpt":{"rendered":"","protected":false},"author":4,"featured_media":0,"parent":0,"menu_order":0,"comment_status":"closed","ping_status":"closed","template":"","meta":{"footnotes":""},"class_list":["post-75383","page","type-page","status-publish","hentry"],"_links":{"self":[{"href":"https:\/\/litci.org\/es\/wp-json\/wp\/v2\/pages\/75383","targetHints":{"allow":["GET"]}}],"collection":[{"href":"https:\/\/litci.org\/es\/wp-json\/wp\/v2\/pages"}],"about":[{"href":"https:\/\/litci.org\/es\/wp-json\/wp\/v2\/types\/page"}],"author":[{"embeddable":true,"href":"https:\/\/litci.org\/es\/wp-json\/wp\/v2\/users\/4"}],"replies":[{"embeddable":true,"href":"https:\/\/litci.org\/es\/wp-json\/wp\/v2\/comments?post=75383"}],"version-history":[{"count":75,"href":"https:\/\/litci.org\/es\/wp-json\/wp\/v2\/pages\/75383\/revisions"}],"predecessor-version":[{"id":81862,"href":"https:\/\/litci.org\/es\/wp-json\/wp\/v2\/pages\/75383\/revisions\/81862"}],"wp:attachment":[{"href":"https:\/\/litci.org\/es\/wp-json\/wp\/v2\/media?parent=75383"}],"curies":[{"name":"wp","href":"https:\/\/api.w.org\/{rel}","templated":true}]}}